{"id":28274,"date":"2020-02-16T03:19:54","date_gmt":"2020-02-16T03:19:54","guid":{"rendered":"http:\/\/the-slovenia.com\/?post_type=restaurants&#038;p=28274"},"modified":"2021-09-24T11:55:49","modified_gmt":"2021-09-24T09:55:49","slug":"hisa-denk","status":"publish","type":"restaurants","link":"https:\/\/the-slovenia.com\/en\/restaurants\/hisa-denk\/","title":{"rendered":"Hi\u0161a Denk"},"content":{"rendered":"<p>Gregor Vra\u010dko&#8217;s Hi\u0161a Denk should be a permanent fixture on the gastronomic bucket list of any self-respecting foodie visiting Slovenia, or the wider region for that matter. The famed chef has a much-deserved reputation for being quite an eccentric \u2013 both in and out of the kitchen \u2013 and a culinary curriculum vitae that few in the country can rival. He earned his proverbial stripes, or perhaps more appropriately his chef&#8217;s whites, working in prestigious kitchens across Europe, eventually ending up in California at Thomas Keller&#8217;s French Laundry, long-hailed as one of the best restaurants in the world. Upon returning to Slovenia, Gregor breathed new life into the traditional family gostilna in the village of Zgornja Kungota near Maribor, and the rest as they say is history.<\/p><p>Nowadays Hi\u0161a Denk&#8217;s premises match the 21st-century food, boasting a modern building constructed in minimalist Scandinavian style, with copious amounts of exposed wood and lots of glass. The individual dishes also have an unmistakably New Nordic cuisine look to them, and might be the closest you&#8217;ll get to eat at the legendary Noma without booking a ticket to Copenhagen. Of course, all the ingredients are locally sourced and perceptible homage is paid to regional \u0160tajerska culinary traditions if you look close enough. There&#8217;s no menu, so ordering consists simply of choosing the number of courses and leaving the rest up to the chef and the British-born sommelier if you&#8217;d like perfectly paired wine with your meal. Increasingly becoming known beyond Slovenia&#8217;s borders, Hi\u0161a Denk conveniently offers a handful of elegant, minimalist rooms for overnight guests, which are both a great value and the perfect way to round out the experience.<\/p><figure class=\"wp-block-gallery columns-3 is-cropped wp-block-gallery-1 is-layout-flex wp-block-gallery-is-layout-flex\"><ul class=\"blocks-gallery-grid\"><li class=\"blocks-gallery-item\"><figure><img loading=\"lazy\" decoding=\"async\" width=\"901\" height=\"600\" data-src=\"https:\/\/the-slovenia.com\/wp-content\/uploads\/2020\/03\/M_LOZAR_DENK_DSC_0060-3_low_res.jpg\" alt=\"\" data-id=\"30160\" data-link=\"https:\/\/the-slovenia.com\/gastronomy\/restaurant-awards\/top-thermal-pannonian-slovenia-restaurants-of-2020\/attachment\/m_lozar_denk_dsc_0060-3_low_res\/\" class=\"wp-image-30160 lazyload\" data-srcset=\"https:\/\/the-slovenia.com\/wp-content\/uploads\/2020\/03\/M_LOZAR_DENK_DSC_0060-3_low_res.jpg 901w, https:\/\/the-slovenia.com\/wp-content\/uploads\/2020\/03\/M_LOZAR_DENK_DSC_0060-3_low_res-600x400.jpg 600w, https:\/\/the-slovenia.com\/wp-content\/uploads\/2020\/03\/M_LOZAR_DENK_DSC_0060-3_low_res-300x200.jpg 300w, https:\/\/the-slovenia.com\/wp-content\/uploads\/2020\/03\/M_LOZAR_DENK_DSC_0060-3_low_res-768x511.jpg 768w, https:\/\/the-slovenia.com\/wp-content\/uploads\/2020\/03\/M_LOZAR_DENK_DSC_0060-3_low_res-391x260.jpg 391w, https:\/\/the-slovenia.com\/wp-content\/uploads\/2020\/03\/M_LOZAR_DENK_DSC_0060-3_low_res-696x463.jpg 696w, https:\/\/the-slovenia.com\/wp-content\/uploads\/2020\/03\/M_LOZAR_DENK_DSC_0060-3_low_res-631x420.jpg 631w\" data-sizes=\"auto, (max-width: 901px) 100vw, 901px\" src=\"data:image\/gif;base64,R0lGODlhAQABAAAAACH5BAEKAAEALAAAAAABAAEAAAICTAEAOw==\" style=\"--smush-placeholder-width: 901px; --smush-placeholder-aspect-ratio: 901\/600;\" \/><noscript><img loading=\"lazy\" decoding=\"async\" width=\"901\" height=\"600\" src=\"https:\/\/the-slovenia.com\/wp-content\/uploads\/2020\/03\/M_LOZAR_DENK_DSC_0060-3_low_res.jpg\" alt=\"\" data-id=\"30160\" data-link=\"https:\/\/the-slovenia.com\/gastronomy\/restaurant-awards\/top-thermal-pannonian-slovenia-restaurants-of-2020\/attachment\/m_lozar_denk_dsc_0060-3_low_res\/\" class=\"wp-image-30160\" srcset=\"https:\/\/the-slovenia.com\/wp-content\/uploads\/2020\/03\/M_LOZAR_DENK_DSC_0060-3_low_res.jpg 901w, https:\/\/the-slovenia.com\/wp-content\/uploads\/2020\/03\/M_LOZAR_DENK_DSC_0060-3_low_res-600x400.jpg 600w, https:\/\/the-slovenia.com\/wp-content\/uploads\/2020\/03\/M_LOZAR_DENK_DSC_0060-3_low_res-300x200.jpg 300w, https:\/\/the-slovenia.com\/wp-content\/uploads\/2020\/03\/M_LOZAR_DENK_DSC_0060-3_low_res-768x511.jpg 768w, https:\/\/the-slovenia.com\/wp-content\/uploads\/2020\/03\/M_LOZAR_DENK_DSC_0060-3_low_res-391x260.jpg 391w, https:\/\/the-slovenia.com\/wp-content\/uploads\/2020\/03\/M_LOZAR_DENK_DSC_0060-3_low_res-696x463.jpg 696w, https:\/\/the-slovenia.com\/wp-content\/uploads\/2020\/03\/M_LOZAR_DENK_DSC_0060-3_low_res-631x420.jpg 631w\" sizes=\"auto, (max-width: 901px) 100vw, 901px\" \/><\/noscript><\/figure><\/li><li class=\"blocks-gallery-item\"><figure><img loading=\"lazy\" decoding=\"async\" width=\"1024\" height=\"684\" data-src=\"https:\/\/the-slovenia.com\/wp-content\/uploads\/2020\/03\/Hi\u0161a-Denk-Jedi-1920px-0020-1200x801-1-1024x684.jpg\" alt=\"\" data-id=\"30158\" data-link=\"https:\/\/the-slovenia.com\/gastronomy\/restaurant-awards\/top-thermal-pannonian-slovenia-restaurants-of-2020\/attachment\/hisa-denk-jedi-1920px-0020-1200x801-1\/\" class=\"wp-image-30158 lazyload\" data-srcset=\"https:\/\/the-slovenia.com\/wp-content\/uploads\/2020\/03\/Hi\u0161a-Denk-Jedi-1920px-0020-1200x801-1-1024x684.jpg 1024w, https:\/\/the-slovenia.com\/wp-content\/uploads\/2020\/03\/Hi\u0161a-Denk-Jedi-1920px-0020-1200x801-1-600x401.jpg 600w, https:\/\/the-slovenia.com\/wp-content\/uploads\/2020\/03\/Hi\u0161a-Denk-Jedi-1920px-0020-1200x801-1-300x200.jpg 300w, https:\/\/the-slovenia.com\/wp-content\/uploads\/2020\/03\/Hi\u0161a-Denk-Jedi-1920px-0020-1200x801-1-768x513.jpg 768w, https:\/\/the-slovenia.com\/wp-content\/uploads\/2020\/03\/Hi\u0161a-Denk-Jedi-1920px-0020-1200x801-1-391x260.jpg 391w, https:\/\/the-slovenia.com\/wp-content\/uploads\/2020\/03\/Hi\u0161a-Denk-Jedi-1920px-0020-1200x801-1-696x465.jpg 696w, https:\/\/the-slovenia.com\/wp-content\/uploads\/2020\/03\/Hi\u0161a-Denk-Jedi-1920px-0020-1200x801-1-1068x713.jpg 1068w, https:\/\/the-slovenia.com\/wp-content\/uploads\/2020\/03\/Hi\u0161a-Denk-Jedi-1920px-0020-1200x801-1-629x420.jpg 629w, https:\/\/the-slovenia.com\/wp-content\/uploads\/2020\/03\/Hi\u0161a-Denk-Jedi-1920px-0020-1200x801-1.jpg 1200w\" data-sizes=\"auto, (max-width: 1024px) 100vw, 1024px\" src=\"data:image\/gif;base64,R0lGODlhAQABAAAAACH5BAEKAAEALAAAAAABAAEAAAICTAEAOw==\" style=\"--smush-placeholder-width: 1024px; --smush-placeholder-aspect-ratio: 1024\/684;\" \/><noscript><img loading=\"lazy\" decoding=\"async\" width=\"1024\" height=\"684\" src=\"https:\/\/the-slovenia.com\/wp-content\/uploads\/2020\/03\/Hi\u0161a-Denk-Jedi-1920px-0020-1200x801-1-1024x684.jpg\" alt=\"\" data-id=\"30158\" data-link=\"https:\/\/the-slovenia.com\/gastronomy\/restaurant-awards\/top-thermal-pannonian-slovenia-restaurants-of-2020\/attachment\/hisa-denk-jedi-1920px-0020-1200x801-1\/\" class=\"wp-image-30158\" srcset=\"https:\/\/the-slovenia.com\/wp-content\/uploads\/2020\/03\/Hi\u0161a-Denk-Jedi-1920px-0020-1200x801-1-1024x684.jpg 1024w, https:\/\/the-slovenia.com\/wp-content\/uploads\/2020\/03\/Hi\u0161a-Denk-Jedi-1920px-0020-1200x801-1-600x401.jpg 600w, https:\/\/the-slovenia.com\/wp-content\/uploads\/2020\/03\/Hi\u0161a-Denk-Jedi-1920px-0020-1200x801-1-300x200.jpg 300w, https:\/\/the-slovenia.com\/wp-content\/uploads\/2020\/03\/Hi\u0161a-Denk-Jedi-1920px-0020-1200x801-1-768x513.jpg 768w, https:\/\/the-slovenia.com\/wp-content\/uploads\/2020\/03\/Hi\u0161a-Denk-Jedi-1920px-0020-1200x801-1-391x260.jpg 391w, https:\/\/the-slovenia.com\/wp-content\/uploads\/2020\/03\/Hi\u0161a-Denk-Jedi-1920px-0020-1200x801-1-696x465.jpg 696w, https:\/\/the-slovenia.com\/wp-content\/uploads\/2020\/03\/Hi\u0161a-Denk-Jedi-1920px-0020-1200x801-1-1068x713.jpg 1068w, https:\/\/the-slovenia.com\/wp-content\/uploads\/2020\/03\/Hi\u0161a-Denk-Jedi-1920px-0020-1200x801-1-629x420.jpg 629w, https:\/\/the-slovenia.com\/wp-content\/uploads\/2020\/03\/Hi\u0161a-Denk-Jedi-1920px-0020-1200x801-1.jpg 1200w\" sizes=\"auto, (max-width: 1024px) 100vw, 1024px\" \/><\/noscript><\/figure><\/li><li class=\"blocks-gallery-item\"><figure><img loading=\"lazy\" decoding=\"async\" width=\"1024\" height=\"684\" data-src=\"https:\/\/the-slovenia.com\/wp-content\/uploads\/2020\/03\/Hi\u0161a-Denk-Jedi-1920px-0044-1200x801-1-1024x684.jpg\" alt=\"\" data-id=\"30159\" data-link=\"https:\/\/the-slovenia.com\/gastronomy\/restaurant-awards\/top-thermal-pannonian-slovenia-restaurants-of-2020\/attachment\/hisa-denk-jedi-1920px-0044-1200x801-1\/\" class=\"wp-image-30159 lazyload\" data-srcset=\"https:\/\/the-slovenia.com\/wp-content\/uploads\/2020\/03\/Hi\u0161a-Denk-Jedi-1920px-0044-1200x801-1-1024x684.jpg 1024w, https:\/\/the-slovenia.com\/wp-content\/uploads\/2020\/03\/Hi\u0161a-Denk-Jedi-1920px-0044-1200x801-1-600x401.jpg 600w, https:\/\/the-slovenia.com\/wp-content\/uploads\/2020\/03\/Hi\u0161a-Denk-Jedi-1920px-0044-1200x801-1-300x200.jpg 300w, https:\/\/the-slovenia.com\/wp-content\/uploads\/2020\/03\/Hi\u0161a-Denk-Jedi-1920px-0044-1200x801-1-768x513.jpg 768w, https:\/\/the-slovenia.com\/wp-content\/uploads\/2020\/03\/Hi\u0161a-Denk-Jedi-1920px-0044-1200x801-1-391x260.jpg 391w, https:\/\/the-slovenia.com\/wp-content\/uploads\/2020\/03\/Hi\u0161a-Denk-Jedi-1920px-0044-1200x801-1-696x465.jpg 696w, https:\/\/the-slovenia.com\/wp-content\/uploads\/2020\/03\/Hi\u0161a-Denk-Jedi-1920px-0044-1200x801-1-1068x713.jpg 1068w, https:\/\/the-slovenia.com\/wp-content\/uploads\/2020\/03\/Hi\u0161a-Denk-Jedi-1920px-0044-1200x801-1-629x420.jpg 629w, https:\/\/the-slovenia.com\/wp-content\/uploads\/2020\/03\/Hi\u0161a-Denk-Jedi-1920px-0044-1200x801-1.jpg 1200w\" data-sizes=\"auto, (max-width: 1024px) 100vw, 1024px\" src=\"data:image\/gif;base64,R0lGODlhAQABAAAAACH5BAEKAAEALAAAAAABAAEAAAICTAEAOw==\" style=\"--smush-placeholder-width: 1024px; --smush-placeholder-aspect-ratio: 1024\/684;\" \/><noscript><img loading=\"lazy\" decoding=\"async\" width=\"1024\" height=\"684\" src=\"https:\/\/the-slovenia.com\/wp-content\/uploads\/2020\/03\/Hi\u0161a-Denk-Jedi-1920px-0044-1200x801-1-1024x684.jpg\" alt=\"\" data-id=\"30159\" data-link=\"https:\/\/the-slovenia.com\/gastronomy\/restaurant-awards\/top-thermal-pannonian-slovenia-restaurants-of-2020\/attachment\/hisa-denk-jedi-1920px-0044-1200x801-1\/\" class=\"wp-image-30159\" srcset=\"https:\/\/the-slovenia.com\/wp-content\/uploads\/2020\/03\/Hi\u0161a-Denk-Jedi-1920px-0044-1200x801-1-1024x684.jpg 1024w, https:\/\/the-slovenia.com\/wp-content\/uploads\/2020\/03\/Hi\u0161a-Denk-Jedi-1920px-0044-1200x801-1-600x401.jpg 600w, https:\/\/the-slovenia.com\/wp-content\/uploads\/2020\/03\/Hi\u0161a-Denk-Jedi-1920px-0044-1200x801-1-300x200.jpg 300w, https:\/\/the-slovenia.com\/wp-content\/uploads\/2020\/03\/Hi\u0161a-Denk-Jedi-1920px-0044-1200x801-1-768x513.jpg 768w, https:\/\/the-slovenia.com\/wp-content\/uploads\/2020\/03\/Hi\u0161a-Denk-Jedi-1920px-0044-1200x801-1-391x260.jpg 391w, https:\/\/the-slovenia.com\/wp-content\/uploads\/2020\/03\/Hi\u0161a-Denk-Jedi-1920px-0044-1200x801-1-696x465.jpg 696w, https:\/\/the-slovenia.com\/wp-content\/uploads\/2020\/03\/Hi\u0161a-Denk-Jedi-1920px-0044-1200x801-1-1068x713.jpg 1068w, https:\/\/the-slovenia.com\/wp-content\/uploads\/2020\/03\/Hi\u0161a-Denk-Jedi-1920px-0044-1200x801-1-629x420.jpg 629w, https:\/\/the-slovenia.com\/wp-content\/uploads\/2020\/03\/Hi\u0161a-Denk-Jedi-1920px-0044-1200x801-1.jpg 1200w\" sizes=\"auto, (max-width: 1024px) 100vw, 1024px\" \/><\/noscript><\/figure><\/li><li class=\"blocks-gallery-item\"><figure><img loading=\"lazy\" decoding=\"async\" width=\"711\" height=\"415\" data-src=\"https:\/\/the-slovenia.com\/wp-content\/uploads\/2020\/02\/hisa-denk.jpg\" alt=\"top slovenia restauratns\" data-id=\"28276\" data-link=\"https:\/\/the-slovenia.com\/restaurants\/hisa-denk\/attachment\/hisa-denk-2\/\" class=\"wp-image-28276 lazyload\" data-srcset=\"https:\/\/the-slovenia.com\/wp-content\/uploads\/2020\/02\/hisa-denk.jpg 711w, https:\/\/the-slovenia.com\/wp-content\/uploads\/2020\/02\/hisa-denk-600x350.jpg 600w, https:\/\/the-slovenia.com\/wp-content\/uploads\/2020\/02\/hisa-denk-300x175.jpg 300w, https:\/\/the-slovenia.com\/wp-content\/uploads\/2020\/02\/hisa-denk-696x406.jpg 696w\" data-sizes=\"auto, (max-width: 711px) 100vw, 711px\" src=\"data:image\/gif;base64,R0lGODlhAQABAAAAACH5BAEKAAEALAAAAAABAAEAAAICTAEAOw==\" style=\"--smush-placeholder-width: 711px; --smush-placeholder-aspect-ratio: 711\/415;\" \/><noscript><img loading=\"lazy\" decoding=\"async\" width=\"711\" height=\"415\" src=\"https:\/\/the-slovenia.com\/wp-content\/uploads\/2020\/02\/hisa-denk.jpg\" alt=\"top slovenia restauratns\" data-id=\"28276\" data-link=\"https:\/\/the-slovenia.com\/restaurants\/hisa-denk\/attachment\/hisa-denk-2\/\" class=\"wp-image-28276\" srcset=\"https:\/\/the-slovenia.com\/wp-content\/uploads\/2020\/02\/hisa-denk.jpg 711w, https:\/\/the-slovenia.com\/wp-content\/uploads\/2020\/02\/hisa-denk-600x350.jpg 600w, https:\/\/the-slovenia.com\/wp-content\/uploads\/2020\/02\/hisa-denk-300x175.jpg 300w, https:\/\/the-slovenia.com\/wp-content\/uploads\/2020\/02\/hisa-denk-696x406.jpg 696w\" sizes=\"auto, (max-width: 711px) 100vw, 711px\" \/><\/noscript><\/figure><\/li><li class=\"blocks-gallery-item\"><figure><img loading=\"lazy\" decoding=\"async\" width=\"960\" height=\"938\" data-src=\"https:\/\/the-slovenia.com\/wp-content\/uploads\/2020\/06\/104549694_10223823028226252_2126918372432383601_n-1.jpg\" alt=\"\" data-id=\"37864\" data-full-url=\"https:\/\/the-slovenia.com\/wp-content\/uploads\/2020\/06\/104549694_10223823028226252_2126918372432383601_n-1.jpg\" data-link=\"https:\/\/the-slovenia.com\/restaurants\/hisa-denk\/attachment\/104549694_10223823028226252_2126918372432383601_n-1\/\" class=\"wp-image-37864 lazyload\" data-srcset=\"https:\/\/the-slovenia.com\/wp-content\/uploads\/2020\/06\/104549694_10223823028226252_2126918372432383601_n-1.jpg 960w, https:\/\/the-slovenia.com\/wp-content\/uploads\/2020\/06\/104549694_10223823028226252_2126918372432383601_n-1-300x293.jpg 300w, https:\/\/the-slovenia.com\/wp-content\/uploads\/2020\/06\/104549694_10223823028226252_2126918372432383601_n-1-768x750.jpg 768w, https:\/\/the-slovenia.com\/wp-content\/uploads\/2020\/06\/104549694_10223823028226252_2126918372432383601_n-1-696x680.jpg 696w, https:\/\/the-slovenia.com\/wp-content\/uploads\/2020\/06\/104549694_10223823028226252_2126918372432383601_n-1-430x420.jpg 430w, https:\/\/the-slovenia.com\/wp-content\/uploads\/2020\/06\/104549694_10223823028226252_2126918372432383601_n-1-600x586.jpg 600w\" data-sizes=\"auto, (max-width: 960px) 100vw, 960px\" src=\"data:image\/gif;base64,R0lGODlhAQABAAAAACH5BAEKAAEALAAAAAABAAEAAAICTAEAOw==\" style=\"--smush-placeholder-width: 960px; --smush-placeholder-aspect-ratio: 960\/938;\" \/><noscript><img loading=\"lazy\" decoding=\"async\" width=\"960\" height=\"938\" src=\"https:\/\/the-slovenia.com\/wp-content\/uploads\/2020\/06\/104549694_10223823028226252_2126918372432383601_n-1.jpg\" alt=\"\" data-id=\"37864\" data-full-url=\"https:\/\/the-slovenia.com\/wp-content\/uploads\/2020\/06\/104549694_10223823028226252_2126918372432383601_n-1.jpg\" data-link=\"https:\/\/the-slovenia.com\/restaurants\/hisa-denk\/attachment\/104549694_10223823028226252_2126918372432383601_n-1\/\" class=\"wp-image-37864\" srcset=\"https:\/\/the-slovenia.com\/wp-content\/uploads\/2020\/06\/104549694_10223823028226252_2126918372432383601_n-1.jpg 960w, https:\/\/the-slovenia.com\/wp-content\/uploads\/2020\/06\/104549694_10223823028226252_2126918372432383601_n-1-300x293.jpg 300w, https:\/\/the-slovenia.com\/wp-content\/uploads\/2020\/06\/104549694_10223823028226252_2126918372432383601_n-1-768x750.jpg 768w, https:\/\/the-slovenia.com\/wp-content\/uploads\/2020\/06\/104549694_10223823028226252_2126918372432383601_n-1-696x680.jpg 696w, https:\/\/the-slovenia.com\/wp-content\/uploads\/2020\/06\/104549694_10223823028226252_2126918372432383601_n-1-430x420.jpg 430w, https:\/\/the-slovenia.com\/wp-content\/uploads\/2020\/06\/104549694_10223823028226252_2126918372432383601_n-1-600x586.jpg 600w\" sizes=\"auto, (max-width: 960px) 100vw, 960px\" \/><\/noscript><\/figure><\/li><\/ul><\/figure><!-- CONTENT END 1 -->\n","protected":false},"featured_media":45351,"template":"","class_list":["post-28274","restaurants","type-restaurants","status-publish","has-post-thumbnail"],"acf":[],"yoast_head":"<!-- This site is optimized with the Yoast SEO plugin v24.3 - https:\/\/yoast.com\/wordpress\/plugins\/seo\/ -->\n<title>Hi\u0161a Denk - THE Slovenia<\/title>\n<meta name=\"robots\" content=\"index, follow, max-snippet:-1, max-image-preview:large, max-video-preview:-1\" \/>\n<link rel=\"canonical\" href=\"https:\/\/the-slovenia.com\/restaurants\/hisa-denk\/\" \/>\n<meta property=\"og:locale\" content=\"en_US\" \/>\n<meta property=\"og:type\" content=\"article\" \/>\n<meta property=\"og:title\" content=\"Hi\u0161a Denk - THE Slovenia\" \/>\n<meta property=\"og:description\" content=\"Gregor Vra\u010dko&#8217;s Hi\u0161a Denk should be a permanent fixture on the gastronomic bucket list of any self-respecting foodie visiting Slovenia, or the wider region for that matter. The famed chef has a much-deserved reputation for being quite an eccentric \u2013 both in and out of the kitchen \u2013 and a culinary curriculum vitae that few [&hellip;]\" \/>\n<meta property=\"og:url\" content=\"https:\/\/the-slovenia.com\/restaurants\/hisa-denk\/\" \/>\n<meta property=\"og:site_name\" content=\"THE Slovenia\" \/>\n<meta property=\"article:publisher\" content=\"https:\/\/www.facebook.com\/THESLOVENIA\/?ref=br_rs\" \/>\n<meta property=\"article:modified_time\" content=\"2021-09-24T09:55:49+00:00\" \/>\n<meta property=\"og:image\" content=\"https:\/\/i2.wp.com\/the-slovenia.com\/wp-content\/uploads\/2020\/02\/Hisa-Denk-Jedi-0037-scaled.jpg?fit=2560%2C1709&ssl=1\" \/>\n\t<meta property=\"og:image:width\" content=\"2560\" \/>\n\t<meta property=\"og:image:height\" content=\"1709\" \/>\n\t<meta property=\"og:image:type\" content=\"image\/jpeg\" \/>\n<meta name=\"twitter:card\" content=\"summary_large_image\" \/>\n<meta name=\"twitter:label1\" content=\"Est. reading time\" \/>\n\t<meta name=\"twitter:data1\" content=\"1 minute\" \/>\n<script type=\"application\/ld+json\" class=\"yoast-schema-graph\">{\"@context\":\"https:\/\/schema.org\",\"@graph\":[{\"@type\":\"WebPage\",\"@id\":\"https:\/\/the-slovenia.com\/restaurants\/hisa-denk\/\",\"url\":\"https:\/\/the-slovenia.com\/restaurants\/hisa-denk\/\",\"name\":\"Hi\u0161a Denk - THE Slovenia\",\"isPartOf\":{\"@id\":\"https:\/\/the-slovenia.com\/#website\"},\"primaryImageOfPage\":{\"@id\":\"https:\/\/the-slovenia.com\/restaurants\/hisa-denk\/#primaryimage\"},\"image\":{\"@id\":\"https:\/\/the-slovenia.com\/restaurants\/hisa-denk\/#primaryimage\"},\"thumbnailUrl\":\"https:\/\/the-slovenia.com\/wp-content\/uploads\/2020\/02\/Hisa-Denk-Jedi-0037-scaled.jpg\",\"datePublished\":\"2020-02-16T03:19:54+00:00\",\"dateModified\":\"2021-09-24T09:55:49+00:00\",\"inLanguage\":\"en-US\",\"potentialAction\":[{\"@type\":\"ReadAction\",\"target\":[\"https:\/\/the-slovenia.com\/restaurants\/hisa-denk\/\"]}]},{\"@type\":\"ImageObject\",\"inLanguage\":\"en-US\",\"@id\":\"https:\/\/the-slovenia.com\/restaurants\/hisa-denk\/#primaryimage\",\"url\":\"https:\/\/the-slovenia.com\/wp-content\/uploads\/2020\/02\/Hisa-Denk-Jedi-0037-scaled.jpg\",\"contentUrl\":\"https:\/\/the-slovenia.com\/wp-content\/uploads\/2020\/02\/Hisa-Denk-Jedi-0037-scaled.jpg\",\"width\":2560,\"height\":1709},{\"@type\":\"WebSite\",\"@id\":\"https:\/\/the-slovenia.com\/#website\",\"url\":\"https:\/\/the-slovenia.com\/\",\"name\":\"THE Slovenia\",\"description\":\"\",\"publisher\":{\"@id\":\"https:\/\/the-slovenia.com\/#organization\"},\"potentialAction\":[{\"@type\":\"SearchAction\",\"target\":{\"@type\":\"EntryPoint\",\"urlTemplate\":\"https:\/\/the-slovenia.com\/?s={search_term_string}\"},\"query-input\":{\"@type\":\"PropertyValueSpecification\",\"valueRequired\":true,\"valueName\":\"search_term_string\"}}],\"inLanguage\":\"en-US\"},{\"@type\":\"Organization\",\"@id\":\"https:\/\/the-slovenia.com\/#organization\",\"name\":\"THE Slovenia\",\"url\":\"https:\/\/the-slovenia.com\/\",\"logo\":{\"@type\":\"ImageObject\",\"inLanguage\":\"en-US\",\"@id\":\"https:\/\/the-slovenia.com\/#\/schema\/logo\/image\/\",\"url\":\"https:\/\/the-slovenia.com\/wp-content\/uploads\/2020\/02\/THE_logo_final_beli_napis.jpg\",\"contentUrl\":\"https:\/\/the-slovenia.com\/wp-content\/uploads\/2020\/02\/THE_logo_final_beli_napis.jpg\",\"width\":1535,\"height\":1574,\"caption\":\"THE Slovenia\"},\"image\":{\"@id\":\"https:\/\/the-slovenia.com\/#\/schema\/logo\/image\/\"},\"sameAs\":[\"https:\/\/www.facebook.com\/THESLOVENIA\/?ref=br_rs\",\"https:\/\/www.instagram.com\/the.slovenia\/\",\"https:\/\/www.linkedin.com\/company\/the-slovenia\/\"]}]}<\/script>\n<!-- \/ Yoast SEO plugin. -->","yoast_head_json":{"title":"Hi\u0161a Denk - THE Slovenia","robots":{"index":"index","follow":"follow","max-snippet":"max-snippet:-1","max-image-preview":"max-image-preview:large","max-video-preview":"max-video-preview:-1"},"canonical":"https:\/\/the-slovenia.com\/restaurants\/hisa-denk\/","og_locale":"en_US","og_type":"article","og_title":"Hi\u0161a Denk - THE Slovenia","og_description":"Gregor Vra\u010dko&#8217;s Hi\u0161a Denk should be a permanent fixture on the gastronomic bucket list of any self-respecting foodie visiting Slovenia, or the wider region for that matter. The famed chef has a much-deserved reputation for being quite an eccentric \u2013 both in and out of the kitchen \u2013 and a culinary curriculum vitae that few [&hellip;]","og_url":"https:\/\/the-slovenia.com\/restaurants\/hisa-denk\/","og_site_name":"THE Slovenia","article_publisher":"https:\/\/www.facebook.com\/THESLOVENIA\/?ref=br_rs","article_modified_time":"2021-09-24T09:55:49+00:00","og_image":[{"width":2560,"height":1709,"url":"https:\/\/i2.wp.com\/the-slovenia.com\/wp-content\/uploads\/2020\/02\/Hisa-Denk-Jedi-0037-scaled.jpg?fit=2560%2C1709&ssl=1","type":"image\/jpeg"}],"twitter_card":"summary_large_image","twitter_misc":{"Est. reading time":"1 minute"},"schema":{"@context":"https:\/\/schema.org","@graph":[{"@type":"WebPage","@id":"https:\/\/the-slovenia.com\/restaurants\/hisa-denk\/","url":"https:\/\/the-slovenia.com\/restaurants\/hisa-denk\/","name":"Hi\u0161a Denk - THE Slovenia","isPartOf":{"@id":"https:\/\/the-slovenia.com\/#website"},"primaryImageOfPage":{"@id":"https:\/\/the-slovenia.com\/restaurants\/hisa-denk\/#primaryimage"},"image":{"@id":"https:\/\/the-slovenia.com\/restaurants\/hisa-denk\/#primaryimage"},"thumbnailUrl":"https:\/\/the-slovenia.com\/wp-content\/uploads\/2020\/02\/Hisa-Denk-Jedi-0037-scaled.jpg","datePublished":"2020-02-16T03:19:54+00:00","dateModified":"2021-09-24T09:55:49+00:00","inLanguage":"en-US","potentialAction":[{"@type":"ReadAction","target":["https:\/\/the-slovenia.com\/restaurants\/hisa-denk\/"]}]},{"@type":"ImageObject","inLanguage":"en-US","@id":"https:\/\/the-slovenia.com\/restaurants\/hisa-denk\/#primaryimage","url":"https:\/\/the-slovenia.com\/wp-content\/uploads\/2020\/02\/Hisa-Denk-Jedi-0037-scaled.jpg","contentUrl":"https:\/\/the-slovenia.com\/wp-content\/uploads\/2020\/02\/Hisa-Denk-Jedi-0037-scaled.jpg","width":2560,"height":1709},{"@type":"WebSite","@id":"https:\/\/the-slovenia.com\/#website","url":"https:\/\/the-slovenia.com\/","name":"THE Slovenia","description":"","publisher":{"@id":"https:\/\/the-slovenia.com\/#organization"},"potentialAction":[{"@type":"SearchAction","target":{"@type":"EntryPoint","urlTemplate":"https:\/\/the-slovenia.com\/?s={search_term_string}"},"query-input":{"@type":"PropertyValueSpecification","valueRequired":true,"valueName":"search_term_string"}}],"inLanguage":"en-US"},{"@type":"Organization","@id":"https:\/\/the-slovenia.com\/#organization","name":"THE Slovenia","url":"https:\/\/the-slovenia.com\/","logo":{"@type":"ImageObject","inLanguage":"en-US","@id":"https:\/\/the-slovenia.com\/#\/schema\/logo\/image\/","url":"https:\/\/the-slovenia.com\/wp-content\/uploads\/2020\/02\/THE_logo_final_beli_napis.jpg","contentUrl":"https:\/\/the-slovenia.com\/wp-content\/uploads\/2020\/02\/THE_logo_final_beli_napis.jpg","width":1535,"height":1574,"caption":"THE Slovenia"},"image":{"@id":"https:\/\/the-slovenia.com\/#\/schema\/logo\/image\/"},"sameAs":["https:\/\/www.facebook.com\/THESLOVENIA\/?ref=br_rs","https:\/\/www.instagram.com\/the.slovenia\/","https:\/\/www.linkedin.com\/company\/the-slovenia\/"]}]}},"_links":{"self":[{"href":"https:\/\/the-slovenia.com\/en\/wp-json\/wp\/v2\/restaurants\/28274","targetHints":{"allow":["GET"]}}],"collection":[{"href":"https:\/\/the-slovenia.com\/en\/wp-json\/wp\/v2\/restaurants"}],"about":[{"href":"https:\/\/the-slovenia.com\/en\/wp-json\/wp\/v2\/types\/restaurants"}],"wp:featuredmedia":[{"embeddable":true,"href":"https:\/\/the-slovenia.com\/en\/wp-json\/wp\/v2\/media\/45351"}],"wp:attachment":[{"href":"https:\/\/the-slovenia.com\/en\/wp-json\/wp\/v2\/media?parent=28274"}],"curies":[{"name":"wp","href":"https:\/\/api.w.org\/{rel}","templated":true}]}}