{"id":44950,"date":"2021-08-09T11:54:07","date_gmt":"2021-08-09T09:54:07","guid":{"rendered":"https:\/\/the-slovenia.com\/?post_type=product&#038;p=44950"},"modified":"2023-07-11T14:38:43","modified_gmt":"2023-07-11T12:38:43","slug":"the-slovenia-book-now-also-in-german","status":"publish","type":"product","link":"https:\/\/the-slovenia.com\/en\/product\/the-slovenia-book-now-also-in-german\/","title":{"rendered":"THE SLOVENIA BOOK &#8211; Now also in German"},"content":{"rendered":"<p>The book with 140 pages offers an overview of many Slovenian attractions, illustrated with wonderful pictures of 52 selected destinations \u2013 locations to visit and to discover. This special edition is in German! The book was edited and written by Dr. Peter Kamien together with some international top journalists. He is a German living in Slovenia for 10 years, a psychologist, who spent his business life in marketing and advertising and he is the total fan of Slovenia. His popular travel blog about life and travel in Slovenia has more than 175,000 readers.<\/p>\n<p>&nbsp;<\/p>\n<p>Das fast 140-seitige Buch enth\u00e4lt einen \u00dcberblick \u00fcber viele Sehensw\u00fcrdigkeiten Sloweniens Aufwendig bebildert, werden 52 Tipps pr\u00e4sentiert &#8211; Ausfl\u00fcge zu slowenischen Reisezielen zum Besuchen und Erkunden. In neuem Gewand und neuer Sprache &#8211; Deutsch! Das Buch wurde von Dr. Peter Kamien, einem Deutschen, der seit 10 Jahren in Slowenien lebt, gemeinsam mit internationalen Topjournalisten geschrieben und \u00fcbersetzt. Er ist ausgebildeter Psychologe, der seine berufliche Laufbahn ganz dem Marketing und der Werbung gewidmet hat. Er ist \u00fcberzeugter Slowenien-Fan. Sein beliebter Reiseblog \u00fcber das Leben und Reisen in Slowenien hat mehr als 175.000 Leser.<\/p>\n<div id='gallery-1' class='gallery galleryid-44950 gallery-columns-3 gallery-size-thumbnail'><figure class='gallery-item'>\n\t\t\t<div class='gallery-icon landscape'>\n\t\t\t\t<a href='https:\/\/the-slovenia.com\/en\/?attachment_id=44958'><img loading=\"lazy\" decoding=\"async\" width=\"150\" height=\"150\" data-src=\"https:\/\/the-slovenia.com\/wp-content\/uploads\/2021\/08\/2021.The_.Slovenia.Book_.DE10-150x150.jpg\" class=\"attachment-thumbnail size-thumbnail lazyload\" alt=\"\" data-srcset=\"https:\/\/the-slovenia.com\/wp-content\/uploads\/2021\/08\/2021.The_.Slovenia.Book_.DE10-150x150.jpg 150w, https:\/\/the-slovenia.com\/wp-content\/uploads\/2021\/08\/2021.The_.Slovenia.Book_.DE10-300x300.jpg 300w, https:\/\/the-slovenia.com\/wp-content\/uploads\/2021\/08\/2021.The_.Slovenia.Book_.DE10-1024x1024.jpg 1024w, https:\/\/the-slovenia.com\/wp-content\/uploads\/2021\/08\/2021.The_.Slovenia.Book_.DE10-768x768.jpg 768w, https:\/\/the-slovenia.com\/wp-content\/uploads\/2021\/08\/2021.The_.Slovenia.Book_.DE10-696x696.jpg 696w, https:\/\/the-slovenia.com\/wp-content\/uploads\/2021\/08\/2021.The_.Slovenia.Book_.DE10-1068x1068.jpg 1068w, https:\/\/the-slovenia.com\/wp-content\/uploads\/2021\/08\/2021.The_.Slovenia.Book_.DE10-420x420.jpg 420w, https:\/\/the-slovenia.com\/wp-content\/uploads\/2021\/08\/2021.The_.Slovenia.Book_.DE10-600x600.jpg 600w, https:\/\/the-slovenia.com\/wp-content\/uploads\/2021\/08\/2021.The_.Slovenia.Book_.DE10-100x100.jpg 100w, https:\/\/the-slovenia.com\/wp-content\/uploads\/2021\/08\/2021.The_.Slovenia.Book_.DE10.jpg 1122w\" data-sizes=\"auto, (max-width: 150px) 100vw, 150px\" src=\"data:image\/gif;base64,R0lGODlhAQABAAAAACH5BAEKAAEALAAAAAABAAEAAAICTAEAOw==\" style=\"--smush-placeholder-width: 150px; --smush-placeholder-aspect-ratio: 150\/150;\" \/><noscript><img loading=\"lazy\" decoding=\"async\" width=\"150\" height=\"150\" src=\"https:\/\/the-slovenia.com\/wp-content\/uploads\/2021\/08\/2021.The_.Slovenia.Book_.DE10-150x150.jpg\" class=\"attachment-thumbnail size-thumbnail\" alt=\"\" srcset=\"https:\/\/the-slovenia.com\/wp-content\/uploads\/2021\/08\/2021.The_.Slovenia.Book_.DE10-150x150.jpg 150w, https:\/\/the-slovenia.com\/wp-content\/uploads\/2021\/08\/2021.The_.Slovenia.Book_.DE10-300x300.jpg 300w, https:\/\/the-slovenia.com\/wp-content\/uploads\/2021\/08\/2021.The_.Slovenia.Book_.DE10-1024x1024.jpg 1024w, https:\/\/the-slovenia.com\/wp-content\/uploads\/2021\/08\/2021.The_.Slovenia.Book_.DE10-768x768.jpg 768w, https:\/\/the-slovenia.com\/wp-content\/uploads\/2021\/08\/2021.The_.Slovenia.Book_.DE10-696x696.jpg 696w, https:\/\/the-slovenia.com\/wp-content\/uploads\/2021\/08\/2021.The_.Slovenia.Book_.DE10-1068x1068.jpg 1068w, https:\/\/the-slovenia.com\/wp-content\/uploads\/2021\/08\/2021.The_.Slovenia.Book_.DE10-420x420.jpg 420w, https:\/\/the-slovenia.com\/wp-content\/uploads\/2021\/08\/2021.The_.Slovenia.Book_.DE10-600x600.jpg 600w, https:\/\/the-slovenia.com\/wp-content\/uploads\/2021\/08\/2021.The_.Slovenia.Book_.DE10-100x100.jpg 100w, https:\/\/the-slovenia.com\/wp-content\/uploads\/2021\/08\/2021.The_.Slovenia.Book_.DE10.jpg 1122w\" sizes=\"auto, (max-width: 150px) 100vw, 150px\" \/><\/noscript><\/a>\n\t\t\t<\/div><\/figure><figure class='gallery-item'>\n\t\t\t<div class='gallery-icon landscape'>\n\t\t\t\t<a href='https:\/\/the-slovenia.com\/en\/?attachment_id=44957'><img loading=\"lazy\" decoding=\"async\" width=\"150\" height=\"150\" data-src=\"https:\/\/the-slovenia.com\/wp-content\/uploads\/2021\/08\/2021.The_.Slovenia.Book_.DE14-150x150.jpg\" class=\"attachment-thumbnail size-thumbnail lazyload\" alt=\"\" data-srcset=\"https:\/\/the-slovenia.com\/wp-content\/uploads\/2021\/08\/2021.The_.Slovenia.Book_.DE14-150x150.jpg 150w, https:\/\/the-slovenia.com\/wp-content\/uploads\/2021\/08\/2021.The_.Slovenia.Book_.DE14-300x300.jpg 300w, https:\/\/the-slovenia.com\/wp-content\/uploads\/2021\/08\/2021.The_.Slovenia.Book_.DE14-1024x1024.jpg 1024w, https:\/\/the-slovenia.com\/wp-content\/uploads\/2021\/08\/2021.The_.Slovenia.Book_.DE14-768x768.jpg 768w, https:\/\/the-slovenia.com\/wp-content\/uploads\/2021\/08\/2021.The_.Slovenia.Book_.DE14-696x696.jpg 696w, https:\/\/the-slovenia.com\/wp-content\/uploads\/2021\/08\/2021.The_.Slovenia.Book_.DE14-1068x1068.jpg 1068w, https:\/\/the-slovenia.com\/wp-content\/uploads\/2021\/08\/2021.The_.Slovenia.Book_.DE14-420x420.jpg 420w, https:\/\/the-slovenia.com\/wp-content\/uploads\/2021\/08\/2021.The_.Slovenia.Book_.DE14-600x600.jpg 600w, https:\/\/the-slovenia.com\/wp-content\/uploads\/2021\/08\/2021.The_.Slovenia.Book_.DE14-100x100.jpg 100w, https:\/\/the-slovenia.com\/wp-content\/uploads\/2021\/08\/2021.The_.Slovenia.Book_.DE14.jpg 1122w\" data-sizes=\"auto, (max-width: 150px) 100vw, 150px\" src=\"data:image\/gif;base64,R0lGODlhAQABAAAAACH5BAEKAAEALAAAAAABAAEAAAICTAEAOw==\" style=\"--smush-placeholder-width: 150px; --smush-placeholder-aspect-ratio: 150\/150;\" \/><noscript><img loading=\"lazy\" decoding=\"async\" width=\"150\" height=\"150\" src=\"https:\/\/the-slovenia.com\/wp-content\/uploads\/2021\/08\/2021.The_.Slovenia.Book_.DE14-150x150.jpg\" class=\"attachment-thumbnail size-thumbnail\" alt=\"\" srcset=\"https:\/\/the-slovenia.com\/wp-content\/uploads\/2021\/08\/2021.The_.Slovenia.Book_.DE14-150x150.jpg 150w, https:\/\/the-slovenia.com\/wp-content\/uploads\/2021\/08\/2021.The_.Slovenia.Book_.DE14-300x300.jpg 300w, https:\/\/the-slovenia.com\/wp-content\/uploads\/2021\/08\/2021.The_.Slovenia.Book_.DE14-1024x1024.jpg 1024w, https:\/\/the-slovenia.com\/wp-content\/uploads\/2021\/08\/2021.The_.Slovenia.Book_.DE14-768x768.jpg 768w, https:\/\/the-slovenia.com\/wp-content\/uploads\/2021\/08\/2021.The_.Slovenia.Book_.DE14-696x696.jpg 696w, https:\/\/the-slovenia.com\/wp-content\/uploads\/2021\/08\/2021.The_.Slovenia.Book_.DE14-1068x1068.jpg 1068w, https:\/\/the-slovenia.com\/wp-content\/uploads\/2021\/08\/2021.The_.Slovenia.Book_.DE14-420x420.jpg 420w, https:\/\/the-slovenia.com\/wp-content\/uploads\/2021\/08\/2021.The_.Slovenia.Book_.DE14-600x600.jpg 600w, https:\/\/the-slovenia.com\/wp-content\/uploads\/2021\/08\/2021.The_.Slovenia.Book_.DE14-100x100.jpg 100w, https:\/\/the-slovenia.com\/wp-content\/uploads\/2021\/08\/2021.The_.Slovenia.Book_.DE14.jpg 1122w\" sizes=\"auto, (max-width: 150px) 100vw, 150px\" \/><\/noscript><\/a>\n\t\t\t<\/div><\/figure><figure class='gallery-item'>\n\t\t\t<div class='gallery-icon landscape'>\n\t\t\t\t<a href='https:\/\/the-slovenia.com\/en\/?attachment_id=44956'><img loading=\"lazy\" decoding=\"async\" width=\"150\" height=\"150\" data-src=\"https:\/\/the-slovenia.com\/wp-content\/uploads\/2021\/08\/2021.The_.Slovenia.Book_.DE18-150x150.jpg\" class=\"attachment-thumbnail size-thumbnail lazyload\" alt=\"\" data-srcset=\"https:\/\/the-slovenia.com\/wp-content\/uploads\/2021\/08\/2021.The_.Slovenia.Book_.DE18-150x150.jpg 150w, https:\/\/the-slovenia.com\/wp-content\/uploads\/2021\/08\/2021.The_.Slovenia.Book_.DE18-300x300.jpg 300w, https:\/\/the-slovenia.com\/wp-content\/uploads\/2021\/08\/2021.The_.Slovenia.Book_.DE18-1024x1024.jpg 1024w, https:\/\/the-slovenia.com\/wp-content\/uploads\/2021\/08\/2021.The_.Slovenia.Book_.DE18-768x768.jpg 768w, https:\/\/the-slovenia.com\/wp-content\/uploads\/2021\/08\/2021.The_.Slovenia.Book_.DE18-696x696.jpg 696w, https:\/\/the-slovenia.com\/wp-content\/uploads\/2021\/08\/2021.The_.Slovenia.Book_.DE18-1068x1068.jpg 1068w, https:\/\/the-slovenia.com\/wp-content\/uploads\/2021\/08\/2021.The_.Slovenia.Book_.DE18-420x420.jpg 420w, https:\/\/the-slovenia.com\/wp-content\/uploads\/2021\/08\/2021.The_.Slovenia.Book_.DE18-600x600.jpg 600w, https:\/\/the-slovenia.com\/wp-content\/uploads\/2021\/08\/2021.The_.Slovenia.Book_.DE18-100x100.jpg 100w, https:\/\/the-slovenia.com\/wp-content\/uploads\/2021\/08\/2021.The_.Slovenia.Book_.DE18.jpg 1122w\" data-sizes=\"auto, (max-width: 150px) 100vw, 150px\" src=\"data:image\/gif;base64,R0lGODlhAQABAAAAACH5BAEKAAEALAAAAAABAAEAAAICTAEAOw==\" style=\"--smush-placeholder-width: 150px; --smush-placeholder-aspect-ratio: 150\/150;\" \/><noscript><img loading=\"lazy\" decoding=\"async\" width=\"150\" height=\"150\" src=\"https:\/\/the-slovenia.com\/wp-content\/uploads\/2021\/08\/2021.The_.Slovenia.Book_.DE18-150x150.jpg\" class=\"attachment-thumbnail size-thumbnail\" alt=\"\" srcset=\"https:\/\/the-slovenia.com\/wp-content\/uploads\/2021\/08\/2021.The_.Slovenia.Book_.DE18-150x150.jpg 150w, https:\/\/the-slovenia.com\/wp-content\/uploads\/2021\/08\/2021.The_.Slovenia.Book_.DE18-300x300.jpg 300w, https:\/\/the-slovenia.com\/wp-content\/uploads\/2021\/08\/2021.The_.Slovenia.Book_.DE18-1024x1024.jpg 1024w, https:\/\/the-slovenia.com\/wp-content\/uploads\/2021\/08\/2021.The_.Slovenia.Book_.DE18-768x768.jpg 768w, https:\/\/the-slovenia.com\/wp-content\/uploads\/2021\/08\/2021.The_.Slovenia.Book_.DE18-696x696.jpg 696w, https:\/\/the-slovenia.com\/wp-content\/uploads\/2021\/08\/2021.The_.Slovenia.Book_.DE18-1068x1068.jpg 1068w, https:\/\/the-slovenia.com\/wp-content\/uploads\/2021\/08\/2021.The_.Slovenia.Book_.DE18-420x420.jpg 420w, https:\/\/the-slovenia.com\/wp-content\/uploads\/2021\/08\/2021.The_.Slovenia.Book_.DE18-600x600.jpg 600w, https:\/\/the-slovenia.com\/wp-content\/uploads\/2021\/08\/2021.The_.Slovenia.Book_.DE18-100x100.jpg 100w, https:\/\/the-slovenia.com\/wp-content\/uploads\/2021\/08\/2021.The_.Slovenia.Book_.DE18.jpg 1122w\" sizes=\"auto, (max-width: 150px) 100vw, 150px\" \/><\/noscript><\/a>\n\t\t\t<\/div><\/figure><figure class='gallery-item'>\n\t\t\t<div class='gallery-icon landscape'>\n\t\t\t\t<a href='https:\/\/the-slovenia.com\/en\/?attachment_id=44971'><img loading=\"lazy\" decoding=\"async\" width=\"150\" height=\"150\" data-src=\"https:\/\/the-slovenia.com\/wp-content\/uploads\/2021\/08\/2021.The_.Slovenia.Book_.DE19-150x150.jpg\" class=\"attachment-thumbnail size-thumbnail lazyload\" alt=\"\" data-srcset=\"https:\/\/the-slovenia.com\/wp-content\/uploads\/2021\/08\/2021.The_.Slovenia.Book_.DE19-150x150.jpg 150w, https:\/\/the-slovenia.com\/wp-content\/uploads\/2021\/08\/2021.The_.Slovenia.Book_.DE19-300x300.jpg 300w, https:\/\/the-slovenia.com\/wp-content\/uploads\/2021\/08\/2021.The_.Slovenia.Book_.DE19-1024x1024.jpg 1024w, https:\/\/the-slovenia.com\/wp-content\/uploads\/2021\/08\/2021.The_.Slovenia.Book_.DE19-768x768.jpg 768w, https:\/\/the-slovenia.com\/wp-content\/uploads\/2021\/08\/2021.The_.Slovenia.Book_.DE19-696x696.jpg 696w, https:\/\/the-slovenia.com\/wp-content\/uploads\/2021\/08\/2021.The_.Slovenia.Book_.DE19-1068x1068.jpg 1068w, https:\/\/the-slovenia.com\/wp-content\/uploads\/2021\/08\/2021.The_.Slovenia.Book_.DE19-420x420.jpg 420w, https:\/\/the-slovenia.com\/wp-content\/uploads\/2021\/08\/2021.The_.Slovenia.Book_.DE19-600x600.jpg 600w, https:\/\/the-slovenia.com\/wp-content\/uploads\/2021\/08\/2021.The_.Slovenia.Book_.DE19-100x100.jpg 100w, https:\/\/the-slovenia.com\/wp-content\/uploads\/2021\/08\/2021.The_.Slovenia.Book_.DE19.jpg 1122w\" data-sizes=\"auto, (max-width: 150px) 100vw, 150px\" src=\"data:image\/gif;base64,R0lGODlhAQABAAAAACH5BAEKAAEALAAAAAABAAEAAAICTAEAOw==\" style=\"--smush-placeholder-width: 150px; --smush-placeholder-aspect-ratio: 150\/150;\" \/><noscript><img loading=\"lazy\" decoding=\"async\" width=\"150\" height=\"150\" src=\"https:\/\/the-slovenia.com\/wp-content\/uploads\/2021\/08\/2021.The_.Slovenia.Book_.DE19-150x150.jpg\" class=\"attachment-thumbnail size-thumbnail\" alt=\"\" srcset=\"https:\/\/the-slovenia.com\/wp-content\/uploads\/2021\/08\/2021.The_.Slovenia.Book_.DE19-150x150.jpg 150w, https:\/\/the-slovenia.com\/wp-content\/uploads\/2021\/08\/2021.The_.Slovenia.Book_.DE19-300x300.jpg 300w, https:\/\/the-slovenia.com\/wp-content\/uploads\/2021\/08\/2021.The_.Slovenia.Book_.DE19-1024x1024.jpg 1024w, https:\/\/the-slovenia.com\/wp-content\/uploads\/2021\/08\/2021.The_.Slovenia.Book_.DE19-768x768.jpg 768w, https:\/\/the-slovenia.com\/wp-content\/uploads\/2021\/08\/2021.The_.Slovenia.Book_.DE19-696x696.jpg 696w, https:\/\/the-slovenia.com\/wp-content\/uploads\/2021\/08\/2021.The_.Slovenia.Book_.DE19-1068x1068.jpg 1068w, https:\/\/the-slovenia.com\/wp-content\/uploads\/2021\/08\/2021.The_.Slovenia.Book_.DE19-420x420.jpg 420w, https:\/\/the-slovenia.com\/wp-content\/uploads\/2021\/08\/2021.The_.Slovenia.Book_.DE19-600x600.jpg 600w, https:\/\/the-slovenia.com\/wp-content\/uploads\/2021\/08\/2021.The_.Slovenia.Book_.DE19-100x100.jpg 100w, https:\/\/the-slovenia.com\/wp-content\/uploads\/2021\/08\/2021.The_.Slovenia.Book_.DE19.jpg 1122w\" sizes=\"auto, (max-width: 150px) 100vw, 150px\" \/><\/noscript><\/a>\n\t\t\t<\/div><\/figure><figure class='gallery-item'>\n\t\t\t<div class='gallery-icon landscape'>\n\t\t\t\t<a href='https:\/\/the-slovenia.com\/en\/?attachment_id=44965'><img loading=\"lazy\" decoding=\"async\" width=\"150\" height=\"150\" data-src=\"https:\/\/the-slovenia.com\/wp-content\/uploads\/2021\/08\/2021.The_.Slovenia.Book_.DE42-150x150.jpg\" class=\"attachment-thumbnail size-thumbnail lazyload\" alt=\"\" data-srcset=\"https:\/\/the-slovenia.com\/wp-content\/uploads\/2021\/08\/2021.The_.Slovenia.Book_.DE42-150x150.jpg 150w, https:\/\/the-slovenia.com\/wp-content\/uploads\/2021\/08\/2021.The_.Slovenia.Book_.DE42-300x300.jpg 300w, https:\/\/the-slovenia.com\/wp-content\/uploads\/2021\/08\/2021.The_.Slovenia.Book_.DE42-1024x1024.jpg 1024w, https:\/\/the-slovenia.com\/wp-content\/uploads\/2021\/08\/2021.The_.Slovenia.Book_.DE42-768x768.jpg 768w, https:\/\/the-slovenia.com\/wp-content\/uploads\/2021\/08\/2021.The_.Slovenia.Book_.DE42-696x696.jpg 696w, https:\/\/the-slovenia.com\/wp-content\/uploads\/2021\/08\/2021.The_.Slovenia.Book_.DE42-1068x1068.jpg 1068w, https:\/\/the-slovenia.com\/wp-content\/uploads\/2021\/08\/2021.The_.Slovenia.Book_.DE42-420x420.jpg 420w, https:\/\/the-slovenia.com\/wp-content\/uploads\/2021\/08\/2021.The_.Slovenia.Book_.DE42-600x600.jpg 600w, https:\/\/the-slovenia.com\/wp-content\/uploads\/2021\/08\/2021.The_.Slovenia.Book_.DE42-100x100.jpg 100w, https:\/\/the-slovenia.com\/wp-content\/uploads\/2021\/08\/2021.The_.Slovenia.Book_.DE42.jpg 1122w\" data-sizes=\"auto, (max-width: 150px) 100vw, 150px\" src=\"data:image\/gif;base64,R0lGODlhAQABAAAAACH5BAEKAAEALAAAAAABAAEAAAICTAEAOw==\" style=\"--smush-placeholder-width: 150px; --smush-placeholder-aspect-ratio: 150\/150;\" \/><noscript><img loading=\"lazy\" decoding=\"async\" width=\"150\" height=\"150\" src=\"https:\/\/the-slovenia.com\/wp-content\/uploads\/2021\/08\/2021.The_.Slovenia.Book_.DE42-150x150.jpg\" class=\"attachment-thumbnail size-thumbnail\" alt=\"\" srcset=\"https:\/\/the-slovenia.com\/wp-content\/uploads\/2021\/08\/2021.The_.Slovenia.Book_.DE42-150x150.jpg 150w, https:\/\/the-slovenia.com\/wp-content\/uploads\/2021\/08\/2021.The_.Slovenia.Book_.DE42-300x300.jpg 300w, https:\/\/the-slovenia.com\/wp-content\/uploads\/2021\/08\/2021.The_.Slovenia.Book_.DE42-1024x1024.jpg 1024w, https:\/\/the-slovenia.com\/wp-content\/uploads\/2021\/08\/2021.The_.Slovenia.Book_.DE42-768x768.jpg 768w, https:\/\/the-slovenia.com\/wp-content\/uploads\/2021\/08\/2021.The_.Slovenia.Book_.DE42-696x696.jpg 696w, https:\/\/the-slovenia.com\/wp-content\/uploads\/2021\/08\/2021.The_.Slovenia.Book_.DE42-1068x1068.jpg 1068w, https:\/\/the-slovenia.com\/wp-content\/uploads\/2021\/08\/2021.The_.Slovenia.Book_.DE42-420x420.jpg 420w, https:\/\/the-slovenia.com\/wp-content\/uploads\/2021\/08\/2021.The_.Slovenia.Book_.DE42-600x600.jpg 600w, https:\/\/the-slovenia.com\/wp-content\/uploads\/2021\/08\/2021.The_.Slovenia.Book_.DE42-100x100.jpg 100w, https:\/\/the-slovenia.com\/wp-content\/uploads\/2021\/08\/2021.The_.Slovenia.Book_.DE42.jpg 1122w\" sizes=\"auto, (max-width: 150px) 100vw, 150px\" \/><\/noscript><\/a>\n\t\t\t<\/div><\/figure><figure class='gallery-item'>\n\t\t\t<div class='gallery-icon landscape'>\n\t\t\t\t<a href='https:\/\/the-slovenia.com\/en\/?attachment_id=44970'><img loading=\"lazy\" decoding=\"async\" width=\"150\" height=\"150\" data-src=\"https:\/\/the-slovenia.com\/wp-content\/uploads\/2021\/08\/2021.The_.Slovenia.Book_.DE43-150x150.jpg\" class=\"attachment-thumbnail size-thumbnail lazyload\" alt=\"\" data-srcset=\"https:\/\/the-slovenia.com\/wp-content\/uploads\/2021\/08\/2021.The_.Slovenia.Book_.DE43-150x150.jpg 150w, https:\/\/the-slovenia.com\/wp-content\/uploads\/2021\/08\/2021.The_.Slovenia.Book_.DE43-300x300.jpg 300w, https:\/\/the-slovenia.com\/wp-content\/uploads\/2021\/08\/2021.The_.Slovenia.Book_.DE43-1024x1024.jpg 1024w, https:\/\/the-slovenia.com\/wp-content\/uploads\/2021\/08\/2021.The_.Slovenia.Book_.DE43-768x768.jpg 768w, https:\/\/the-slovenia.com\/wp-content\/uploads\/2021\/08\/2021.The_.Slovenia.Book_.DE43-696x696.jpg 696w, https:\/\/the-slovenia.com\/wp-content\/uploads\/2021\/08\/2021.The_.Slovenia.Book_.DE43-1068x1068.jpg 1068w, https:\/\/the-slovenia.com\/wp-content\/uploads\/2021\/08\/2021.The_.Slovenia.Book_.DE43-420x420.jpg 420w, https:\/\/the-slovenia.com\/wp-content\/uploads\/2021\/08\/2021.The_.Slovenia.Book_.DE43-600x600.jpg 600w, https:\/\/the-slovenia.com\/wp-content\/uploads\/2021\/08\/2021.The_.Slovenia.Book_.DE43-100x100.jpg 100w, https:\/\/the-slovenia.com\/wp-content\/uploads\/2021\/08\/2021.The_.Slovenia.Book_.DE43.jpg 1122w\" data-sizes=\"auto, (max-width: 150px) 100vw, 150px\" src=\"data:image\/gif;base64,R0lGODlhAQABAAAAACH5BAEKAAEALAAAAAABAAEAAAICTAEAOw==\" style=\"--smush-placeholder-width: 150px; --smush-placeholder-aspect-ratio: 150\/150;\" \/><noscript><img loading=\"lazy\" decoding=\"async\" width=\"150\" height=\"150\" src=\"https:\/\/the-slovenia.com\/wp-content\/uploads\/2021\/08\/2021.The_.Slovenia.Book_.DE43-150x150.jpg\" class=\"attachment-thumbnail size-thumbnail\" alt=\"\" srcset=\"https:\/\/the-slovenia.com\/wp-content\/uploads\/2021\/08\/2021.The_.Slovenia.Book_.DE43-150x150.jpg 150w, https:\/\/the-slovenia.com\/wp-content\/uploads\/2021\/08\/2021.The_.Slovenia.Book_.DE43-300x300.jpg 300w, https:\/\/the-slovenia.com\/wp-content\/uploads\/2021\/08\/2021.The_.Slovenia.Book_.DE43-1024x1024.jpg 1024w, https:\/\/the-slovenia.com\/wp-content\/uploads\/2021\/08\/2021.The_.Slovenia.Book_.DE43-768x768.jpg 768w, https:\/\/the-slovenia.com\/wp-content\/uploads\/2021\/08\/2021.The_.Slovenia.Book_.DE43-696x696.jpg 696w, https:\/\/the-slovenia.com\/wp-content\/uploads\/2021\/08\/2021.The_.Slovenia.Book_.DE43-1068x1068.jpg 1068w, https:\/\/the-slovenia.com\/wp-content\/uploads\/2021\/08\/2021.The_.Slovenia.Book_.DE43-420x420.jpg 420w, https:\/\/the-slovenia.com\/wp-content\/uploads\/2021\/08\/2021.The_.Slovenia.Book_.DE43-600x600.jpg 600w, https:\/\/the-slovenia.com\/wp-content\/uploads\/2021\/08\/2021.The_.Slovenia.Book_.DE43-100x100.jpg 100w, https:\/\/the-slovenia.com\/wp-content\/uploads\/2021\/08\/2021.The_.Slovenia.Book_.DE43.jpg 1122w\" sizes=\"auto, (max-width: 150px) 100vw, 150px\" \/><\/noscript><\/a>\n\t\t\t<\/div><\/figure><figure class='gallery-item'>\n\t\t\t<div class='gallery-icon landscape'>\n\t\t\t\t<a href='https:\/\/the-slovenia.com\/en\/?attachment_id=44973'><img loading=\"lazy\" decoding=\"async\" width=\"150\" height=\"150\" data-src=\"https:\/\/the-slovenia.com\/wp-content\/uploads\/2021\/08\/2021.The_.Slovenia.Book_.DE28-150x150.jpg\" class=\"attachment-thumbnail size-thumbnail lazyload\" alt=\"\" data-srcset=\"https:\/\/the-slovenia.com\/wp-content\/uploads\/2021\/08\/2021.The_.Slovenia.Book_.DE28-150x150.jpg 150w, https:\/\/the-slovenia.com\/wp-content\/uploads\/2021\/08\/2021.The_.Slovenia.Book_.DE28-300x300.jpg 300w, https:\/\/the-slovenia.com\/wp-content\/uploads\/2021\/08\/2021.The_.Slovenia.Book_.DE28-1024x1024.jpg 1024w, https:\/\/the-slovenia.com\/wp-content\/uploads\/2021\/08\/2021.The_.Slovenia.Book_.DE28-768x768.jpg 768w, https:\/\/the-slovenia.com\/wp-content\/uploads\/2021\/08\/2021.The_.Slovenia.Book_.DE28-696x696.jpg 696w, https:\/\/the-slovenia.com\/wp-content\/uploads\/2021\/08\/2021.The_.Slovenia.Book_.DE28-1068x1068.jpg 1068w, https:\/\/the-slovenia.com\/wp-content\/uploads\/2021\/08\/2021.The_.Slovenia.Book_.DE28-420x420.jpg 420w, https:\/\/the-slovenia.com\/wp-content\/uploads\/2021\/08\/2021.The_.Slovenia.Book_.DE28-600x600.jpg 600w, https:\/\/the-slovenia.com\/wp-content\/uploads\/2021\/08\/2021.The_.Slovenia.Book_.DE28-100x100.jpg 100w, https:\/\/the-slovenia.com\/wp-content\/uploads\/2021\/08\/2021.The_.Slovenia.Book_.DE28.jpg 1122w\" data-sizes=\"auto, (max-width: 150px) 100vw, 150px\" src=\"data:image\/gif;base64,R0lGODlhAQABAAAAACH5BAEKAAEALAAAAAABAAEAAAICTAEAOw==\" style=\"--smush-placeholder-width: 150px; --smush-placeholder-aspect-ratio: 150\/150;\" \/><noscript><img loading=\"lazy\" decoding=\"async\" width=\"150\" height=\"150\" src=\"https:\/\/the-slovenia.com\/wp-content\/uploads\/2021\/08\/2021.The_.Slovenia.Book_.DE28-150x150.jpg\" class=\"attachment-thumbnail size-thumbnail\" alt=\"\" srcset=\"https:\/\/the-slovenia.com\/wp-content\/uploads\/2021\/08\/2021.The_.Slovenia.Book_.DE28-150x150.jpg 150w, https:\/\/the-slovenia.com\/wp-content\/uploads\/2021\/08\/2021.The_.Slovenia.Book_.DE28-300x300.jpg 300w, https:\/\/the-slovenia.com\/wp-content\/uploads\/2021\/08\/2021.The_.Slovenia.Book_.DE28-1024x1024.jpg 1024w, https:\/\/the-slovenia.com\/wp-content\/uploads\/2021\/08\/2021.The_.Slovenia.Book_.DE28-768x768.jpg 768w, https:\/\/the-slovenia.com\/wp-content\/uploads\/2021\/08\/2021.The_.Slovenia.Book_.DE28-696x696.jpg 696w, https:\/\/the-slovenia.com\/wp-content\/uploads\/2021\/08\/2021.The_.Slovenia.Book_.DE28-1068x1068.jpg 1068w, https:\/\/the-slovenia.com\/wp-content\/uploads\/2021\/08\/2021.The_.Slovenia.Book_.DE28-420x420.jpg 420w, https:\/\/the-slovenia.com\/wp-content\/uploads\/2021\/08\/2021.The_.Slovenia.Book_.DE28-600x600.jpg 600w, https:\/\/the-slovenia.com\/wp-content\/uploads\/2021\/08\/2021.The_.Slovenia.Book_.DE28-100x100.jpg 100w, https:\/\/the-slovenia.com\/wp-content\/uploads\/2021\/08\/2021.The_.Slovenia.Book_.DE28.jpg 1122w\" sizes=\"auto, (max-width: 150px) 100vw, 150px\" \/><\/noscript><\/a>\n\t\t\t<\/div><\/figure><figure class='gallery-item'>\n\t\t\t<div class='gallery-icon landscape'>\n\t\t\t\t<a href='https:\/\/the-slovenia.com\/en\/?attachment_id=44955'><img loading=\"lazy\" decoding=\"async\" width=\"150\" height=\"150\" data-src=\"https:\/\/the-slovenia.com\/wp-content\/uploads\/2021\/08\/2021.The_.Slovenia.Book_.DE40-150x150.jpg\" class=\"attachment-thumbnail size-thumbnail lazyload\" alt=\"\" data-srcset=\"https:\/\/the-slovenia.com\/wp-content\/uploads\/2021\/08\/2021.The_.Slovenia.Book_.DE40-150x150.jpg 150w, https:\/\/the-slovenia.com\/wp-content\/uploads\/2021\/08\/2021.The_.Slovenia.Book_.DE40-300x300.jpg 300w, https:\/\/the-slovenia.com\/wp-content\/uploads\/2021\/08\/2021.The_.Slovenia.Book_.DE40-1024x1024.jpg 1024w, https:\/\/the-slovenia.com\/wp-content\/uploads\/2021\/08\/2021.The_.Slovenia.Book_.DE40-768x768.jpg 768w, https:\/\/the-slovenia.com\/wp-content\/uploads\/2021\/08\/2021.The_.Slovenia.Book_.DE40-696x696.jpg 696w, https:\/\/the-slovenia.com\/wp-content\/uploads\/2021\/08\/2021.The_.Slovenia.Book_.DE40-1068x1068.jpg 1068w, https:\/\/the-slovenia.com\/wp-content\/uploads\/2021\/08\/2021.The_.Slovenia.Book_.DE40-420x420.jpg 420w, https:\/\/the-slovenia.com\/wp-content\/uploads\/2021\/08\/2021.The_.Slovenia.Book_.DE40-600x600.jpg 600w, https:\/\/the-slovenia.com\/wp-content\/uploads\/2021\/08\/2021.The_.Slovenia.Book_.DE40-100x100.jpg 100w, https:\/\/the-slovenia.com\/wp-content\/uploads\/2021\/08\/2021.The_.Slovenia.Book_.DE40.jpg 1122w\" data-sizes=\"auto, (max-width: 150px) 100vw, 150px\" src=\"data:image\/gif;base64,R0lGODlhAQABAAAAACH5BAEKAAEALAAAAAABAAEAAAICTAEAOw==\" style=\"--smush-placeholder-width: 150px; --smush-placeholder-aspect-ratio: 150\/150;\" \/><noscript><img loading=\"lazy\" decoding=\"async\" width=\"150\" height=\"150\" src=\"https:\/\/the-slovenia.com\/wp-content\/uploads\/2021\/08\/2021.The_.Slovenia.Book_.DE40-150x150.jpg\" class=\"attachment-thumbnail size-thumbnail\" alt=\"\" srcset=\"https:\/\/the-slovenia.com\/wp-content\/uploads\/2021\/08\/2021.The_.Slovenia.Book_.DE40-150x150.jpg 150w, https:\/\/the-slovenia.com\/wp-content\/uploads\/2021\/08\/2021.The_.Slovenia.Book_.DE40-300x300.jpg 300w, https:\/\/the-slovenia.com\/wp-content\/uploads\/2021\/08\/2021.The_.Slovenia.Book_.DE40-1024x1024.jpg 1024w, https:\/\/the-slovenia.com\/wp-content\/uploads\/2021\/08\/2021.The_.Slovenia.Book_.DE40-768x768.jpg 768w, https:\/\/the-slovenia.com\/wp-content\/uploads\/2021\/08\/2021.The_.Slovenia.Book_.DE40-696x696.jpg 696w, https:\/\/the-slovenia.com\/wp-content\/uploads\/2021\/08\/2021.The_.Slovenia.Book_.DE40-1068x1068.jpg 1068w, https:\/\/the-slovenia.com\/wp-content\/uploads\/2021\/08\/2021.The_.Slovenia.Book_.DE40-420x420.jpg 420w, https:\/\/the-slovenia.com\/wp-content\/uploads\/2021\/08\/2021.The_.Slovenia.Book_.DE40-600x600.jpg 600w, https:\/\/the-slovenia.com\/wp-content\/uploads\/2021\/08\/2021.The_.Slovenia.Book_.DE40-100x100.jpg 100w, https:\/\/the-slovenia.com\/wp-content\/uploads\/2021\/08\/2021.The_.Slovenia.Book_.DE40.jpg 1122w\" sizes=\"auto, (max-width: 150px) 100vw, 150px\" \/><\/noscript><\/a>\n\t\t\t<\/div><\/figure><figure class='gallery-item'>\n\t\t\t<div class='gallery-icon landscape'>\n\t\t\t\t<a href='https:\/\/the-slovenia.com\/en\/?attachment_id=44962'><img loading=\"lazy\" decoding=\"async\" width=\"150\" height=\"150\" data-src=\"https:\/\/the-slovenia.com\/wp-content\/uploads\/2021\/08\/2021.The_.Slovenia.Book_.DE41-1-150x150.jpg\" class=\"attachment-thumbnail size-thumbnail lazyload\" alt=\"\" data-srcset=\"https:\/\/the-slovenia.com\/wp-content\/uploads\/2021\/08\/2021.The_.Slovenia.Book_.DE41-1-150x150.jpg 150w, https:\/\/the-slovenia.com\/wp-content\/uploads\/2021\/08\/2021.The_.Slovenia.Book_.DE41-1-300x300.jpg 300w, https:\/\/the-slovenia.com\/wp-content\/uploads\/2021\/08\/2021.The_.Slovenia.Book_.DE41-1-1024x1024.jpg 1024w, https:\/\/the-slovenia.com\/wp-content\/uploads\/2021\/08\/2021.The_.Slovenia.Book_.DE41-1-768x768.jpg 768w, https:\/\/the-slovenia.com\/wp-content\/uploads\/2021\/08\/2021.The_.Slovenia.Book_.DE41-1-696x696.jpg 696w, https:\/\/the-slovenia.com\/wp-content\/uploads\/2021\/08\/2021.The_.Slovenia.Book_.DE41-1-1068x1068.jpg 1068w, https:\/\/the-slovenia.com\/wp-content\/uploads\/2021\/08\/2021.The_.Slovenia.Book_.DE41-1-420x420.jpg 420w, https:\/\/the-slovenia.com\/wp-content\/uploads\/2021\/08\/2021.The_.Slovenia.Book_.DE41-1-600x600.jpg 600w, https:\/\/the-slovenia.com\/wp-content\/uploads\/2021\/08\/2021.The_.Slovenia.Book_.DE41-1-100x100.jpg 100w, https:\/\/the-slovenia.com\/wp-content\/uploads\/2021\/08\/2021.The_.Slovenia.Book_.DE41-1.jpg 1122w\" data-sizes=\"auto, (max-width: 150px) 100vw, 150px\" src=\"data:image\/gif;base64,R0lGODlhAQABAAAAACH5BAEKAAEALAAAAAABAAEAAAICTAEAOw==\" style=\"--smush-placeholder-width: 150px; --smush-placeholder-aspect-ratio: 150\/150;\" \/><noscript><img loading=\"lazy\" decoding=\"async\" width=\"150\" height=\"150\" src=\"https:\/\/the-slovenia.com\/wp-content\/uploads\/2021\/08\/2021.The_.Slovenia.Book_.DE41-1-150x150.jpg\" class=\"attachment-thumbnail size-thumbnail\" alt=\"\" srcset=\"https:\/\/the-slovenia.com\/wp-content\/uploads\/2021\/08\/2021.The_.Slovenia.Book_.DE41-1-150x150.jpg 150w, https:\/\/the-slovenia.com\/wp-content\/uploads\/2021\/08\/2021.The_.Slovenia.Book_.DE41-1-300x300.jpg 300w, https:\/\/the-slovenia.com\/wp-content\/uploads\/2021\/08\/2021.The_.Slovenia.Book_.DE41-1-1024x1024.jpg 1024w, https:\/\/the-slovenia.com\/wp-content\/uploads\/2021\/08\/2021.The_.Slovenia.Book_.DE41-1-768x768.jpg 768w, https:\/\/the-slovenia.com\/wp-content\/uploads\/2021\/08\/2021.The_.Slovenia.Book_.DE41-1-696x696.jpg 696w, https:\/\/the-slovenia.com\/wp-content\/uploads\/2021\/08\/2021.The_.Slovenia.Book_.DE41-1-1068x1068.jpg 1068w, https:\/\/the-slovenia.com\/wp-content\/uploads\/2021\/08\/2021.The_.Slovenia.Book_.DE41-1-420x420.jpg 420w, https:\/\/the-slovenia.com\/wp-content\/uploads\/2021\/08\/2021.The_.Slovenia.Book_.DE41-1-600x600.jpg 600w, https:\/\/the-slovenia.com\/wp-content\/uploads\/2021\/08\/2021.The_.Slovenia.Book_.DE41-1-100x100.jpg 100w, https:\/\/the-slovenia.com\/wp-content\/uploads\/2021\/08\/2021.The_.Slovenia.Book_.DE41-1.jpg 1122w\" sizes=\"auto, (max-width: 150px) 100vw, 150px\" \/><\/noscript><\/a>\n\t\t\t<\/div><\/figure><figure class='gallery-item'>\n\t\t\t<div class='gallery-icon landscape'>\n\t\t\t\t<a href='https:\/\/the-slovenia.com\/en\/?attachment_id=44963'><img loading=\"lazy\" decoding=\"async\" width=\"150\" height=\"150\" data-src=\"https:\/\/the-slovenia.com\/wp-content\/uploads\/2021\/08\/2021.The_.Slovenia.Book_.DE71-150x150.jpg\" class=\"attachment-thumbnail size-thumbnail lazyload\" alt=\"\" data-srcset=\"https:\/\/the-slovenia.com\/wp-content\/uploads\/2021\/08\/2021.The_.Slovenia.Book_.DE71-150x150.jpg 150w, https:\/\/the-slovenia.com\/wp-content\/uploads\/2021\/08\/2021.The_.Slovenia.Book_.DE71-300x300.jpg 300w, https:\/\/the-slovenia.com\/wp-content\/uploads\/2021\/08\/2021.The_.Slovenia.Book_.DE71-1024x1024.jpg 1024w, https:\/\/the-slovenia.com\/wp-content\/uploads\/2021\/08\/2021.The_.Slovenia.Book_.DE71-768x768.jpg 768w, https:\/\/the-slovenia.com\/wp-content\/uploads\/2021\/08\/2021.The_.Slovenia.Book_.DE71-696x696.jpg 696w, https:\/\/the-slovenia.com\/wp-content\/uploads\/2021\/08\/2021.The_.Slovenia.Book_.DE71-1068x1068.jpg 1068w, https:\/\/the-slovenia.com\/wp-content\/uploads\/2021\/08\/2021.The_.Slovenia.Book_.DE71-420x420.jpg 420w, https:\/\/the-slovenia.com\/wp-content\/uploads\/2021\/08\/2021.The_.Slovenia.Book_.DE71-600x600.jpg 600w, https:\/\/the-slovenia.com\/wp-content\/uploads\/2021\/08\/2021.The_.Slovenia.Book_.DE71-100x100.jpg 100w, https:\/\/the-slovenia.com\/wp-content\/uploads\/2021\/08\/2021.The_.Slovenia.Book_.DE71.jpg 1122w\" data-sizes=\"auto, (max-width: 150px) 100vw, 150px\" src=\"data:image\/gif;base64,R0lGODlhAQABAAAAACH5BAEKAAEALAAAAAABAAEAAAICTAEAOw==\" style=\"--smush-placeholder-width: 150px; --smush-placeholder-aspect-ratio: 150\/150;\" \/><noscript><img loading=\"lazy\" decoding=\"async\" width=\"150\" height=\"150\" src=\"https:\/\/the-slovenia.com\/wp-content\/uploads\/2021\/08\/2021.The_.Slovenia.Book_.DE71-150x150.jpg\" class=\"attachment-thumbnail size-thumbnail\" alt=\"\" srcset=\"https:\/\/the-slovenia.com\/wp-content\/uploads\/2021\/08\/2021.The_.Slovenia.Book_.DE71-150x150.jpg 150w, https:\/\/the-slovenia.com\/wp-content\/uploads\/2021\/08\/2021.The_.Slovenia.Book_.DE71-300x300.jpg 300w, https:\/\/the-slovenia.com\/wp-content\/uploads\/2021\/08\/2021.The_.Slovenia.Book_.DE71-1024x1024.jpg 1024w, https:\/\/the-slovenia.com\/wp-content\/uploads\/2021\/08\/2021.The_.Slovenia.Book_.DE71-768x768.jpg 768w, https:\/\/the-slovenia.com\/wp-content\/uploads\/2021\/08\/2021.The_.Slovenia.Book_.DE71-696x696.jpg 696w, https:\/\/the-slovenia.com\/wp-content\/uploads\/2021\/08\/2021.The_.Slovenia.Book_.DE71-1068x1068.jpg 1068w, https:\/\/the-slovenia.com\/wp-content\/uploads\/2021\/08\/2021.The_.Slovenia.Book_.DE71-420x420.jpg 420w, https:\/\/the-slovenia.com\/wp-content\/uploads\/2021\/08\/2021.The_.Slovenia.Book_.DE71-600x600.jpg 600w, https:\/\/the-slovenia.com\/wp-content\/uploads\/2021\/08\/2021.The_.Slovenia.Book_.DE71-100x100.jpg 100w, https:\/\/the-slovenia.com\/wp-content\/uploads\/2021\/08\/2021.The_.Slovenia.Book_.DE71.jpg 1122w\" sizes=\"auto, (max-width: 150px) 100vw, 150px\" \/><\/noscript><\/a>\n\t\t\t<\/div><\/figure><figure class='gallery-item'>\n\t\t\t<div class='gallery-icon landscape'>\n\t\t\t\t<a href='https:\/\/the-slovenia.com\/en\/?attachment_id=44964'><img loading=\"lazy\" decoding=\"async\" width=\"150\" height=\"150\" data-src=\"https:\/\/the-slovenia.com\/wp-content\/uploads\/2021\/08\/2021.The_.Slovenia.Book_.DE70-150x150.jpg\" class=\"attachment-thumbnail size-thumbnail lazyload\" alt=\"\" data-srcset=\"https:\/\/the-slovenia.com\/wp-content\/uploads\/2021\/08\/2021.The_.Slovenia.Book_.DE70-150x150.jpg 150w, https:\/\/the-slovenia.com\/wp-content\/uploads\/2021\/08\/2021.The_.Slovenia.Book_.DE70-300x300.jpg 300w, https:\/\/the-slovenia.com\/wp-content\/uploads\/2021\/08\/2021.The_.Slovenia.Book_.DE70-1024x1024.jpg 1024w, https:\/\/the-slovenia.com\/wp-content\/uploads\/2021\/08\/2021.The_.Slovenia.Book_.DE70-768x768.jpg 768w, https:\/\/the-slovenia.com\/wp-content\/uploads\/2021\/08\/2021.The_.Slovenia.Book_.DE70-696x696.jpg 696w, https:\/\/the-slovenia.com\/wp-content\/uploads\/2021\/08\/2021.The_.Slovenia.Book_.DE70-1068x1068.jpg 1068w, https:\/\/the-slovenia.com\/wp-content\/uploads\/2021\/08\/2021.The_.Slovenia.Book_.DE70-420x420.jpg 420w, https:\/\/the-slovenia.com\/wp-content\/uploads\/2021\/08\/2021.The_.Slovenia.Book_.DE70-600x600.jpg 600w, https:\/\/the-slovenia.com\/wp-content\/uploads\/2021\/08\/2021.The_.Slovenia.Book_.DE70-100x100.jpg 100w, https:\/\/the-slovenia.com\/wp-content\/uploads\/2021\/08\/2021.The_.Slovenia.Book_.DE70.jpg 1122w\" data-sizes=\"auto, (max-width: 150px) 100vw, 150px\" src=\"data:image\/gif;base64,R0lGODlhAQABAAAAACH5BAEKAAEALAAAAAABAAEAAAICTAEAOw==\" style=\"--smush-placeholder-width: 150px; --smush-placeholder-aspect-ratio: 150\/150;\" \/><noscript><img loading=\"lazy\" decoding=\"async\" width=\"150\" height=\"150\" src=\"https:\/\/the-slovenia.com\/wp-content\/uploads\/2021\/08\/2021.The_.Slovenia.Book_.DE70-150x150.jpg\" class=\"attachment-thumbnail size-thumbnail\" alt=\"\" srcset=\"https:\/\/the-slovenia.com\/wp-content\/uploads\/2021\/08\/2021.The_.Slovenia.Book_.DE70-150x150.jpg 150w, https:\/\/the-slovenia.com\/wp-content\/uploads\/2021\/08\/2021.The_.Slovenia.Book_.DE70-300x300.jpg 300w, https:\/\/the-slovenia.com\/wp-content\/uploads\/2021\/08\/2021.The_.Slovenia.Book_.DE70-1024x1024.jpg 1024w, https:\/\/the-slovenia.com\/wp-content\/uploads\/2021\/08\/2021.The_.Slovenia.Book_.DE70-768x768.jpg 768w, https:\/\/the-slovenia.com\/wp-content\/uploads\/2021\/08\/2021.The_.Slovenia.Book_.DE70-696x696.jpg 696w, https:\/\/the-slovenia.com\/wp-content\/uploads\/2021\/08\/2021.The_.Slovenia.Book_.DE70-1068x1068.jpg 1068w, https:\/\/the-slovenia.com\/wp-content\/uploads\/2021\/08\/2021.The_.Slovenia.Book_.DE70-420x420.jpg 420w, https:\/\/the-slovenia.com\/wp-content\/uploads\/2021\/08\/2021.The_.Slovenia.Book_.DE70-600x600.jpg 600w, https:\/\/the-slovenia.com\/wp-content\/uploads\/2021\/08\/2021.The_.Slovenia.Book_.DE70-100x100.jpg 100w, https:\/\/the-slovenia.com\/wp-content\/uploads\/2021\/08\/2021.The_.Slovenia.Book_.DE70.jpg 1122w\" sizes=\"auto, (max-width: 150px) 100vw, 150px\" \/><\/noscript><\/a>\n\t\t\t<\/div><\/figure><figure class='gallery-item'>\n\t\t\t<div class='gallery-icon landscape'>\n\t\t\t\t<a href='https:\/\/the-slovenia.com\/en\/?attachment_id=44952'><img loading=\"lazy\" decoding=\"async\" width=\"150\" height=\"150\" data-src=\"https:\/\/the-slovenia.com\/wp-content\/uploads\/2021\/08\/2021.The_.Slovenia.Book_.DE88-150x150.jpg\" class=\"attachment-thumbnail size-thumbnail lazyload\" alt=\"\" data-srcset=\"https:\/\/the-slovenia.com\/wp-content\/uploads\/2021\/08\/2021.The_.Slovenia.Book_.DE88-150x150.jpg 150w, https:\/\/the-slovenia.com\/wp-content\/uploads\/2021\/08\/2021.The_.Slovenia.Book_.DE88-300x300.jpg 300w, https:\/\/the-slovenia.com\/wp-content\/uploads\/2021\/08\/2021.The_.Slovenia.Book_.DE88-1024x1024.jpg 1024w, https:\/\/the-slovenia.com\/wp-content\/uploads\/2021\/08\/2021.The_.Slovenia.Book_.DE88-768x768.jpg 768w, https:\/\/the-slovenia.com\/wp-content\/uploads\/2021\/08\/2021.The_.Slovenia.Book_.DE88-696x696.jpg 696w, https:\/\/the-slovenia.com\/wp-content\/uploads\/2021\/08\/2021.The_.Slovenia.Book_.DE88-1068x1068.jpg 1068w, https:\/\/the-slovenia.com\/wp-content\/uploads\/2021\/08\/2021.The_.Slovenia.Book_.DE88-420x420.jpg 420w, https:\/\/the-slovenia.com\/wp-content\/uploads\/2021\/08\/2021.The_.Slovenia.Book_.DE88-600x600.jpg 600w, https:\/\/the-slovenia.com\/wp-content\/uploads\/2021\/08\/2021.The_.Slovenia.Book_.DE88-100x100.jpg 100w, https:\/\/the-slovenia.com\/wp-content\/uploads\/2021\/08\/2021.The_.Slovenia.Book_.DE88.jpg 1122w\" data-sizes=\"auto, (max-width: 150px) 100vw, 150px\" src=\"data:image\/gif;base64,R0lGODlhAQABAAAAACH5BAEKAAEALAAAAAABAAEAAAICTAEAOw==\" style=\"--smush-placeholder-width: 150px; --smush-placeholder-aspect-ratio: 150\/150;\" \/><noscript><img loading=\"lazy\" decoding=\"async\" width=\"150\" height=\"150\" src=\"https:\/\/the-slovenia.com\/wp-content\/uploads\/2021\/08\/2021.The_.Slovenia.Book_.DE88-150x150.jpg\" class=\"attachment-thumbnail size-thumbnail\" alt=\"\" srcset=\"https:\/\/the-slovenia.com\/wp-content\/uploads\/2021\/08\/2021.The_.Slovenia.Book_.DE88-150x150.jpg 150w, https:\/\/the-slovenia.com\/wp-content\/uploads\/2021\/08\/2021.The_.Slovenia.Book_.DE88-300x300.jpg 300w, https:\/\/the-slovenia.com\/wp-content\/uploads\/2021\/08\/2021.The_.Slovenia.Book_.DE88-1024x1024.jpg 1024w, https:\/\/the-slovenia.com\/wp-content\/uploads\/2021\/08\/2021.The_.Slovenia.Book_.DE88-768x768.jpg 768w, https:\/\/the-slovenia.com\/wp-content\/uploads\/2021\/08\/2021.The_.Slovenia.Book_.DE88-696x696.jpg 696w, https:\/\/the-slovenia.com\/wp-content\/uploads\/2021\/08\/2021.The_.Slovenia.Book_.DE88-1068x1068.jpg 1068w, https:\/\/the-slovenia.com\/wp-content\/uploads\/2021\/08\/2021.The_.Slovenia.Book_.DE88-420x420.jpg 420w, https:\/\/the-slovenia.com\/wp-content\/uploads\/2021\/08\/2021.The_.Slovenia.Book_.DE88-600x600.jpg 600w, https:\/\/the-slovenia.com\/wp-content\/uploads\/2021\/08\/2021.The_.Slovenia.Book_.DE88-100x100.jpg 100w, https:\/\/the-slovenia.com\/wp-content\/uploads\/2021\/08\/2021.The_.Slovenia.Book_.DE88.jpg 1122w\" sizes=\"auto, (max-width: 150px) 100vw, 150px\" \/><\/noscript><\/a>\n\t\t\t<\/div><\/figure><figure class='gallery-item'>\n\t\t\t<div class='gallery-icon landscape'>\n\t\t\t\t<a href='https:\/\/the-slovenia.com\/en\/?attachment_id=44969'><img loading=\"lazy\" decoding=\"async\" width=\"150\" height=\"150\" data-src=\"https:\/\/the-slovenia.com\/wp-content\/uploads\/2021\/08\/2021.The_.Slovenia.Book_.DE108-150x150.jpg\" class=\"attachment-thumbnail size-thumbnail lazyload\" alt=\"\" data-srcset=\"https:\/\/the-slovenia.com\/wp-content\/uploads\/2021\/08\/2021.The_.Slovenia.Book_.DE108-150x150.jpg 150w, https:\/\/the-slovenia.com\/wp-content\/uploads\/2021\/08\/2021.The_.Slovenia.Book_.DE108-300x300.jpg 300w, https:\/\/the-slovenia.com\/wp-content\/uploads\/2021\/08\/2021.The_.Slovenia.Book_.DE108-1024x1024.jpg 1024w, https:\/\/the-slovenia.com\/wp-content\/uploads\/2021\/08\/2021.The_.Slovenia.Book_.DE108-768x768.jpg 768w, https:\/\/the-slovenia.com\/wp-content\/uploads\/2021\/08\/2021.The_.Slovenia.Book_.DE108-696x696.jpg 696w, https:\/\/the-slovenia.com\/wp-content\/uploads\/2021\/08\/2021.The_.Slovenia.Book_.DE108-1068x1068.jpg 1068w, https:\/\/the-slovenia.com\/wp-content\/uploads\/2021\/08\/2021.The_.Slovenia.Book_.DE108-420x420.jpg 420w, https:\/\/the-slovenia.com\/wp-content\/uploads\/2021\/08\/2021.The_.Slovenia.Book_.DE108-600x600.jpg 600w, https:\/\/the-slovenia.com\/wp-content\/uploads\/2021\/08\/2021.The_.Slovenia.Book_.DE108-100x100.jpg 100w, https:\/\/the-slovenia.com\/wp-content\/uploads\/2021\/08\/2021.The_.Slovenia.Book_.DE108.jpg 1122w\" data-sizes=\"auto, (max-width: 150px) 100vw, 150px\" src=\"data:image\/gif;base64,R0lGODlhAQABAAAAACH5BAEKAAEALAAAAAABAAEAAAICTAEAOw==\" style=\"--smush-placeholder-width: 150px; --smush-placeholder-aspect-ratio: 150\/150;\" \/><noscript><img loading=\"lazy\" decoding=\"async\" width=\"150\" height=\"150\" src=\"https:\/\/the-slovenia.com\/wp-content\/uploads\/2021\/08\/2021.The_.Slovenia.Book_.DE108-150x150.jpg\" class=\"attachment-thumbnail size-thumbnail\" alt=\"\" srcset=\"https:\/\/the-slovenia.com\/wp-content\/uploads\/2021\/08\/2021.The_.Slovenia.Book_.DE108-150x150.jpg 150w, https:\/\/the-slovenia.com\/wp-content\/uploads\/2021\/08\/2021.The_.Slovenia.Book_.DE108-300x300.jpg 300w, https:\/\/the-slovenia.com\/wp-content\/uploads\/2021\/08\/2021.The_.Slovenia.Book_.DE108-1024x1024.jpg 1024w, https:\/\/the-slovenia.com\/wp-content\/uploads\/2021\/08\/2021.The_.Slovenia.Book_.DE108-768x768.jpg 768w, https:\/\/the-slovenia.com\/wp-content\/uploads\/2021\/08\/2021.The_.Slovenia.Book_.DE108-696x696.jpg 696w, https:\/\/the-slovenia.com\/wp-content\/uploads\/2021\/08\/2021.The_.Slovenia.Book_.DE108-1068x1068.jpg 1068w, https:\/\/the-slovenia.com\/wp-content\/uploads\/2021\/08\/2021.The_.Slovenia.Book_.DE108-420x420.jpg 420w, https:\/\/the-slovenia.com\/wp-content\/uploads\/2021\/08\/2021.The_.Slovenia.Book_.DE108-600x600.jpg 600w, https:\/\/the-slovenia.com\/wp-content\/uploads\/2021\/08\/2021.The_.Slovenia.Book_.DE108-100x100.jpg 100w, https:\/\/the-slovenia.com\/wp-content\/uploads\/2021\/08\/2021.The_.Slovenia.Book_.DE108.jpg 1122w\" sizes=\"auto, (max-width: 150px) 100vw, 150px\" \/><\/noscript><\/a>\n\t\t\t<\/div><\/figure><figure class='gallery-item'>\n\t\t\t<div class='gallery-icon landscape'>\n\t\t\t\t<a href='https:\/\/the-slovenia.com\/en\/?attachment_id=44953'><img loading=\"lazy\" decoding=\"async\" width=\"150\" height=\"150\" data-src=\"https:\/\/the-slovenia.com\/wp-content\/uploads\/2021\/08\/2021.The_.Slovenia.Book_.DE89-150x150.jpg\" class=\"attachment-thumbnail size-thumbnail lazyload\" alt=\"\" data-srcset=\"https:\/\/the-slovenia.com\/wp-content\/uploads\/2021\/08\/2021.The_.Slovenia.Book_.DE89-150x150.jpg 150w, https:\/\/the-slovenia.com\/wp-content\/uploads\/2021\/08\/2021.The_.Slovenia.Book_.DE89-300x300.jpg 300w, https:\/\/the-slovenia.com\/wp-content\/uploads\/2021\/08\/2021.The_.Slovenia.Book_.DE89-1024x1024.jpg 1024w, https:\/\/the-slovenia.com\/wp-content\/uploads\/2021\/08\/2021.The_.Slovenia.Book_.DE89-768x768.jpg 768w, https:\/\/the-slovenia.com\/wp-content\/uploads\/2021\/08\/2021.The_.Slovenia.Book_.DE89-696x696.jpg 696w, https:\/\/the-slovenia.com\/wp-content\/uploads\/2021\/08\/2021.The_.Slovenia.Book_.DE89-1068x1068.jpg 1068w, https:\/\/the-slovenia.com\/wp-content\/uploads\/2021\/08\/2021.The_.Slovenia.Book_.DE89-420x420.jpg 420w, https:\/\/the-slovenia.com\/wp-content\/uploads\/2021\/08\/2021.The_.Slovenia.Book_.DE89-600x600.jpg 600w, https:\/\/the-slovenia.com\/wp-content\/uploads\/2021\/08\/2021.The_.Slovenia.Book_.DE89-100x100.jpg 100w, https:\/\/the-slovenia.com\/wp-content\/uploads\/2021\/08\/2021.The_.Slovenia.Book_.DE89.jpg 1122w\" data-sizes=\"auto, (max-width: 150px) 100vw, 150px\" src=\"data:image\/gif;base64,R0lGODlhAQABAAAAACH5BAEKAAEALAAAAAABAAEAAAICTAEAOw==\" style=\"--smush-placeholder-width: 150px; --smush-placeholder-aspect-ratio: 150\/150;\" \/><noscript><img loading=\"lazy\" decoding=\"async\" width=\"150\" height=\"150\" src=\"https:\/\/the-slovenia.com\/wp-content\/uploads\/2021\/08\/2021.The_.Slovenia.Book_.DE89-150x150.jpg\" class=\"attachment-thumbnail size-thumbnail\" alt=\"\" srcset=\"https:\/\/the-slovenia.com\/wp-content\/uploads\/2021\/08\/2021.The_.Slovenia.Book_.DE89-150x150.jpg 150w, https:\/\/the-slovenia.com\/wp-content\/uploads\/2021\/08\/2021.The_.Slovenia.Book_.DE89-300x300.jpg 300w, https:\/\/the-slovenia.com\/wp-content\/uploads\/2021\/08\/2021.The_.Slovenia.Book_.DE89-1024x1024.jpg 1024w, https:\/\/the-slovenia.com\/wp-content\/uploads\/2021\/08\/2021.The_.Slovenia.Book_.DE89-768x768.jpg 768w, https:\/\/the-slovenia.com\/wp-content\/uploads\/2021\/08\/2021.The_.Slovenia.Book_.DE89-696x696.jpg 696w, https:\/\/the-slovenia.com\/wp-content\/uploads\/2021\/08\/2021.The_.Slovenia.Book_.DE89-1068x1068.jpg 1068w, https:\/\/the-slovenia.com\/wp-content\/uploads\/2021\/08\/2021.The_.Slovenia.Book_.DE89-420x420.jpg 420w, https:\/\/the-slovenia.com\/wp-content\/uploads\/2021\/08\/2021.The_.Slovenia.Book_.DE89-600x600.jpg 600w, https:\/\/the-slovenia.com\/wp-content\/uploads\/2021\/08\/2021.The_.Slovenia.Book_.DE89-100x100.jpg 100w, https:\/\/the-slovenia.com\/wp-content\/uploads\/2021\/08\/2021.The_.Slovenia.Book_.DE89.jpg 1122w\" sizes=\"auto, (max-width: 150px) 100vw, 150px\" \/><\/noscript><\/a>\n\t\t\t<\/div><\/figure><figure class='gallery-item'>\n\t\t\t<div class='gallery-icon landscape'>\n\t\t\t\t<a href='https:\/\/the-slovenia.com\/en\/?attachment_id=44968'><img loading=\"lazy\" decoding=\"async\" width=\"150\" height=\"150\" data-src=\"https:\/\/the-slovenia.com\/wp-content\/uploads\/2021\/08\/2021.The_.Slovenia.Book_.DE109-150x150.jpg\" class=\"attachment-thumbnail size-thumbnail lazyload\" alt=\"\" data-srcset=\"https:\/\/the-slovenia.com\/wp-content\/uploads\/2021\/08\/2021.The_.Slovenia.Book_.DE109-150x150.jpg 150w, https:\/\/the-slovenia.com\/wp-content\/uploads\/2021\/08\/2021.The_.Slovenia.Book_.DE109-300x300.jpg 300w, https:\/\/the-slovenia.com\/wp-content\/uploads\/2021\/08\/2021.The_.Slovenia.Book_.DE109-1024x1024.jpg 1024w, https:\/\/the-slovenia.com\/wp-content\/uploads\/2021\/08\/2021.The_.Slovenia.Book_.DE109-768x768.jpg 768w, https:\/\/the-slovenia.com\/wp-content\/uploads\/2021\/08\/2021.The_.Slovenia.Book_.DE109-696x696.jpg 696w, https:\/\/the-slovenia.com\/wp-content\/uploads\/2021\/08\/2021.The_.Slovenia.Book_.DE109-1068x1068.jpg 1068w, https:\/\/the-slovenia.com\/wp-content\/uploads\/2021\/08\/2021.The_.Slovenia.Book_.DE109-420x420.jpg 420w, https:\/\/the-slovenia.com\/wp-content\/uploads\/2021\/08\/2021.The_.Slovenia.Book_.DE109-600x600.jpg 600w, https:\/\/the-slovenia.com\/wp-content\/uploads\/2021\/08\/2021.The_.Slovenia.Book_.DE109-100x100.jpg 100w, https:\/\/the-slovenia.com\/wp-content\/uploads\/2021\/08\/2021.The_.Slovenia.Book_.DE109.jpg 1122w\" data-sizes=\"auto, (max-width: 150px) 100vw, 150px\" src=\"data:image\/gif;base64,R0lGODlhAQABAAAAACH5BAEKAAEALAAAAAABAAEAAAICTAEAOw==\" style=\"--smush-placeholder-width: 150px; --smush-placeholder-aspect-ratio: 150\/150;\" \/><noscript><img loading=\"lazy\" decoding=\"async\" width=\"150\" height=\"150\" src=\"https:\/\/the-slovenia.com\/wp-content\/uploads\/2021\/08\/2021.The_.Slovenia.Book_.DE109-150x150.jpg\" class=\"attachment-thumbnail size-thumbnail\" alt=\"\" srcset=\"https:\/\/the-slovenia.com\/wp-content\/uploads\/2021\/08\/2021.The_.Slovenia.Book_.DE109-150x150.jpg 150w, https:\/\/the-slovenia.com\/wp-content\/uploads\/2021\/08\/2021.The_.Slovenia.Book_.DE109-300x300.jpg 300w, https:\/\/the-slovenia.com\/wp-content\/uploads\/2021\/08\/2021.The_.Slovenia.Book_.DE109-1024x1024.jpg 1024w, https:\/\/the-slovenia.com\/wp-content\/uploads\/2021\/08\/2021.The_.Slovenia.Book_.DE109-768x768.jpg 768w, https:\/\/the-slovenia.com\/wp-content\/uploads\/2021\/08\/2021.The_.Slovenia.Book_.DE109-696x696.jpg 696w, https:\/\/the-slovenia.com\/wp-content\/uploads\/2021\/08\/2021.The_.Slovenia.Book_.DE109-1068x1068.jpg 1068w, https:\/\/the-slovenia.com\/wp-content\/uploads\/2021\/08\/2021.The_.Slovenia.Book_.DE109-420x420.jpg 420w, https:\/\/the-slovenia.com\/wp-content\/uploads\/2021\/08\/2021.The_.Slovenia.Book_.DE109-600x600.jpg 600w, https:\/\/the-slovenia.com\/wp-content\/uploads\/2021\/08\/2021.The_.Slovenia.Book_.DE109-100x100.jpg 100w, https:\/\/the-slovenia.com\/wp-content\/uploads\/2021\/08\/2021.The_.Slovenia.Book_.DE109.jpg 1122w\" sizes=\"auto, (max-width: 150px) 100vw, 150px\" \/><\/noscript><\/a>\n\t\t\t<\/div><\/figure><figure class='gallery-item'>\n\t\t\t<div class='gallery-icon landscape'>\n\t\t\t\t<a href='https:\/\/the-slovenia.com\/en\/?attachment_id=44954'><img loading=\"lazy\" decoding=\"async\" width=\"150\" height=\"150\" data-src=\"https:\/\/the-slovenia.com\/wp-content\/uploads\/2021\/08\/2021.The_.Slovenia.Book_.DE112-150x150.jpg\" class=\"attachment-thumbnail size-thumbnail lazyload\" alt=\"\" data-srcset=\"https:\/\/the-slovenia.com\/wp-content\/uploads\/2021\/08\/2021.The_.Slovenia.Book_.DE112-150x150.jpg 150w, https:\/\/the-slovenia.com\/wp-content\/uploads\/2021\/08\/2021.The_.Slovenia.Book_.DE112-300x300.jpg 300w, https:\/\/the-slovenia.com\/wp-content\/uploads\/2021\/08\/2021.The_.Slovenia.Book_.DE112-1024x1024.jpg 1024w, https:\/\/the-slovenia.com\/wp-content\/uploads\/2021\/08\/2021.The_.Slovenia.Book_.DE112-768x768.jpg 768w, https:\/\/the-slovenia.com\/wp-content\/uploads\/2021\/08\/2021.The_.Slovenia.Book_.DE112-696x696.jpg 696w, https:\/\/the-slovenia.com\/wp-content\/uploads\/2021\/08\/2021.The_.Slovenia.Book_.DE112-1068x1068.jpg 1068w, https:\/\/the-slovenia.com\/wp-content\/uploads\/2021\/08\/2021.The_.Slovenia.Book_.DE112-420x420.jpg 420w, https:\/\/the-slovenia.com\/wp-content\/uploads\/2021\/08\/2021.The_.Slovenia.Book_.DE112-600x600.jpg 600w, https:\/\/the-slovenia.com\/wp-content\/uploads\/2021\/08\/2021.The_.Slovenia.Book_.DE112-100x100.jpg 100w, https:\/\/the-slovenia.com\/wp-content\/uploads\/2021\/08\/2021.The_.Slovenia.Book_.DE112.jpg 1122w\" data-sizes=\"auto, (max-width: 150px) 100vw, 150px\" src=\"data:image\/gif;base64,R0lGODlhAQABAAAAACH5BAEKAAEALAAAAAABAAEAAAICTAEAOw==\" style=\"--smush-placeholder-width: 150px; --smush-placeholder-aspect-ratio: 150\/150;\" \/><noscript><img loading=\"lazy\" decoding=\"async\" width=\"150\" height=\"150\" src=\"https:\/\/the-slovenia.com\/wp-content\/uploads\/2021\/08\/2021.The_.Slovenia.Book_.DE112-150x150.jpg\" class=\"attachment-thumbnail size-thumbnail\" alt=\"\" srcset=\"https:\/\/the-slovenia.com\/wp-content\/uploads\/2021\/08\/2021.The_.Slovenia.Book_.DE112-150x150.jpg 150w, https:\/\/the-slovenia.com\/wp-content\/uploads\/2021\/08\/2021.The_.Slovenia.Book_.DE112-300x300.jpg 300w, https:\/\/the-slovenia.com\/wp-content\/uploads\/2021\/08\/2021.The_.Slovenia.Book_.DE112-1024x1024.jpg 1024w, https:\/\/the-slovenia.com\/wp-content\/uploads\/2021\/08\/2021.The_.Slovenia.Book_.DE112-768x768.jpg 768w, https:\/\/the-slovenia.com\/wp-content\/uploads\/2021\/08\/2021.The_.Slovenia.Book_.DE112-696x696.jpg 696w, https:\/\/the-slovenia.com\/wp-content\/uploads\/2021\/08\/2021.The_.Slovenia.Book_.DE112-1068x1068.jpg 1068w, https:\/\/the-slovenia.com\/wp-content\/uploads\/2021\/08\/2021.The_.Slovenia.Book_.DE112-420x420.jpg 420w, https:\/\/the-slovenia.com\/wp-content\/uploads\/2021\/08\/2021.The_.Slovenia.Book_.DE112-600x600.jpg 600w, https:\/\/the-slovenia.com\/wp-content\/uploads\/2021\/08\/2021.The_.Slovenia.Book_.DE112-100x100.jpg 100w, https:\/\/the-slovenia.com\/wp-content\/uploads\/2021\/08\/2021.The_.Slovenia.Book_.DE112.jpg 1122w\" sizes=\"auto, (max-width: 150px) 100vw, 150px\" \/><\/noscript><\/a>\n\t\t\t<\/div><\/figure><figure class='gallery-item'>\n\t\t\t<div class='gallery-icon landscape'>\n\t\t\t\t<a href='https:\/\/the-slovenia.com\/en\/?attachment_id=44966'><img loading=\"lazy\" decoding=\"async\" width=\"150\" height=\"150\" data-src=\"https:\/\/the-slovenia.com\/wp-content\/uploads\/2021\/08\/2021.The_.Slovenia.Book_.DE129-150x150.jpg\" class=\"attachment-thumbnail size-thumbnail lazyload\" alt=\"\" data-srcset=\"https:\/\/the-slovenia.com\/wp-content\/uploads\/2021\/08\/2021.The_.Slovenia.Book_.DE129-150x150.jpg 150w, https:\/\/the-slovenia.com\/wp-content\/uploads\/2021\/08\/2021.The_.Slovenia.Book_.DE129-300x300.jpg 300w, https:\/\/the-slovenia.com\/wp-content\/uploads\/2021\/08\/2021.The_.Slovenia.Book_.DE129-1024x1024.jpg 1024w, https:\/\/the-slovenia.com\/wp-content\/uploads\/2021\/08\/2021.The_.Slovenia.Book_.DE129-768x768.jpg 768w, https:\/\/the-slovenia.com\/wp-content\/uploads\/2021\/08\/2021.The_.Slovenia.Book_.DE129-696x696.jpg 696w, https:\/\/the-slovenia.com\/wp-content\/uploads\/2021\/08\/2021.The_.Slovenia.Book_.DE129-1068x1068.jpg 1068w, https:\/\/the-slovenia.com\/wp-content\/uploads\/2021\/08\/2021.The_.Slovenia.Book_.DE129-420x420.jpg 420w, https:\/\/the-slovenia.com\/wp-content\/uploads\/2021\/08\/2021.The_.Slovenia.Book_.DE129-600x600.jpg 600w, https:\/\/the-slovenia.com\/wp-content\/uploads\/2021\/08\/2021.The_.Slovenia.Book_.DE129-100x100.jpg 100w, https:\/\/the-slovenia.com\/wp-content\/uploads\/2021\/08\/2021.The_.Slovenia.Book_.DE129.jpg 1122w\" data-sizes=\"auto, (max-width: 150px) 100vw, 150px\" src=\"data:image\/gif;base64,R0lGODlhAQABAAAAACH5BAEKAAEALAAAAAABAAEAAAICTAEAOw==\" style=\"--smush-placeholder-width: 150px; --smush-placeholder-aspect-ratio: 150\/150;\" \/><noscript><img loading=\"lazy\" decoding=\"async\" width=\"150\" height=\"150\" src=\"https:\/\/the-slovenia.com\/wp-content\/uploads\/2021\/08\/2021.The_.Slovenia.Book_.DE129-150x150.jpg\" class=\"attachment-thumbnail size-thumbnail\" alt=\"\" srcset=\"https:\/\/the-slovenia.com\/wp-content\/uploads\/2021\/08\/2021.The_.Slovenia.Book_.DE129-150x150.jpg 150w, https:\/\/the-slovenia.com\/wp-content\/uploads\/2021\/08\/2021.The_.Slovenia.Book_.DE129-300x300.jpg 300w, https:\/\/the-slovenia.com\/wp-content\/uploads\/2021\/08\/2021.The_.Slovenia.Book_.DE129-1024x1024.jpg 1024w, https:\/\/the-slovenia.com\/wp-content\/uploads\/2021\/08\/2021.The_.Slovenia.Book_.DE129-768x768.jpg 768w, https:\/\/the-slovenia.com\/wp-content\/uploads\/2021\/08\/2021.The_.Slovenia.Book_.DE129-696x696.jpg 696w, https:\/\/the-slovenia.com\/wp-content\/uploads\/2021\/08\/2021.The_.Slovenia.Book_.DE129-1068x1068.jpg 1068w, https:\/\/the-slovenia.com\/wp-content\/uploads\/2021\/08\/2021.The_.Slovenia.Book_.DE129-420x420.jpg 420w, https:\/\/the-slovenia.com\/wp-content\/uploads\/2021\/08\/2021.The_.Slovenia.Book_.DE129-600x600.jpg 600w, https:\/\/the-slovenia.com\/wp-content\/uploads\/2021\/08\/2021.The_.Slovenia.Book_.DE129-100x100.jpg 100w, https:\/\/the-slovenia.com\/wp-content\/uploads\/2021\/08\/2021.The_.Slovenia.Book_.DE129.jpg 1122w\" sizes=\"auto, (max-width: 150px) 100vw, 150px\" \/><\/noscript><\/a>\n\t\t\t<\/div><\/figure><figure class='gallery-item'>\n\t\t\t<div class='gallery-icon landscape'>\n\t\t\t\t<a href='https:\/\/the-slovenia.com\/en\/?attachment_id=44967'><img loading=\"lazy\" decoding=\"async\" width=\"150\" height=\"150\" data-src=\"https:\/\/the-slovenia.com\/wp-content\/uploads\/2021\/08\/2021.The_.Slovenia.Book_.DE128-150x150.jpg\" class=\"attachment-thumbnail size-thumbnail lazyload\" alt=\"\" data-srcset=\"https:\/\/the-slovenia.com\/wp-content\/uploads\/2021\/08\/2021.The_.Slovenia.Book_.DE128-150x150.jpg 150w, https:\/\/the-slovenia.com\/wp-content\/uploads\/2021\/08\/2021.The_.Slovenia.Book_.DE128-300x300.jpg 300w, https:\/\/the-slovenia.com\/wp-content\/uploads\/2021\/08\/2021.The_.Slovenia.Book_.DE128-1024x1024.jpg 1024w, https:\/\/the-slovenia.com\/wp-content\/uploads\/2021\/08\/2021.The_.Slovenia.Book_.DE128-768x768.jpg 768w, https:\/\/the-slovenia.com\/wp-content\/uploads\/2021\/08\/2021.The_.Slovenia.Book_.DE128-696x696.jpg 696w, https:\/\/the-slovenia.com\/wp-content\/uploads\/2021\/08\/2021.The_.Slovenia.Book_.DE128-1068x1068.jpg 1068w, https:\/\/the-slovenia.com\/wp-content\/uploads\/2021\/08\/2021.The_.Slovenia.Book_.DE128-420x420.jpg 420w, https:\/\/the-slovenia.com\/wp-content\/uploads\/2021\/08\/2021.The_.Slovenia.Book_.DE128-600x600.jpg 600w, https:\/\/the-slovenia.com\/wp-content\/uploads\/2021\/08\/2021.The_.Slovenia.Book_.DE128-100x100.jpg 100w, https:\/\/the-slovenia.com\/wp-content\/uploads\/2021\/08\/2021.The_.Slovenia.Book_.DE128.jpg 1122w\" data-sizes=\"auto, (max-width: 150px) 100vw, 150px\" src=\"data:image\/gif;base64,R0lGODlhAQABAAAAACH5BAEKAAEALAAAAAABAAEAAAICTAEAOw==\" style=\"--smush-placeholder-width: 150px; --smush-placeholder-aspect-ratio: 150\/150;\" \/><noscript><img loading=\"lazy\" decoding=\"async\" width=\"150\" height=\"150\" src=\"https:\/\/the-slovenia.com\/wp-content\/uploads\/2021\/08\/2021.The_.Slovenia.Book_.DE128-150x150.jpg\" class=\"attachment-thumbnail size-thumbnail\" alt=\"\" srcset=\"https:\/\/the-slovenia.com\/wp-content\/uploads\/2021\/08\/2021.The_.Slovenia.Book_.DE128-150x150.jpg 150w, https:\/\/the-slovenia.com\/wp-content\/uploads\/2021\/08\/2021.The_.Slovenia.Book_.DE128-300x300.jpg 300w, https:\/\/the-slovenia.com\/wp-content\/uploads\/2021\/08\/2021.The_.Slovenia.Book_.DE128-1024x1024.jpg 1024w, https:\/\/the-slovenia.com\/wp-content\/uploads\/2021\/08\/2021.The_.Slovenia.Book_.DE128-768x768.jpg 768w, https:\/\/the-slovenia.com\/wp-content\/uploads\/2021\/08\/2021.The_.Slovenia.Book_.DE128-696x696.jpg 696w, https:\/\/the-slovenia.com\/wp-content\/uploads\/2021\/08\/2021.The_.Slovenia.Book_.DE128-1068x1068.jpg 1068w, https:\/\/the-slovenia.com\/wp-content\/uploads\/2021\/08\/2021.The_.Slovenia.Book_.DE128-420x420.jpg 420w, https:\/\/the-slovenia.com\/wp-content\/uploads\/2021\/08\/2021.The_.Slovenia.Book_.DE128-600x600.jpg 600w, https:\/\/the-slovenia.com\/wp-content\/uploads\/2021\/08\/2021.The_.Slovenia.Book_.DE128-100x100.jpg 100w, https:\/\/the-slovenia.com\/wp-content\/uploads\/2021\/08\/2021.The_.Slovenia.Book_.DE128.jpg 1122w\" sizes=\"auto, (max-width: 150px) 100vw, 150px\" \/><\/noscript><\/a>\n\t\t\t<\/div><\/figure>\n\t\t<\/div>\n\n<p>&nbsp;<\/p>\n<!-- CONTENT END 1 -->\n","protected":false},"excerpt":{"rendered":"<p>&nbsp;<\/p>\n<p>For 2021 we have prepared a very special edition of The Slovenia Book in German. It is a precious and carefully chosen gift for friends or business partners. It is also meant as a gift for yourself as travel guide to the diversity of Slovenia. It will also enrich your book collection!<\/p>\n<p>&nbsp;<\/p>\n<p>F\u00fcr 2021 haben wir eine ganz besondere Ausgabe des Slowenien-Buches auf Deutsch vorbereitet. Es ist ein hervorragendes Geschenk, f\u00fcr Freunde oder Gesch\u00e4ftspartner oder Sie beschenken sich selbst mit einem etwas anderen Reisef\u00fchrer \u00fcber Slowenien. Aber es wird auch in Ihrer B\u00fcchersammlung gro\u00dfartig aussehen!<\/p>\n<p>&nbsp;<\/p>\n","protected":false},"featured_media":44917,"comment_status":"closed","ping_status":"closed","template":"","meta":{"_acf_changed":false},"product_brand":[],"product_cat":[1388,510,511,501,555,583,547],"product_tag":[],"class_list":{"0":"post-44950","1":"product","2":"type-product","3":"status-publish","4":"has-post-thumbnail","6":"product_cat-bestseller","7":"product_cat-books","8":"product_cat-the-books","9":"product_cat-slovenian-business-gifts","10":"product_cat-business-gifts","11":"product_cat-personalization","12":"product_cat-souvenirs-from-slovenia","14":"first","15":"instock","16":"taxable","17":"shipping-taxable","18":"purchasable","19":"product-type-simple"},"acf":[],"yoast_head":"<!-- This site is optimized with the Yoast SEO plugin v24.3 - https:\/\/yoast.com\/wordpress\/plugins\/seo\/ -->\n<title>THE SLOVENIA BOOK - Now also in German - THE Slovenia<\/title>\n<meta name=\"description\" content=\"A very special edition of The Slovenia Book in German . It is also meant as a gift for yourself as travel guide to the diversity of Slovenia.\" \/>\n<meta name=\"robots\" content=\"index, follow, max-snippet:-1, max-image-preview:large, max-video-preview:-1\" \/>\n<link rel=\"canonical\" href=\"https:\/\/the-slovenia.com\/en\/product\/the-slovenia-book-now-also-in-german\/\" \/>\n<meta property=\"og:locale\" content=\"en_US\" \/>\n<meta property=\"og:type\" content=\"article\" \/>\n<meta property=\"og:title\" content=\"THE SLOVENIA BOOK - Now also in German - THE Slovenia\" \/>\n<meta property=\"og:description\" content=\"A very special edition of The Slovenia Book in German . It is also meant as a gift for yourself as travel guide to the diversity of Slovenia.\" \/>\n<meta property=\"og:url\" content=\"https:\/\/the-slovenia.com\/en\/product\/the-slovenia-book-now-also-in-german\/\" \/>\n<meta property=\"og:site_name\" content=\"THE Slovenia\" \/>\n<meta property=\"article:publisher\" content=\"https:\/\/www.facebook.com\/THESLOVENIA\/?ref=br_rs\" \/>\n<meta property=\"article:modified_time\" content=\"2023-07-11T12:38:43+00:00\" \/>\n<meta property=\"og:image\" content=\"https:\/\/the-slovenia.com\/wp-content\/uploads\/2021\/07\/image018.jpg\" \/>\n\t<meta property=\"og:image:width\" content=\"481\" \/>\n\t<meta property=\"og:image:height\" content=\"481\" \/>\n\t<meta property=\"og:image:type\" content=\"image\/jpeg\" \/>\n<meta name=\"twitter:card\" content=\"summary_large_image\" \/>\n<meta name=\"twitter:label1\" content=\"Est. reading time\" \/>\n\t<meta name=\"twitter:data1\" content=\"1 minute\" \/>\n<script type=\"application\/ld+json\" class=\"yoast-schema-graph\">{\"@context\":\"https:\/\/schema.org\",\"@graph\":[{\"@type\":\"WebPage\",\"@id\":\"https:\/\/the-slovenia.com\/en\/product\/the-slovenia-book-now-also-in-german\/\",\"url\":\"https:\/\/the-slovenia.com\/en\/product\/the-slovenia-book-now-also-in-german\/\",\"name\":\"THE SLOVENIA BOOK - Now also in German - THE Slovenia\",\"isPartOf\":{\"@id\":\"https:\/\/the-slovenia.com\/#website\"},\"primaryImageOfPage\":{\"@id\":\"https:\/\/the-slovenia.com\/en\/product\/the-slovenia-book-now-also-in-german\/#primaryimage\"},\"image\":{\"@id\":\"https:\/\/the-slovenia.com\/en\/product\/the-slovenia-book-now-also-in-german\/#primaryimage\"},\"thumbnailUrl\":\"https:\/\/the-slovenia.com\/wp-content\/uploads\/2021\/07\/image018.jpg\",\"datePublished\":\"2021-08-09T09:54:07+00:00\",\"dateModified\":\"2023-07-11T12:38:43+00:00\",\"description\":\"A very special edition of The Slovenia Book in German . It is also meant as a gift for yourself as travel guide to the diversity of Slovenia.\",\"breadcrumb\":{\"@id\":\"https:\/\/the-slovenia.com\/en\/product\/the-slovenia-book-now-also-in-german\/#breadcrumb\"},\"inLanguage\":\"en-US\",\"potentialAction\":[{\"@type\":\"ReadAction\",\"target\":[\"https:\/\/the-slovenia.com\/en\/product\/the-slovenia-book-now-also-in-german\/\"]}]},{\"@type\":\"ImageObject\",\"inLanguage\":\"en-US\",\"@id\":\"https:\/\/the-slovenia.com\/en\/product\/the-slovenia-book-now-also-in-german\/#primaryimage\",\"url\":\"https:\/\/the-slovenia.com\/wp-content\/uploads\/2021\/07\/image018.jpg\",\"contentUrl\":\"https:\/\/the-slovenia.com\/wp-content\/uploads\/2021\/07\/image018.jpg\",\"width\":481,\"height\":481},{\"@type\":\"BreadcrumbList\",\"@id\":\"https:\/\/the-slovenia.com\/en\/product\/the-slovenia-book-now-also-in-german\/#breadcrumb\",\"itemListElement\":[{\"@type\":\"ListItem\",\"position\":1,\"name\":\"Shop\",\"item\":\"https:\/\/the-slovenia.com\/en\/shop\/\"},{\"@type\":\"ListItem\",\"position\":2,\"name\":\"THE SLOVENIA BOOK &#8211; Now also in German\"}]},{\"@type\":\"WebSite\",\"@id\":\"https:\/\/the-slovenia.com\/#website\",\"url\":\"https:\/\/the-slovenia.com\/\",\"name\":\"THE Slovenia\",\"description\":\"\",\"publisher\":{\"@id\":\"https:\/\/the-slovenia.com\/#organization\"},\"potentialAction\":[{\"@type\":\"SearchAction\",\"target\":{\"@type\":\"EntryPoint\",\"urlTemplate\":\"https:\/\/the-slovenia.com\/?s={search_term_string}\"},\"query-input\":{\"@type\":\"PropertyValueSpecification\",\"valueRequired\":true,\"valueName\":\"search_term_string\"}}],\"inLanguage\":\"en-US\"},{\"@type\":\"Organization\",\"@id\":\"https:\/\/the-slovenia.com\/#organization\",\"name\":\"THE Slovenia\",\"url\":\"https:\/\/the-slovenia.com\/\",\"logo\":{\"@type\":\"ImageObject\",\"inLanguage\":\"en-US\",\"@id\":\"https:\/\/the-slovenia.com\/#\/schema\/logo\/image\/\",\"url\":\"https:\/\/the-slovenia.com\/wp-content\/uploads\/2020\/02\/THE_logo_final_beli_napis.jpg\",\"contentUrl\":\"https:\/\/the-slovenia.com\/wp-content\/uploads\/2020\/02\/THE_logo_final_beli_napis.jpg\",\"width\":1535,\"height\":1574,\"caption\":\"THE Slovenia\"},\"image\":{\"@id\":\"https:\/\/the-slovenia.com\/#\/schema\/logo\/image\/\"},\"sameAs\":[\"https:\/\/www.facebook.com\/THESLOVENIA\/?ref=br_rs\",\"https:\/\/www.instagram.com\/the.slovenia\/\",\"https:\/\/www.linkedin.com\/company\/the-slovenia\/\"]}]}<\/script>\n<!-- \/ Yoast SEO plugin. -->","yoast_head_json":{"title":"THE SLOVENIA BOOK - Now also in German - THE Slovenia","description":"A very special edition of The Slovenia Book in German . It is also meant as a gift for yourself as travel guide to the diversity of Slovenia.","robots":{"index":"index","follow":"follow","max-snippet":"max-snippet:-1","max-image-preview":"max-image-preview:large","max-video-preview":"max-video-preview:-1"},"canonical":"https:\/\/the-slovenia.com\/en\/product\/the-slovenia-book-now-also-in-german\/","og_locale":"en_US","og_type":"article","og_title":"THE SLOVENIA BOOK - Now also in German - THE Slovenia","og_description":"A very special edition of The Slovenia Book in German . It is also meant as a gift for yourself as travel guide to the diversity of Slovenia.","og_url":"https:\/\/the-slovenia.com\/en\/product\/the-slovenia-book-now-also-in-german\/","og_site_name":"THE Slovenia","article_publisher":"https:\/\/www.facebook.com\/THESLOVENIA\/?ref=br_rs","article_modified_time":"2023-07-11T12:38:43+00:00","og_image":[{"width":481,"height":481,"url":"https:\/\/the-slovenia.com\/wp-content\/uploads\/2021\/07\/image018.jpg","type":"image\/jpeg"}],"twitter_card":"summary_large_image","twitter_misc":{"Est. reading time":"1 minute"},"schema":{"@context":"https:\/\/schema.org","@graph":[{"@type":"WebPage","@id":"https:\/\/the-slovenia.com\/en\/product\/the-slovenia-book-now-also-in-german\/","url":"https:\/\/the-slovenia.com\/en\/product\/the-slovenia-book-now-also-in-german\/","name":"THE SLOVENIA BOOK - Now also in German - THE Slovenia","isPartOf":{"@id":"https:\/\/the-slovenia.com\/#website"},"primaryImageOfPage":{"@id":"https:\/\/the-slovenia.com\/en\/product\/the-slovenia-book-now-also-in-german\/#primaryimage"},"image":{"@id":"https:\/\/the-slovenia.com\/en\/product\/the-slovenia-book-now-also-in-german\/#primaryimage"},"thumbnailUrl":"https:\/\/the-slovenia.com\/wp-content\/uploads\/2021\/07\/image018.jpg","datePublished":"2021-08-09T09:54:07+00:00","dateModified":"2023-07-11T12:38:43+00:00","description":"A very special edition of The Slovenia Book in German . It is also meant as a gift for yourself as travel guide to the diversity of Slovenia.","breadcrumb":{"@id":"https:\/\/the-slovenia.com\/en\/product\/the-slovenia-book-now-also-in-german\/#breadcrumb"},"inLanguage":"en-US","potentialAction":[{"@type":"ReadAction","target":["https:\/\/the-slovenia.com\/en\/product\/the-slovenia-book-now-also-in-german\/"]}]},{"@type":"ImageObject","inLanguage":"en-US","@id":"https:\/\/the-slovenia.com\/en\/product\/the-slovenia-book-now-also-in-german\/#primaryimage","url":"https:\/\/the-slovenia.com\/wp-content\/uploads\/2021\/07\/image018.jpg","contentUrl":"https:\/\/the-slovenia.com\/wp-content\/uploads\/2021\/07\/image018.jpg","width":481,"height":481},{"@type":"BreadcrumbList","@id":"https:\/\/the-slovenia.com\/en\/product\/the-slovenia-book-now-also-in-german\/#breadcrumb","itemListElement":[{"@type":"ListItem","position":1,"name":"Shop","item":"https:\/\/the-slovenia.com\/en\/shop\/"},{"@type":"ListItem","position":2,"name":"THE SLOVENIA BOOK &#8211; Now also in German"}]},{"@type":"WebSite","@id":"https:\/\/the-slovenia.com\/#website","url":"https:\/\/the-slovenia.com\/","name":"THE Slovenia","description":"","publisher":{"@id":"https:\/\/the-slovenia.com\/#organization"},"potentialAction":[{"@type":"SearchAction","target":{"@type":"EntryPoint","urlTemplate":"https:\/\/the-slovenia.com\/?s={search_term_string}"},"query-input":{"@type":"PropertyValueSpecification","valueRequired":true,"valueName":"search_term_string"}}],"inLanguage":"en-US"},{"@type":"Organization","@id":"https:\/\/the-slovenia.com\/#organization","name":"THE Slovenia","url":"https:\/\/the-slovenia.com\/","logo":{"@type":"ImageObject","inLanguage":"en-US","@id":"https:\/\/the-slovenia.com\/#\/schema\/logo\/image\/","url":"https:\/\/the-slovenia.com\/wp-content\/uploads\/2020\/02\/THE_logo_final_beli_napis.jpg","contentUrl":"https:\/\/the-slovenia.com\/wp-content\/uploads\/2020\/02\/THE_logo_final_beli_napis.jpg","width":1535,"height":1574,"caption":"THE Slovenia"},"image":{"@id":"https:\/\/the-slovenia.com\/#\/schema\/logo\/image\/"},"sameAs":["https:\/\/www.facebook.com\/THESLOVENIA\/?ref=br_rs","https:\/\/www.instagram.com\/the.slovenia\/","https:\/\/www.linkedin.com\/company\/the-slovenia\/"]}]}},"_links":{"self":[{"href":"https:\/\/the-slovenia.com\/en\/wp-json\/wp\/v2\/product\/44950","targetHints":{"allow":["GET"]}}],"collection":[{"href":"https:\/\/the-slovenia.com\/en\/wp-json\/wp\/v2\/product"}],"about":[{"href":"https:\/\/the-slovenia.com\/en\/wp-json\/wp\/v2\/types\/product"}],"replies":[{"embeddable":true,"href":"https:\/\/the-slovenia.com\/en\/wp-json\/wp\/v2\/comments?post=44950"}],"wp:featuredmedia":[{"embeddable":true,"href":"https:\/\/the-slovenia.com\/en\/wp-json\/wp\/v2\/media\/44917"}],"wp:attachment":[{"href":"https:\/\/the-slovenia.com\/en\/wp-json\/wp\/v2\/media?parent=44950"}],"wp:term":[{"taxonomy":"product_brand","embeddable":true,"href":"https:\/\/the-slovenia.com\/en\/wp-json\/wp\/v2\/product_brand?post=44950"},{"taxonomy":"product_cat","embeddable":true,"href":"https:\/\/the-slovenia.com\/en\/wp-json\/wp\/v2\/product_cat?post=44950"},{"taxonomy":"product_tag","embeddable":true,"href":"https:\/\/the-slovenia.com\/en\/wp-json\/wp\/v2\/product_tag?post=44950"}],"curies":[{"name":"wp","href":"https:\/\/api.w.org\/{rel}","templated":true}]}}