{"id":30217,"date":"2020-03-04T18:02:06","date_gmt":"2020-03-04T18:02:06","guid":{"rendered":"https:\/\/the-slovenia.com\/?page_id=30217"},"modified":"2020-08-17T13:06:31","modified_gmt":"2020-08-17T11:06:31","slug":"media","status":"publish","type":"page","link":"https:\/\/the-slovenia.com\/en\/media\/","title":{"rendered":"Media"},"content":{"rendered":"<div id=\"tdi_1\" class=\"tdc-zone\"><div class=\"tdc_zone tdi_2  wpb_row td-pb-row\"  >\n<style scoped>\n\/* custom css - generated by TagDiv Composer *\/\n\n\/* custom css - generated by TagDiv Composer *\/\n.tdi_2{\r\n                    min-height: 0;\r\n                }\n<\/style><div id=\"tdi_3\" class=\"tdc-row\"><div class=\"vc_row tdi_4  wpb_row td-pb-row\" >\n<style scoped>\n\/* custom css - generated by TagDiv Composer *\/\n\n\/* custom css - generated by TagDiv Composer *\/\n.tdi_4,\r\n                .tdi_4 .tdc-columns{\r\n                    min-height: 0;\r\n                }.tdi_4,\r\n\t\t\t\t.tdi_4 .tdc-columns{\r\n\t\t\t\t    display: block;\r\n\t\t\t\t}.tdi_4 .tdc-columns{\r\n\t\t\t\t    width: 100%;\r\n\t\t\t\t}.tdi_4:before,\r\n\t\t\t\t.tdi_4:after{\r\n\t\t\t\t    display: table;\r\n\t\t\t\t}\n<\/style><div class=\"vc_column tdi_6  wpb_column vc_column_container tdc-column td-pb-span12\">\n<style scoped>\n\/* custom css - generated by TagDiv Composer *\/\n\n\/* custom css - generated by TagDiv Composer *\/\n.tdi_6{\r\n                    vertical-align: baseline;\r\n                }.tdi_6 > .wpb_wrapper,\r\n\t\t\t\t.tdi_6 > .wpb_wrapper > .tdc-elements{\r\n\t\t\t\t    display: block;\r\n\t\t\t\t}.tdi_6 > .wpb_wrapper > .tdc-elements{\r\n\t\t\t\t    width: 100%;\r\n\t\t\t\t}.tdi_6 > .wpb_wrapper > .vc_row_inner{\r\n\t\t\t\t    width: auto;\r\n\t\t\t\t}.tdi_6 > .wpb_wrapper{\r\n\t\t\t\t    width: auto;\r\n\t\t\t\t    height: auto;\r\n\t\t\t\t}\n<\/style><div class=\"wpb_wrapper\" ><div class=\"tdm_block td_block_wrap tdm_block_column_title tdi_7 tdm-content-horiz-left td-pb-border-top td_block_template_1\"  data-td-block-uid=\"tdi_7\" >\n<style>\n\/* custom css - generated by TagDiv Composer *\/\n.tdm_block_column_title{\r\n                  margin-bottom: 0;\r\n                  display: inline-block;\r\n                  width: 100%;\r\n                }\n<\/style><div class=\"td-block-row\"><div class=\"td-block-span12 tdm-col\"><div class=\"tds-title tds-title1 td-fix-index tdi_8 \"><h3 class=\"tdm-title tdm-title-md\">Mediji o nas<\/h3><\/div><\/div><\/div><\/div><div class=\"tdm_block td_block_wrap tdm_block_image_info_box tdi_9 tdm-content-horiz-left tdm-content-vert-top td-image-info-box-style-2 td-pb-border-top td_block_template_1 tdm-mobile-full\"  data-td-block-uid=\"tdi_9\" >\n<style>\n\/* custom css - generated by TagDiv Composer *\/\n.tdm_block_image_info_box .tdm-col{\r\n                  width: 100%;\r\n                }.tdm_block_image_info_box .tdm-image-wrap{\r\n                  overflow: hidden;\r\n                  position: relative;\r\n                  color: #fff;\r\n                }.tdm_block_image_info_box .tdm-image-box{\r\n                  height: 300px;\r\n                  display: block;\r\n                  background-size: cover;\r\n                  background-position: center;\r\n                }.tdm_block_image_info_box .tdm-image-box:before{\r\n                  content: '';\r\n                  -webkit-transition: all 0.3s;\r\n                  transition: all 0.3s;\r\n                  width: 100%;\r\n                  height: 100%;\r\n                  position: absolute;\r\n                  top: 0;\r\n                  left: 0;\r\n                }.tdm_block_image_info_box .tdm-title-md{\r\n                  font-weight: 600;\r\n                  color: #fff;\r\n                  margin: 0;\r\n                }.tdm_block_image_info_box .tdm-image-description{\r\n                  position: absolute;\r\n                  top: 0;\r\n                  padding: 6% 7%;\r\n                  width: 100%;\r\n                  margin: auto;\r\n                  pointer-events: none;\r\n                }.tdm_block_image_info_box .tdm-image-description p{\r\n                  font-family: var(--td_default_google_font_2, 'Roboto', sans-serif);\r\n                  font-size: 16px;\r\n                  line-height: 24px;\r\n                }.tdm_block_image_info_box .tdm-image-description p:last-of-type{\r\n                  margin-bottom: 0;\r\n                }.tdm_block_image_info_box .tdm-image-meta{\r\n                  -webkit-transition: all 0.3s;\r\n                  transition: all 0.3s;\r\n                  position: absolute;\r\n                  margin-right: 30px;\r\n                  margin-top: 15px;\r\n                }.tdm_block_image_info_box .tds-button{\r\n                  margin-top: 25px;\r\n                  pointer-events: all;\r\n                }.tdm_block_image_info_box .tdm-image-border{\r\n                  position: absolute;\r\n                  bottom: 0;\r\n                  width: 100%;\r\n                  z-index: 1;\r\n                }.tdm_block_image_info_box .tdm-image-border span{\r\n                  display: inline-block;\r\n                  width: 33.3333%;\r\n                  float: left;\r\n                  height: 4px;\r\n                }.tdm_block_image_info_box .tdm-image-border .tdm-image-border0{\r\n                  opacity: 0.8;\r\n                }.tdm_block_image_info_box .tdm-image-border .tdm-image-border1{\r\n                  opacity: 0.6;\r\n                }.tdm_block_image_info_box .tdm-image-border .tdm-image-border2{\r\n                  opacity: 0.4;\r\n                }.tdm_block_image_info_box.td-image-info-box-style-1.tdm-content-vert-bottom .tdm-image-description{\r\n                  top: auto;\r\n                  bottom: 0;\r\n                }.tdm_block_image_info_box.td-image-info-box-style-1.tdm-content-vert-center .tdm-image-description{\r\n                  bottom: 0;\r\n                }.tdm_block_image_info_box.td-image-info-box-style-1 .tdm-image-description{\r\n                  display: table;\r\n                }.tdm_block_image_info_box.td-image-info-box-style-1 .tdm-image-meta{\r\n                  position: relative;\r\n                  margin-right: 0;\r\n                }.tdm_block_image_info_box.td-image-info-box-style-2 .tdm-image-meta{\r\n                  bottom: 20px;\r\n                }.tdm_block_image_info_box.td-image-info-box-style-2 .tdm-image-description{\r\n                  bottom: 0;\r\n                }.tdm_block_image_info_box.td-image-info-box-style-2 .tds-button{\r\n                  position: absolute;\r\n                  margin-top: 40px;\r\n                  width: 100%;\r\n                }.tdm_block_image_info_box.td-image-info-box-style-2 .tdm-image-wrap:hover.tdm-btn-sm-used .tdm-image-meta{\r\n                  -webkit-transform: translateY(-45px);\r\n                  transform: translateY(-45px);\r\n                }.tdm_block_image_info_box.td-image-info-box-style-2 .tdm-image-wrap:hover.tdm-btn-sm-used .tds-button{\r\n                  margin-top: 10px;\r\n                }.tdm_block_image_info_box.td-image-info-box-style-2 .tdm-image-wrap:hover.tdm-btn-md-used .tdm-image-meta{\r\n                  -webkit-transform: translateY(-65px);\r\n                  transform: translateY(-65px);\r\n                }.tdm_block_image_info_box.td-image-info-box-style-2 .tdm-image-wrap:hover.tdm-btn-md-used .tds-button{\r\n                  margin-top: 14px;\r\n                }.tdm_block_image_info_box.td-image-info-box-style-2 .tdm-image-wrap:hover.tdm-btn-lg-used .tdm-image-meta{\r\n                  -webkit-transform: translateY(-87px);\r\n                  transform: translateY(-87px);\r\n                }.tdm_block_image_info_box.td-image-info-box-style-2 .tdm-image-wrap:hover.tdm-btn-lg-used .tds-button{\r\n                  margin-top: 23px;\r\n                }.tdm_block_image_info_box.td-image-info-box-style-2 .tdm-image-wrap:hover.tdm-btn-xlg-used .tdm-image-meta{\r\n                  -webkit-transform: translateY(-112px);\r\n                  transform: translateY(-112px);\r\n                }.tdm_block_image_info_box.td-image-info-box-style-2 .tdm-image-wrap:hover.tdm-btn-xlg-used .tds-button{\r\n                  margin-top: 23px;\r\n                }.tdm_block_image_info_box.td-image-info-box-style-2.tdm-content-horiz-center .tdm-image-meta{\r\n                  left: 7%;\r\n                  right: 7%;\r\n                  margin-right: 0;\r\n                }.tdm_block_image_info_box.td-image-info-box-style-2.tdm-content-horiz-center .tds-button{\r\n                  left: 50%;\r\n                  -webkit-transform: translateX(-50%);\r\n                  transform: translateX(-50%);\r\n                }.tdm_block_image_info_box.td-image-info-box-style-2.tdm-content-horiz-right .tdm-image-meta{\r\n                  right: 7%;\r\n                  margin-right: 0;\r\n                  margin-left: 20px;\r\n                }.tdm_block_image_info_box.td-image-info-box-style-2.tdm-content-horiz-right .tds-button{\r\n                  right: 0;\r\n                }.tdi_9 .tdm-image-box{\r\n                    height: 210px;\r\n                }.tdi_9 .td-block-row .tdm-image-box:before{\r\n\t\t\t\t\tbackground: -webkit-linear-gradient(30deg,rgba(0,19,38,0.8),rgba(30,115,190,0));background: linear-gradient(30deg,rgba(0,19,38,0.8),rgba(30,115,190,0));\r\n\t\t\t\t}@media (max-width: 767px) {\r\n                  .tdm_block_image_info_box .tdm-image-description {\r\n                    padding: 20px;\r\n                  }\r\n                }@media (min-width: 1019px) and (max-width: 1140px) {\r\n                  .tdm_block_image_info_box .tdm-image-description p {\r\n                    font-size: 14px;\r\n                    line-height: 20px;\r\n                  }\r\n                }@media (min-width: 768px) and (max-width: 1018px) {\r\n                  .tdm_block_image_info_box .tdm-image-description p {\r\n                    font-size: 14px;\r\n                    line-height: 20px;\r\n                  }\r\n                }\n<\/style><div class=\"td-block-width\"><div class=\"td-block-row\"><div class=\"td-block-span12 tdm-col\"><div class=\"tdm-image-wrap tdm-with-button tdm-btn-md-used\"><div class=\"tdm-image-border\"><span class=\"tdm-image-border0\"><\/span><span class=\"tdm-image-border1\"><\/span><span class=\"tdm-image-border2\"><\/span><\/div><div class=\"tdm-image-box lazyload\" style=\"background-image:inherit;\"  data-bg-image=\"url(&#039;https:\/\/the-slovenia.com\/wp-content\/uploads\/2020\/05\/lake-bled-castle-wedding.jpg&#039;)\"><\/div><div class=\"tdm-image-description\"><h3 class=\"tdm-title-md\">MOJA JEZERA<\/h3><div class=\"tdm-image-meta\"><p>Knjiga o jezerih <\/p>\n<style>\n\/* custom css - generated by TagDiv Composer *\/\n.tdi_10 i{\r\n\t\t\t\t\tfont-size: 18px;\r\n\t\t\t\t}body .tdi_10 .tdm-btn-icon:last-child{\r\n\t\t\t\t\tmargin-left: 14px;\r\n\t\t\t\t}.tdi_10{\r\n\t\t\t\t\tbox-shadow:  0px 2px 16px 0px rgba(0, 0, 0, 0.1);\r\n\t\t\t\t}.tdi_10:hover{\r\n\t\t\t\t\tbox-shadow:  0px 2px 26px 0px rgba(0, 0, 0, 0.1);\r\n\t\t\t\t}\n<\/style><div class=\"tds-button td-fix-index\"><a href=\"https:\/\/mojajezera.si\/knjiga_o_jezerih\/\"  title=\"Preberite ve\u010d\" class=\"tds-button3 tdm-btn tdm-btn-md tdi_10 \" ><span class=\"tdm-btn-text\">Preberite ve\u010d<\/span><i class=\"tdm-btn-icon tdc-font-fa tdc-font-fa-graduation-cap\"><\/i><\/a><\/div><\/div><\/div><\/div><\/div><div class=\"clearfix\"><\/div><\/div><\/div><\/div><div class=\"tdm_block td_block_wrap tdm_block_image_info_box tdi_11 tdm-content-horiz-left tdm-content-vert-top td-image-info-box-style-2 td-pb-border-top td_block_template_1 tdm-mobile-full\"  data-td-block-uid=\"tdi_11\" >\n<style>\n\/* custom css - generated by TagDiv Composer *\/\n.tdi_11 .tdm-image-box{\r\n                    height: 210px;\r\n                }.tdi_11 .td-block-row .tdm-image-box:before{\r\n\t\t\t\t\tbackground: -webkit-linear-gradient(30deg,rgba(0,19,38,0.8),rgba(30,115,190,0));background: linear-gradient(30deg,rgba(0,19,38,0.8),rgba(30,115,190,0));\r\n\t\t\t\t}\n<\/style><div class=\"td-block-width\"><div class=\"td-block-row\"><div class=\"td-block-span12 tdm-col\"><div class=\"tdm-image-wrap tdm-with-button tdm-btn-md-used\"><div class=\"tdm-image-border\"><span class=\"tdm-image-border0\"><\/span><span class=\"tdm-image-border1\"><\/span><span class=\"tdm-image-border2\"><\/span><\/div><div class=\"tdm-image-box lazyload\" style=\"background-image:inherit;\"  data-bg-image=\"url(&#039;https:\/\/the-slovenia.com\/wp-content\/uploads\/2020\/07\/F003884-soa_domen_grgl_www_slovenia_5_3630_orig_jpg-photo-s.jpg&#039;)\"><\/div><div class=\"tdm-image-description\"><h3 class=\"tdm-title-md\">Potnik.si<\/h3><div class=\"tdm-image-meta\"><p>Knjiga Slovenija \u2013 1000 razlogov, zakaj dopust pre\u017eiveti v doma\u010di Sloveniji<\/p>\n<style>\n\/* custom css - generated by TagDiv Composer *\/\n.tdi_12 i{\r\n\t\t\t\t\tfont-size: 18px;\r\n\t\t\t\t}body .tdi_12 .tdm-btn-icon:last-child{\r\n\t\t\t\t\tmargin-left: 14px;\r\n\t\t\t\t}.tdi_12{\r\n\t\t\t\t\tbox-shadow:  0px 2px 16px 0px rgba(0, 0, 0, 0.1);\r\n\t\t\t\t}.tdi_12:hover{\r\n\t\t\t\t\tbox-shadow:  0px 2px 26px 0px rgba(0, 0, 0, 0.1);\r\n\t\t\t\t}\n<\/style><div class=\"tds-button td-fix-index\"><a href=\"https:\/\/www.potnik.si\/knjiga-slovenija\/\"  title=\"Preberite ve\u010d\" class=\"tds-button3 tdm-btn tdm-btn-md tdi_12 \" ><span class=\"tdm-btn-text\">Preberite ve\u010d<\/span><i class=\"tdm-btn-icon tdc-font-fa tdc-font-fa-graduation-cap\"><\/i><\/a><\/div><\/div><\/div><\/div><\/div><div class=\"clearfix\"><\/div><\/div><\/div><\/div><div class=\"tdm_block td_block_wrap tdm_block_image_info_box tdi_13 tdm-content-horiz-left tdm-content-vert-top td-image-info-box-style-2 td-pb-border-top td_block_template_1 tdm-mobile-full\"  data-td-block-uid=\"tdi_13\" >\n<style>\n\/* custom css - generated by TagDiv Composer *\/\n.tdi_13 .tdm-image-box{\r\n                    height: 210px;\r\n                }.tdi_13 .td-block-row .tdm-image-box:before{\r\n\t\t\t\t\tbackground: -webkit-linear-gradient(30deg,rgba(0,19,38,0.8),rgba(30,115,190,0));background: linear-gradient(30deg,rgba(0,19,38,0.8),rgba(30,115,190,0));\r\n\t\t\t\t}\n<\/style><div class=\"td-block-width\"><div class=\"td-block-row\"><div class=\"td-block-span12 tdm-col\"><div class=\"tdm-image-wrap tdm-with-button tdm-btn-md-used\"><div class=\"tdm-image-border\"><span class=\"tdm-image-border0\"><\/span><span class=\"tdm-image-border1\"><\/span><span class=\"tdm-image-border2\"><\/span><\/div><div class=\"tdm-image-box lazyload\" style=\"background-image:inherit;\"  data-bg-image=\"url(&#039;https:\/\/the-slovenia.com\/wp-content\/uploads\/2020\/08\/Odprtakuhinja-The-Slovenia-Restaurant-Award-2020.jpg&#039;)\"><\/div><div class=\"tdm-image-description\"><h3 class=\"tdm-title-md\">Odprta kuhinja<\/h3><div class=\"tdm-image-meta\"><p>The Slovenia Restaurant Awards 2020: To so najbolj\u0161e slovenske restavracije<\/p>\n<style>\n\/* custom css - generated by TagDiv Composer *\/\n.tdi_14 i{\r\n\t\t\t\t\tfont-size: 18px;\r\n\t\t\t\t}body .tdi_14 .tdm-btn-icon:last-child{\r\n\t\t\t\t\tmargin-left: 14px;\r\n\t\t\t\t}.tdi_14{\r\n\t\t\t\t\tbox-shadow:  0px 2px 16px 0px rgba(0, 0, 0, 0.1);\r\n\t\t\t\t}.tdi_14:hover{\r\n\t\t\t\t\tbox-shadow:  0px 2px 26px 0px rgba(0, 0, 0, 0.1);\r\n\t\t\t\t}\n<\/style><div class=\"tds-button td-fix-index\"><a href=\"https:\/\/odprtakuhinja.delo.si\/druzabno\/slovenia-restaurant-awards-2020-najboljse-slovenske-restavracije\/\"  title=\"Preberite ve\u010d\" class=\"tds-button3 tdm-btn tdm-btn-md tdi_14 \" ><span class=\"tdm-btn-text\">Preberite ve\u010d<\/span><i class=\"tdm-btn-icon tdc-font-fa tdc-font-fa-graduation-cap\"><\/i><\/a><\/div><\/div><\/div><\/div><\/div><div class=\"clearfix\"><\/div><\/div><\/div><\/div><div class=\"tdm_block td_block_wrap tdm_block_image_info_box tdi_15 tdm-content-horiz-left tdm-content-vert-top td-image-info-box-style-2 td-pb-border-top td_block_template_1 tdm-mobile-full\"  data-td-block-uid=\"tdi_15\" >\n<style>\n\/* custom css - generated by TagDiv Composer *\/\n.tdi_15 .tdm-image-box{\r\n                    height: 210px;\r\n                }.tdi_15 .td-block-row .tdm-image-box:before{\r\n\t\t\t\t\tbackground: -webkit-linear-gradient(30deg,rgba(0,19,38,0.8),rgba(30,115,190,0));background: linear-gradient(30deg,rgba(0,19,38,0.8),rgba(30,115,190,0));\r\n\t\t\t\t}\n<\/style><div class=\"td-block-width\"><div class=\"td-block-row\"><div class=\"td-block-span12 tdm-col\"><div class=\"tdm-image-wrap tdm-with-button tdm-btn-md-used\"><div class=\"tdm-image-border\"><span class=\"tdm-image-border0\"><\/span><span class=\"tdm-image-border1\"><\/span><span class=\"tdm-image-border2\"><\/span><\/div><div class=\"tdm-image-box lazyload\" style=\"background-image:inherit;\"  data-bg-image=\"url(&#039;https:\/\/the-slovenia.com\/wp-content\/uploads\/2020\/08\/tsra-2020.-naslovnica.jpg&#039;)\"><\/div><div class=\"tdm-image-description\"><h3 class=\"tdm-title-md\">Pet zvezdic<\/h3><div class=\"tdm-image-meta\"><p>The Slovenia Restaurant Awards 2020<\/p>\n<style>\n\/* custom css - generated by TagDiv Composer *\/\n.tdi_16 i{\r\n\t\t\t\t\tfont-size: 18px;\r\n\t\t\t\t}body .tdi_16 .tdm-btn-icon:last-child{\r\n\t\t\t\t\tmargin-left: 14px;\r\n\t\t\t\t}.tdi_16{\r\n\t\t\t\t\tbox-shadow:  0px 2px 16px 0px rgba(0, 0, 0, 0.1);\r\n\t\t\t\t}.tdi_16:hover{\r\n\t\t\t\t\tbox-shadow:  0px 2px 26px 0px rgba(0, 0, 0, 0.1);\r\n\t\t\t\t}\n<\/style><div class=\"tds-button td-fix-index\"><a href=\"https:\/\/www.petzvezdic.si\/blogi\/objavili-smo\/the-slovenia-restaurant-awards-2020\/\"  title=\"Preberite ve\u010d\" class=\"tds-button3 tdm-btn tdm-btn-md tdi_16 \" ><span class=\"tdm-btn-text\">Preberite ve\u010d<\/span><i class=\"tdm-btn-icon tdc-font-fa tdc-font-fa-graduation-cap\"><\/i><\/a><\/div><\/div><\/div><\/div><\/div><div class=\"clearfix\"><\/div><\/div><\/div><\/div><div class=\"tdm_block td_block_wrap tdm_block_image_info_box tdi_17 tdm-content-horiz-left tdm-content-vert-top td-image-info-box-style-2 td-pb-border-top td_block_template_1 tdm-mobile-full\"  data-td-block-uid=\"tdi_17\" >\n<style>\n\/* custom css - generated by TagDiv Composer *\/\n.tdi_17 .tdm-image-box{\r\n                    height: 210px;\r\n                }.tdi_17 .td-block-row .tdm-image-box:before{\r\n\t\t\t\t\tbackground: -webkit-linear-gradient(30deg,rgba(0,19,38,0.8),rgba(30,115,190,0));background: linear-gradient(30deg,rgba(0,19,38,0.8),rgba(30,115,190,0));\r\n\t\t\t\t}\n<\/style><div class=\"td-block-width\"><div class=\"td-block-row\"><div class=\"td-block-span12 tdm-col\"><div class=\"tdm-image-wrap tdm-with-button tdm-btn-md-used\"><div class=\"tdm-image-border\"><span class=\"tdm-image-border0\"><\/span><span class=\"tdm-image-border1\"><\/span><span class=\"tdm-image-border2\"><\/span><\/div><div class=\"tdm-image-box lazyload\" style=\"background-image:inherit;\"  data-bg-image=\"url(&#039;https:\/\/the-slovenia.com\/wp-content\/uploads\/2020\/05\/2D1A8328-scaled.jpg&#039;)\"><\/div><div class=\"tdm-image-description\"><h3 class=\"tdm-title-md\">RTV SLO<\/h3><div class=\"tdm-image-meta\"><p>Izberite najbolj\u0161o slovensko restavracijo<\/p>\n<style>\n\/* custom css - generated by TagDiv Composer *\/\n.tdi_18 i{\r\n\t\t\t\t\tfont-size: 18px;\r\n\t\t\t\t}body .tdi_18 .tdm-btn-icon:last-child{\r\n\t\t\t\t\tmargin-left: 14px;\r\n\t\t\t\t}.tdi_18{\r\n\t\t\t\t\tbox-shadow:  0px 2px 16px 0px rgba(0, 0, 0, 0.1);\r\n\t\t\t\t}.tdi_18:hover{\r\n\t\t\t\t\tbox-shadow:  0px 2px 26px 0px rgba(0, 0, 0, 0.1);\r\n\t\t\t\t}\n<\/style><div class=\"tds-button td-fix-index\"><a href=\"https:\/\/www.rtvslo.si\/zivljenjski-slog\/kulinarika\/izberite-najboljso-slovensko-restavracijo\/515869\"  title=\"Preberite ve\u010d\" class=\"tds-button3 tdm-btn tdm-btn-md tdi_18 \" ><span class=\"tdm-btn-text\">Preberite ve\u010d<\/span><i class=\"tdm-btn-icon tdc-font-fa tdc-font-fa-graduation-cap\"><\/i><\/a><\/div><\/div><\/div><\/div><\/div><div class=\"clearfix\"><\/div><\/div><\/div><\/div><div class=\"tdm_block td_block_wrap tdm_block_image_info_box tdi_19 tdm-content-horiz-left tdm-content-vert-top td-image-info-box-style-2 td-pb-border-top td_block_template_1 tdm-mobile-full\"  data-td-block-uid=\"tdi_19\" >\n<style>\n\/* custom css - generated by TagDiv Composer *\/\n.tdi_19 .tdm-image-box{\r\n                    height: 210px;\r\n                }.tdi_19 .td-block-row .tdm-image-box:before{\r\n\t\t\t\t\tbackground: -webkit-linear-gradient(30deg,rgba(0,19,38,0.8),rgba(30,115,190,0));background: linear-gradient(30deg,rgba(0,19,38,0.8),rgba(30,115,190,0));\r\n\t\t\t\t}\n<\/style><div class=\"td-block-width\"><div class=\"td-block-row\"><div class=\"td-block-span12 tdm-col\"><div class=\"tdm-image-wrap tdm-with-button tdm-btn-md-used\"><div class=\"tdm-image-border\"><span class=\"tdm-image-border0\"><\/span><span class=\"tdm-image-border1\"><\/span><span class=\"tdm-image-border2\"><\/span><\/div><div class=\"tdm-image-box lazyload\" style=\"background-image:inherit;\"  data-bg-image=\"url(&#039;https:\/\/the-slovenia.com\/wp-content\/uploads\/2020\/08\/THE-SLOVENIA-RESTAURANT-AWARDS.jpeg&#039;)\"><\/div><div class=\"tdm-image-description\"><h3 class=\"tdm-title-md\">\u017eurnal24.si<\/h3><div class=\"tdm-image-meta\"><p>Kje pa vi najraje jeste?<\/p>\n<style>\n\/* custom css - generated by TagDiv Composer *\/\n.tdi_20 i{\r\n\t\t\t\t\tfont-size: 18px;\r\n\t\t\t\t}body .tdi_20 .tdm-btn-icon:last-child{\r\n\t\t\t\t\tmargin-left: 14px;\r\n\t\t\t\t}.tdi_20{\r\n\t\t\t\t\tbox-shadow:  0px 2px 16px 0px rgba(0, 0, 0, 0.1);\r\n\t\t\t\t}.tdi_20:hover{\r\n\t\t\t\t\tbox-shadow:  0px 2px 26px 0px rgba(0, 0, 0, 0.1);\r\n\t\t\t\t}\n<\/style><div class=\"tds-button td-fix-index\"><a href=\"https:\/\/www.zurnal24.si\/popotnik\/kje-pa-vi-najraje-jeste-342765\"  title=\"Preberite ve\u010d\" class=\"tds-button3 tdm-btn tdm-btn-md tdi_20 \" ><span class=\"tdm-btn-text\">Preberite ve\u010d<\/span><i class=\"tdm-btn-icon tdc-font-fa tdc-font-fa-graduation-cap\"><\/i><\/a><\/div><\/div><\/div><\/div><\/div><div class=\"clearfix\"><\/div><\/div><\/div><\/div><div class=\"tdm_block td_block_wrap tdm_block_image_info_box tdi_21 tdm-content-horiz-left tdm-content-vert-top td-image-info-box-style-2 td-pb-border-top td_block_template_1 tdm-mobile-full\"  data-td-block-uid=\"tdi_21\" >\n<style>\n\/* custom css - generated by TagDiv Composer *\/\n.tdi_21 .tdm-image-box{\r\n                    height: 210px;\r\n                }.tdi_21 .td-block-row .tdm-image-box:before{\r\n\t\t\t\t\tbackground: -webkit-linear-gradient(30deg,rgba(0,19,38,0.8),rgba(30,115,190,0));background: linear-gradient(30deg,rgba(0,19,38,0.8),rgba(30,115,190,0));\r\n\t\t\t\t}\n<\/style><div class=\"td-block-width\"><div class=\"td-block-row\"><div class=\"td-block-span12 tdm-col\"><div class=\"tdm-image-wrap tdm-with-button tdm-btn-md-used\"><div class=\"tdm-image-border\"><span class=\"tdm-image-border0\"><\/span><span class=\"tdm-image-border1\"><\/span><span class=\"tdm-image-border2\"><\/span><\/div><div class=\"tdm-image-box lazyload\" style=\"background-image:inherit;\"  data-bg-image=\"url(&#039;https:\/\/the-slovenia.com\/wp-content\/uploads\/2020\/05\/dvorec-zemono-slow-food-11.jpg&#039;)\"><\/div><div class=\"tdm-image-description\"><h3 class=\"tdm-title-md\">SI24.news<\/h3><div class=\"tdm-image-meta\"><p>UVR\u0160\u010cENE RESTAVRACIJE V O\u017dJI IZBOR GLASOVANJA THE SLOVENIA RESTAURANT AWARDS 2020<\/p>\n<style>\n\/* custom css - generated by TagDiv Composer *\/\n.tdi_22 i{\r\n\t\t\t\t\tfont-size: 18px;\r\n\t\t\t\t}body .tdi_22 .tdm-btn-icon:last-child{\r\n\t\t\t\t\tmargin-left: 14px;\r\n\t\t\t\t}.tdi_22{\r\n\t\t\t\t\tbox-shadow:  0px 2px 16px 0px rgba(0, 0, 0, 0.1);\r\n\t\t\t\t}.tdi_22:hover{\r\n\t\t\t\t\tbox-shadow:  0px 2px 26px 0px rgba(0, 0, 0, 0.1);\r\n\t\t\t\t}\n<\/style><div class=\"tds-button td-fix-index\"><a href=\"https:\/\/si24.news\/2020\/03\/03\/uvrscene-restavracije-v-ozji-izbor-glasovanja-the-slovenia-restaurant-awards-2020\/\"  title=\"Preberite ve\u010d\" class=\"tds-button3 tdm-btn tdm-btn-md tdi_22 \" ><span class=\"tdm-btn-text\">Preberite ve\u010d<\/span><i class=\"tdm-btn-icon tdc-font-fa tdc-font-fa-graduation-cap\"><\/i><\/a><\/div><\/div><\/div><\/div><\/div><div class=\"clearfix\"><\/div><\/div><\/div><\/div><div class=\"tdm_block td_block_wrap tdm_block_image_info_box tdi_23 tdm-content-horiz-left tdm-content-vert-top td-image-info-box-style-2 td-pb-border-top td_block_template_1 tdm-mobile-full\"  data-td-block-uid=\"tdi_23\" >\n<style>\n\/* custom css - generated by TagDiv Composer *\/\n.tdi_23 .tdm-image-box{\r\n                    height: 210px;\r\n                }.tdi_23 .td-block-row .tdm-image-box:before{\r\n\t\t\t\t\tbackground: -webkit-linear-gradient(30deg,rgba(0,19,38,0.8),rgba(30,115,190,0));background: linear-gradient(30deg,rgba(0,19,38,0.8),rgba(30,115,190,0));\r\n\t\t\t\t}\n<\/style><div class=\"td-block-width\"><div class=\"td-block-row\"><div class=\"td-block-span12 tdm-col\"><div class=\"tdm-image-wrap tdm-with-button tdm-btn-md-used\"><div class=\"tdm-image-border\"><span class=\"tdm-image-border0\"><\/span><span class=\"tdm-image-border1\"><\/span><span class=\"tdm-image-border2\"><\/span><\/div><div class=\"tdm-image-box lazyload\" style=\"background-image:inherit;\"  data-bg-image=\"url(&#039;https:\/\/the-slovenia.com\/wp-content\/uploads\/2020\/08\/Odprtakuhinja-The-Slovenia-Restaurant-Awards-glasovanje.jpg&#039;)\"><\/div><div class=\"tdm-image-description\"><h3 class=\"tdm-title-md\">Odprta kuhinja<\/h3><div class=\"tdm-image-meta\"><p>The Slovenia Restaurant Awards: Glasujte za najbolj\u0161o slovensko restavracijo<\/p>\n<style>\n\/* custom css - generated by TagDiv Composer *\/\n.tdi_24 i{\r\n\t\t\t\t\tfont-size: 18px;\r\n\t\t\t\t}body .tdi_24 .tdm-btn-icon:last-child{\r\n\t\t\t\t\tmargin-left: 14px;\r\n\t\t\t\t}.tdi_24{\r\n\t\t\t\t\tbox-shadow:  0px 2px 16px 0px rgba(0, 0, 0, 0.1);\r\n\t\t\t\t}.tdi_24:hover{\r\n\t\t\t\t\tbox-shadow:  0px 2px 26px 0px rgba(0, 0, 0, 0.1);\r\n\t\t\t\t}\n<\/style><div class=\"tds-button td-fix-index\"><a href=\"https:\/\/odprtakuhinja.delo.si\/druzabno\/the-slovenia-restaurant-awards-glasujte-za-najboljso-slovensko-restavracijo\/\"  title=\"Preberite ve\u010d\" class=\"tds-button3 tdm-btn tdm-btn-md tdi_24 \" ><span class=\"tdm-btn-text\">Preberite ve\u010d<\/span><i class=\"tdm-btn-icon tdc-font-fa tdc-font-fa-graduation-cap\"><\/i><\/a><\/div><\/div><\/div><\/div><\/div><div class=\"clearfix\"><\/div><\/div><\/div><\/div><div class=\"tdm_block td_block_wrap tdm_block_image_info_box tdi_25 tdm-content-horiz-left tdm-content-vert-top td-image-info-box-style-2 td-pb-border-top td_block_template_1 tdm-mobile-full\"  data-td-block-uid=\"tdi_25\" >\n<style>\n\/* custom css - generated by TagDiv Composer *\/\n.tdi_25 .tdm-image-box{\r\n                    height: 210px;\r\n                }.tdi_25 .td-block-row .tdm-image-box:before{\r\n\t\t\t\t\tbackground: -webkit-linear-gradient(30deg,rgba(0,19,38,0.8),rgba(30,115,190,0));background: linear-gradient(30deg,rgba(0,19,38,0.8),rgba(30,115,190,0));\r\n\t\t\t\t}\n<\/style><div class=\"td-block-width\"><div class=\"td-block-row\"><div class=\"td-block-span12 tdm-col\"><div class=\"tdm-image-wrap tdm-with-button tdm-btn-md-used\"><div class=\"tdm-image-border\"><span class=\"tdm-image-border0\"><\/span><span class=\"tdm-image-border1\"><\/span><span class=\"tdm-image-border2\"><\/span><\/div><div class=\"tdm-image-box lazyload\" style=\"background-image:inherit;\"  data-bg-image=\"url(&#039;https:\/\/the-slovenia.com\/wp-content\/uploads\/2020\/02\/Restavracija-DAM-Photo-Dean-Dubokovic-108-scaled.jpg&#039;)\"><\/div><div class=\"tdm-image-description\"><h3 class=\"tdm-title-md\">Portal Gastrogurman.si<\/h3><div class=\"tdm-image-meta\"><p>GLASOVANJE The Slovenia Restaurant Awards<\/p>\n<style>\n\/* custom css - generated by TagDiv Composer *\/\n.tdi_26 i{\r\n\t\t\t\t\tfont-size: 18px;\r\n\t\t\t\t}body .tdi_26 .tdm-btn-icon:last-child{\r\n\t\t\t\t\tmargin-left: 14px;\r\n\t\t\t\t}.tdi_26{\r\n\t\t\t\t\tbox-shadow:  0px 2px 16px 0px rgba(0, 0, 0, 0.1);\r\n\t\t\t\t}.tdi_26:hover{\r\n\t\t\t\t\tbox-shadow:  0px 2px 26px 0px rgba(0, 0, 0, 0.1);\r\n\t\t\t\t}\n<\/style><div class=\"tds-button td-fix-index\"><a href=\"http:\/\/gastrogurman.si\/novice-in-dogodki\/glasovanje-the-slovenia-restaurant-awards\/\"  title=\"Preberite ve\u010d\" class=\"tds-button3 tdm-btn tdm-btn-md tdi_26 \" ><span class=\"tdm-btn-text\">Preberite ve\u010d<\/span><i class=\"tdm-btn-icon tdc-font-fa tdc-font-fa-graduation-cap\"><\/i><\/a><\/div><\/div><\/div><\/div><\/div><div class=\"clearfix\"><\/div><\/div><\/div><\/div><div class=\"tdm_block td_block_wrap tdm_block_image_info_box tdi_27 tdm-content-horiz-left tdm-content-vert-top td-image-info-box-style-2 td-pb-border-top td_block_template_1 tdm-mobile-full\"  data-td-block-uid=\"tdi_27\" >\n<style>\n\/* custom css - generated by TagDiv Composer *\/\n.tdi_27 .tdm-image-box{\r\n                    height: 210px;\r\n                }.tdi_27 .td-block-row .tdm-image-box:before{\r\n\t\t\t\t\tbackground: -webkit-linear-gradient(30deg,rgba(0,19,38,0.8),rgba(30,115,190,0));background: linear-gradient(30deg,rgba(0,19,38,0.8),rgba(30,115,190,0));\r\n\t\t\t\t}\n<\/style><div class=\"td-block-width\"><div class=\"td-block-row\"><div class=\"td-block-span12 tdm-col\"><div class=\"tdm-image-wrap tdm-with-button tdm-btn-md-used\"><div class=\"tdm-image-border\"><span class=\"tdm-image-border0\"><\/span><span class=\"tdm-image-border1\"><\/span><span class=\"tdm-image-border2\"><\/span><\/div><div class=\"tdm-image-box lazyload\" style=\"background-image:inherit;\"  data-bg-image=\"url(&#039;https:\/\/the-slovenia.com\/wp-content\/uploads\/2019\/08\/the-slovenia-restaruant-awards-by-the.slovenia.jpg&#039;)\"><\/div><div class=\"tdm-image-description\"><h3 class=\"tdm-title-md\">CITYLIFE.SI<\/h3><div class=\"tdm-image-meta\"><p>THE SLOVENIA RESTAURANT AWARDS 2020 - GLASUJMO ZA NAJBOLJ\u0160O RESTAVRACIJO<\/p>\n<style>\n\/* custom css - generated by TagDiv Composer *\/\n.tdi_28 i{\r\n\t\t\t\t\tfont-size: 18px;\r\n\t\t\t\t}body .tdi_28 .tdm-btn-icon:last-child{\r\n\t\t\t\t\tmargin-left: 14px;\r\n\t\t\t\t}.tdi_28{\r\n\t\t\t\t\tbox-shadow:  0px 2px 16px 0px rgba(0, 0, 0, 0.1);\r\n\t\t\t\t}.tdi_28:hover{\r\n\t\t\t\t\tbox-shadow:  0px 2px 26px 0px rgba(0, 0, 0, 0.1);\r\n\t\t\t\t}\n<\/style><div class=\"tds-button td-fix-index\"><a href=\"https:\/\/www.citylife.si\/gourmet\/the-slovenia-restaurant-awards-2020-glasujmo-za-najboljso-restavracijo\"  title=\"Preberite ve\u010d\" class=\"tds-button3 tdm-btn tdm-btn-md tdi_28 \" ><span class=\"tdm-btn-text\">Preberite ve\u010d<\/span><i class=\"tdm-btn-icon tdc-font-fa tdc-font-fa-graduation-cap\"><\/i><\/a><\/div><\/div><\/div><\/div><\/div><div class=\"clearfix\"><\/div><\/div><\/div><\/div><div class=\"tdm_block td_block_wrap tdm_block_image_info_box tdi_29 tdm-content-horiz-left tdm-content-vert-top td-image-info-box-style-2 td-pb-border-top td_block_template_1 tdm-mobile-full\"  data-td-block-uid=\"tdi_29\" >\n<style>\n\/* custom css - generated by TagDiv Composer *\/\n.tdi_29 .tdm-image-box{\r\n                    height: 210px;\r\n                }.tdi_29 .td-block-row .tdm-image-box:before{\r\n\t\t\t\t\tbackground: -webkit-linear-gradient(30deg,rgba(0,19,38,0.8),rgba(30,115,190,0));background: linear-gradient(30deg,rgba(0,19,38,0.8),rgba(30,115,190,0));\r\n\t\t\t\t}\n<\/style><div class=\"td-block-width\"><div class=\"td-block-row\"><div class=\"td-block-span12 tdm-col\"><div class=\"tdm-image-wrap tdm-with-button tdm-btn-md-used\"><div class=\"tdm-image-border\"><span class=\"tdm-image-border0\"><\/span><span class=\"tdm-image-border1\"><\/span><span class=\"tdm-image-border2\"><\/span><\/div><div class=\"tdm-image-box lazyload\" style=\"background-image:inherit;\"  data-bg-image=\"url(&#039;https:\/\/the-slovenia.com\/wp-content\/uploads\/2019\/10\/top-10-restarurant-alpe.jpg&#039;)\"><\/div><div class=\"tdm-image-description\"><h3 class=\"tdm-title-md\">RTV SLO<\/h3><div class=\"tdm-image-meta\"><p>Sejem v ospredje postavlja zeleni in aktivni turizem<\/p>\n<style>\n\/* custom css - generated by TagDiv Composer *\/\n.tdi_30 i{\r\n\t\t\t\t\tfont-size: 18px;\r\n\t\t\t\t}body .tdi_30 .tdm-btn-icon:last-child{\r\n\t\t\t\t\tmargin-left: 14px;\r\n\t\t\t\t}.tdi_30{\r\n\t\t\t\t\tbox-shadow:  0px 2px 16px 0px rgba(0, 0, 0, 0.1);\r\n\t\t\t\t}.tdi_30:hover{\r\n\t\t\t\t\tbox-shadow:  0px 2px 26px 0px rgba(0, 0, 0, 0.1);\r\n\t\t\t\t}\n<\/style><div class=\"tds-button td-fix-index\"><a href=\"https:\/\/www.rtvslo.si\/tureavanture\/novice\/priloznost-da-tudi-slovenski-turist-odkrije-kako-raznolika-je-slovenija\/513020\"  title=\"Preberite ve\u010d\" class=\"tds-button3 tdm-btn tdm-btn-md tdi_30 \" ><span class=\"tdm-btn-text\">Preberite ve\u010d<\/span><i class=\"tdm-btn-icon tdc-font-fa tdc-font-fa-graduation-cap\"><\/i><\/a><\/div><\/div><\/div><\/div><\/div><div class=\"clearfix\"><\/div><\/div><\/div><\/div><div class=\"tdm_block td_block_wrap tdm_block_image_info_box tdi_31 tdm-content-horiz-left tdm-content-vert-top td-image-info-box-style-2 td-pb-border-top td_block_template_1 tdm-mobile-full\"  data-td-block-uid=\"tdi_31\" >\n<style>\n\/* custom css - generated by TagDiv Composer *\/\n.tdi_31 .tdm-image-box{\r\n                    height: 210px;\r\n                }.tdi_31 .td-block-row .tdm-image-box:before{\r\n\t\t\t\t\tbackground: -webkit-linear-gradient(30deg,rgba(0,19,38,0.8),rgba(30,115,190,0));background: linear-gradient(30deg,rgba(0,19,38,0.8),rgba(30,115,190,0));\r\n\t\t\t\t}\n<\/style><div class=\"td-block-width\"><div class=\"td-block-row\"><div class=\"td-block-span12 tdm-col\"><div class=\"tdm-image-wrap tdm-with-button tdm-btn-md-used\"><div class=\"tdm-image-border\"><span class=\"tdm-image-border0\"><\/span><span class=\"tdm-image-border1\"><\/span><span class=\"tdm-image-border2\"><\/span><\/div><div class=\"tdm-image-box lazyload\" style=\"background-image:inherit;\"  data-bg-image=\"url(&#039;https:\/\/the-slovenia.com\/wp-content\/uploads\/2020\/08\/zzzzzrest__1_.jpg&#039;)\"><\/div><div class=\"tdm-image-description\"><h3 class=\"tdm-title-md\">lokalno.si<\/h3><div class=\"tdm-image-meta\"><p>Za\u010del se je \u010detrti slovenski izbor The Slovenia Restaurant Awards za leto 2020<\/p>\n<style>\n\/* custom css - generated by TagDiv Composer *\/\n.tdi_32 i{\r\n\t\t\t\t\tfont-size: 18px;\r\n\t\t\t\t}body .tdi_32 .tdm-btn-icon:last-child{\r\n\t\t\t\t\tmargin-left: 14px;\r\n\t\t\t\t}.tdi_32{\r\n\t\t\t\t\tbox-shadow:  0px 2px 16px 0px rgba(0, 0, 0, 0.1);\r\n\t\t\t\t}.tdi_32:hover{\r\n\t\t\t\t\tbox-shadow:  0px 2px 26px 0px rgba(0, 0, 0, 0.1);\r\n\t\t\t\t}\n<\/style><div class=\"tds-button td-fix-index\"><a href=\"https:\/\/www.lokalno.si\/2020\/02\/03\/232914\/zgodba\/Zacel_se_je_cetrti_slovenski_izbor_The_Slovenia_Restaurant_Awards_za_leto_2020\/\"  title=\"Preberite ve\u010d\" class=\"tds-button3 tdm-btn tdm-btn-md tdi_32 \" ><span class=\"tdm-btn-text\">Preberite ve\u010d<\/span><i class=\"tdm-btn-icon tdc-font-fa tdc-font-fa-graduation-cap\"><\/i><\/a><\/div><\/div><\/div><\/div><\/div><div class=\"clearfix\"><\/div><\/div><\/div><\/div><div class=\"tdm_block td_block_wrap tdm_block_image_info_box tdi_33 tdm-content-horiz-left tdm-content-vert-top td-image-info-box-style-2 td-pb-border-top td_block_template_1 tdm-mobile-full\"  data-td-block-uid=\"tdi_33\" >\n<style>\n\/* custom css - generated by TagDiv Composer *\/\n.tdi_33 .tdm-image-box{\r\n                    height: 210px;\r\n                }.tdi_33 .td-block-row .tdm-image-box:before{\r\n\t\t\t\t\tbackground: -webkit-linear-gradient(30deg,rgba(0,19,38,0.8),rgba(30,115,190,0));background: linear-gradient(30deg,rgba(0,19,38,0.8),rgba(30,115,190,0));\r\n\t\t\t\t}\n<\/style><div class=\"td-block-width\"><div class=\"td-block-row\"><div class=\"td-block-span12 tdm-col\"><div class=\"tdm-image-wrap tdm-with-button tdm-btn-md-used\"><div class=\"tdm-image-border\"><span class=\"tdm-image-border0\"><\/span><span class=\"tdm-image-border1\"><\/span><span class=\"tdm-image-border2\"><\/span><\/div><div class=\"tdm-image-box lazyload\" style=\"background-image:inherit;\"  data-bg-image=\"url(&#039;https:\/\/the-slovenia.com\/wp-content\/uploads\/2020\/07\/Galerijaokusov5.jpg&#039;)\"><\/div><div class=\"tdm-image-description\"><h3 class=\"tdm-title-md\">STA<\/h3><div class=\"tdm-image-meta\"><p>Slovenske restavracije \u010dakajo na glasove<\/p>\n<style>\n\/* custom css - generated by TagDiv Composer *\/\n.tdi_34 i{\r\n\t\t\t\t\tfont-size: 18px;\r\n\t\t\t\t}body .tdi_34 .tdm-btn-icon:last-child{\r\n\t\t\t\t\tmargin-left: 14px;\r\n\t\t\t\t}.tdi_34{\r\n\t\t\t\t\tbox-shadow:  0px 2px 16px 0px rgba(0, 0, 0, 0.1);\r\n\t\t\t\t}.tdi_34:hover{\r\n\t\t\t\t\tbox-shadow:  0px 2px 26px 0px rgba(0, 0, 0, 0.1);\r\n\t\t\t\t}\n<\/style><div class=\"tds-button td-fix-index\"><a href=\"https:\/\/www.sta.si\/2484713\/slovenske-restavracije-cakajo-na-glasove\"  title=\"Preberite ve\u010d\" class=\"tds-button3 tdm-btn tdm-btn-md tdi_34 \" ><span class=\"tdm-btn-text\">Preberite ve\u010d<\/span><i class=\"tdm-btn-icon tdc-font-fa tdc-font-fa-graduation-cap\"><\/i><\/a><\/div><\/div><\/div><\/div><\/div><div class=\"clearfix\"><\/div><\/div><\/div><\/div><div class=\"tdm_block td_block_wrap tdm_block_image_info_box tdi_35 tdm-content-horiz-left tdm-content-vert-top td-image-info-box-style-2 td-pb-border-top td_block_template_1 tdm-mobile-full\"  data-td-block-uid=\"tdi_35\" >\n<style>\n\/* custom css - generated by TagDiv Composer *\/\n.tdi_35 .tdm-image-box{\r\n                    height: 210px;\r\n                }.tdi_35 .td-block-row .tdm-image-box:before{\r\n\t\t\t\t\tbackground: -webkit-linear-gradient(30deg,rgba(0,19,38,0.8),rgba(30,115,190,0));background: linear-gradient(30deg,rgba(0,19,38,0.8),rgba(30,115,190,0));\r\n\t\t\t\t}\n<\/style><div class=\"td-block-width\"><div class=\"td-block-row\"><div class=\"td-block-span12 tdm-col\"><div class=\"tdm-image-wrap tdm-with-button tdm-btn-md-used\"><div class=\"tdm-image-border\"><span class=\"tdm-image-border0\"><\/span><span class=\"tdm-image-border1\"><\/span><span class=\"tdm-image-border2\"><\/span><\/div><div class=\"tdm-image-box lazyload\" style=\"background-image:inherit;\"  data-bg-image=\"url(&#039;https:\/\/the-slovenia.com\/wp-content\/uploads\/2020\/08\/THE-SLOVENIA-RESTAURANT-AWARDS-2018.jpg&#039;)\"><\/div><div class=\"tdm-image-description\"><h3 class=\"tdm-title-md\">DNEVNIK<\/h3><div class=\"tdm-image-meta\"><p>Glasujte za svojo najljub\u0161o restavracijo!<\/p>\n<style>\n\/* custom css - generated by TagDiv Composer *\/\n.tdi_36 i{\r\n\t\t\t\t\tfont-size: 18px;\r\n\t\t\t\t}body .tdi_36 .tdm-btn-icon:last-child{\r\n\t\t\t\t\tmargin-left: 14px;\r\n\t\t\t\t}.tdi_36{\r\n\t\t\t\t\tbox-shadow:  0px 2px 16px 0px rgba(0, 0, 0, 0.1);\r\n\t\t\t\t}.tdi_36:hover{\r\n\t\t\t\t\tbox-shadow:  0px 2px 26px 0px rgba(0, 0, 0, 0.1);\r\n\t\t\t\t}\n<\/style><div class=\"tds-button td-fix-index\"><a href=\"https:\/\/www.dnevnik.si\/1042802070\/magazin\/kulinarika\/kulinaricne\/glasovanje-za-the-slovenia-restaurant-awards-2018-se-je-pricelo\"  title=\"Preberite ve\u010d\" class=\"tds-button3 tdm-btn tdm-btn-md tdi_36 \" ><span class=\"tdm-btn-text\">Preberite ve\u010d<\/span><i class=\"tdm-btn-icon tdc-font-fa tdc-font-fa-graduation-cap\"><\/i><\/a><\/div><\/div><\/div><\/div><\/div><div class=\"clearfix\"><\/div><\/div><\/div><\/div><div class=\"tdm_block td_block_wrap tdm_block_image_info_box tdi_37 tdm-content-horiz-left tdm-content-vert-top td-image-info-box-style-2 td-pb-border-top td_block_template_1 tdm-mobile-full\"  data-td-block-uid=\"tdi_37\" >\n<style>\n\/* custom css - generated by TagDiv Composer *\/\n.tdi_37 .tdm-image-box{\r\n                    height: 210px;\r\n                }.tdi_37 .td-block-row .tdm-image-box:before{\r\n\t\t\t\t\tbackground: -webkit-linear-gradient(30deg,rgba(0,19,38,0.8),rgba(30,115,190,0));background: linear-gradient(30deg,rgba(0,19,38,0.8),rgba(30,115,190,0));\r\n\t\t\t\t}\n<\/style><div class=\"td-block-width\"><div class=\"td-block-row\"><div class=\"td-block-span12 tdm-col\"><div class=\"tdm-image-wrap tdm-with-button tdm-btn-md-used\"><div class=\"tdm-image-border\"><span class=\"tdm-image-border0\"><\/span><span class=\"tdm-image-border1\"><\/span><span class=\"tdm-image-border2\"><\/span><\/div><div class=\"tdm-image-box lazyload\" style=\"background-image:inherit;\"  data-bg-image=\"url(&#039;https:\/\/the-slovenia.com\/wp-content\/uploads\/2020\/08\/Bine-vol\u010di\u010d.jpg&#039;)\"><\/div><div class=\"tdm-image-description\"><h3 class=\"tdm-title-md\">Odprta kuhinja<\/h3><div class=\"tdm-image-meta\"><p>The Slovenia Restaurant Awards 2019: Glasujte za svoje najbolj\u0161e restavracije<\/p>\n<style>\n\/* custom css - generated by TagDiv Composer *\/\n.tdi_38 i{\r\n\t\t\t\t\tfont-size: 18px;\r\n\t\t\t\t}body .tdi_38 .tdm-btn-icon:last-child{\r\n\t\t\t\t\tmargin-left: 14px;\r\n\t\t\t\t}.tdi_38{\r\n\t\t\t\t\tbox-shadow:  0px 2px 16px 0px rgba(0, 0, 0, 0.1);\r\n\t\t\t\t}.tdi_38:hover{\r\n\t\t\t\t\tbox-shadow:  0px 2px 26px 0px rgba(0, 0, 0, 0.1);\r\n\t\t\t\t}\n<\/style><div class=\"tds-button td-fix-index\"><a href=\"https:\/\/odprtakuhinja.delo.si\/druzabno\/the-slovenia-restaurant-awards-2019-glasujte-za-svoje-najboljse-restavracije\/\"  title=\"Preberite ve\u010d\" class=\"tds-button3 tdm-btn tdm-btn-md tdi_38 \" ><span class=\"tdm-btn-text\">Preberite ve\u010d<\/span><i class=\"tdm-btn-icon tdc-font-fa tdc-font-fa-graduation-cap\"><\/i><\/a><\/div><\/div><\/div><\/div><\/div><div class=\"clearfix\"><\/div><\/div><\/div><\/div><div class=\"tdm_block td_block_wrap tdm_block_image_info_box tdi_39 tdm-content-horiz-left tdm-content-vert-top td-image-info-box-style-2 td-pb-border-top td_block_template_1 tdm-mobile-full\"  data-td-block-uid=\"tdi_39\" >\n<style>\n\/* custom css - generated by TagDiv Composer *\/\n.tdi_39 .tdm-image-box{\r\n                    height: 210px;\r\n                }.tdi_39 .td-block-row .tdm-image-box:before{\r\n\t\t\t\t\tbackground: -webkit-linear-gradient(30deg,rgba(0,19,38,0.8),rgba(30,115,190,0));background: linear-gradient(30deg,rgba(0,19,38,0.8),rgba(30,115,190,0));\r\n\t\t\t\t}\n<\/style><div class=\"td-block-width\"><div class=\"td-block-row\"><div class=\"td-block-span12 tdm-col\"><div class=\"tdm-image-wrap tdm-with-button tdm-btn-md-used\"><div class=\"tdm-image-border\"><span class=\"tdm-image-border0\"><\/span><span class=\"tdm-image-border1\"><\/span><span class=\"tdm-image-border2\"><\/span><\/div><div class=\"tdm-image-box lazyload\" style=\"background-image:inherit;\"  data-bg-image=\"url(&#039;https:\/\/the-slovenia.com\/wp-content\/uploads\/2020\/03\/grad_otocec_web_3.jpg&#039;)\"><\/div><div class=\"tdm-image-description\"><h3 class=\"tdm-title-md\">PLAYBOY<\/h3><div class=\"tdm-image-meta\"><p>Izberite najbolj\u0161e slovenske restavracije<\/p>\n<style>\n\/* custom css - generated by TagDiv Composer *\/\n.tdi_40 i{\r\n\t\t\t\t\tfont-size: 18px;\r\n\t\t\t\t}body .tdi_40 .tdm-btn-icon:last-child{\r\n\t\t\t\t\tmargin-left: 14px;\r\n\t\t\t\t}.tdi_40{\r\n\t\t\t\t\tbox-shadow:  0px 2px 16px 0px rgba(0, 0, 0, 0.1);\r\n\t\t\t\t}.tdi_40:hover{\r\n\t\t\t\t\tbox-shadow:  0px 2px 26px 0px rgba(0, 0, 0, 0.1);\r\n\t\t\t\t}\n<\/style><div class=\"tds-button td-fix-index\"><a href=\"https:\/\/playboy.metropolitan.si\/gourmet\/izberite-najboljse-slovenske-restavracije\/\"  title=\"Preberite ve\u010d\" class=\"tds-button3 tdm-btn tdm-btn-md tdi_40 \" ><span class=\"tdm-btn-text\">Preberite ve\u010d<\/span><i class=\"tdm-btn-icon tdc-font-fa tdc-font-fa-graduation-cap\"><\/i><\/a><\/div><\/div><\/div><\/div><\/div><div class=\"clearfix\"><\/div><\/div><\/div><\/div><div class=\"tdm_block td_block_wrap tdm_block_image_info_box tdi_41 tdm-content-horiz-left tdm-content-vert-top td-image-info-box-style-2 td-pb-border-top td_block_template_1 tdm-mobile-full\"  data-td-block-uid=\"tdi_41\" >\n<style>\n\/* custom css - generated by TagDiv Composer *\/\n.tdi_41 .tdm-image-box{\r\n                    height: 210px;\r\n                }.tdi_41 .td-block-row .tdm-image-box:before{\r\n\t\t\t\t\tbackground: -webkit-linear-gradient(30deg,rgba(0,19,38,0.8),rgba(30,115,190,0));background: linear-gradient(30deg,rgba(0,19,38,0.8),rgba(30,115,190,0));\r\n\t\t\t\t}\n<\/style><div class=\"td-block-width\"><div class=\"td-block-row\"><div class=\"td-block-span12 tdm-col\"><div class=\"tdm-image-wrap tdm-with-button tdm-btn-md-used\"><div class=\"tdm-image-border\"><span class=\"tdm-image-border0\"><\/span><span class=\"tdm-image-border1\"><\/span><span class=\"tdm-image-border2\"><\/span><\/div><div class=\"tdm-image-box lazyload\" style=\"background-image:inherit;\"  data-bg-image=\"url(&#039;https:\/\/the-slovenia.com\/wp-content\/uploads\/2020\/02\/O\u0161terija-Debeluh-FB-4.jpg&#039;)\"><\/div><div class=\"tdm-image-description\"><h3 class=\"tdm-title-md\">lokalno.si<\/h3><div class=\"tdm-image-meta\"><p>Izbor najbolj\u0161ih restavracij - lani bre\u017ei\u0161ki Debeluh ...<\/p>\n<style>\n\/* custom css - generated by TagDiv Composer *\/\n.tdi_42 i{\r\n\t\t\t\t\tfont-size: 18px;\r\n\t\t\t\t}body .tdi_42 .tdm-btn-icon:last-child{\r\n\t\t\t\t\tmargin-left: 14px;\r\n\t\t\t\t}.tdi_42{\r\n\t\t\t\t\tbox-shadow:  0px 2px 16px 0px rgba(0, 0, 0, 0.1);\r\n\t\t\t\t}.tdi_42:hover{\r\n\t\t\t\t\tbox-shadow:  0px 2px 26px 0px rgba(0, 0, 0, 0.1);\r\n\t\t\t\t}\n<\/style><div class=\"tds-button td-fix-index\"><a href=\"https:\/\/www.lokalno.si\/2018\/02\/25\/191285\/zgodba\/Izbor_najboljsih_restavracij_lani_breziski_Debeluh\/\"  title=\"Preberite ve\u010d\" class=\"tds-button3 tdm-btn tdm-btn-md tdi_42 \" ><span class=\"tdm-btn-text\">Preberite ve\u010d<\/span><i class=\"tdm-btn-icon tdc-font-fa tdc-font-fa-graduation-cap\"><\/i><\/a><\/div><\/div><\/div><\/div><\/div><div class=\"clearfix\"><\/div><\/div><\/div><\/div><div class=\"tdm_block td_block_wrap tdm_block_image_info_box tdi_43 tdm-content-horiz-left tdm-content-vert-top td-image-info-box-style-2 td-pb-border-top td_block_template_1 tdm-mobile-full\"  data-td-block-uid=\"tdi_43\" >\n<style>\n\/* custom css - generated by TagDiv Composer *\/\n.tdi_43 .tdm-image-box{\r\n                    height: 210px;\r\n                }.tdi_43 .td-block-row .tdm-image-box:before{\r\n\t\t\t\t\tbackground: -webkit-linear-gradient(30deg,rgba(0,19,38,0.8),rgba(30,115,190,0));background: linear-gradient(30deg,rgba(0,19,38,0.8),rgba(30,115,190,0));\r\n\t\t\t\t}\n<\/style><div class=\"td-block-width\"><div class=\"td-block-row\"><div class=\"td-block-span12 tdm-col\"><div class=\"tdm-image-wrap tdm-with-button tdm-btn-md-used\"><div class=\"tdm-image-border\"><span class=\"tdm-image-border0\"><\/span><span class=\"tdm-image-border1\"><\/span><span class=\"tdm-image-border2\"><\/span><\/div><div class=\"tdm-image-box lazyload\" style=\"background-image:inherit;\"  data-bg-image=\"url(&#039;https:\/\/the-slovenia.com\/wp-content\/uploads\/2020\/08\/tsra-2018.jpg&#039;)\"><\/div><div class=\"tdm-image-description\"><h3 class=\"tdm-title-md\">recepti.over.net<\/h3><div class=\"tdm-image-meta\"><p>Glasujte za najbolj\u0161o restavracijo v Sloveniji<\/p>\n<style>\n\/* custom css - generated by TagDiv Composer *\/\n.tdi_44 i{\r\n\t\t\t\t\tfont-size: 18px;\r\n\t\t\t\t}body .tdi_44 .tdm-btn-icon:last-child{\r\n\t\t\t\t\tmargin-left: 14px;\r\n\t\t\t\t}.tdi_44{\r\n\t\t\t\t\tbox-shadow:  0px 2px 16px 0px rgba(0, 0, 0, 0.1);\r\n\t\t\t\t}.tdi_44:hover{\r\n\t\t\t\t\tbox-shadow:  0px 2px 26px 0px rgba(0, 0, 0, 0.1);\r\n\t\t\t\t}\n<\/style><div class=\"tds-button td-fix-index\"><a href=\"https:\/\/recepti.over.net\/glasujte-za-najboljso-restavracijo-v-sloveniji\/\"  title=\"Preberite ve\u010d\" class=\"tds-button3 tdm-btn tdm-btn-md tdi_44 \" ><span class=\"tdm-btn-text\">Preberite ve\u010d<\/span><i class=\"tdm-btn-icon tdc-font-fa tdc-font-fa-graduation-cap\"><\/i><\/a><\/div><\/div><\/div><\/div><\/div><div class=\"clearfix\"><\/div><\/div><\/div><\/div><div class=\"tdm_block td_block_wrap tdm_block_image_info_box tdi_45 tdm-content-horiz-left tdm-content-vert-top td-image-info-box-style-2 td-pb-border-top td_block_template_1 tdm-mobile-full\"  data-td-block-uid=\"tdi_45\" >\n<style>\n\/* custom css - generated by TagDiv Composer *\/\n.tdi_45 .tdm-image-box{\r\n                    height: 210px;\r\n                }.tdi_45 .td-block-row .tdm-image-box:before{\r\n\t\t\t\t\tbackground: -webkit-linear-gradient(30deg,rgba(0,19,38,0.8),rgba(30,115,190,0));background: linear-gradient(30deg,rgba(0,19,38,0.8),rgba(30,115,190,0));\r\n\t\t\t\t}\n<\/style><div class=\"td-block-width\"><div class=\"td-block-row\"><div class=\"td-block-span12 tdm-col\"><div class=\"tdm-image-wrap tdm-with-button tdm-btn-md-used\"><div class=\"tdm-image-border\"><span class=\"tdm-image-border0\"><\/span><span class=\"tdm-image-border1\"><\/span><span class=\"tdm-image-border2\"><\/span><\/div><div class=\"tdm-image-box lazyload\" style=\"background-image:inherit;\"  data-bg-image=\"url(&#039;https:\/\/the-slovenia.com\/wp-content\/uploads\/2020\/02\/Jastogov-carpaccio-Gostilna-pri-LojzetuZemono-5664.jpg&#039;)\"><\/div><div class=\"tdm-image-description\"><h3 class=\"tdm-title-md\">REGIONAL<\/h3><div class=\"tdm-image-meta\"><p>KATERA JE NAJBOLJ\u0160A SLOVENSKA RESTAVRACIJA? \u010caka na va\u0161 glas<\/p>\n<style>\n\/* custom css - generated by TagDiv Composer *\/\n.tdi_46 i{\r\n\t\t\t\t\tfont-size: 18px;\r\n\t\t\t\t}body .tdi_46 .tdm-btn-icon:last-child{\r\n\t\t\t\t\tmargin-left: 14px;\r\n\t\t\t\t}.tdi_46{\r\n\t\t\t\t\tbox-shadow:  0px 2px 16px 0px rgba(0, 0, 0, 0.1);\r\n\t\t\t\t}.tdi_46:hover{\r\n\t\t\t\t\tbox-shadow:  0px 2px 26px 0px rgba(0, 0, 0, 0.1);\r\n\t\t\t\t}\n<\/style><div class=\"tds-button td-fix-index\"><a href=\"http:\/\/www.primorskival.si\/novica.php?oid=9437\"  title=\"Preberite ve\u010d\" class=\"tds-button3 tdm-btn tdm-btn-md tdi_46 \" ><span class=\"tdm-btn-text\">Preberite ve\u010d<\/span><i class=\"tdm-btn-icon tdc-font-fa tdc-font-fa-graduation-cap\"><\/i><\/a><\/div><\/div><\/div><\/div><\/div><div class=\"clearfix\"><\/div><\/div><\/div><\/div><div class=\"tdm_block td_block_wrap tdm_block_image_info_box tdi_47 tdm-content-horiz-left tdm-content-vert-top td-image-info-box-style-2 td-pb-border-top td_block_template_1 tdm-mobile-full\"  data-td-block-uid=\"tdi_47\" >\n<style>\n\/* custom css - generated by TagDiv Composer *\/\n.tdi_47 .tdm-image-box{\r\n                    height: 210px;\r\n                }.tdi_47 .td-block-row .tdm-image-box:before{\r\n\t\t\t\t\tbackground: -webkit-linear-gradient(30deg,rgba(0,19,38,0.8),rgba(30,115,190,0));background: linear-gradient(30deg,rgba(0,19,38,0.8),rgba(30,115,190,0));\r\n\t\t\t\t}\n<\/style><div class=\"td-block-width\"><div class=\"td-block-row\"><div class=\"td-block-span12 tdm-col\"><div class=\"tdm-image-wrap tdm-with-button tdm-btn-md-used\"><div class=\"tdm-image-border\"><span class=\"tdm-image-border0\"><\/span><span class=\"tdm-image-border1\"><\/span><span class=\"tdm-image-border2\"><\/span><\/div><div class=\"tdm-image-box lazyload\" style=\"background-image:inherit;\"  data-bg-image=\"url(&#039;https:\/\/the-slovenia.com\/wp-content\/uploads\/2020\/08\/F009124-kulinarika_ana_ros_photo_dean_dubokovic_kobarid_06-photo-s.jpg&#039;)\"><\/div><div class=\"tdm-image-description\"><h3 class=\"tdm-title-md\">Primorski val<\/h3><div class=\"tdm-image-meta\"><p>KOMU BO HI\u0160A FRANKO LETOS PREDALA NASLOV?<\/p>\n<style>\n\/* custom css - generated by TagDiv Composer *\/\n.tdi_48 i{\r\n\t\t\t\t\tfont-size: 18px;\r\n\t\t\t\t}body .tdi_48 .tdm-btn-icon:last-child{\r\n\t\t\t\t\tmargin-left: 14px;\r\n\t\t\t\t}.tdi_48{\r\n\t\t\t\t\tbox-shadow:  0px 2px 16px 0px rgba(0, 0, 0, 0.1);\r\n\t\t\t\t}.tdi_48:hover{\r\n\t\t\t\t\tbox-shadow:  0px 2px 26px 0px rgba(0, 0, 0, 0.1);\r\n\t\t\t\t}\n<\/style><div class=\"tds-button td-fix-index\"><a href=\"http:\/\/www.primorskival.si\/novica.php?oid=9437\"  title=\"Preberite ve\u010d\" class=\"tds-button3 tdm-btn tdm-btn-md tdi_48 \" ><span class=\"tdm-btn-text\">Preberite ve\u010d<\/span><i class=\"tdm-btn-icon tdc-font-fa tdc-font-fa-graduation-cap\"><\/i><\/a><\/div><\/div><\/div><\/div><\/div><div class=\"clearfix\"><\/div><\/div><\/div><\/div><div class=\"tdm_block td_block_wrap tdm_block_image_info_box tdi_49 tdm-content-horiz-left tdm-content-vert-top td-image-info-box-style-2 td-pb-border-top td_block_template_1 tdm-mobile-full\"  data-td-block-uid=\"tdi_49\" >\n<style>\n\/* custom css - generated by TagDiv Composer *\/\n.tdi_49 .tdm-image-box{\r\n                    height: 210px;\r\n                }.tdi_49 .td-block-row .tdm-image-box:before{\r\n\t\t\t\t\tbackground: -webkit-linear-gradient(30deg,rgba(0,19,38,0.8),rgba(30,115,190,0));background: linear-gradient(30deg,rgba(0,19,38,0.8),rgba(30,115,190,0));\r\n\t\t\t\t}\n<\/style><div class=\"td-block-width\"><div class=\"td-block-row\"><div class=\"td-block-span12 tdm-col\"><div class=\"tdm-image-wrap tdm-with-button tdm-btn-md-used\"><div class=\"tdm-image-border\"><span class=\"tdm-image-border0\"><\/span><span class=\"tdm-image-border1\"><\/span><span class=\"tdm-image-border2\"><\/span><\/div><div class=\"tdm-image-box lazyload\" style=\"background-image:inherit;\"  data-bg-image=\"url(&#039;https:\/\/the-slovenia.com\/wp-content\/uploads\/2020\/02\/Cubr-1.jpg&#039;)\"><\/div><div class=\"tdm-image-description\"><h3 class=\"tdm-title-md\">KAMNIK INFO<\/h3><div class=\"tdm-image-meta\"><p>Podprimo kamni\u0161ke gostince<\/p>\n<style>\n\/* custom css - generated by TagDiv Composer *\/\n.tdi_50 i{\r\n\t\t\t\t\tfont-size: 18px;\r\n\t\t\t\t}body .tdi_50 .tdm-btn-icon:last-child{\r\n\t\t\t\t\tmargin-left: 14px;\r\n\t\t\t\t}.tdi_50{\r\n\t\t\t\t\tbox-shadow:  0px 2px 16px 0px rgba(0, 0, 0, 0.1);\r\n\t\t\t\t}.tdi_50:hover{\r\n\t\t\t\t\tbox-shadow:  0px 2px 26px 0px rgba(0, 0, 0, 0.1);\r\n\t\t\t\t}\n<\/style><div class=\"tds-button td-fix-index\"><a href=\"https:\/\/www.kamnik.info\/podprimo-kamniske-gostince\/\"  title=\"Preberite ve\u010d\" class=\"tds-button3 tdm-btn tdm-btn-md tdi_50 \" ><span class=\"tdm-btn-text\">Preberite ve\u010d<\/span><i class=\"tdm-btn-icon tdc-font-fa tdc-font-fa-graduation-cap\"><\/i><\/a><\/div><\/div><\/div><\/div><\/div><div class=\"clearfix\"><\/div><\/div><\/div><\/div><div class=\"tdm_block td_block_wrap tdm_block_image_info_box tdi_51 tdm-content-horiz-left tdm-content-vert-top td-image-info-box-style-2 td-pb-border-top td_block_template_1 tdm-mobile-full\"  data-td-block-uid=\"tdi_51\" >\n<style>\n\/* custom css - generated by TagDiv Composer *\/\n.tdi_51 .tdm-image-box{\r\n                    height: 210px;\r\n                }.tdi_51 .td-block-row .tdm-image-box:before{\r\n\t\t\t\t\tbackground: -webkit-linear-gradient(30deg,rgba(0,19,38,0.8),rgba(30,115,190,0));background: linear-gradient(30deg,rgba(0,19,38,0.8),rgba(30,115,190,0));\r\n\t\t\t\t}\n<\/style><div class=\"td-block-width\"><div class=\"td-block-row\"><div class=\"td-block-span12 tdm-col\"><div class=\"tdm-image-wrap tdm-with-button tdm-btn-md-used\"><div class=\"tdm-image-border\"><span class=\"tdm-image-border0\"><\/span><span class=\"tdm-image-border1\"><\/span><span class=\"tdm-image-border2\"><\/span><\/div><div class=\"tdm-image-box lazyload\" style=\"background-image:inherit;\"  data-bg-image=\"url(&#039;https:\/\/the-slovenia.com\/wp-content\/uploads\/2020\/07\/Galerijaokusov3.jpg&#039;)\"><\/div><div class=\"tdm-image-description\"><h3 class=\"tdm-title-md\">ptujinfo.com<\/h3><div class=\"tdm-image-meta\"><p>To sta ptujska gostinca, ki sta se uvrstila v izbor najbolj\u0161ih slovenskih restavracij<\/p>\n<style>\n\/* custom css - generated by TagDiv Composer *\/\n.tdi_52 i{\r\n\t\t\t\t\tfont-size: 18px;\r\n\t\t\t\t}body .tdi_52 .tdm-btn-icon:last-child{\r\n\t\t\t\t\tmargin-left: 14px;\r\n\t\t\t\t}.tdi_52{\r\n\t\t\t\t\tbox-shadow:  0px 2px 16px 0px rgba(0, 0, 0, 0.1);\r\n\t\t\t\t}.tdi_52:hover{\r\n\t\t\t\t\tbox-shadow:  0px 2px 26px 0px rgba(0, 0, 0, 0.1);\r\n\t\t\t\t}\n<\/style><div class=\"tds-button td-fix-index\"><a href=\"https:\/\/ptujinfo.com\/novica\/lokalno\/sta-ptujska-gostinca-ki-sta-se-uvrstila-v-izbor-najboljsih-slovenskih-restavracij\"  title=\"Preberite ve\u010d\" class=\"tds-button3 tdm-btn tdm-btn-md tdi_52 \" ><span class=\"tdm-btn-text\">Preberite ve\u010d<\/span><i class=\"tdm-btn-icon tdc-font-fa tdc-font-fa-graduation-cap\"><\/i><\/a><\/div><\/div><\/div><\/div><\/div><div class=\"clearfix\"><\/div><\/div><\/div><\/div><div class=\"tdm_block td_block_wrap tdm_block_image_info_box tdi_53 tdm-content-horiz-left tdm-content-vert-top td-image-info-box-style-2 td-pb-border-top td_block_template_1 tdm-mobile-full\"  data-td-block-uid=\"tdi_53\" >\n<style>\n\/* custom css - generated by TagDiv Composer *\/\n.tdi_53 .tdm-image-box{\r\n                    height: 210px;\r\n                }.tdi_53 .td-block-row .tdm-image-box:before{\r\n\t\t\t\t\tbackground: -webkit-linear-gradient(30deg,rgba(0,19,38,0.8),rgba(30,115,190,0));background: linear-gradient(30deg,rgba(0,19,38,0.8),rgba(30,115,190,0));\r\n\t\t\t\t}\n<\/style><div class=\"td-block-width\"><div class=\"td-block-row\"><div class=\"td-block-span12 tdm-col\"><div class=\"tdm-image-wrap tdm-with-button tdm-btn-md-used\"><div class=\"tdm-image-border\"><span class=\"tdm-image-border0\"><\/span><span class=\"tdm-image-border1\"><\/span><span class=\"tdm-image-border2\"><\/span><\/div><div class=\"tdm-image-box lazyload\" style=\"background-image:inherit;\"  data-bg-image=\"url(&#039;https:\/\/the-slovenia.com\/wp-content\/uploads\/2020\/06\/dam-restavracija-rizota-foto-Dean-Dubokovic-1024x683-1.jpg&#039;)\"><\/div><div class=\"tdm-image-description\"><h3 class=\"tdm-title-md\">Ob\u010dina VRHNIKA<\/h3><div class=\"tdm-image-meta\"><p>V izboru The Slovenia Restaurant Awards letos sodeluje skupno 166 restavracij iz petih slovenskih regij<\/p>\n<style>\n\/* custom css - generated by TagDiv Composer *\/\n.tdi_54 i{\r\n\t\t\t\t\tfont-size: 18px;\r\n\t\t\t\t}body .tdi_54 .tdm-btn-icon:last-child{\r\n\t\t\t\t\tmargin-left: 14px;\r\n\t\t\t\t}.tdi_54{\r\n\t\t\t\t\tbox-shadow:  0px 2px 16px 0px rgba(0, 0, 0, 0.1);\r\n\t\t\t\t}.tdi_54:hover{\r\n\t\t\t\t\tbox-shadow:  0px 2px 26px 0px rgba(0, 0, 0, 0.1);\r\n\t\t\t\t}\n<\/style><div class=\"tds-button td-fix-index\"><a href=\"http:\/\/www.vrhnika.si\/?m=news&amp;id=18044\"  title=\"Preberite ve\u010d\" class=\"tds-button3 tdm-btn tdm-btn-md tdi_54 \" ><span class=\"tdm-btn-text\">Preberite ve\u010d<\/span><i class=\"tdm-btn-icon tdc-font-fa tdc-font-fa-graduation-cap\"><\/i><\/a><\/div><\/div><\/div><\/div><\/div><div class=\"clearfix\"><\/div><\/div><\/div><\/div><div class=\"tdm_block td_block_wrap tdm_block_image_info_box tdi_55 tdm-content-horiz-left tdm-content-vert-top td-image-info-box-style-2 td-pb-border-top td_block_template_1 tdm-mobile-full\"  data-td-block-uid=\"tdi_55\" >\n<style>\n\/* custom css - generated by TagDiv Composer *\/\n.tdi_55 .tdm-image-box{\r\n                    height: 210px;\r\n                }.tdi_55 .td-block-row .tdm-image-box:before{\r\n\t\t\t\t\tbackground: -webkit-linear-gradient(30deg,rgba(0,19,38,0.8),rgba(30,115,190,0));background: linear-gradient(30deg,rgba(0,19,38,0.8),rgba(30,115,190,0));\r\n\t\t\t\t}\n<\/style><div class=\"td-block-width\"><div class=\"td-block-row\"><div class=\"td-block-span12 tdm-col\"><div class=\"tdm-image-wrap tdm-with-button tdm-btn-md-used\"><div class=\"tdm-image-border\"><span class=\"tdm-image-border0\"><\/span><span class=\"tdm-image-border1\"><\/span><span class=\"tdm-image-border2\"><\/span><\/div><div class=\"tdm-image-box lazyload\" style=\"background-image:inherit;\"  data-bg-image=\"url(&#039;https:\/\/the-slovenia.com\/wp-content\/uploads\/2020\/08\/04ccfa5912a78134b8056676f3532d14_XL.jpg&#039;)\"><\/div><div class=\"tdm-image-description\"><h3 class=\"tdm-title-md\">sobotainfo.com<\/h3><div class=\"tdm-image-meta\"><p>V igri za najbolj\u0161e restavracije v Sloveniji tudi \u0161tiri pomurske<\/p>\n<style>\n\/* custom css - generated by TagDiv Composer *\/\n.tdi_56 i{\r\n\t\t\t\t\tfont-size: 18px;\r\n\t\t\t\t}body .tdi_56 .tdm-btn-icon:last-child{\r\n\t\t\t\t\tmargin-left: 14px;\r\n\t\t\t\t}.tdi_56{\r\n\t\t\t\t\tbox-shadow:  0px 2px 16px 0px rgba(0, 0, 0, 0.1);\r\n\t\t\t\t}.tdi_56:hover{\r\n\t\t\t\t\tbox-shadow:  0px 2px 26px 0px rgba(0, 0, 0, 0.1);\r\n\t\t\t\t}\n<\/style><div class=\"tds-button td-fix-index\"><a href=\"https:\/\/sobotainfo.com\/novica\/lokalno\/v-igri-za-najboljse-restavracije-v-sloveniji-tudi-stiri-pomurske\/423007\"  title=\"Preberite ve\u010d\" class=\"tds-button3 tdm-btn tdm-btn-md tdi_56 \" ><span class=\"tdm-btn-text\">Preberite ve\u010d<\/span><i class=\"tdm-btn-icon tdc-font-fa tdc-font-fa-graduation-cap\"><\/i><\/a><\/div><\/div><\/div><\/div><\/div><div class=\"clearfix\"><\/div><\/div><\/div><\/div><div class=\"tdm_block td_block_wrap tdm_block_image_info_box tdi_57 tdm-content-horiz-left tdm-content-vert-top td-image-info-box-style-2 td-pb-border-top td_block_template_1 tdm-mobile-full\"  data-td-block-uid=\"tdi_57\" >\n<style>\n\/* custom css - generated by TagDiv Composer *\/\n.tdi_57 .tdm-image-box{\r\n                    height: 210px;\r\n                }.tdi_57 .td-block-row .tdm-image-box:before{\r\n\t\t\t\t\tbackground: -webkit-linear-gradient(30deg,rgba(0,19,38,0.8),rgba(30,115,190,0));background: linear-gradient(30deg,rgba(0,19,38,0.8),rgba(30,115,190,0));\r\n\t\t\t\t}\n<\/style><div class=\"td-block-width\"><div class=\"td-block-row\"><div class=\"td-block-span12 tdm-col\"><div class=\"tdm-image-wrap tdm-with-button tdm-btn-md-used\"><div class=\"tdm-image-border\"><span class=\"tdm-image-border0\"><\/span><span class=\"tdm-image-border1\"><\/span><span class=\"tdm-image-border2\"><\/span><\/div><div class=\"tdm-image-box lazyload\" style=\"background-image:inherit;\"  data-bg-image=\"url(&#039;https:\/\/the-slovenia.com\/wp-content\/uploads\/2020\/03\/fresh-local-ingredients-1-1.jpg&#039;)\"><\/div><div class=\"tdm-image-description\"><h3 class=\"tdm-title-md\">DOLENJSKA News<\/h3><div class=\"tdm-image-meta\"><p>Glasovanje za restavracijo leta 2018<\/p>\n<style>\n\/* custom css - generated by TagDiv Composer *\/\n.tdi_58 i{\r\n\t\t\t\t\tfont-size: 18px;\r\n\t\t\t\t}body .tdi_58 .tdm-btn-icon:last-child{\r\n\t\t\t\t\tmargin-left: 14px;\r\n\t\t\t\t}.tdi_58{\r\n\t\t\t\t\tbox-shadow:  0px 2px 16px 0px rgba(0, 0, 0, 0.1);\r\n\t\t\t\t}.tdi_58:hover{\r\n\t\t\t\t\tbox-shadow:  0px 2px 26px 0px rgba(0, 0, 0, 0.1);\r\n\t\t\t\t}\n<\/style><div class=\"tds-button td-fix-index\"><a href=\"https:\/\/www.dolenjskanews.com\/glasovanje-za-restavracijo-leta-2018\/\"  title=\"Preberite ve\u010d\" class=\"tds-button3 tdm-btn tdm-btn-md tdi_58 \" ><span class=\"tdm-btn-text\">Preberite ve\u010d<\/span><i class=\"tdm-btn-icon tdc-font-fa tdc-font-fa-graduation-cap\"><\/i><\/a><\/div><\/div><\/div><\/div><\/div><div class=\"clearfix\"><\/div><\/div><\/div><\/div><div class=\"tdm_block td_block_wrap tdm_block_image_info_box tdi_59 tdm-content-horiz-left tdm-content-vert-top td-image-info-box-style-2 td-pb-border-top td_block_template_1 tdm-mobile-full\"  data-td-block-uid=\"tdi_59\" >\n<style>\n\/* custom css - generated by TagDiv Composer *\/\n.tdi_59 .tdm-image-box{\r\n                    height: 210px;\r\n                }.tdi_59 .td-block-row .tdm-image-box:before{\r\n\t\t\t\t\tbackground: -webkit-linear-gradient(30deg,rgba(0,19,38,0.8),rgba(30,115,190,0));background: linear-gradient(30deg,rgba(0,19,38,0.8),rgba(30,115,190,0));\r\n\t\t\t\t}\n<\/style><div class=\"td-block-width\"><div class=\"td-block-row\"><div class=\"td-block-span12 tdm-col\"><div class=\"tdm-image-wrap tdm-with-button tdm-btn-md-used\"><div class=\"tdm-image-border\"><span class=\"tdm-image-border0\"><\/span><span class=\"tdm-image-border1\"><\/span><span class=\"tdm-image-border2\"><\/span><\/div><div class=\"tdm-image-box lazyload\" style=\"background-image:inherit;\"  data-bg-image=\"url(&#039;https:\/\/the-slovenia.com\/wp-content\/uploads\/2020\/03\/Hi\u0161a-Denk-Jedi-1920px-0044-1200x801-1.jpg&#039;)\"><\/div><div class=\"tdm-image-description\"><h3 class=\"tdm-title-md\">pomurec.com<\/h3><div class=\"tdm-image-meta\"><p>Med kandidatkami za najbolj\u0161e restavracije v Sloveniji tudi \u0161tiri iz Pomurja<\/p>\n<style>\n\/* custom css - generated by TagDiv Composer *\/\n.tdi_60 i{\r\n\t\t\t\t\tfont-size: 18px;\r\n\t\t\t\t}body .tdi_60 .tdm-btn-icon:last-child{\r\n\t\t\t\t\tmargin-left: 14px;\r\n\t\t\t\t}.tdi_60{\r\n\t\t\t\t\tbox-shadow:  0px 2px 16px 0px rgba(0, 0, 0, 0.1);\r\n\t\t\t\t}.tdi_60:hover{\r\n\t\t\t\t\tbox-shadow:  0px 2px 26px 0px rgba(0, 0, 0, 0.1);\r\n\t\t\t\t}\n<\/style><div class=\"tds-button td-fix-index\"><a href=\"https:\/\/www.pomurec.com\/vsebina\/46484\/Med_kandidatkami_za_najboljse_restavracije_v_Sloveniji_tudi_stiri_iz_Pomurja\"  title=\"Preberite ve\u010d\" class=\"tds-button3 tdm-btn tdm-btn-md tdi_60 \" ><span class=\"tdm-btn-text\">Preberite ve\u010d<\/span><i class=\"tdm-btn-icon tdc-font-fa tdc-font-fa-graduation-cap\"><\/i><\/a><\/div><\/div><\/div><\/div><\/div><div class=\"clearfix\"><\/div><\/div><\/div><\/div><div class=\"tdm_block td_block_wrap tdm_block_image_info_box tdi_61 tdm-content-horiz-left tdm-content-vert-top td-image-info-box-style-2 td-pb-border-top td_block_template_1 tdm-mobile-full\"  data-td-block-uid=\"tdi_61\" >\n<style>\n\/* custom css - generated by TagDiv Composer *\/\n.tdi_61 .tdm-image-box{\r\n                    height: 210px;\r\n                }.tdi_61 .td-block-row .tdm-image-box:before{\r\n\t\t\t\t\tbackground: -webkit-linear-gradient(30deg,rgba(0,19,38,0.8),rgba(30,115,190,0));background: linear-gradient(30deg,rgba(0,19,38,0.8),rgba(30,115,190,0));\r\n\t\t\t\t}\n<\/style><div class=\"td-block-width\"><div class=\"td-block-row\"><div class=\"td-block-span12 tdm-col\"><div class=\"tdm-image-wrap tdm-with-button tdm-btn-md-used\"><div class=\"tdm-image-border\"><span class=\"tdm-image-border0\"><\/span><span class=\"tdm-image-border1\"><\/span><span class=\"tdm-image-border2\"><\/span><\/div><div class=\"tdm-image-box lazyload\" style=\"background-image:inherit;\"  data-bg-image=\"url(&#039;https:\/\/the-slovenia.com\/wp-content\/uploads\/2020\/02\/rajh01.jpg&#039;)\"><\/div><div class=\"tdm-image-description\"><h3 class=\"tdm-title-md\">Prlekija on net<\/h3><div class=\"tdm-image-meta\"><p>V izboru najbolj\u0161e restavracije v Sloveniji, tudi dve prle\u0161ki<\/p>\n<style>\n\/* custom css - generated by TagDiv Composer *\/\n.tdi_62 i{\r\n\t\t\t\t\tfont-size: 18px;\r\n\t\t\t\t}body .tdi_62 .tdm-btn-icon:last-child{\r\n\t\t\t\t\tmargin-left: 14px;\r\n\t\t\t\t}.tdi_62{\r\n\t\t\t\t\tbox-shadow:  0px 2px 16px 0px rgba(0, 0, 0, 0.1);\r\n\t\t\t\t}.tdi_62:hover{\r\n\t\t\t\t\tbox-shadow:  0px 2px 26px 0px rgba(0, 0, 0, 0.1);\r\n\t\t\t\t}\n<\/style><div class=\"tds-button td-fix-index\"><a href=\"https:\/\/www.prlekija-on.net\/lokalno\/17165\/v-izboru-najboljse-restavracije-v-sloveniji-tudi-dve-prleski.html\"  title=\"Preberite ve\u010d\" class=\"tds-button3 tdm-btn tdm-btn-md tdi_62 \" ><span class=\"tdm-btn-text\">Preberite ve\u010d<\/span><i class=\"tdm-btn-icon tdc-font-fa tdc-font-fa-graduation-cap\"><\/i><\/a><\/div><\/div><\/div><\/div><\/div><div class=\"clearfix\"><\/div><\/div><\/div><\/div><div class=\"tdm_block td_block_wrap tdm_block_image_info_box tdi_63 tdm-content-horiz-left tdm-content-vert-top td-image-info-box-style-2 td-pb-border-top td_block_template_1 tdm-mobile-full\"  data-td-block-uid=\"tdi_63\" >\n<style>\n\/* custom css - generated by TagDiv Composer *\/\n.tdi_63 .tdm-image-box{\r\n                    height: 210px;\r\n                }.tdi_63 .td-block-row .tdm-image-box:before{\r\n\t\t\t\t\tbackground: -webkit-linear-gradient(30deg,rgba(0,19,38,0.8),rgba(30,115,190,0));background: linear-gradient(30deg,rgba(0,19,38,0.8),rgba(30,115,190,0));\r\n\t\t\t\t}\n<\/style><div class=\"td-block-width\"><div class=\"td-block-row\"><div class=\"td-block-span12 tdm-col\"><div class=\"tdm-image-wrap tdm-with-button tdm-btn-md-used\"><div class=\"tdm-image-border\"><span class=\"tdm-image-border0\"><\/span><span class=\"tdm-image-border1\"><\/span><span class=\"tdm-image-border2\"><\/span><\/div><div class=\"tdm-image-box lazyload\" style=\"background-image:inherit;\"  data-bg-image=\"url(&#039;https:\/\/the-slovenia.com\/wp-content\/uploads\/2020\/03\/5c841fe8434c8771292e-ocena-gostilne-cubr.jpeg&#039;)\"><\/div><div class=\"tdm-image-description\"><h3 class=\"tdm-title-md\">modre novice<\/h3><div class=\"tdm-image-meta\"><p>Med finalisti projekta THE SLOVENIA RESTAURANT AWARDS 2018 tudi Gostilna \u010cubr<\/p>\n<style>\n\/* custom css - generated by TagDiv Composer *\/\n.tdi_64 i{\r\n\t\t\t\t\tfont-size: 18px;\r\n\t\t\t\t}body .tdi_64 .tdm-btn-icon:last-child{\r\n\t\t\t\t\tmargin-left: 14px;\r\n\t\t\t\t}.tdi_64{\r\n\t\t\t\t\tbox-shadow:  0px 2px 16px 0px rgba(0, 0, 0, 0.1);\r\n\t\t\t\t}.tdi_64:hover{\r\n\t\t\t\t\tbox-shadow:  0px 2px 26px 0px rgba(0, 0, 0, 0.1);\r\n\t\t\t\t}\n<\/style><div class=\"tds-button td-fix-index\"><a href=\"https:\/\/www.modre-novice.si\/novice\/med-finalisti-projekta-the-slovenia-restaurant-awards-2018-tudi-gostilna-cubr\/\"  title=\"Preberite ve\u010d\" class=\"tds-button3 tdm-btn tdm-btn-md tdi_64 \" ><span class=\"tdm-btn-text\">Preberite ve\u010d<\/span><i class=\"tdm-btn-icon tdc-font-fa tdc-font-fa-graduation-cap\"><\/i><\/a><\/div><\/div><\/div><\/div><\/div><div class=\"clearfix\"><\/div><\/div><\/div><\/div><div class=\"tdm_block td_block_wrap tdm_block_image_info_box tdi_65 tdm-content-horiz-left tdm-content-vert-top td-image-info-box-style-2 td-pb-border-top td_block_template_1 tdm-mobile-full\"  data-td-block-uid=\"tdi_65\" >\n<style>\n\/* custom css - generated by TagDiv Composer *\/\n.tdi_65 .tdm-image-box{\r\n                    height: 210px;\r\n                }.tdi_65 .td-block-row .tdm-image-box:before{\r\n\t\t\t\t\tbackground: -webkit-linear-gradient(30deg,rgba(0,19,38,0.8),rgba(30,115,190,0));background: linear-gradient(30deg,rgba(0,19,38,0.8),rgba(30,115,190,0));\r\n\t\t\t\t}\n<\/style><div class=\"td-block-width\"><div class=\"td-block-row\"><div class=\"td-block-span12 tdm-col\"><div class=\"tdm-image-wrap tdm-with-button tdm-btn-md-used\"><div class=\"tdm-image-border\"><span class=\"tdm-image-border0\"><\/span><span class=\"tdm-image-border1\"><\/span><span class=\"tdm-image-border2\"><\/span><\/div><div class=\"tdm-image-box lazyload\" style=\"background-image:inherit;\"  data-bg-image=\"url(&#039;https:\/\/the-slovenia.com\/wp-content\/uploads\/2020\/02\/DSC_5476-scaled.jpg&#039;)\"><\/div><div class=\"tdm-image-description\"><h3 class=\"tdm-title-md\">Finance.si<\/h3><div class=\"tdm-image-meta\"><p>Prednost malih je prilagodljivost<\/p>\n<style>\n\/* custom css - generated by TagDiv Composer *\/\n.tdi_66 i{\r\n\t\t\t\t\tfont-size: 18px;\r\n\t\t\t\t}body .tdi_66 .tdm-btn-icon:last-child{\r\n\t\t\t\t\tmargin-left: 14px;\r\n\t\t\t\t}.tdi_66{\r\n\t\t\t\t\tbox-shadow:  0px 2px 16px 0px rgba(0, 0, 0, 0.1);\r\n\t\t\t\t}.tdi_66:hover{\r\n\t\t\t\t\tbox-shadow:  0px 2px 26px 0px rgba(0, 0, 0, 0.1);\r\n\t\t\t\t}\n<\/style><div class=\"tds-button td-fix-index\"><a href=\"https:\/\/www.finance.si\/143863\/Prednost-malih-je-prilagodljivost\"  title=\"Preberite ve\u010d\" class=\"tds-button3 tdm-btn tdm-btn-md tdi_66 \" ><span class=\"tdm-btn-text\">Preberite ve\u010d<\/span><i class=\"tdm-btn-icon tdc-font-fa tdc-font-fa-graduation-cap\"><\/i><\/a><\/div><\/div><\/div><\/div><\/div><div class=\"clearfix\"><\/div><\/div><\/div><\/div><div class=\"tdm_block td_block_wrap tdm_block_image_info_box tdi_67 tdm-content-horiz-left tdm-content-vert-top td-image-info-box-style-2 td-pb-border-top td_block_template_1 tdm-mobile-full\"  data-td-block-uid=\"tdi_67\" >\n<style>\n\/* custom css - generated by TagDiv Composer *\/\n.tdi_67 .tdm-image-box{\r\n                    height: 210px;\r\n                }.tdi_67 .td-block-row .tdm-image-box:before{\r\n\t\t\t\t\tbackground: -webkit-linear-gradient(30deg,rgba(0,19,38,0.8),rgba(30,115,190,0));background: linear-gradient(30deg,rgba(0,19,38,0.8),rgba(30,115,190,0));\r\n\t\t\t\t}\n<\/style><div class=\"td-block-width\"><div class=\"td-block-row\"><div class=\"td-block-span12 tdm-col\"><div class=\"tdm-image-wrap tdm-with-button tdm-btn-md-used\"><div class=\"tdm-image-border\"><span class=\"tdm-image-border0\"><\/span><span class=\"tdm-image-border1\"><\/span><span class=\"tdm-image-border2\"><\/span><\/div><div class=\"tdm-image-box lazyload\" style=\"background-image:inherit;\"  data-bg-image=\"url(&#039;https:\/\/the-slovenia.com\/wp-content\/uploads\/2020\/05\/F008698-ana_ros_hisa_franko_165_tomo_jesenicnik_orig_jpg-photo-s.jpg&#039;)\"><\/div><div class=\"tdm-image-description\"><h3 class=\"tdm-title-md\">\u017eurnal24.si<\/h3><div class=\"tdm-image-meta\"><p>To so najbolj\u0161e slovenske restavracije<\/p>\n<style>\n\/* custom css - generated by TagDiv Composer *\/\n.tdi_68 i{\r\n\t\t\t\t\tfont-size: 18px;\r\n\t\t\t\t}body .tdi_68 .tdm-btn-icon:last-child{\r\n\t\t\t\t\tmargin-left: 14px;\r\n\t\t\t\t}.tdi_68{\r\n\t\t\t\t\tbox-shadow:  0px 2px 16px 0px rgba(0, 0, 0, 0.1);\r\n\t\t\t\t}.tdi_68:hover{\r\n\t\t\t\t\tbox-shadow:  0px 2px 26px 0px rgba(0, 0, 0, 0.1);\r\n\t\t\t\t}\n<\/style><div class=\"tds-button td-fix-index\"><a href=\"https:\/\/www.zurnal24.si\/popotnik\/to-so-najboljse-slovenske-restavracije-307026\"  title=\"Preberite ve\u010d\" class=\"tds-button3 tdm-btn tdm-btn-md tdi_68 \" ><span class=\"tdm-btn-text\">Preberite ve\u010d<\/span><i class=\"tdm-btn-icon tdc-font-fa tdc-font-fa-graduation-cap\"><\/i><\/a><\/div><\/div><\/div><\/div><\/div><div class=\"clearfix\"><\/div><\/div><\/div><\/div><div class=\"tdm_block td_block_wrap tdm_block_image_info_box tdi_69 tdm-content-horiz-left tdm-content-vert-top td-image-info-box-style-2 td-pb-border-top td_block_template_1 tdm-mobile-full\"  data-td-block-uid=\"tdi_69\" >\n<style>\n\/* custom css - generated by TagDiv Composer *\/\n.tdi_69 .tdm-image-box{\r\n                    height: 210px;\r\n                }.tdi_69 .td-block-row .tdm-image-box:before{\r\n\t\t\t\t\tbackground: -webkit-linear-gradient(30deg,rgba(0,19,38,0.8),rgba(30,115,190,0));background: linear-gradient(30deg,rgba(0,19,38,0.8),rgba(30,115,190,0));\r\n\t\t\t\t}\n<\/style><div class=\"td-block-width\"><div class=\"td-block-row\"><div class=\"td-block-span12 tdm-col\"><div class=\"tdm-image-wrap tdm-with-button tdm-btn-md-used\"><div class=\"tdm-image-border\"><span class=\"tdm-image-border0\"><\/span><span class=\"tdm-image-border1\"><\/span><span class=\"tdm-image-border2\"><\/span><\/div><div class=\"tdm-image-box lazyload\" style=\"background-image:inherit;\"  data-bg-image=\"url(&#039;https:\/\/the-slovenia.com\/wp-content\/uploads\/2020\/08\/F009129-kulinarika_ana_ros_photo_dean_dubokovic_kobarid_11-photo-s.jpg&#039;)\"><\/div><div class=\"tdm-image-description\"><h3 class=\"tdm-title-md\">DNEVNIK<\/h3><div class=\"tdm-image-meta\"><p>Kdo so finalisti izbora za najbolj\u0161o slovensko restavracijo?<\/p>\n<style>\n\/* custom css - generated by TagDiv Composer *\/\n.tdi_70 i{\r\n\t\t\t\t\tfont-size: 18px;\r\n\t\t\t\t}body .tdi_70 .tdm-btn-icon:last-child{\r\n\t\t\t\t\tmargin-left: 14px;\r\n\t\t\t\t}.tdi_70{\r\n\t\t\t\t\tbox-shadow:  0px 2px 16px 0px rgba(0, 0, 0, 0.1);\r\n\t\t\t\t}.tdi_70:hover{\r\n\t\t\t\t\tbox-shadow:  0px 2px 26px 0px rgba(0, 0, 0, 0.1);\r\n\t\t\t\t}\n<\/style><div class=\"tds-button td-fix-index\"><a href=\"https:\/\/www.zurnal24.si\/popotnik\/to-so-najboljse-slovenske-restavracije-307026\"  title=\"Preberite ve\u010d\" class=\"tds-button3 tdm-btn tdm-btn-md tdi_70 \" ><span class=\"tdm-btn-text\">Preberite ve\u010d<\/span><i class=\"tdm-btn-icon tdc-font-fa tdc-font-fa-graduation-cap\"><\/i><\/a><\/div><\/div><\/div><\/div><\/div><div class=\"clearfix\"><\/div><\/div><\/div><\/div><div class=\"tdm_block td_block_wrap tdm_block_image_info_box tdi_71 tdm-content-horiz-left tdm-content-vert-top td-image-info-box-style-2 td-pb-border-top td_block_template_1 tdm-mobile-full\"  data-td-block-uid=\"tdi_71\" >\n<style>\n\/* custom css - generated by TagDiv Composer *\/\n.tdi_71 .tdm-image-box{\r\n                    height: 210px;\r\n                }.tdi_71 .td-block-row .tdm-image-box:before{\r\n\t\t\t\t\tbackground: -webkit-linear-gradient(30deg,rgba(0,19,38,0.8),rgba(30,115,190,0));background: linear-gradient(30deg,rgba(0,19,38,0.8),rgba(30,115,190,0));\r\n\t\t\t\t}\n<\/style><div class=\"td-block-width\"><div class=\"td-block-row\"><div class=\"td-block-span12 tdm-col\"><div class=\"tdm-image-wrap tdm-with-button tdm-btn-md-used\"><div class=\"tdm-image-border\"><span class=\"tdm-image-border0\"><\/span><span class=\"tdm-image-border1\"><\/span><span class=\"tdm-image-border2\"><\/span><\/div><div class=\"tdm-image-box lazyload\" style=\"background-image:inherit;\"  data-bg-image=\"url(&#039;https:\/\/the-slovenia.com\/wp-content\/uploads\/2020\/08\/M_LOZAR_DENK_DSC_0238-4-1200x797-e1521886296184.jpg&#039;)\"><\/div><div class=\"tdm-image-description\"><h3 class=\"tdm-title-md\">HEDONIZEM<\/h3><div class=\"tdm-image-meta\"><p>TO JE 50 NAJBOLJ\u0160IH RESTAVRACIJ V SLOVENIJI!<\/p>\n<style>\n\/* custom css - generated by TagDiv Composer *\/\n.tdi_72 i{\r\n\t\t\t\t\tfont-size: 18px;\r\n\t\t\t\t}body .tdi_72 .tdm-btn-icon:last-child{\r\n\t\t\t\t\tmargin-left: 14px;\r\n\t\t\t\t}.tdi_72{\r\n\t\t\t\t\tbox-shadow:  0px 2px 16px 0px rgba(0, 0, 0, 0.1);\r\n\t\t\t\t}.tdi_72:hover{\r\n\t\t\t\t\tbox-shadow:  0px 2px 26px 0px rgba(0, 0, 0, 0.1);\r\n\t\t\t\t}\n<\/style><div class=\"tds-button td-fix-index\"><a href=\"https:\/\/hedonizem.si\/to-je-50-najboljsih-restavracij-v-sloveniji\/\"  title=\"Preberite ve\u010d\" class=\"tds-button3 tdm-btn tdm-btn-md tdi_72 \" ><span class=\"tdm-btn-text\">Preberite ve\u010d<\/span><i class=\"tdm-btn-icon tdc-font-fa tdc-font-fa-graduation-cap\"><\/i><\/a><\/div><\/div><\/div><\/div><\/div><div class=\"clearfix\"><\/div><\/div><\/div><\/div><div class=\"tdm_block td_block_wrap tdm_block_image_info_box tdi_73 tdm-content-horiz-left tdm-content-vert-top td-image-info-box-style-2 td-pb-border-top td_block_template_1 tdm-mobile-full\"  data-td-block-uid=\"tdi_73\" >\n<style>\n\/* custom css - generated by TagDiv Composer *\/\n.tdi_73 .tdm-image-box{\r\n                    height: 210px;\r\n                }.tdi_73 .td-block-row .tdm-image-box:before{\r\n\t\t\t\t\tbackground: -webkit-linear-gradient(30deg,rgba(0,19,38,0.8),rgba(30,115,190,0));background: linear-gradient(30deg,rgba(0,19,38,0.8),rgba(30,115,190,0));\r\n\t\t\t\t}\n<\/style><div class=\"td-block-width\"><div class=\"td-block-row\"><div class=\"td-block-span12 tdm-col\"><div class=\"tdm-image-wrap tdm-with-button tdm-btn-md-used\"><div class=\"tdm-image-border\"><span class=\"tdm-image-border0\"><\/span><span class=\"tdm-image-border1\"><\/span><span class=\"tdm-image-border2\"><\/span><\/div><div class=\"tdm-image-box lazyload\" style=\"background-image:inherit;\"  data-bg-image=\"url(&#039;https:\/\/the-slovenia.com\/wp-content\/uploads\/2019\/09\/ana-ros-Dine-at-the-restaurant-of-the-worlds-best-female-chef-in-Kobarid.jpg&#039;)\"><\/div><div class=\"tdm-image-description\"><h3 class=\"tdm-title-md\">RTV SLO<\/h3><div class=\"tdm-image-meta\"><p>Naj slovenske restavracije so Gostilna pri Lojzetu, O\u0161terija Debeluh in Hi\u0161a Franko<\/p>\n<style>\n\/* custom css - generated by TagDiv Composer *\/\n.tdi_74 i{\r\n\t\t\t\t\tfont-size: 18px;\r\n\t\t\t\t}body .tdi_74 .tdm-btn-icon:last-child{\r\n\t\t\t\t\tmargin-left: 14px;\r\n\t\t\t\t}.tdi_74{\r\n\t\t\t\t\tbox-shadow:  0px 2px 16px 0px rgba(0, 0, 0, 0.1);\r\n\t\t\t\t}.tdi_74:hover{\r\n\t\t\t\t\tbox-shadow:  0px 2px 26px 0px rgba(0, 0, 0, 0.1);\r\n\t\t\t\t}\n<\/style><div class=\"tds-button td-fix-index\"><a href=\"https:\/\/www.rtvslo.si\/tureavanture\/kulinarika\/naj-slovenske-restavracije-so-gostilna-pri-lojzetu-osterija-debeluh-in-hisa-franko\/450135\"  title=\"Preberite ve\u010d\" class=\"tds-button3 tdm-btn tdm-btn-md tdi_74 \" ><span class=\"tdm-btn-text\">Preberite ve\u010d<\/span><i class=\"tdm-btn-icon tdc-font-fa tdc-font-fa-graduation-cap\"><\/i><\/a><\/div><\/div><\/div><\/div><\/div><div class=\"clearfix\"><\/div><\/div><\/div><\/div><div class=\"tdm_block td_block_wrap tdm_block_image_info_box tdi_75 tdm-content-horiz-left tdm-content-vert-top td-image-info-box-style-2 td-pb-border-top td_block_template_1 tdm-mobile-full\"  data-td-block-uid=\"tdi_75\" >\n<style>\n\/* custom css - generated by TagDiv Composer *\/\n.tdi_75 .tdm-image-box{\r\n                    height: 210px;\r\n                }.tdi_75 .td-block-row .tdm-image-box:before{\r\n\t\t\t\t\tbackground: -webkit-linear-gradient(30deg,rgba(0,19,38,0.8),rgba(30,115,190,0));background: linear-gradient(30deg,rgba(0,19,38,0.8),rgba(30,115,190,0));\r\n\t\t\t\t}\n<\/style><div class=\"td-block-width\"><div class=\"td-block-row\"><div class=\"td-block-span12 tdm-col\"><div class=\"tdm-image-wrap tdm-with-button tdm-btn-md-used\"><div class=\"tdm-image-border\"><span class=\"tdm-image-border0\"><\/span><span class=\"tdm-image-border1\"><\/span><span class=\"tdm-image-border2\"><\/span><\/div><div class=\"tdm-image-box lazyload\" style=\"background-image:inherit;\"  data-bg-image=\"url(&#039;https:\/\/the-slovenia.com\/wp-content\/uploads\/2020\/03\/second-second.jpg&#039;)\"><\/div><div class=\"tdm-image-description\"><h3 class=\"tdm-title-md\">HAD<\/h3><div class=\"tdm-image-meta\"><p>50 najbolj\u0161ih restavracij v Sloveniji<\/p>\n<style>\n\/* custom css - generated by TagDiv Composer *\/\n.tdi_76 i{\r\n\t\t\t\t\tfont-size: 18px;\r\n\t\t\t\t}body .tdi_76 .tdm-btn-icon:last-child{\r\n\t\t\t\t\tmargin-left: 14px;\r\n\t\t\t\t}.tdi_76{\r\n\t\t\t\t\tbox-shadow:  0px 2px 16px 0px rgba(0, 0, 0, 0.1);\r\n\t\t\t\t}.tdi_76:hover{\r\n\t\t\t\t\tbox-shadow:  0px 2px 26px 0px rgba(0, 0, 0, 0.1);\r\n\t\t\t\t}\n<\/style><div class=\"tds-button td-fix-index\"><a href=\"https:\/\/www.had.si\/blog\/2018\/03\/27\/50-najboljsih-restavracij-v-sloveniji-the-slovenia-restaurant-awards\/\"  title=\"Preberite ve\u010d\" class=\"tds-button3 tdm-btn tdm-btn-md tdi_76 \" ><span class=\"tdm-btn-text\">Preberite ve\u010d<\/span><i class=\"tdm-btn-icon tdc-font-fa tdc-font-fa-graduation-cap\"><\/i><\/a><\/div><\/div><\/div><\/div><\/div><div class=\"clearfix\"><\/div><\/div><\/div><\/div><div class=\"tdm_block td_block_wrap tdm_block_image_info_box tdi_77 tdm-content-horiz-left tdm-content-vert-top td-image-info-box-style-2 td-pb-border-top td_block_template_1 tdm-mobile-full\"  data-td-block-uid=\"tdi_77\" >\n<style>\n\/* custom css - generated by TagDiv Composer *\/\n.tdi_77 .tdm-image-box{\r\n                    height: 210px;\r\n                }.tdi_77 .td-block-row .tdm-image-box:before{\r\n\t\t\t\t\tbackground: -webkit-linear-gradient(30deg,rgba(0,19,38,0.8),rgba(30,115,190,0));background: linear-gradient(30deg,rgba(0,19,38,0.8),rgba(30,115,190,0));\r\n\t\t\t\t}\n<\/style><div class=\"td-block-width\"><div class=\"td-block-row\"><div class=\"td-block-span12 tdm-col\"><div class=\"tdm-image-wrap tdm-with-button tdm-btn-md-used\"><div class=\"tdm-image-border\"><span class=\"tdm-image-border0\"><\/span><span class=\"tdm-image-border1\"><\/span><span class=\"tdm-image-border2\"><\/span><\/div><div class=\"tdm-image-box lazyload\" style=\"background-image:inherit;\"  data-bg-image=\"url(&#039;https:\/\/the-slovenia.com\/wp-content\/uploads\/2020\/02\/Debeluh-PArma1.jpg&#039;)\"><\/div><div class=\"tdm-image-description\"><h3 class=\"tdm-title-md\">CITYLIFE.SI<\/h3><div class=\"tdm-image-meta\"><p>ZMAGOVALCI THE SLOVENIA RESTAURANT AWARDS 2018<\/p>\n<style>\n\/* custom css - generated by TagDiv Composer *\/\n.tdi_78 i{\r\n\t\t\t\t\tfont-size: 18px;\r\n\t\t\t\t}body .tdi_78 .tdm-btn-icon:last-child{\r\n\t\t\t\t\tmargin-left: 14px;\r\n\t\t\t\t}.tdi_78{\r\n\t\t\t\t\tbox-shadow:  0px 2px 16px 0px rgba(0, 0, 0, 0.1);\r\n\t\t\t\t}.tdi_78:hover{\r\n\t\t\t\t\tbox-shadow:  0px 2px 26px 0px rgba(0, 0, 0, 0.1);\r\n\t\t\t\t}\n<\/style><div class=\"tds-button td-fix-index\"><a href=\"https:\/\/www.citylife.si\/gourmet\/zmagovalci-the-slovenia-restaurant-awards-2018\"  title=\"Preberite ve\u010d\" class=\"tds-button3 tdm-btn tdm-btn-md tdi_78 \" ><span class=\"tdm-btn-text\">Preberite ve\u010d<\/span><i class=\"tdm-btn-icon tdc-font-fa tdc-font-fa-graduation-cap\"><\/i><\/a><\/div><\/div><\/div><\/div><\/div><div class=\"clearfix\"><\/div><\/div><\/div><\/div><div class=\"tdm_block td_block_wrap tdm_block_image_info_box tdi_79 tdm-content-horiz-left tdm-content-vert-top td-image-info-box-style-2 td-pb-border-top td_block_template_1 tdm-mobile-full\"  data-td-block-uid=\"tdi_79\" >\n<style>\n\/* custom css - generated by TagDiv Composer *\/\n.tdi_79 .tdm-image-box{\r\n                    height: 210px;\r\n                }.tdi_79 .td-block-row .tdm-image-box:before{\r\n\t\t\t\t\tbackground: -webkit-linear-gradient(30deg,rgba(0,19,38,0.8),rgba(30,115,190,0));background: linear-gradient(30deg,rgba(0,19,38,0.8),rgba(30,115,190,0));\r\n\t\t\t\t}\n<\/style><div class=\"td-block-width\"><div class=\"td-block-row\"><div class=\"td-block-span12 tdm-col\"><div class=\"tdm-image-wrap tdm-with-button tdm-btn-md-used\"><div class=\"tdm-image-border\"><span class=\"tdm-image-border0\"><\/span><span class=\"tdm-image-border1\"><\/span><span class=\"tdm-image-border2\"><\/span><\/div><div class=\"tdm-image-box lazyload\" style=\"background-image:inherit;\"  data-bg-image=\"url(&#039;https:\/\/the-slovenia.com\/wp-content\/uploads\/2020\/08\/2_f5a03b4585f648419dac80eb93662c5c.jpg&#039;)\"><\/div><div class=\"tdm-image-description\"><h3 class=\"tdm-title-md\">REGIONAL<\/h3><div class=\"tdm-image-meta\"><p>ZNANE NAJBOLJ\u0160E RESTAVRACIJE ZA LETO 2018: Kdo so zmagovalci v na\u0161i regiji?<\/p>\n<style>\n\/* custom css - generated by TagDiv Composer *\/\n.tdi_80 i{\r\n\t\t\t\t\tfont-size: 18px;\r\n\t\t\t\t}body .tdi_80 .tdm-btn-icon:last-child{\r\n\t\t\t\t\tmargin-left: 14px;\r\n\t\t\t\t}.tdi_80{\r\n\t\t\t\t\tbox-shadow:  0px 2px 16px 0px rgba(0, 0, 0, 0.1);\r\n\t\t\t\t}.tdi_80:hover{\r\n\t\t\t\t\tbox-shadow:  0px 2px 26px 0px rgba(0, 0, 0, 0.1);\r\n\t\t\t\t}\n<\/style><div class=\"tds-button td-fix-index\"><a href=\"https:\/\/www.citylife.si\/gourmet\/zmagovalci-the-slovenia-restaurant-awards-2018\"  title=\"Preberite ve\u010d\" class=\"tds-button3 tdm-btn tdm-btn-md tdi_80 \" ><span class=\"tdm-btn-text\">Preberite ve\u010d<\/span><i class=\"tdm-btn-icon tdc-font-fa tdc-font-fa-graduation-cap\"><\/i><\/a><\/div><\/div><\/div><\/div><\/div><div class=\"clearfix\"><\/div><\/div><\/div><\/div><\/div><\/div><\/div><\/div><\/div><\/div><!-- CONTENT END 1 -->\n","protected":false},"excerpt":{"rendered":"","protected":false},"author":13,"featured_media":0,"parent":0,"menu_order":0,"comment_status":"closed","ping_status":"closed","template":"","meta":{"_acf_changed":false,"footnotes":""},"class_list":["post-30217","page","type-page","status-publish"],"acf":[],"yoast_head":"<!-- This site is optimized with the Yoast SEO plugin v24.3 - https:\/\/yoast.com\/wordpress\/plugins\/seo\/ -->\n<title>Media - THE Slovenia<\/title>\n<meta name=\"robots\" content=\"index, follow, max-snippet:-1, max-image-preview:large, max-video-preview:-1\" \/>\n<link rel=\"canonical\" href=\"https:\/\/the-slovenia.com\/media\/\" \/>\n<meta property=\"og:locale\" content=\"en_US\" \/>\n<meta property=\"og:type\" content=\"article\" \/>\n<meta property=\"og:title\" content=\"Media - THE Slovenia\" \/>\n<meta property=\"og:url\" content=\"https:\/\/the-slovenia.com\/media\/\" \/>\n<meta property=\"og:site_name\" content=\"THE Slovenia\" \/>\n<meta property=\"article:publisher\" content=\"https:\/\/www.facebook.com\/THESLOVENIA\/?ref=br_rs\" \/>\n<meta property=\"article:modified_time\" content=\"2020-08-17T11:06:31+00:00\" \/>\n<meta name=\"twitter:card\" content=\"summary_large_image\" \/>\n<meta name=\"twitter:label1\" content=\"Est. reading time\" \/>\n\t<meta name=\"twitter:data1\" content=\"17 minutes\" \/>\n<script type=\"application\/ld+json\" class=\"yoast-schema-graph\">{\"@context\":\"https:\/\/schema.org\",\"@graph\":[{\"@type\":\"WebPage\",\"@id\":\"https:\/\/the-slovenia.com\/media\/\",\"url\":\"https:\/\/the-slovenia.com\/media\/\",\"name\":\"Media - THE Slovenia\",\"isPartOf\":{\"@id\":\"https:\/\/the-slovenia.com\/#website\"},\"datePublished\":\"2020-03-04T18:02:06+00:00\",\"dateModified\":\"2020-08-17T11:06:31+00:00\",\"inLanguage\":\"en-US\",\"potentialAction\":[{\"@type\":\"ReadAction\",\"target\":[\"https:\/\/the-slovenia.com\/media\/\"]}]},{\"@type\":\"WebSite\",\"@id\":\"https:\/\/the-slovenia.com\/#website\",\"url\":\"https:\/\/the-slovenia.com\/\",\"name\":\"THE Slovenia\",\"description\":\"\",\"publisher\":{\"@id\":\"https:\/\/the-slovenia.com\/#organization\"},\"potentialAction\":[{\"@type\":\"SearchAction\",\"target\":{\"@type\":\"EntryPoint\",\"urlTemplate\":\"https:\/\/the-slovenia.com\/?s={search_term_string}\"},\"query-input\":{\"@type\":\"PropertyValueSpecification\",\"valueRequired\":true,\"valueName\":\"search_term_string\"}}],\"inLanguage\":\"en-US\"},{\"@type\":\"Organization\",\"@id\":\"https:\/\/the-slovenia.com\/#organization\",\"name\":\"THE Slovenia\",\"url\":\"https:\/\/the-slovenia.com\/\",\"logo\":{\"@type\":\"ImageObject\",\"inLanguage\":\"en-US\",\"@id\":\"https:\/\/the-slovenia.com\/#\/schema\/logo\/image\/\",\"url\":\"https:\/\/the-slovenia.com\/wp-content\/uploads\/2020\/02\/THE_logo_final_beli_napis.jpg\",\"contentUrl\":\"https:\/\/the-slovenia.com\/wp-content\/uploads\/2020\/02\/THE_logo_final_beli_napis.jpg\",\"width\":1535,\"height\":1574,\"caption\":\"THE Slovenia\"},\"image\":{\"@id\":\"https:\/\/the-slovenia.com\/#\/schema\/logo\/image\/\"},\"sameAs\":[\"https:\/\/www.facebook.com\/THESLOVENIA\/?ref=br_rs\",\"https:\/\/www.instagram.com\/the.slovenia\/\",\"https:\/\/www.linkedin.com\/company\/the-slovenia\/\"]}]}<\/script>\n<!-- \/ Yoast SEO plugin. -->","yoast_head_json":{"title":"Media - THE Slovenia","robots":{"index":"index","follow":"follow","max-snippet":"max-snippet:-1","max-image-preview":"max-image-preview:large","max-video-preview":"max-video-preview:-1"},"canonical":"https:\/\/the-slovenia.com\/media\/","og_locale":"en_US","og_type":"article","og_title":"Media - THE Slovenia","og_url":"https:\/\/the-slovenia.com\/media\/","og_site_name":"THE Slovenia","article_publisher":"https:\/\/www.facebook.com\/THESLOVENIA\/?ref=br_rs","article_modified_time":"2020-08-17T11:06:31+00:00","twitter_card":"summary_large_image","twitter_misc":{"Est. reading time":"17 minutes"},"schema":{"@context":"https:\/\/schema.org","@graph":[{"@type":"WebPage","@id":"https:\/\/the-slovenia.com\/media\/","url":"https:\/\/the-slovenia.com\/media\/","name":"Media - THE Slovenia","isPartOf":{"@id":"https:\/\/the-slovenia.com\/#website"},"datePublished":"2020-03-04T18:02:06+00:00","dateModified":"2020-08-17T11:06:31+00:00","inLanguage":"en-US","potentialAction":[{"@type":"ReadAction","target":["https:\/\/the-slovenia.com\/media\/"]}]},{"@type":"WebSite","@id":"https:\/\/the-slovenia.com\/#website","url":"https:\/\/the-slovenia.com\/","name":"THE Slovenia","description":"","publisher":{"@id":"https:\/\/the-slovenia.com\/#organization"},"potentialAction":[{"@type":"SearchAction","target":{"@type":"EntryPoint","urlTemplate":"https:\/\/the-slovenia.com\/?s={search_term_string}"},"query-input":{"@type":"PropertyValueSpecification","valueRequired":true,"valueName":"search_term_string"}}],"inLanguage":"en-US"},{"@type":"Organization","@id":"https:\/\/the-slovenia.com\/#organization","name":"THE Slovenia","url":"https:\/\/the-slovenia.com\/","logo":{"@type":"ImageObject","inLanguage":"en-US","@id":"https:\/\/the-slovenia.com\/#\/schema\/logo\/image\/","url":"https:\/\/the-slovenia.com\/wp-content\/uploads\/2020\/02\/THE_logo_final_beli_napis.jpg","contentUrl":"https:\/\/the-slovenia.com\/wp-content\/uploads\/2020\/02\/THE_logo_final_beli_napis.jpg","width":1535,"height":1574,"caption":"THE Slovenia"},"image":{"@id":"https:\/\/the-slovenia.com\/#\/schema\/logo\/image\/"},"sameAs":["https:\/\/www.facebook.com\/THESLOVENIA\/?ref=br_rs","https:\/\/www.instagram.com\/the.slovenia\/","https:\/\/www.linkedin.com\/company\/the-slovenia\/"]}]}},"_links":{"self":[{"href":"https:\/\/the-slovenia.com\/en\/wp-json\/wp\/v2\/pages\/30217","targetHints":{"allow":["GET"]}}],"collection":[{"href":"https:\/\/the-slovenia.com\/en\/wp-json\/wp\/v2\/pages"}],"about":[{"href":"https:\/\/the-slovenia.com\/en\/wp-json\/wp\/v2\/types\/page"}],"author":[{"embeddable":true,"href":"https:\/\/the-slovenia.com\/en\/wp-json\/wp\/v2\/users\/13"}],"replies":[{"embeddable":true,"href":"https:\/\/the-slovenia.com\/en\/wp-json\/wp\/v2\/comments?post=30217"}],"version-history":[{"count":0,"href":"https:\/\/the-slovenia.com\/en\/wp-json\/wp\/v2\/pages\/30217\/revisions"}],"wp:attachment":[{"href":"https:\/\/the-slovenia.com\/en\/wp-json\/wp\/v2\/media?parent=30217"}],"curies":[{"name":"wp","href":"https:\/\/api.w.org\/{rel}","templated":true}]}}