{"id":21854,"date":"2020-01-31T00:01:34","date_gmt":"2020-01-31T00:01:34","guid":{"rendered":"http:\/\/the-slovenia.com\/v2\/?page_id=21854"},"modified":"2024-06-14T09:11:12","modified_gmt":"2024-06-14T07:11:12","slug":"events-in-slovenia","status":"publish","type":"page","link":"https:\/\/the-slovenia.com\/en\/events-in-slovenia\/","title":{"rendered":"Events in Slovenia"},"content":{"rendered":"<div id=\"tdi_1\" class=\"tdc-zone\"><div class=\"tdc_zone tdi_2  wpb_row td-pb-row\"  >\n<style scoped>\n\/* custom css - generated by TagDiv Composer *\/\n\n\/* custom css - generated by TagDiv Composer *\/\n.tdi_2{\r\n                    min-height: 0;\r\n                }\n<\/style><div id=\"tdi_3\" class=\"tdc-row\"><div class=\"vc_row tdi_4 container wpb_row td-pb-row\" >\n<style scoped>\n\/* custom css - generated by TagDiv Composer *\/\n\n\/* custom css - generated by TagDiv Composer *\/\n.tdi_4,\r\n                .tdi_4 .tdc-columns{\r\n                    min-height: 0;\r\n                }.tdi_4,\r\n\t\t\t\t.tdi_4 .tdc-columns{\r\n\t\t\t\t    display: block;\r\n\t\t\t\t}.tdi_4 .tdc-columns{\r\n\t\t\t\t    width: 100%;\r\n\t\t\t\t}.tdi_4:before,\r\n\t\t\t\t.tdi_4:after{\r\n\t\t\t\t    display: table;\r\n\t\t\t\t}\n<\/style><div class=\"vc_column tdi_6 container wpb_column vc_column_container tdc-column td-pb-span12\">\n<style scoped>\n\/* custom css - generated by TagDiv Composer *\/\n\n\/* custom css - generated by TagDiv Composer *\/\n.tdi_6{\r\n                    vertical-align: baseline;\r\n                }.tdi_6 > .wpb_wrapper,\r\n\t\t\t\t.tdi_6 > .wpb_wrapper > .tdc-elements{\r\n\t\t\t\t    display: block;\r\n\t\t\t\t}.tdi_6 > .wpb_wrapper > .tdc-elements{\r\n\t\t\t\t    width: 100%;\r\n\t\t\t\t}.tdi_6 > .wpb_wrapper > .vc_row_inner{\r\n\t\t\t\t    width: auto;\r\n\t\t\t\t}.tdi_6 > .wpb_wrapper{\r\n\t\t\t\t    width: auto;\r\n\t\t\t\t    height: auto;\r\n\t\t\t\t}\n<\/style><div class=\"wpb_wrapper\" ><div class=\"td_block_wrap tdb_title tdi_7 tdb-page-title td-pb-border-top td_block_template_1\"  data-td-block-uid=\"tdi_7\" >\n<style>\n\/* custom css - generated by TagDiv Composer *\/\n.tdb_title{\r\n                  margin-bottom: 19px;\r\n                }.tdb_title.tdb-content-horiz-center{\r\n                  text-align: center;\r\n                }.tdb_title.tdb-content-horiz-center .tdb-title-line{\r\n                  margin: 0 auto;\r\n                }.tdb_title.tdb-content-horiz-right{\r\n                  text-align: right;\r\n                }.tdb_title.tdb-content-horiz-right .tdb-title-line{\r\n                  margin-left: auto;\r\n                  margin-right: 0;\r\n                }.tdb-title-text{\r\n                  display: inline-block;\r\n                  position: relative;\r\n                  margin: 0;\r\n                  word-wrap: break-word;\r\n                  font-size: 30px;\r\n                  line-height: 38px;\r\n                  font-weight: 700;\r\n                }.tdb-first-letter{\r\n                  position: absolute;\r\n                  -webkit-user-select: none;\r\n                  user-select: none;\r\n                  pointer-events: none;\r\n                  text-transform: uppercase;\r\n                  color: rgba(0, 0, 0, 0.08);\r\n                  font-size: 6em;\r\n                  font-weight: 300;\r\n                  top: 50%;\r\n                  -webkit-transform: translateY(-50%);\r\n                  transform: translateY(-50%);\r\n                  left: -0.36em;\r\n                  z-index: -1;\r\n                  -webkit-text-fill-color: initial;\r\n                }.tdb-title-line{\r\n                  display: none;\r\n                  position: relative;\r\n                }.tdb-title-line:after{\r\n                  content: '';\r\n                  width: 100%;\r\n                  position: absolute;\r\n                  background-color: var(--td_theme_color, #4db2ec);\r\n                  top: 0;\r\n                  left: 0;\r\n                  margin: auto;\r\n                }.tdi_7 .tdb-title-line:after{\r\n\t\t\t\t\theight: 2px;\r\n\t\t\t\t\r\n\t\t\t\t\tbottom: 40%;\r\n\t\t\t\t}.tdi_7 .tdb-title-line{\r\n\t\t\t\t\theight: 50px;\r\n\t\t\t\t}.td-theme-wrap .tdi_7{\r\n\t\t\t\t\ttext-align: left;\r\n\t\t\t\t}.tdi_7 .tdb-first-letter{\r\n\t\t\t\t\tleft: -0.36em;\r\n\t\t\t\t\tright: auto;\r\n\t\t\t\t}\n<\/style><div class=\"tdb-block-inner td-fix-index\"><h1 class=\"tdb-title-text\">Sample Page Title<\/h1><div><\/div><div class=\"tdb-title-line\"><\/div><\/div><\/div><div class=\"td_block_wrap tdb_header_date tdi_8 td-pb-border-top td_block_template_1 tdb-header-align\"  data-td-block-uid=\"tdi_8\" >\n<style>\n\/* custom css - generated by TagDiv Composer *\/\n.tdb-header-align{\r\n                  vertical-align: middle;\r\n                }.tdb_header_date{\r\n                  margin-bottom: 0;\r\n                  clear: none;\r\n                }.tdb_header_date .tdb-block-inner{\r\n                  display: flex;\r\n                  align-items: baseline;\r\n                }.tdb_header_date .tdb-head-date-txt{\r\n                  font-family: var(--td_default_google_font_1, 'Open Sans', 'Open Sans Regular', sans-serif);\r\n                  font-size: 11px;\r\n                  line-height: 1;\r\n                  color: #000;\r\n                }.tdi_8{\r\n                    display: inline-block;\r\n                }.tdi_8 .tdb-head-date-txt{\r\n                    color: #999999;\r\n                }\n<\/style><div class=\"tdb-block-inner td-fix-index\"><div class=\"tdb-head-date-txt\">Wednesday, September 2, 2026<\/div><\/div><\/div> <!-- .\/block --><div class=\"wpb_wrapper wpb_text_column td_block_wrap td_block_wrap vc_column_text tdi_9  tagdiv-type td-pb-border-top td_block_template_1\"  data-td-block-uid=\"tdi_9\" >\n<style>\n\/* custom css - generated by TagDiv Composer *\/\n.vc_column_text > .td-element-style{\r\n\t\t\t\t\tz-index: -1;\r\n\t\t\t\t}\n<\/style><div class=\"td-fix-index\"><p>Slovenia is a lively country with many different\u00a0<strong>events and festivals across the country<\/strong>, which provide entertainmnet for all tastes and interests. Check THE ultimate guide to\u00a0<u>events in Slovenia<\/u>,\u00a0<u>Ljubljana\u00a0events<\/u>\u00a0or other cities, with\u00a0<strong>daily updates<\/strong>\u00a0and a wide range of categories to choose from, including\u00a0<u>Business<\/u>,\u00a0<u>Culinary<\/u>,\u00a0<u>Culture<\/u>,\u00a0<u>Education<\/u>,\u00a0<u>Experience<\/u>,\u00a0<u>Fair<\/u>,\u00a0<u>Family<\/u>,\u00a0<u>Music<\/u>,\u00a0<u>Shopping<\/u>\u00a0or\u00a0<u><wbr \/>Sport<\/u>\u00a0events and much more.<\/p>\n<\/div><\/div><div class=\"td_block_wrap td_block_title tdi_10 td-pb-border-top td_block_template_1 td-fix-index\"  data-td-block-uid=\"tdi_10\" ><div class=\"td-block-title-wrap\"><h2 class=\"block-title td-block-title\"><span class=\"td-pulldown-size\">LATEST NEWS ABOUT EVENTS IN SLOVENIA<\/span><\/h2><\/div><\/div><div class=\"td_block_wrap td_block_big_grid_fl_3 tdi_11 td-grid-style-1 td-hover-1 td-big-grids-fl td-big-grids-margin td-pb-border-top td_block_template_1\"  data-td-block-uid=\"tdi_11\" ><div id=tdi_11 class=\"td_block_inner\"><div class=\"td-big-grid-wrapper td-posts-3\">\r\n        <div class=\"td_module_mx20 td_module_wrap td-animation-stack td-big-grid-post-0 td-big-grid-post td-mx-19\">\r\n            <div class=\"td-module-image\">\r\n                <div class=\"td-module-thumb\"><a href=\"https:\/\/the-slovenia.com\/en\/gastronomy\/union-experience-ljubljana\/\"  rel=\"bookmark\" class=\"td-image-wrap \" title=\"Union Experience Ljubljana: The Complete Guide to Ljubljana\u2019s Legendary Brewery Experience\" ><span class=\"entry-thumb td-thumb-css\" data-type=\"css_image\" data-img-url=\"https:\/\/the-slovenia.com\/wp-content\/uploads\/2026\/08\/home-hero-v7-1-1068x600-1-696x391.jpg\"  ><\/span><\/a><\/div>            <\/div>\r\n\r\n            <div class=\"td-meta-info-container\">\r\n                <div class=\"td-meta-align\">\r\n                    <div class=\"td-big-grid-meta\">\r\n                                                <h3 class=\"entry-title td-module-title\"><a href=\"https:\/\/the-slovenia.com\/en\/gastronomy\/union-experience-ljubljana\/\"  rel=\"bookmark\" title=\"Union Experience Ljubljana: The Complete Guide to Ljubljana\u2019s Legendary Brewery Experience\">Union Experience Ljubljana: The Complete Guide to Ljubljana\u2019s Legendary Brewery Experience<\/a><\/h3>                    <\/div>\r\n\r\n                    <div class=\"td-module-meta-info\">\r\n                        <span class=\"td-post-author-name\"><a href=\"https:\/\/the-slovenia.com\/en\/author\/tia-b\/\">Tia B<\/a> <span>-<\/span> <\/span>                        <span class=\"td-post-date\"><time class=\"entry-date updated td-module-date\" datetime=\"2026-08-29T15:31:23+02:00\" >August 29, 2026<\/time><\/span>                    <\/div>\r\n                <\/div>\r\n            <\/div>\r\n        <\/div>\r\n\r\n        \r\n        <div class=\"td_module_mx20 td_module_wrap td-animation-stack td-big-grid-post-1 td-big-grid-post td-mx-19\">\r\n            <div class=\"td-module-image\">\r\n                <div class=\"td-module-thumb\"><a href=\"https:\/\/the-slovenia.com\/en\/lifestyle\/music-lifestyle\/severina-pula-arena-concert\/\"  rel=\"bookmark\" class=\"td-image-wrap \" title=\"Severina\u2019s Pula Arena Concert Is Sold Out: A Major Summer Event Near Slovenia\" ><span class=\"entry-thumb td-thumb-css\" data-type=\"css_image\" data-img-url=\"https:\/\/the-slovenia.com\/wp-content\/uploads\/2026\/08\/severina_pula-1920x1080_polozeni.jpg__1000x500_q92_crop_subsampling-2_upscale-696x348.jpg\"  ><\/span><\/a><\/div>            <\/div>\r\n\r\n            <div class=\"td-meta-info-container\">\r\n                <div class=\"td-meta-align\">\r\n                    <div class=\"td-big-grid-meta\">\r\n                                                <h3 class=\"entry-title td-module-title\"><a href=\"https:\/\/the-slovenia.com\/en\/lifestyle\/music-lifestyle\/severina-pula-arena-concert\/\"  rel=\"bookmark\" title=\"Severina\u2019s Pula Arena Concert Is Sold Out: A Major Summer Event Near Slovenia\">Severina\u2019s Pula Arena Concert Is Sold Out: A Major Summer Event Near Slovenia<\/a><\/h3>                    <\/div>\r\n\r\n                    <div class=\"td-module-meta-info\">\r\n                        <span class=\"td-post-author-name\"><a href=\"https:\/\/the-slovenia.com\/en\/author\/anja-n\/\">Anja Novak<\/a> <span>-<\/span> <\/span>                        <span class=\"td-post-date\"><time class=\"entry-date updated td-module-date\" datetime=\"2026-08-03T13:19:39+02:00\" >August 3, 2026<\/time><\/span>                    <\/div>\r\n                <\/div>\r\n            <\/div>\r\n        <\/div>\r\n\r\n        \r\n        <div class=\"td_module_mx20 td_module_wrap td-animation-stack td-big-grid-post-2 td-big-grid-post td-mx-19\">\r\n            <div class=\"td-module-image\">\r\n                <div class=\"td-module-thumb\"><a href=\"https:\/\/the-slovenia.com\/en\/featured\/los-angeles-lakers-are-coming-to-slovenia\/\"  rel=\"bookmark\" class=\"td-image-wrap \" title=\"Los Angeles Lakers Are Coming to Slovenia!\" ><span class=\"entry-thumb td-thumb-css\" data-type=\"css_image\" data-img-url=\"https:\/\/the-slovenia.com\/wp-content\/uploads\/2026\/08\/ChatGPT-Image-2.-avg.-2026-10_22_20-696x392.png\"  ><\/span><\/a><\/div>            <\/div>\r\n\r\n            <div class=\"td-meta-info-container\">\r\n                <div class=\"td-meta-align\">\r\n                    <div class=\"td-big-grid-meta\">\r\n                                                <h3 class=\"entry-title td-module-title\"><a href=\"https:\/\/the-slovenia.com\/en\/featured\/los-angeles-lakers-are-coming-to-slovenia\/\"  rel=\"bookmark\" title=\"Los Angeles Lakers Are Coming to Slovenia!\">Los Angeles Lakers Are Coming to Slovenia!<\/a><\/h3>                    <\/div>\r\n\r\n                    <div class=\"td-module-meta-info\">\r\n                        <span class=\"td-post-author-name\"><a href=\"https:\/\/the-slovenia.com\/en\/author\/tia-b\/\">Tia B<\/a> <span>-<\/span> <\/span>                        <span class=\"td-post-date\"><time class=\"entry-date updated td-module-date\" datetime=\"2026-08-02T16:27:07+02:00\" >August 2, 2026<\/time><\/span>                    <\/div>\r\n                <\/div>\r\n            <\/div>\r\n        <\/div>\r\n\r\n        <div class=\"clearfix\"><\/div><\/div><\/div><\/div> <!-- .\/block --><div class=\"td_block_wrap td_block_text_with_title tdi_12 tagdiv-type td-pb-border-top td_block_template_1\"  data-td-block-uid=\"tdi_12\" >\n<style>\n\/* custom css - generated by TagDiv Composer *\/\n.td_block_text_with_title{\r\n                  margin-bottom: 44px;\r\n                  -webkit-transform: translateZ(0);\r\n                  transform: translateZ(0);\r\n                }.td_block_text_with_title p:last-child{\r\n                  margin-bottom: 0;\r\n                }\n<\/style><div class=\"td-block-title-wrap\"><\/div><div class=\"td_mod_wrap td-fix-index\"><div>\n<h1>Find the best events in Slovenia<\/h1>\n<p>Check out <strong>the best compilation of Slovenia&#8217;s events<\/strong> exclusively on our website. Our <strong>Events Calendar<\/strong> is the go-to destination for the best collection of events in Slovenia you&#8217;ll find anywhere. Effortlessly filter and <strong>explore your favorite events by city, venue, date, or category<\/strong> and always stay up to date with the best events across the country.<\/div>\n<\/div><\/div><\/div><\/div><\/div><\/div><div id=\"tdi_13\" class=\"tdc-row\"><div class=\"vc_row tdi_14  wpb_row td-pb-row\" >\n<style scoped>\n\/* custom css - generated by TagDiv Composer *\/\n\n\/* custom css - generated by TagDiv Composer *\/\n.tdi_14,\r\n                .tdi_14 .tdc-columns{\r\n                    min-height: 0;\r\n                }.tdi_14,\r\n\t\t\t\t.tdi_14 .tdc-columns{\r\n\t\t\t\t    display: block;\r\n\t\t\t\t}.tdi_14 .tdc-columns{\r\n\t\t\t\t    width: 100%;\r\n\t\t\t\t}.tdi_14:before,\r\n\t\t\t\t.tdi_14:after{\r\n\t\t\t\t    display: table;\r\n\t\t\t\t}\n<\/style><div class=\"vc_column tdi_16  wpb_column vc_column_container tdc-column td-pb-span4\">\n<style scoped>\n\/* custom css - generated by TagDiv Composer *\/\n\n\/* custom css - generated by TagDiv Composer *\/\n.tdi_16{\r\n                    vertical-align: baseline;\r\n                }.tdi_16 > .wpb_wrapper,\r\n\t\t\t\t.tdi_16 > .wpb_wrapper > .tdc-elements{\r\n\t\t\t\t    display: block;\r\n\t\t\t\t}.tdi_16 > .wpb_wrapper > .tdc-elements{\r\n\t\t\t\t    width: 100%;\r\n\t\t\t\t}.tdi_16 > .wpb_wrapper > .vc_row_inner{\r\n\t\t\t\t    width: auto;\r\n\t\t\t\t}.tdi_16 > .wpb_wrapper{\r\n\t\t\t\t    width: auto;\r\n\t\t\t\t    height: auto;\r\n\t\t\t\t}\n<\/style><div class=\"wpb_wrapper\" ><div class=\"wpb_wrapper td_block_wrap tdc_woo_shortcodes tdi_18 \">\n<style scoped>\n\/* custom css - generated by TagDiv Composer *\/\n\n\/* custom css - generated by TagDiv Composer *\/\n.tdi_18 ul.products{\r\n                    margin-left: -20px;\r\n                    margin-right: -20px;\r\n                }.tdi_18 ul.products li.product{\r\n                    padding-left: 20px;\r\n                    padding-right: 20px;\r\n                }\n<\/style><div class=\"td-fix-index\">\n\t<div class=\"event-filter-button--wrapper\">\n\t\t<span class=\"event-filter-button js-toggle-filter-button\">\n\t\t\tFilter\n\t\t<\/span>\n\t<\/div>\n\n\t<script>\n\t\t$ = jQuery;\n\n\t\t$('.js-toggle-filter-button').on('click', function(e) {\n\t\t\te.preventDefault();\n\t\t\t$('.js-toggle-filter').toggle();\n\t\t\t\n\t\t});\n\t<\/script>\n\n\t<div class=\"event-filter js-toggle-filter\">\n\n\t\n\t\t<div class=\"event-filter-categories js-filter-categories\">\n\t\t\t<div class=\"event-filter-label\">\n\t\t\t\t<strong><label>Category<\/label><\/strong>\n\t\t\t<\/div>\n\t\t\t<div class=\"event-filter-details\">\n\t\t\t\t<div class=\"event-filter-details--wrapper\">\n\n\t\t\t\t\t\n\t\t\t\t\t<input class=\"event-filter-search js-search-category\" placeholder=\"Search\" type=\"text\" \/>\n\t\t\t\t\t<div class=\"event-filter-categories__items\">\n\t\t\t\t\t\t<div class=\"event-filter-categories-items__item js-filter-item\" data-type=\"category\" data-item=\"ballet-and-modern-dance\">Ballet and modern dance<\/div><div class=\"event-filter-categories-items__item js-filter-item\" data-type=\"category\" data-item=\"concerts\">Concerts<\/div><div class=\"event-filter-categories-items__item js-filter-item\" data-type=\"category\" data-item=\"culinary\">Culinary<\/div><div class=\"event-filter-categories-items__item js-filter-item\" data-type=\"category\" data-item=\"culture\">Culture<\/div><div class=\"event-filter-categories-items__item js-filter-item\" data-type=\"category\" data-item=\"druzenje-en\">Dru\u017eenje<\/div><div class=\"event-filter-categories-items__item js-filter-item\" data-type=\"category\" data-item=\"events-for-kids\">Events for kids<\/div><div class=\"event-filter-categories-items__item js-filter-item\" data-type=\"category\" data-item=\"experience-en\">Experience<\/div><div class=\"event-filter-categories-items__item js-filter-item\" data-type=\"category\" data-item=\"fair\">Fair<\/div><div class=\"event-filter-categories-items__item js-filter-item\" data-type=\"category\" data-item=\"family\">Family<\/div><div class=\"event-filter-categories-items__item js-filter-item\" data-type=\"category\" data-item=\"family-events\">Family events<\/div><div class=\"event-filter-categories-items__item js-filter-item\" data-type=\"category\" data-item=\"family-fun\">Family fun<\/div><div class=\"event-filter-categories-items__item js-filter-item\" data-type=\"category\" data-item=\"festivals\">Festivals<\/div><div class=\"event-filter-categories-items__item js-filter-item\" data-type=\"category\" data-item=\"film-en\">Film<\/div><div class=\"event-filter-categories-items__item js-filter-item\" data-type=\"category\" data-item=\"glasba-en\">Glasba<\/div><div class=\"event-filter-categories-items__item js-filter-item\" data-type=\"category\" data-item=\"koncerti-en\">Koncerti<\/div><div class=\"event-filter-categories-items__item js-filter-item\" data-type=\"category\" data-item=\"music\">Music<\/div><div class=\"event-filter-categories-items__item js-filter-item\" data-type=\"category\" data-item=\"opera-en\">Opera<\/div><div class=\"event-filter-categories-items__item js-filter-item\" data-type=\"category\" data-item=\"sport-en\">Sport<\/div><div class=\"event-filter-categories-items__item js-filter-item\" data-type=\"category\" data-item=\"sports\">Sports<\/div><div class=\"event-filter-categories-items__item js-filter-item\" data-type=\"category\" data-item=\"theater\">Theater<\/div>\t\t\t\t\t<\/div>\n\t\t\t\t<\/div>\n\t\t\t<\/div>\n\t\t\t\n\t\t\t\n\t\t<\/div>\n\n\t\t\t<!--<div class=\"event-filter-venues js-filter-venues\">\n\t\t\t<div class=\"event-filter-label\">\n\t\t\t\t<strong><label>Venue<\/label><\/strong>\n\t\t\t<\/div>\n\t\t\t<div class=\"event-filter-details\">\n\t\t\t\t<input class=\"event-filter-search js-search-venue\" placeholder=\"Search\" type=\"text\" \/>\n\t\t\t\t<div class=\"event-filter-venues__items\">\n\t\t\t\t\t\t\t\t\t\t\t<div class=\"event-filter-venues-items__item js-filter-item\" data-type=\"venue\" data-item=\"revelation-of-draigvala-initiation-for-the-awakened\">Revelation of Draigvala: Initiation for the Awakened<\/div>\n\t\t\t\t\t\t\t\t\t\t\t<div class=\"event-filter-venues-items__item js-filter-item\" data-type=\"venue\" data-item=\"kranjska-gora-wtt-international-tennis-tournament\">Kranjska Gora: WTT international tennis tournament<\/div>\n\t\t\t\t\t\t\t\t\t\t\t<div class=\"event-filter-venues-items__item js-filter-item\" data-type=\"venue\" data-item=\"tajni-agent\">O Agente Secreto<\/div>\n\t\t\t\t\t\t\t\t\t\t\t<div class=\"event-filter-venues-items__item js-filter-item\" data-type=\"venue\" data-item=\"belo-se-pere-na-devetsedet\">Whites wash at ninety<\/div>\n\t\t\t\t\t\t\t\t\t\t\t<div class=\"event-filter-venues-items__item js-filter-item\" data-type=\"venue\" data-item=\"mamma-mia-muzikal\">Mamma Mia!, musical<\/div>\n\t\t\t\t\t\t\t\t\t\t\t<div class=\"event-filter-venues-items__item js-filter-item\" data-type=\"venue\" data-item=\"salon-sauvignon-2026\">Salon Sauvignon 2026<\/div>\n\t\t\t\t\t\t\t\t\t\t\t<div class=\"event-filter-venues-items__item js-filter-item\" data-type=\"venue\" data-item=\"ohcet\">The Wedding<\/div>\n\t\t\t\t\t\t\t\t\t\t\t<div class=\"event-filter-venues-items__item js-filter-item\" data-type=\"venue\" data-item=\"ljubljana-festival-na-ljubljanici-4\">Ljubljana Festival on the Ljubljanica<\/div>\n\t\t\t\t\t\t\t\t\t\t\t<div class=\"event-filter-venues-items__item js-filter-item\" data-type=\"venue\" data-item=\"otvoritev-74-ljubljana-festivala\">Opening of the 74th\u00a0Ljubljana Festival<\/div>\n\t\t\t\t\t\t\t\t\t\t\t<div class=\"event-filter-venues-items__item js-filter-item\" data-type=\"venue\" data-item=\"neisha-s-simfonicnim-orkestrom-rtv-slovenije\">Neisha with the RTV Slovenia Symphony Orchestra<\/div>\n\t\t\t\t\t\t\t\t\t\t\t<div class=\"event-filter-venues-items__item js-filter-item\" data-type=\"venue\" data-item=\"miha-kralj-elektronska-glasba\">Miha Kralj, electronic music<\/div>\n\t\t\t\t\t\t\t\t\t\t\t<div class=\"event-filter-venues-items__item js-filter-item\" data-type=\"venue\" data-item=\"poletna-noc-oto-pestner-70-let\">Summer Night: Oto Pestner \u2013 70 years<\/div>\n\t\t\t\t\t\t\t\t\t\t\t<div class=\"event-filter-venues-items__item js-filter-item\" data-type=\"venue\" data-item=\"xxix-mednarodna-likovna-kolonija\">XXIX. International Arts Colony<\/div>\n\t\t\t\t\t\t\t\t\t\t\t<div class=\"event-filter-venues-items__item js-filter-item\" data-type=\"venue\" data-item=\"mala-likovna-kolonija\">Little Arts Colony<\/div>\n\t\t\t\t\t\t\t\t\t\t\t<div class=\"event-filter-venues-items__item js-filter-item\" data-type=\"venue\" data-item=\"opera-balet-sng-maribor-evita-muzikal\">SNG Maribor Opera And Ballet: Evita<\/div>\n\t\t\t\t\t\t\t\t\t\t\t<div class=\"event-filter-venues-items__item js-filter-item\" data-type=\"venue\" data-item=\"terence-blanchard-ravi-coltrane\">Terence Blanchard &amp; Ravi Coltrane<\/div>\n\t\t\t\t\t\t\t\t\t\t\t<div class=\"event-filter-venues-items__item js-filter-item\" data-type=\"venue\" data-item=\"camille-saint-saens-samson-in-dalila-koncertna-izvedba\">Camille Sain-Sa\u00ebns: Samson and Delilah, concert version<\/div>\n\t\t\t\t\t\t\t\t\t\t\t<div class=\"event-filter-venues-items__item js-filter-item\" data-type=\"venue\" data-item=\"predani-korakom\">Committed to Steps<\/div>\n\t\t\t\t\t\t\t\t\t\t\t<div class=\"event-filter-venues-items__item js-filter-item\" data-type=\"venue\" data-item=\"4-bellows-4-tales\">4 Bellows 4 Tales<\/div>\n\t\t\t\t\t\t\t\t\t\t\t<div class=\"event-filter-venues-items__item js-filter-item\" data-type=\"venue\" data-item=\"mahler-in-ljubljana-titan\">Mahler in Ljubljana: Titan<\/div>\n\t\t\t\t\t\t\t\t\t\t\t<div class=\"event-filter-venues-items__item js-filter-item\" data-type=\"venue\" data-item=\"berlin-nonet\">Berlin nonet<\/div>\n\t\t\t\t\t\t\t\t\t\t\t<div class=\"event-filter-venues-items__item js-filter-item\" data-type=\"venue\" data-item=\"slovenian-harp-quartet-sih4rps\">Slovenian Harp Quartet SIH4RPS<\/div>\n\t\t\t\t\t\t\t\t\t\t\t<div class=\"event-filter-venues-items__item js-filter-item\" data-type=\"venue\" data-item=\"we-want-miles\">We want Miles!<\/div>\n\t\t\t\t\t\t\t\t\t\t\t<div class=\"event-filter-venues-items__item js-filter-item\" data-type=\"venue\" data-item=\"gaetano-donizetti-lelisir-damore\">Gaetano Donizetti: L&#8217;elisir d&#8217;amore<\/div>\n\t\t\t\t\t\t\t\t\t\t\t<div class=\"event-filter-venues-items__item js-filter-item\" data-type=\"venue\" data-item=\"franz-liszt-chamber-orchestra-istvan-vardai-and-kirill-troussov\">Franz Liszt Chamber Orchestra Istv\u00e1n V\u00e1rdai and Kirill Troussov<\/div>\n\t\t\t\t\t\t\t\t\t\t\t<div class=\"event-filter-venues-items__item js-filter-item\" data-type=\"venue\" data-item=\"ensemble-dissonance-vadim-repin-and-peter-laul\">Ensemble Dissonance Vadim Repin and Peter Laul<\/div>\n\t\t\t\t\t\t\t\t\t\t\t<div class=\"event-filter-venues-items__item js-filter-item\" data-type=\"venue\" data-item=\"momento-cigano-extended\">Momento Cigano Extended<\/div>\n\t\t\t\t\t\t\t\t\t\t\t<div class=\"event-filter-venues-items__item js-filter-item\" data-type=\"venue\" data-item=\"timeless-bach\">Timeless Bach<\/div>\n\t\t\t\t\t\t\t\t\t\t\t<div class=\"event-filter-venues-items__item js-filter-item\" data-type=\"venue\" data-item=\"astor-piazzolla-maria-de-buenos-aires\">Astor Piazzolla: Mar\u00eda De Buenos Aires<\/div>\n\t\t\t\t\t\t\t\t\t\t\t<div class=\"event-filter-venues-items__item js-filter-item\" data-type=\"venue\" data-item=\"leo-de-maria\">Leo De Mar\u00eda<\/div>\n\t\t\t\t\t\t\t\t\t\t\t<div class=\"event-filter-venues-items__item js-filter-item\" data-type=\"venue\" data-item=\"gioachino-rossini-the-barber-of-seville\">Gioachino Rossini: The Barber of Seville<\/div>\n\t\t\t\t\t\t\t\t\t\t\t<div class=\"event-filter-venues-items__item js-filter-item\" data-type=\"venue\" data-item=\"munchner-kammerphilharmonie-dacapo\">M\u00fcnchner Kammerphilharmonie dacapo<\/div>\n\t\t\t\t\t\t\t\t\t\t\t<div class=\"event-filter-venues-items__item js-filter-item\" data-type=\"venue\" data-item=\"jurka-zoroja-with-guests\">Jurka Zoroja with Guests<\/div>\n\t\t\t\t\t\t\t\t\t\t\t<div class=\"event-filter-venues-items__item js-filter-item\" data-type=\"venue\" data-item=\"kambrass-quintet\">KamBrass Quintet<\/div>\n\t\t\t\t\t\t\t\t\t\t\t<div class=\"event-filter-venues-items__item js-filter-item\" data-type=\"venue\" data-item=\"wuxi-symphony-orchestra-daye-lin-and-xue-haoyin\">Wuxi Symphony Orchestra, Daye Lin and Xue Haoyin<\/div>\n\t\t\t\t\t\t\t\t\t\t\t<div class=\"event-filter-venues-items__item js-filter-item\" data-type=\"venue\" data-item=\"felix-renggli-radovan-vlatkovic-maja-klinar-thomas-haberlah\">Felix Renggli, Radovan Vlatkovi\u0107, Maja Klinar, Thomas Haberlah<\/div>\n\t\t\t\t\t\t\t\t\t\t\t<div class=\"event-filter-venues-items__item js-filter-item\" data-type=\"venue\" data-item=\"janez-podlesek-karmen-pecar-koritnik-aleksandar-serdar\">Janez Podlesek, Karmen Pe\u010dar Koritnik, Aleksandar Serdar<\/div>\n\t\t\t\t\t\t\t\t\t\t\t<div class=\"event-filter-venues-items__item js-filter-item\" data-type=\"venue\" data-item=\"rade-serbedzija-jesen-stize-dunjo-moja\">Rade \u0160erbed\u017eija: Jesen sti\u017ee, dunjo moja<\/div>\n\t\t\t\t\t\t\t\t\t\t\t<div class=\"event-filter-venues-items__item js-filter-item\" data-type=\"venue\" data-item=\"hartmut-rohde-emanuel-abbuhl-ken-nakasako-kimiko-imani\">Hartmut Rohde, Emanuel Abb\u00fchl, Ken Nakasako, Kimiko Imani<\/div>\n\t\t\t\t\t\t\t\t\t\t\t<div class=\"event-filter-venues-items__item js-filter-item\" data-type=\"venue\" data-item=\"igor-stravinsky-lhistoire-du-soldat\">Igor Stravinsky: l&#8217;histoire du soldat<\/div>\n\t\t\t\t\t\t\t\t\t\t\t<div class=\"event-filter-venues-items__item js-filter-item\" data-type=\"venue\" data-item=\"sergei-prokofiev-romeo-and-juliet\">Sergei Prokofiev: Romeo and Juliet<\/div>\n\t\t\t\t\t\t\t\t\t\t\t<div class=\"event-filter-venues-items__item js-filter-item\" data-type=\"venue\" data-item=\"ljubljana-festival-masterclasses-2026\">Ljubljana Festival Masterclasses 2026<\/div>\n\t\t\t\t\t\t\t\t\t\t\t<div class=\"event-filter-venues-items__item js-filter-item\" data-type=\"venue\" data-item=\"baltic-sea-philharmonic-robert-trevino-conductor-lana-trotovsek-violin\">Baltic Sea Philharmonic, Robert Trevino, conductor, Lana Trotov\u0161ek, violin<\/div>\n\t\t\t\t\t\t\t\t\t\t\t<div class=\"event-filter-venues-items__item js-filter-item\" data-type=\"venue\" data-item=\"the-constellation-orchestra-choir-john-eliot-gardiner-conductor\">The Constellation Orchestra &amp; Choir, John Eliot Gardiner, conductor<\/div>\n\t\t\t\t\t\t\t\t\t\t\t<div class=\"event-filter-venues-items__item js-filter-item\" data-type=\"venue\" data-item=\"richard-strauss-don-quixote-symphonic-poem\">Richard Strauss: DON QUIXOTE, symphonic poem<\/div>\n\t\t\t\t\t\t\t\t\t\t\t<div class=\"event-filter-venues-items__item js-filter-item\" data-type=\"venue\" data-item=\"avi-avital-mandolin\">Avi Avital, mandolin<\/div>\n\t\t\t\t\t\t\t\t\t\t\t<div class=\"event-filter-venues-items__item js-filter-item\" data-type=\"venue\" data-item=\"gajas-world-3-premiere\">Gaja\u2019s World 3, premiere<\/div>\n\t\t\t\t\t\t\t\t\t\t\t<div class=\"event-filter-venues-items__item js-filter-item\" data-type=\"venue\" data-item=\"vlado-kreslin-3\">Vlado Kreslin<\/div>\n\t\t\t\t\t\t\t\t\t\t\t<div class=\"event-filter-venues-items__item js-filter-item\" data-type=\"venue\" data-item=\"gypsy-night\">Gypsy night<\/div>\n\t\t\t\t\t\t\t\t\t\t\t<div class=\"event-filter-venues-items__item js-filter-item\" data-type=\"venue\" data-item=\"mahler-chamber-orchestra-teddy-abrams-conductor-and-yuja-wang-piano\">Mahler Chamber Orchestra, Teddy Abrams, conductor, and Yuja Wang, piano<\/div>\n\t\t\t\t\t\t\t\t\t\t\t<div class=\"event-filter-venues-items__item js-filter-item\" data-type=\"venue\" data-item=\"london-symphony-orchestra-kaunas-state-choir-antonio-pappano-conductor-maria-bengtsson-soprano-noa-beinart-contraalto\">London Symphony Orchestra, Kaunas State Choir, Antonio Pappano, conductor, Maria Bengtsson, soprano, Noa Beinart, contraalto<\/div>\n\t\t\t\t\t\t\t\t\t\t\t<div class=\"event-filter-venues-items__item js-filter-item\" data-type=\"venue\" data-item=\"berliner-symphoniker-gudni-emilsson-conductor-khatia-buniatishvili-piano\">Berliner Symphoniker, Gudni Emilsson, conductor, Khatia Buniatishvili, piano<\/div>\n\t\t\t\t\t\t\t\t\t\t\t<div class=\"event-filter-venues-items__item js-filter-item\" data-type=\"venue\" data-item=\"staatskapelle-dresden-daniele-gatti-conductor\">Staatskapelle Dresden, Daniele Gatti, conductor<\/div>\n\t\t\t\t\t\t\t\t\t\t\t<div class=\"event-filter-venues-items__item js-filter-item\" data-type=\"venue\" data-item=\"london-symphony-orchestra-antonio-pappano-cunductor-bruce-liu-piano\">London Symphony Orchestra, Antonio Pappano, cunductor, Bruce Liu, piano<\/div>\n\t\t\t\t\t\t\t\t\t\t\t<div class=\"event-filter-venues-items__item js-filter-item\" data-type=\"venue\" data-item=\"hommage-a-france-rotar-25-years-later\">Hommage \u00e0 France Rotar \u2013 25 years later<\/div>\n\t\t\t\t\t\t\t\t\t\t\t<div class=\"event-filter-venues-items__item js-filter-item\" data-type=\"venue\" data-item=\"opening-of-the-40th-slovenian-music-days\">Opening of the 40th Slovenian Music Days<\/div>\n\t\t\t\t\t\t\t\t\t\t\t<div class=\"event-filter-venues-items__item js-filter-item\" data-type=\"venue\" data-item=\"closing-of-the-40th-slovenian-music-days\">Closing of the 40th Slovenian Music Days<\/div>\n\t\t\t\t\t\t\t\t\t\t\t<div class=\"event-filter-venues-items__item js-filter-item\" data-type=\"venue\" data-item=\"night-of-slovene-composers\">NIGHT OF SLOVENE COMPOSERS<\/div>\n\t\t\t\t\t\t\t\t\t\t\t<div class=\"event-filter-venues-items__item js-filter-item\" data-type=\"venue\" data-item=\"songs-that-have-withstood-time\">\u00bbSONGS THAT HAVE WITHSTOOD TIME\u00ab<\/div>\n\t\t\t\t\t\t\t\t\t\t\t<div class=\"event-filter-venues-items__item js-filter-item\" data-type=\"venue\" data-item=\"concert-atelier-of-the-society-of-slovene-composers\">CONCERT ATELIER OF THE SOCIETY OF SLOVENE COMPOSERS<\/div>\n\t\t\t\t\t\t\t\t\t\t\t<div class=\"event-filter-venues-items__item js-filter-item\" data-type=\"venue\" data-item=\"in-lavish-happiness\">IN LAVISH HAPPINESS<\/div>\n\t\t\t\t\t\t\t\t\t\t\t<div class=\"event-filter-venues-items__item js-filter-item\" data-type=\"venue\" data-item=\"visits-of-the-queen-invisible-threads\">VISITS OF THE QUEEN \u2013 \u00bbINVISIBLE THREADS\u00ab<\/div>\n\t\t\t\t\t\t\t\t\t\t\t<div class=\"event-filter-venues-items__item js-filter-item\" data-type=\"venue\" data-item=\"the-parades-of-grandfather-frost-ljubljana\">The Parades of Grandfather Frost Ljubljana<\/div>\n\t\t\t\t\t\t\t\t\t\t\t<div class=\"event-filter-venues-items__item js-filter-item\" data-type=\"venue\" data-item=\"magical-ice-rink-in-maribor\">Magical Ice Rink in Maribor<\/div>\n\t\t\t\t\t\t\t\t\t\t\t<div class=\"event-filter-venues-items__item js-filter-item\" data-type=\"venue\" data-item=\"19th-international-fairs-of-tastes-gastexpo\">19th International Fairs of Tastes: GASTexpo<\/div>\n\t\t\t\t\t\t\t\t\t\t\t<div class=\"event-filter-venues-items__item js-filter-item\" data-type=\"venue\" data-item=\"luv-fest\">LUV fest<\/div>\n\t\t\t\t\t\t\t\t\t\t\t<div class=\"event-filter-venues-items__item js-filter-item\" data-type=\"venue\" data-item=\"kurentovanje-in-ptuj-2026\">Kurentovanje in Ptuj 2026<\/div>\n\t\t\t\t\t\t\t\t\t\t\t<div class=\"event-filter-venues-items__item js-filter-item\" data-type=\"venue\" data-item=\"magical-forest-pohorje\">Magical Forest Pohorje<\/div>\n\t\t\t\t\t\t\t\t\t\t\t<div class=\"event-filter-venues-items__item js-filter-item\" data-type=\"venue\" data-item=\"presern-december-kranj\">Pre\u0161ern December Kranj<\/div>\n\t\t\t\t\t\t\t\t\t\t\t<div class=\"event-filter-venues-items__item js-filter-item\" data-type=\"venue\" data-item=\"12-years-of-ulay-marina-abramovic\">12 Years of Ulay \/ Marina Abramovi\u0107<\/div>\n\t\t\t\t\t\t\t\t\t\t\t<div class=\"event-filter-venues-items__item js-filter-item\" data-type=\"venue\" data-item=\"game-changer-ljubljana\">Game Changer Ljubljana<\/div>\n\t\t\t\t\t\t\t\t\t\t\t<div class=\"event-filter-venues-items__item js-filter-item\" data-type=\"venue\" data-item=\"magical-kranjska-gora\">Magical Kranjska Gora<\/div>\n\t\t\t\t\t\t\t\t\t\t\t<div class=\"event-filter-venues-items__item js-filter-item\" data-type=\"venue\" data-item=\"advent-in-ptuj\">Advent in Ptuj<\/div>\n\t\t\t\t\t\t\t\t\t\t\t<div class=\"event-filter-venues-items__item js-filter-item\" data-type=\"venue\" data-item=\"ensemble-dissonance-2\">ENSEMBLE DISSONANCE<\/div>\n\t\t\t\t\t\t\t\t\t\t\t<div class=\"event-filter-venues-items__item js-filter-item\" data-type=\"venue\" data-item=\"grigory-sokolov-piano-2\">Grigory Sokolov, piano<\/div>\n\t\t\t\t\t\t\t\t\t\t\t<div class=\"event-filter-venues-items__item js-filter-item\" data-type=\"venue\" data-item=\"2nd-final-evening-of-the-ljubljana-festival-international-competition-piano-2026\">2ND FINAL EVENING OF THE LJUBLJANA FESTIVAL INTERNATIONAL COMPETITION \u2013 PIANO 2026<\/div>\n\t\t\t\t\t\t\t\t\t\t\t<div class=\"event-filter-venues-items__item js-filter-item\" data-type=\"venue\" data-item=\"1st-final-evening-of-the-ljubljana-festival-international-competition-piano-2026\">1ST FINAL EVENING OF THE LJUBLJANA FESTIVAL INTERNATIONAL COMPETITION \u2013 PIANO 2026<\/div>\n\t\t\t\t\t\t\t\t\t\t\t<div class=\"event-filter-venues-items__item js-filter-item\" data-type=\"venue\" data-item=\"slokar-quartet\">SLOKAR QUARTET<\/div>\n\t\t\t\t\t\t\t\t\t\t\t<div class=\"event-filter-venues-items__item js-filter-item\" data-type=\"venue\" data-item=\"hector-berlioz-romeo-and-juliet-symphonie-dramatique\">Hector Berlioz: ROMEO AND JULIET, symphonie dramatique<\/div>\n\t\t\t\t\t\t\t\t\t\t\t<div class=\"event-filter-venues-items__item js-filter-item\" data-type=\"venue\" data-item=\"romenade-of-flavours-in-ljubljana-old-town\">ROMENADE OF FLAVOURS IN LJUBLJANA OLD TOWN<\/div>\n\t\t\t\t\t\t\t\t\t\t\t<div class=\"event-filter-venues-items__item js-filter-item\" data-type=\"venue\" data-item=\"picnic-among-the-castle-grapevines\">Picnic among the Castle Grapevines<\/div>\n\t\t\t\t\t\t\t\t\t\t\t<div class=\"event-filter-venues-items__item js-filter-item\" data-type=\"venue\" data-item=\"emkej\">Emkej<\/div>\n\t\t\t\t\t\t\t\t\t\t\t<div class=\"event-filter-venues-items__item js-filter-item\" data-type=\"venue\" data-item=\"cafe-mezclado\">Caf\u00e9 Mezclado<\/div>\n\t\t\t\t\t\t\t\t\t\t\t<div class=\"event-filter-venues-items__item js-filter-item\" data-type=\"venue\" data-item=\"nina-strnad-jazz-band\">Nina Strnad Jazz Band<\/div>\n\t\t\t\t\t\t\t\t\t\t\t<div class=\"event-filter-venues-items__item js-filter-item\" data-type=\"venue\" data-item=\"festival-maribor\">Festival Maribor<\/div>\n\t\t\t\t\t\t\t\t\t\t\t<div class=\"event-filter-venues-items__item js-filter-item\" data-type=\"venue\" data-item=\"pikas-festival\">Pika\u2019s Festival<\/div>\n\t\t\t\t\t\t\t\t\t\t\t<div class=\"event-filter-venues-items__item js-filter-item\" data-type=\"venue\" data-item=\"summer-under-vitranc\">Summer under Vitranc<\/div>\n\t\t\t\t\t\t\t\t\t\t\t<div class=\"event-filter-venues-items__item js-filter-item\" data-type=\"venue\" data-item=\"povodni-moz-revival-tour-5\">Povodni Moz Revival Tour<\/div>\n\t\t\t\t\t\t\t\t\t\t\t<div class=\"event-filter-venues-items__item js-filter-item\" data-type=\"venue\" data-item=\"povodni-moz-revival-tour-4\">Povodni Moz Revival Tour<\/div>\n\t\t\t\t\t\t\t\t\t\t\t<div class=\"event-filter-venues-items__item js-filter-item\" data-type=\"venue\" data-item=\"povodni-moz-revival-tour-3\">Povodni Moz Revival Tour<\/div>\n\t\t\t\t\t\t\t\t\t\t\t<div class=\"event-filter-venues-items__item js-filter-item\" data-type=\"venue\" data-item=\"povodni-moz-revival-tour-2\">Povodni Moz Revival Tour<\/div>\n\t\t\t\t\t\t\t\t\t\t\t<div class=\"event-filter-venues-items__item js-filter-item\" data-type=\"venue\" data-item=\"povodni-moz-revival-tour\">Povodni Moz Revival Tour<\/div>\n\t\t\t\t\t\t\t\t\t\t\t<div class=\"event-filter-venues-items__item js-filter-item\" data-type=\"venue\" data-item=\"25th-international-workshop-and-festival-jazzinty\">25th international workshop and festival Jazzinty<\/div>\n\t\t\t\t\t\t\t\t\t\t\t<div class=\"event-filter-venues-items__item js-filter-item\" data-type=\"venue\" data-item=\"sheep-festival\">Sheep Festival<\/div>\n\t\t\t\t\t\t\t\t\t\t\t<div class=\"event-filter-venues-items__item js-filter-item\" data-type=\"venue\" data-item=\"log-driving-ball\">Log Driving Ball<\/div>\n\t\t\t\t\t\t\t\t\t\t\t<div class=\"event-filter-venues-items__item js-filter-item\" data-type=\"venue\" data-item=\"strudelfest\">Strudelfest<\/div>\n\t\t\t\t\t\t\t\t\t\t\t<div class=\"event-filter-venues-items__item js-filter-item\" data-type=\"venue\" data-item=\"solcavas-days-solcavski-dnevi\">Sol\u010dava&#8217;s Days &#8220;Sol\u010davski dnevi&#8221;<\/div>\n\t\t\t\t\t\t\t\t\t\t\t<div class=\"event-filter-venues-items__item js-filter-item\" data-type=\"venue\" data-item=\"luces-days\">Lu\u010de&#8217;s Days<\/div>\n\t\t\t\t\t\t\t\t\t\t\t<div class=\"event-filter-venues-items__item js-filter-item\" data-type=\"venue\" data-item=\"the-8th-savinja-beer-fest\">The 8th Savinja Beer Fest<\/div>\n\t\t\t\t\t\t\t\t\t\t\t<div class=\"event-filter-venues-items__item js-filter-item\" data-type=\"venue\" data-item=\"art-vital-12-years-of-ulay-marina-abramovic\">ART VITAL \/ 12 Years of Ulay \/ Marina Abramovi\u0107<\/div>\n\t\t\t\t\t\t\t\t\t\t\t<div class=\"event-filter-venues-items__item js-filter-item\" data-type=\"venue\" data-item=\"orchestra-i-pomeriggi-musicali\">Orchestra I Pomeriggi Musicali<\/div>\n\t\t\t\t\t\t\t\t\t\t\t<div class=\"event-filter-venues-items__item js-filter-item\" data-type=\"venue\" data-item=\"agra-63-international-fair-of-agriculture-and-food-2\">AGRA, 63. INTERNATIONAL FAIR OF AGRICULTURE AND FOOD<\/div>\n\t\t\t\t\t\t\t\t\t\t\t<div class=\"event-filter-venues-items__item js-filter-item\" data-type=\"venue\" data-item=\"preserno-poletje-perpetuum-jazzile\">Pre\u0161erno poletje: Perpetuum Jazzile<\/div>\n\t\t\t\t\t\t\t\t\t\t\t<div class=\"event-filter-venues-items__item js-filter-item\" data-type=\"venue\" data-item=\"preserno-poletje-w-a-mozart-don-giovanni\">Pre\u0161erno poletje: W. A. Mozart: Don Giovanni<\/div>\n\t\t\t\t\t\t\t\t\t\t\t<div class=\"event-filter-venues-items__item js-filter-item\" data-type=\"venue\" data-item=\"preserno-poletje-vlado-kreslin-in-mali-bogovi\">Pre\u0161erno poletje: Vlado Kreslin in Mali bogovi<\/div>\n\t\t\t\t\t\t\t\t\t\t\t<div class=\"event-filter-venues-items__item js-filter-item\" data-type=\"venue\" data-item=\"ljubljana-wine-route-2025\">LJUBLJANA WINE ROUTE, Summer edition 2025<\/div>\n\t\t\t\t\t\t\t\t\t\t\t<div class=\"event-filter-venues-items__item js-filter-item\" data-type=\"venue\" data-item=\"the-spring-green-fair\">The Spring Green Fair<\/div>\n\t\t\t\t\t\t\t\t\t\t\t<div class=\"event-filter-venues-items__item js-filter-item\" data-type=\"venue\" data-item=\"17th-medieval-days-at-bled-castle\">17th Medieval Days at Bled Castle<\/div>\n\t\t\t\t\t\t\t\t\t\t\t<div class=\"event-filter-venues-items__item js-filter-item\" data-type=\"venue\" data-item=\"the-2025-tour-of-slovenia\">The 2025 Tour of Slovenia<\/div>\n\t\t\t\t\t\t\t\t\t\t\t<div class=\"event-filter-venues-items__item js-filter-item\" data-type=\"venue\" data-item=\"the-festival-okusi-piva-flavours-of-beer\">The Festival Okusi piva (Flavours of Beer)<\/div>\n\t\t\t\t\t\t\t\t\t\t\t<div class=\"event-filter-venues-items__item js-filter-item\" data-type=\"venue\" data-item=\"opera-night-in-maribor-city-park\">Opera Night in Maribor City Park<\/div>\n\t\t\t\t\t\t\t\t\t\t\t<div class=\"event-filter-venues-items__item js-filter-item\" data-type=\"venue\" data-item=\"the-festival-sound-and-health\">The Festival Sound and Health<\/div>\n\t\t\t\t\t\t\t\t\t\t\t<div class=\"event-filter-venues-items__item js-filter-item\" data-type=\"venue\" data-item=\"brda-friends\">Brda &#038; Friends<\/div>\n\t\t\t\t\t\t\t\t\t\t\t<div class=\"event-filter-venues-items__item js-filter-item\" data-type=\"venue\" data-item=\"brda-wine-festival-days-of-open-cellars\">Brda Wine Festival: Days of Open Cellars<\/div>\n\t\t\t\t\t\t\t\t\t\t\t<div class=\"event-filter-venues-items__item js-filter-item\" data-type=\"venue\" data-item=\"the-i-feel-slovenia-2025-bled-international-regatt\">The I Feel Slovenia 2025 Bled International Regatt<\/div>\n\t\t\t\t\t\t\t\t\t\t\t<div class=\"event-filter-venues-items__item js-filter-item\" data-type=\"venue\" data-item=\"open-kitchen-2\">Open kitchen<\/div>\n\t\t\t\t\t\t\t\t\t\t\t<div class=\"event-filter-venues-items__item js-filter-item\" data-type=\"venue\" data-item=\"walk-along-the-path-of-remembrance-and-comradeship-otp-banka-three-member-team-run\">Walk along the Path of Remembrance and Comradeship &#038; OTP Banka Three-member Team Run<\/div>\n\t\t\t\t\t\t\t\t\t\t\t<div class=\"event-filter-venues-items__item js-filter-item\" data-type=\"venue\" data-item=\"the-52nd-festival-of-refosco-and-slovenian-istria\">The 52nd Festival of Refosco and Slovenian Istria<\/div>\n\t\t\t\t\t\t\t\t\t\t\t<div class=\"event-filter-venues-items__item js-filter-item\" data-type=\"venue\" data-item=\"odprta-kuhna-open-kitchen\">Odprta kuhna (Open Kitchen)<\/div>\n\t\t\t\t\t\t\t\t\t\t\t<div class=\"event-filter-venues-items__item js-filter-item\" data-type=\"venue\" data-item=\"posavje-hiking-festival-spring-2025\">Posavje Hiking Festival \u2013 Spring 2025<\/div>\n\t\t\t\t\t\t\t\t\t\t\t<div class=\"event-filter-venues-items__item js-filter-item\" data-type=\"venue\" data-item=\"week-of-tourist-farms\">Week of Tourist Farms<\/div>\n\t\t\t\t\t\t\t\t\t\t\t<div class=\"event-filter-venues-items__item js-filter-item\" data-type=\"venue\" data-item=\"internautica-international-boat-show-2025\">Internautica \u2013 International Boat Show 2025<\/div>\n\t\t\t\t\t\t\t\t\t\t\t<div class=\"event-filter-venues-items__item js-filter-item\" data-type=\"venue\" data-item=\"19th-international-wild-flower-festival-2025\">19th International Wild Flower Festival 2025<\/div>\n\t\t\t\t\t\t\t\t\t\t\t<div class=\"event-filter-venues-items__item js-filter-item\" data-type=\"venue\" data-item=\"giro-ditalia-2025-a-cycling-spectacle-in-slovenia\">Giro d&#8217;Italia 2025 \u2013 A Cycling Spectacle in Slovenia!<\/div>\n\t\t\t\t\t\t\t\t\t\t\t<div class=\"event-filter-venues-items__item js-filter-item\" data-type=\"venue\" data-item=\"promenade-of-flavors-in-old-ljubljana\">Promenade of Flavors in Old Ljubljana<\/div>\n\t\t\t\t\t\t\t\t\t\t\t<div class=\"event-filter-venues-items__item js-filter-item\" data-type=\"venue\" data-item=\"the-luka-koper-11th-istrian-marathon\">The Luka Koper 11th Istrian Marathon<\/div>\n\t\t\t\t\t\t\t\t\t\t\t<div class=\"event-filter-venues-items__item js-filter-item\" data-type=\"venue\" data-item=\"mamma-mia\">MAMMA MIA!<\/div>\n\t\t\t\t\t\t\t\t\t\t\t<div class=\"event-filter-venues-items__item js-filter-item\" data-type=\"venue\" data-item=\"summer-night-this-night-is-mine-opening-of-the-73rd-ljubljana-festival\">SUMMER NIGHT \u2013 THIS NIGHT IS MINE &#8211; Opening of the 73rd Ljubljana Festival<\/div>\n\t\t\t\t\t\t\t\t\t\t\t<div class=\"event-filter-venues-items__item js-filter-item\" data-type=\"venue\" data-item=\"la-fura-dels-baus-joseph-haydn-the-creation\">LA FURA DELS BAUS, Joseph Haydn: THE CREATION<\/div>\n\t\t\t\t\t\t\t\t\t\t\t<div class=\"event-filter-venues-items__item js-filter-item\" data-type=\"venue\" data-item=\"el-amor-brujo-from-flamenco-to-latin-grooves\">EL AMOR BRUJO &#8211; From Flamenco to Latin Grooves<\/div>\n\t\t\t\t\t\t\t\t\t\t\t<div class=\"event-filter-venues-items__item js-filter-item\" data-type=\"venue\" data-item=\"the-duke-ellington-orchestra\">THE DUKE ELLINGTON ORCHESTRA<\/div>\n\t\t\t\t\t\t\t\t\t\t\t<div class=\"event-filter-venues-items__item js-filter-item\" data-type=\"venue\" data-item=\"tomaz-domicelj-the-last-acoustic\">TOMA\u017d DOMICELJ &#8211; THE LAST ACOUSTIC<\/div>\n\t\t\t\t\t\t\t\t\t\t\t<div class=\"event-filter-venues-items__item js-filter-item\" data-type=\"venue\" data-item=\"ictus-rotormotor-dominic-sambucco-sound-artist\">ICTUS, ROTORMOTOR, DOMINIC SAMBUCCO &#8211; sound artist<\/div>\n\t\t\t\t\t\t\t\t\t\t\t<div class=\"event-filter-venues-items__item js-filter-item\" data-type=\"venue\" data-item=\"ennio-morricone-conducted-by-andrea-morricone\">ENNIO MORRICONE CONDUCTED BY ANDREA MORRICONE<\/div>\n\t\t\t\t\t\t\t\t\t\t\t<div class=\"event-filter-venues-items__item js-filter-item\" data-type=\"venue\" data-item=\"the-phantom-of-the-opera\">THE PHANTOM OF THE OPERA<\/div>\n\t\t\t\t\t\t\t\t\t\t\t<div class=\"event-filter-venues-items__item js-filter-item\" data-type=\"venue\" data-item=\"edward-clug-cluster\">EDWARD CLUG &#8211; CLUSTER<\/div>\n\t\t\t\t\t\t\t\t\t\t\t<div class=\"event-filter-venues-items__item js-filter-item\" data-type=\"venue\" data-item=\"violeta-egorova-piano\">VIOLETA EGOROVA &#8211; piano<\/div>\n\t\t\t\t\t\t\t\t\t\t\t<div class=\"event-filter-venues-items__item js-filter-item\" data-type=\"venue\" data-item=\"sonart-string-quartet-epifanio-comis-piano\">SONART STRING QUARTET, EPIFANIO COMIS &#8211; piano<\/div>\n\t\t\t\t\t\t\t\t\t\t\t<div class=\"event-filter-venues-items__item js-filter-item\" data-type=\"venue\" data-item=\"virtuosensemble\">VIRTUOSENSEMBLE<\/div>\n\t\t\t\t\t\t\t\t\t\t\t<div class=\"event-filter-venues-items__item js-filter-item\" data-type=\"venue\" data-item=\"munchner-virtuosen\">M\u00dcNCHNER VIRTUOSEN<\/div>\n\t\t\t\t\t\t\t\t\t\t\t<div class=\"event-filter-venues-items__item js-filter-item\" data-type=\"venue\" data-item=\"korean-chamber-orchestra\">KOREAN CHAMBER ORCHESTRA<\/div>\n\t\t\t\t\t\t\t\t\t\t\t<div class=\"event-filter-venues-items__item js-filter-item\" data-type=\"venue\" data-item=\"duo-becchio\">DUO BECCHIO<\/div>\n\t\t\t\t\t\t\t\t\t\t\t<div class=\"event-filter-venues-items__item js-filter-item\" data-type=\"venue\" data-item=\"liyuan-liu-viola-lan-cui-piano\">LIYUAN LIU &#8211; viola, LAN CUI &#8211; piano<\/div>\n\t\t\t\t\t\t\t\t\t\t\t<div class=\"event-filter-venues-items__item js-filter-item\" data-type=\"venue\" data-item=\"traffic-strings\">TRAFFIC STRINGS<\/div>\n\t\t\t\t\t\t\t\t\t\t\t<div class=\"event-filter-venues-items__item js-filter-item\" data-type=\"venue\" data-item=\"rtve-orquesta-de-camara-marc-moncusi-conductor-dmitry-ishkanov-piano\">RTVE ORQUESTA DE C\u00c1MARA, MARC MONCUSI &#8211; conductor, DMITRY ISHKANOV &#8211; piano<\/div>\n\t\t\t\t\t\t\t\t\t\t\t<div class=\"event-filter-venues-items__item js-filter-item\" data-type=\"venue\" data-item=\"jens-peter-maintz-cello-hartmut-rohde-viola-latica-honda-rosenberg-violin-ole-kristian-dahl-bassoon-evgenij-sinajski-piano-ken-nakasako-piano-naoko-sonoda-piano-rie-simada-piano\">JENS-PETER MAINTZ &#8211; cello, HARTMUT ROHDE &#8211; viola, LATICA HONDA ROSENBERG &#8211; violin, OLE KRISTIAN DAHL &#8211; bassoon, EVGENIJ SINAJSKI &#8211; piano, KEN NAKASAKO &#8211; piano, NAOKO SONODA &#8211; piano, RIE \u0160IMADA &#8211; piano<\/div>\n\t\t\t\t\t\t\t\t\t\t\t<div class=\"event-filter-venues-items__item js-filter-item\" data-type=\"venue\" data-item=\"aighetta-guitar-quartet\">A\u00cfGHETTA GUITAR QUARTET<\/div>\n\t\t\t\t\t\t\t\t\t\t\t<div class=\"event-filter-venues-items__item js-filter-item\" data-type=\"venue\" data-item=\"spanish-romance\">SPANISH ROMANCE<\/div>\n\t\t\t\t\t\t\t\t\t\t\t<div class=\"event-filter-venues-items__item js-filter-item\" data-type=\"venue\" data-item=\"concerto-grosso\">CONCERTO GROSSO<\/div>\n\t\t\t\t\t\t\t\t\t\t\t<div class=\"event-filter-venues-items__item js-filter-item\" data-type=\"venue\" data-item=\"wolfgang-amadeus-mozart-don-giovanni-concert-version\">Wolfgang Amadeus Mozart: DON GIOVANNI, concert version<\/div>\n\t\t\t\t\t\t\t\t\t\t\t<div class=\"event-filter-venues-items__item js-filter-item\" data-type=\"venue\" data-item=\"emanuel-abbuhl-oboe-reinhold-friedrich-trumpet-eriko-takezava-piano-kimiko-imani-piano\">EMANUEL ABB\u00dcHL &#8211; oboe, REINHOLD FRIEDRICH &#8211; trumpet, ERIKO TAKEZAVA &#8211; piano, KIMIKO IMANI &#8211; piano<\/div>\n\t\t\t\t\t\t\t\t\t\t\t<div class=\"event-filter-venues-items__item js-filter-item\" data-type=\"venue\" data-item=\"rick-stotijn-double-bass-francois-benda-clarinet-elina-gotsouliak-piano-zsuzsa-balint-piano\">RICK STOTIJN &#8211; double bass, FRAN\u00c7OIS BENDA &#8211; clarinet, ELINA GOTSOULIAK &#8211; piano, ZSUZSA B\u00c1LINT &#8211; piano<\/div>\n\t\t\t\t\t\t\t\t\t\t\t<div class=\"event-filter-venues-items__item js-filter-item\" data-type=\"venue\" data-item=\"balkan-brazilian-resonances\">BALKAN &amp; BRAZILIAN RESONANCES<\/div>\n\t\t\t\t\t\t\t\t\t\t\t<div class=\"event-filter-venues-items__item js-filter-item\" data-type=\"venue\" data-item=\"elena-denisova-violin\">ELENA DENISOVA &#8211; violin<\/div>\n\t\t\t\t\t\t\t\t\t\t\t<div class=\"event-filter-venues-items__item js-filter-item\" data-type=\"venue\" data-item=\"ensemble-si-strings\">ENSEMBLE.SI \u2013 STRINGS<\/div>\n\t\t\t\t\t\t\t\t\t\t\t<div class=\"event-filter-venues-items__item js-filter-item\" data-type=\"venue\" data-item=\"ensemble-dissonance\">ENSEMBLE DISSONANCE<\/div>\n\t\t\t\t\t\t\t\t\t\t\t<div class=\"event-filter-venues-items__item js-filter-item\" data-type=\"venue\" data-item=\"goran-bojcevski-balkan-nuevo\">GORAN BOJ\u010cEVSKI &amp; BALKAN NUEVO<\/div>\n\t\t\t\t\t\t\t\t\t\t\t<div class=\"event-filter-venues-items__item js-filter-item\" data-type=\"venue\" data-item=\"i-solisti-veneti\">I SOLISTI VENETI<\/div>\n\t\t\t\t\t\t\t\t\t\t\t<div class=\"event-filter-venues-items__item js-filter-item\" data-type=\"venue\" data-item=\"rade-serbedzija-my-hat-has-three-holes\">RADE \u0160ERBED\u017dIJA &#8211; MY HAT HAS THREE HOLES<\/div>\n\t\t\t\t\t\t\t\t\t\t\t<div class=\"event-filter-venues-items__item js-filter-item\" data-type=\"venue\" data-item=\"svetlana-zaharov-vadim-repin-pas-de-deux-for-fingers-and-toes\">SVETLANA ZAHAROV, VADIM REPIN &#8211; PAS-DE-DEUX FOR FINGERS AND TOES<\/div>\n\t\t\t\t\t\t\t\t\t\t\t<div class=\"event-filter-venues-items__item js-filter-item\" data-type=\"venue\" data-item=\"budapest-gypsy-symphony-orchestra-from-csardas-to-waltz\">BUDAPEST GYPSY SYMPHONY ORCHESTRA &#8211; FROM CSARDAS TO WALTZ<\/div>\n\t\t\t\t\t\t\t\t\t\t\t<div class=\"event-filter-venues-items__item js-filter-item\" data-type=\"venue\" data-item=\"peace-child-musical\">PEACE CHILD MUSICAL<\/div>\n\t\t\t\t\t\t\t\t\t\t\t<div class=\"event-filter-venues-items__item js-filter-item\" data-type=\"venue\" data-item=\"chengdu-symphony-orchestra\">CHENGDU SYMPHONY ORCHESTRA<\/div>\n\t\t\t\t\t\t\t\t\t\t\t<div class=\"event-filter-venues-items__item js-filter-item\" data-type=\"venue\" data-item=\"puccini-gala-anna-netrebko-soprano-yusif-eyvazov-tenor\">PUCCINI GALA &#8211; ANNA NETREBKO &#8211; soprano, YUSIF EYVAZOV &#8211; tenor<\/div>\n\t\t\t\t\t\t\t\t\t\t\t<div class=\"event-filter-venues-items__item js-filter-item\" data-type=\"venue\" data-item=\"hamo-tribute-2-love-rtv-slovenia-big-band\">HAMO &amp; TRIBUTE 2 LOVE, RTV SLOVENIA BIG BAND<\/div>\n\t\t\t\t\t\t\t\t\t\t\t<div class=\"event-filter-venues-items__item js-filter-item\" data-type=\"venue\" data-item=\"wiener-philharmoniker-closing-of-the-73rd-ljubljana-festival\">WIENER PHILHARMONIKER &#8211; Closing of the 73rd Ljubljana Festival<\/div>\n\t\t\t\t\t\t\t\t\t\t\t<div class=\"event-filter-venues-items__item js-filter-item\" data-type=\"venue\" data-item=\"martha-argerich-piano-charles-dutoit-conductor-orchestre-philharmonique-de-monte-carlo\">MARTHA ARGERICH &#8211; piano, CHARLES DUTOIT &#8211; conductor, ORCHESTRE PHILHARMONIQUE DE MONTE-CARLO<\/div>\n\t\t\t\t\t\t\t\t\t\t\t<div class=\"event-filter-venues-items__item js-filter-item\" data-type=\"venue\" data-item=\"maxim-vengerov-soloist-kakhi-solomnishvili-conductor-slovenian-philharmonic-orchestra\">MAXIM VENGEROV &#8211; soloist KAKHI SOLOMNISHVILI &#8211; conductor, SLOVENIAN PHILHARMONIC ORCHESTRA<\/div>\n\t\t\t\t\t\t\t\t\t\t\t<div class=\"event-filter-venues-items__item js-filter-item\" data-type=\"venue\" data-item=\"giuseppe-verdi-otello\">Giuseppe Verdi: OTELLO<\/div>\n\t\t\t\t\t\t\t\t\t\t\t<div class=\"event-filter-venues-items__item js-filter-item\" data-type=\"venue\" data-item=\"les-miserables-musical\">LES MIS\u00c9RABLES, musical<\/div>\n\t\t\t\t\t\t\t\t\t\t\t<div class=\"event-filter-venues-items__item js-filter-item\" data-type=\"venue\" data-item=\"orchestra-of-the-national-academy-santa-cecilia\">ORCHESTRA OF THE NATIONAL ACADEMY SANTA CECILIA<\/div>\n\t\t\t\t\t\t\t\t\t\t\t<div class=\"event-filter-venues-items__item js-filter-item\" data-type=\"venue\" data-item=\"vlado-kreslin-2\">VLADO KRESLIN<\/div>\n\t\t\t\t\t\t\t\t\t\t\t<div class=\"event-filter-venues-items__item js-filter-item\" data-type=\"venue\" data-item=\"on-the-trails-of-lasko-2025\">On the Trails of La\u0161ko 2025<\/div>\n\t\t\t\t\t\t\t\t\t\t\t<div class=\"event-filter-venues-items__item js-filter-item\" data-type=\"venue\" data-item=\"spartan-trifecta-bled-2025\">Spartan Trifecta Bled 2025<\/div>\n\t\t\t\t\t\t\t\t\t\t\t<div class=\"event-filter-venues-items__item js-filter-item\" data-type=\"venue\" data-item=\"pier-of-flavors-a-culinary-journey-by-the-sea\">Pier of Flavors \u2013 A Culinary Journey by the Sea<\/div>\n\t\t\t\t\t\t\t\t\t\t\t<div class=\"event-filter-venues-items__item js-filter-item\" data-type=\"venue\" data-item=\"radovljica-chocolate-festival-a-sweet-experience-for-all\">Radovljica Chocolate Festival \u2013 A Sweet Experience for All<\/div>\n\t\t\t\t\t\t\t\t\t\t\t<div class=\"event-filter-venues-items__item js-filter-item\" data-type=\"venue\" data-item=\"broken-bones-whisky-adventure\">Broken Bones Whisky Adventure<\/div>\n\t\t\t\t\t\t\t\t\t\t\t<div class=\"event-filter-venues-items__item js-filter-item\" data-type=\"venue\" data-item=\"dinosaurs-in-arboretum-volcji-potok\">Dinosaurs in Arboretum Vol\u010dji Potok<\/div>\n\t\t\t\t\t\t\t\t\t\t\t<div class=\"event-filter-venues-items__item js-filter-item\" data-type=\"venue\" data-item=\"exhibition-of-houseplants-pineapples-and-orchids\">Exhibition of houseplants, pineapples and orchids<\/div>\n\t\t\t\t\t\t\t\t\t\t\t<div class=\"event-filter-venues-items__item js-filter-item\" data-type=\"venue\" data-item=\"daffodil-exhibition\">Daffodil exhibition<\/div>\n\t\t\t\t\t\t\t\t\t\t\t<div class=\"event-filter-venues-items__item js-filter-item\" data-type=\"venue\" data-item=\"international-fair-of-defence-security-protection-and-rescue-sobra-2025\">International Fair of Defence, Security Protection and Rescue SOBRA 2025<\/div>\n\t\t\t\t\t\t\t\t\t\t\t<div class=\"event-filter-venues-items__item js-filter-item\" data-type=\"venue\" data-item=\"megra-international-fair-for-construction\">MEGRA, INTERNATIONAL FAIR FOR CONSTRUCTION<\/div>\n\t\t\t\t\t\t\t\t\t\t\t<div class=\"event-filter-venues-items__item js-filter-item\" data-type=\"venue\" data-item=\"agra-63-international-fair-of-agriculture-and-food\">AGRA, 63. INTERNATIONAL FAIR OF AGRICULTURE AND FOOD<\/div>\n\t\t\t\t\t\t\t\t\t\t\t<div class=\"event-filter-venues-items__item js-filter-item\" data-type=\"venue\" data-item=\"viessmann-fis-ski-jumping-world-cup-final-planica-2025\">Viessmann FIS Ski Jumping World Cup Final Planica 2025<\/div>\n\t\t\t\t\t\t\t\t\t\t\t<div class=\"event-filter-venues-items__item js-filter-item\" data-type=\"venue\" data-item=\"welcome-spring-with-gregorcki\">Welcome Spring with Gregor\u010dki<\/div>\n\t\t\t\t\t\t\t\t\t\t\t<div class=\"event-filter-venues-items__item js-filter-item\" data-type=\"venue\" data-item=\"brda-and-wine-2025-a-celebration-of-wine-cuisine-and-culture-in-goriska-brda\">Brda and Wine 2025: A Celebration of Wine, Cuisine, and Culture in Gori\u0161ka Brda<\/div>\n\t\t\t\t\t\t\t\t\t\t\t<div class=\"event-filter-venues-items__item js-filter-item\" data-type=\"venue\" data-item=\"welcoming-spring-with-gregorcki\">Welcoming Spring with Gregor\u010dki<\/div>\n\t\t\t\t\t\t\t\t\t\t\t<div class=\"event-filter-venues-items__item js-filter-item\" data-type=\"venue\" data-item=\"wtt-feeder-otocec-presented-by-i-feel-slovenia\">WTT Feeder Oto\u010dec Presented by I Feel Slovenia<\/div>\n\t\t\t\t\t\t\t\t\t\t\t<div class=\"event-filter-venues-items__item js-filter-item\" data-type=\"venue\" data-item=\"27th-malvasia-festival\">27th Malvasia Festival<\/div>\n\t\t\t\t\t\t\t\t\t\t\t<div class=\"event-filter-venues-items__item js-filter-item\" data-type=\"venue\" data-item=\"the-dragon-carnival\">The Dragon Carnival<\/div>\n\t\t\t\t\t\t\t\t\t\t\t<div class=\"event-filter-venues-items__item js-filter-item\" data-type=\"venue\" data-item=\"opening-ethno-parade-2025\">Opening Ethno Parade 2025<\/div>\n\t\t\t\t\t\t\t\t\t\t\t<div class=\"event-filter-venues-items__item js-filter-item\" data-type=\"venue\" data-item=\"the-2025-ibu-world-cup-in-biathlon\">The 2025 IBU World Cup in Biathlon<\/div>\n\t\t\t\t\t\t\t\t\t\t\t<div class=\"event-filter-venues-items__item js-filter-item\" data-type=\"venue\" data-item=\"fis-womens-ski-jumping-world-cup\">FIS Women&#8217;s Ski Jumping World Cup<\/div>\n\t\t\t\t\t\t\t\t\t\t\t<div class=\"event-filter-venues-items__item js-filter-item\" data-type=\"venue\" data-item=\"carnival-in-cerknica-pustoletje\">Carnival in Cerknica &#8211; Pustoletje<\/div>\n\t\t\t\t\t\t\t\t\t\t\t<div class=\"event-filter-venues-items__item js-filter-item\" data-type=\"venue\" data-item=\"go-2025-opening\">GO! 2025 opening<\/div>\n\t\t\t\t\t\t\t\t\t\t\t<div class=\"event-filter-venues-items__item js-filter-item\" data-type=\"venue\" data-item=\"open-day-at-the-slovenian-ethnographic-museum\">Open Day at the Slovenian Ethnographic Museum<\/div>\n\t\t\t\t\t\t\t\t\t\t\t<div class=\"event-filter-venues-items__item js-filter-item\" data-type=\"venue\" data-item=\"grand-carnival-pustoletje\">Grand Carnival \u2013 Pustoletje<\/div>\n\t\t\t\t\t\t\t\t\t\t\t<div class=\"event-filter-venues-items__item js-filter-item\" data-type=\"venue\" data-item=\"preseren-day-slovenian-cultural-holiday\">Pre\u0161eren Day \u2013 Slovenian Cultural Holiday<\/div>\n\t\t\t\t\t\t\t\t\t\t\t<div class=\"event-filter-venues-items__item js-filter-item\" data-type=\"venue\" data-item=\"alpine-ski-world-cup-64th-vitranc-cup-2025\">Alpine Ski World Cup \u2013 64th Vitranc Cup 2025<\/div>\n\t\t\t\t\t\t\t\t\t\t\t<div class=\"event-filter-venues-items__item js-filter-item\" data-type=\"venue\" data-item=\"lajnarji-in-the-old-town-of-ljubljana\">Organ-grinders in the old town centre<\/div>\n\t\t\t\t\t\t\t\t\t\t\t<div class=\"event-filter-venues-items__item js-filter-item\" data-type=\"venue\" data-item=\"new-years-eve-fireworks-in-ljubljana\">New Year\u2019s Eve Fireworks in Ljubljana<\/div>\n\t\t\t\t\t\t\t\t\t\t\t<div class=\"event-filter-venues-items__item js-filter-item\" data-type=\"venue\" data-item=\"childrens-new-years-eve-celebration-in-ljubljana\">Children\u2019s New Year\u2019s Eve Celebration in Ljubljana<\/div>\n\t\t\t\t\t\t\t\t\t\t\t<div class=\"event-filter-venues-items__item js-filter-item\" data-type=\"venue\" data-item=\"santa-claus-parades-in-ljubljana\">Grandpa Frost processions<\/div>\n\t\t\t\t\t\t\t\t\t\t\t<div class=\"event-filter-venues-items__item js-filter-item\" data-type=\"venue\" data-item=\"christmas-markets-in-ljubljana\">Christmas markets in Ljubljana<\/div>\n\t\t\t\t\t\t\t\t\t\t\t<div class=\"event-filter-venues-items__item js-filter-item\" data-type=\"venue\" data-item=\"st-nicholas-procession-in-ljubljana\">St. Nicholas procession in Ljubljana<\/div>\n\t\t\t\t\t\t\t\t\t\t\t<div class=\"event-filter-venues-items__item js-filter-item\" data-type=\"venue\" data-item=\"holiday-lights-illumination-in-moravske-toplice-with-the-argonauts-juggling-group\">Holiday Lights Illumination in Moravske Toplice with the Argonauts Juggling group<\/div>\n\t\t\t\t\t\t\t\t\t\t\t<div class=\"event-filter-venues-items__item js-filter-item\" data-type=\"venue\" data-item=\"santas-office-with-elf-fric\">Santa&#8217;s Office with Elf Fric<\/div>\n\t\t\t\t\t\t\t\t\t\t\t<div class=\"event-filter-venues-items__item js-filter-item\" data-type=\"venue\" data-item=\"gaspersic-national-nativity-scene\">Ga\u0161per\u0161i\u010d national nativity scene<\/div>\n\t\t\t\t\t\t\t\t\t\t\t<div class=\"event-filter-venues-items__item js-filter-item\" data-type=\"venue\" data-item=\"switching-on-the-festive-lights-with-the-oplotnica-orchestra-and-guests\">Switching on the Festive Lights with the Oplotnica Orchestra and Guests<\/div>\n\t\t\t\t\t\t\t\t\t\t\t<div class=\"event-filter-venues-items__item js-filter-item\" data-type=\"venue\" data-item=\"grand-opening-of-the-first-chocolate-museum-in-slovenia\">Grand Opening of the First Chocolate Museum in Slovenia<\/div>\n\t\t\t\t\t\t\t\t\t\t\t<div class=\"event-filter-venues-items__item js-filter-item\" data-type=\"venue\" data-item=\"benjamin-britten-war-requiem-2\">Benjamin Britten: WAR REQUIEM<\/div>\n\t\t\t\t\t\t\t\t\t\t\t<div class=\"event-filter-venues-items__item js-filter-item\" data-type=\"venue\" data-item=\"ljubljana-festival-international-competition-brass-quintets-and-quartets-2025\">Ljubljana Festival International Competition \u2013 Brass Quintets and Quartets 2025<\/div>\n\t\t\t\t\t\t\t\t\t\t\t<div class=\"event-filter-venues-items__item js-filter-item\" data-type=\"venue\" data-item=\"benjamin-britten-war-requiem\">Benjamin Britten: WAR REQUIEM<\/div>\n\t\t\t\t\t\t\t\t\t\t\t<div class=\"event-filter-venues-items__item js-filter-item\" data-type=\"venue\" data-item=\"mojca-zlobko-vajgl-harp-marion-ravot-harp\">MOJCA ZLOBKO VAJGL, harp MARION RAVOT, harp<\/div>\n\t\t\t\t\t\t\t\t\t\t\t<div class=\"event-filter-venues-items__item js-filter-item\" data-type=\"venue\" data-item=\"bachs-chorales-and-instrumentals\">BACH\u2019S CHORALES AND INSTRUMENTALS<\/div>\n\t\t\t\t\t\t\t\t\t\t\t<div class=\"event-filter-venues-items__item js-filter-item\" data-type=\"venue\" data-item=\"zagreb-soloists\">ZAGREB SOLOISTS<\/div>\n\t\t\t\t\t\t\t\t\t\t\t<div class=\"event-filter-venues-items__item js-filter-item\" data-type=\"venue\" data-item=\"grigory-sokolov-piano\">GRIGORY SOKOLOV, piano<\/div>\n\t\t\t\t\t\t\t\t\t\t\t<div class=\"event-filter-venues-items__item js-filter-item\" data-type=\"venue\" data-item=\"evening-walk-among-the-christmas-lights\">Evening walk among the Christmas lights<\/div>\n\t\t\t\t\t\t\t\t\t\t\t<div class=\"event-filter-venues-items__item js-filter-item\" data-type=\"venue\" data-item=\"st-martins-festival-in-smartno\">St. Martin&#8217;s Festival in \u0160martno<\/div>\n\t\t\t\t\t\t\t\t\t\t\t<div class=\"event-filter-venues-items__item js-filter-item\" data-type=\"venue\" data-item=\"oktober-jazz-2024\">Oktober Jazz 2024<\/div>\n\t\t\t\t\t\t\t\t\t\t\t<div class=\"event-filter-venues-items__item js-filter-item\" data-type=\"venue\" data-item=\"culinary-autumn-in-radovljica\">Culinary Autumn in Radovljica<\/div>\n\t\t\t\t\t\t\t\t\t\t\t<div class=\"event-filter-venues-items__item js-filter-item\" data-type=\"venue\" data-item=\"karst-gmajna-festival\">Karst Gmajna Festival<\/div>\n\t\t\t\t\t\t\t\t\t\t\t<div class=\"event-filter-venues-items__item js-filter-item\" data-type=\"venue\" data-item=\"halloween-for-children\">Halloween for children<\/div>\n\t\t\t\t\t\t\t\t\t\t\t<div class=\"event-filter-venues-items__item js-filter-item\" data-type=\"venue\" data-item=\"ljubljana-lace-festival-2024\">Ljubljana Lace Festival 2024<\/div>\n\t\t\t\t\t\t\t\t\t\t\t<div class=\"event-filter-venues-items__item js-filter-item\" data-type=\"venue\" data-item=\"35th-ljubljana-international-film-festival\">35th Ljubljana International Film Festival<\/div>\n\t\t\t\t\t\t\t\t\t\t\t<div class=\"event-filter-venues-items__item js-filter-item\" data-type=\"venue\" data-item=\"flauccord-duo-croatia-patricija-malovrh-mlacnik-viola\">FLAUCCORD DUO (Croatia) PATRICIJA MALOVRH MLA\u010cNIK, viola<\/div>\n\t\t\t\t\t\t\t\t\t\t\t<div class=\"event-filter-venues-items__item js-filter-item\" data-type=\"venue\" data-item=\"kurentovanje-2025\">KURENTOVANJE 2025<\/div>\n\t\t\t\t\t\t\t\t\t\t\t<div class=\"event-filter-venues-items__item js-filter-item\" data-type=\"venue\" data-item=\"antique-flea-market\">Antique Flea Market<\/div>\n\t\t\t\t\t\t\t\t\t\t\t<div class=\"event-filter-venues-items__item js-filter-item\" data-type=\"venue\" data-item=\"ptuj-fairytale\">PTUJ FAIRYTALE<\/div>\n\t\t\t\t\t\t\t\t\t\t\t<div class=\"event-filter-venues-items__item js-filter-item\" data-type=\"venue\" data-item=\"fairytale-celje\">Fairytale Celje<\/div>\n\t\t\t\t\t\t\t\t\t\t\t<div class=\"event-filter-venues-items__item js-filter-item\" data-type=\"venue\" data-item=\"medieval-winter-day-at-celje-castle\">Medieval Winter Day at Celje Castle<\/div>\n\t\t\t\t\t\t\t\t\t\t\t<div class=\"event-filter-venues-items__item js-filter-item\" data-type=\"venue\" data-item=\"pre-holiday-stanjel\">Pre-Holiday \u0160tanjel<\/div>\n\t\t\t\t\t\t\t\t\t\t\t<div class=\"event-filter-venues-items__item js-filter-item\" data-type=\"venue\" data-item=\"altroke-sladka-istra\">Altroke Sladka Istra<\/div>\n\t\t\t\t\t\t\t\t\t\t\t<div class=\"event-filter-venues-items__item js-filter-item\" data-type=\"venue\" data-item=\"the-open-kitchen-in-slovenj-gradec\">The Open kitchen in Slovenj Gradec<\/div>\n\t\t\t\t\t\t\t\t\t\t\t<div class=\"event-filter-venues-items__item js-filter-item\" data-type=\"venue\" data-item=\"guided-experiences-in-mystical-land-of-lake-cerknica\">Guided experiences in mystical land of Lake Cerknica<\/div>\n\t\t\t\t\t\t\t\t\t\t\t<div class=\"event-filter-venues-items__item js-filter-item\" data-type=\"venue\" data-item=\"open-kitchen\">Open Kitchen<\/div>\n\t\t\t\t\t\t\t\t\t\t\t<div class=\"event-filter-venues-items__item js-filter-item\" data-type=\"venue\" data-item=\"filip-kauch-piano-poland-ivan-petrenko-piano-ukraine\">FILIP KAUCH, piano (Poland) IVAN PETRENKO, piano (Ukraine)<\/div>\n\t\t\t\t\t\t\t\t\t\t\t<div class=\"event-filter-venues-items__item js-filter-item\" data-type=\"venue\" data-item=\"orfeo-duospain-quella-vita-quintet-spain\">ORFEO DUO(Spain) QUELLA VITA QUINTET (Spain)<\/div>\n\t\t\t\t\t\t\t\t\t\t\t<div class=\"event-filter-venues-items__item js-filter-item\" data-type=\"venue\" data-item=\"manca-kosmac-viola-neza-homsak-violoncello\">MANCA KOSMA\u010c, viola NE\u017dA HOM\u0160AK, violoncello<\/div>\n\t\t\t\t\t\t\t\t\t\t\t<div class=\"event-filter-venues-items__item js-filter-item\" data-type=\"venue\" data-item=\"manja-slak-violin-pia-rener-double-bass\">MANJA SLAK, violin PIA RENER, double bass<\/div>\n\t\t\t\t\t\t\t\t\t\t\t<div class=\"event-filter-venues-items__item js-filter-item\" data-type=\"venue\" data-item=\"sajara-brass-quintet-spain-future-sax-quartet-spain\">SAJARA BRASS QUINTET (Spain) FUTURE SAX QUARTET (Spain)<\/div>\n\t\t\t\t\t\t\t\t\t\t\t<div class=\"event-filter-venues-items__item js-filter-item\" data-type=\"venue\" data-item=\"milica-zizic-soprano-kristina-antic-cello\">MILICA \u017dI\u017dI\u0106, soprano KRISTINA ANTI\u0106, cello<\/div>\n\t\t\t\t\t\t\t\t\t\t\t<div class=\"event-filter-venues-items__item js-filter-item\" data-type=\"venue\" data-item=\"nikola-pajanovic-violin-sara-cano-cello\">NIKOLA PAJANOVI\u0106, violin SARA \u010cANO, cello<\/div>\n\t\t\t\t\t\t\t\t\t\t\t<div class=\"event-filter-venues-items__item js-filter-item\" data-type=\"venue\" data-item=\"leto-krizanic-zorz-harp-anej-gorenjak-trumpet\">LETO KRI\u017dANI\u010c \u017dOR\u017d, harp ANEJ GORENJAK, trumpet<\/div>\n\t\t\t\t\t\t\t\t\t\t\t<div class=\"event-filter-venues-items__item js-filter-item\" data-type=\"venue\" data-item=\"kraspass-gourmet\">Kraspass Gourmet<\/div>\n\t\t\t\t\t\t\t\t\t\t\t<div class=\"event-filter-venues-items__item js-filter-item\" data-type=\"venue\" data-item=\"empiro-duo-aja-urlep-harp\">EMPIRO DUO AJA URLEP, harp<\/div>\n\t\t\t\t\t\t\t\t\t\t\t<div class=\"event-filter-venues-items__item js-filter-item\" data-type=\"venue\" data-item=\"veronika-vanja-soprano-and-violin-serbia-mark-lev-krajnc-violin\">VERONIKA VANJA, soprano and violin (Serbia) MARK LEV KRAJNC, violin<\/div>\n\t\t\t\t\t\t\t\t\t\t\t<div class=\"event-filter-venues-items__item js-filter-item\" data-type=\"venue\" data-item=\"leon-ravnikar-guitar-ana-gorjanc-guitar\">LEON RAVNIKAR, guitar ANA GORJANC, guitar<\/div>\n\t\t\t\t\t\t\t\t\t\t\t<div class=\"event-filter-venues-items__item js-filter-item\" data-type=\"venue\" data-item=\"zala-azbe-organ-nika-frelih-organ\">ZALA A\u017dBE, organ NIKA FRELIH, organ<\/div>\n\t\t\t\t\t\t\t\t\t\t\t<div class=\"event-filter-venues-items__item js-filter-item\" data-type=\"venue\" data-item=\"gaja-znidarsic-violin-inuaria-flute-quartet\">GAJA \u017dNIDAR\u0160I\u010c, violin INUARIA FLUTE QUARTET<\/div>\n\t\t\t\t\t\t\t\t\t\t\t<div class=\"event-filter-venues-items__item js-filter-item\" data-type=\"venue\" data-item=\"kuan-wei-chen-piano-taiwan-china-ad-astra-piano-trio\">KUAN-WEI CHEN, piano (Taiwan, China) AD ASTRA PIANO TRIO<\/div>\n\t\t\t\t\t\t\t\t\t\t\t<div class=\"event-filter-venues-items__item js-filter-item\" data-type=\"venue\" data-item=\"kai-min-chang-piano-taiwan-china-hina-khuong-huu-violin-france-japan-usa\">KAI-MIN CHANG, piano (Taiwan, China) HINA KHUONG-HUU, violin (France, Japan, USA)<\/div>\n\t\t\t\t\t\t\t\t\t\t\t<div class=\"event-filter-venues-items__item js-filter-item\" data-type=\"venue\" data-item=\"28th-ljubljana-marathon\">28th Ljubljana marathon<\/div>\n\t\t\t\t\t\t\t\t\t\t\t<div class=\"event-filter-venues-items__item js-filter-item\" data-type=\"venue\" data-item=\"st-martins-festival\">St. Martin\u2019s Festival<\/div>\n\t\t\t\t\t\t\t\t\t\t\t<div class=\"event-filter-venues-items__item js-filter-item\" data-type=\"venue\" data-item=\"switching-on-the-festive-lights\">Switching on the Festive Lights<\/div>\n\t\t\t\t\t\t\t\t\t\t\t<div class=\"event-filter-venues-items__item js-filter-item\" data-type=\"venue\" data-item=\"we-celebrate-the-flavors-of-posavje\">We Celebrate The Flavors of Posavje<\/div>\n\t\t\t\t\t\t\t\t\t\t\t<div class=\"event-filter-venues-items__item js-filter-item\" data-type=\"venue\" data-item=\"mladi-levi-festival-shared-landscapes-5\">Mladi levi Festival: Shared Landscapes<\/div>\n\t\t\t\t\t\t\t\t\t\t\t<div class=\"event-filter-venues-items__item js-filter-item\" data-type=\"venue\" data-item=\"mladi-levi-festival-shared-landscapes-4\">Mladi levi Festival: Shared Landscapes<\/div>\n\t\t\t\t\t\t\t\t\t\t\t<div class=\"event-filter-venues-items__item js-filter-item\" data-type=\"venue\" data-item=\"mladi-levi-festival-shared-landscapes-3\">Mladi levi Festival: Shared Landscapes<\/div>\n\t\t\t\t\t\t\t\t\t\t\t<div class=\"event-filter-venues-items__item js-filter-item\" data-type=\"venue\" data-item=\"mladi-levi-festival-shared-landscapes-2\">Mladi levi Festival: Shared Landscapes<\/div>\n\t\t\t\t\t\t\t\t\t\t\t<div class=\"event-filter-venues-items__item js-filter-item\" data-type=\"venue\" data-item=\"mladi-levi-festival-shared-landscapes\">Mladi levi Festival: Shared Landscapes<\/div>\n\t\t\t\t\t\t\t\t\t\t\t<div class=\"event-filter-venues-items__item js-filter-item\" data-type=\"venue\" data-item=\"mladi-levi-festival-fredrik-petrov-pardon-petals-2\">MLADI LEVI FESTIVAL: Fredrik Petrov: PARDON, PETALS<\/div>\n\t\t\t\t\t\t\t\t\t\t\t<div class=\"event-filter-venues-items__item js-filter-item\" data-type=\"venue\" data-item=\"mladi-levi-festival-fredrik-petrov-pardon-petals\">MLADI LEVI FESTIVAL: Fredrik Petrov: PARDON, PETALS<\/div>\n\t\t\t\t\t\t\t\t\t\t\t<div class=\"event-filter-venues-items__item js-filter-item\" data-type=\"venue\" data-item=\"mladi-levi-festival-susie-wang-the-hum-2\">MLADI LEVI FESTIVAL: Susie Wang: THE HUM<\/div>\n\t\t\t\t\t\t\t\t\t\t\t<div class=\"event-filter-venues-items__item js-filter-item\" data-type=\"venue\" data-item=\"mladi-levi-festival-susie-wang-the-hum\">MLADI LEVI FESTIVAL: Susie Wang: THE HUM<\/div>\n\t\t\t\t\t\t\t\t\t\t\t<div class=\"event-filter-venues-items__item js-filter-item\" data-type=\"venue\" data-item=\"mladi-levi-festival-colletiv0-cinetic0-alessandro-sciarroni-third-dialogue-in-a-landscape\">MLADI LEVI FESTIVAL: Colletiv0 Cinetic0 &amp; Alessandro Sciarroni: THIRD DIALOGUE: IN A LANDSCAPE<\/div>\n\t\t\t\t\t\t\t\t\t\t\t<div class=\"event-filter-venues-items__item js-filter-item\" data-type=\"venue\" data-item=\"mladi-levi-festival-mali-weil-forests-an-evocation-3\">MLADI LEVI FESTIVAL: Mali Weil: FORESTS: AN EVOCATION<\/div>\n\t\t\t\t\t\t\t\t\t\t\t<div class=\"event-filter-venues-items__item js-filter-item\" data-type=\"venue\" data-item=\"mladi-levi-festival-discussion-cafe-our-future-spaces\">MLADI LEVI FESTIVAL: DISCUSSION CAF\u00c9: \u201dOur\u201d future spaces<\/div>\n\t\t\t\t\t\t\t\t\t\t\t<div class=\"event-filter-venues-items__item js-filter-item\" data-type=\"venue\" data-item=\"mladi-levi-festival-basel-zaraa-dear-laila-3\">MLADI LEVI FESTIVAL: Basel Zaraa: DEAR LAILA<\/div>\n\t\t\t\t\t\t\t\t\t\t\t<div class=\"event-filter-venues-items__item js-filter-item\" data-type=\"venue\" data-item=\"mladi-levi-festival-mali-weil-forests-an-evocation-2\">MLADI LEVI FESTIVAL: Mali Weil: FORESTS: AN EVOCATION<\/div>\n\t\t\t\t\t\t\t\t\t\t\t<div class=\"event-filter-venues-items__item js-filter-item\" data-type=\"venue\" data-item=\"mladi-levi-festival-mali-weil-forests-an-evocation\">MLADI LEVI FESTIVAL: Mali Weil: FORESTS: AN EVOCATION<\/div>\n\t\t\t\t\t\t\t\t\t\t\t<div class=\"event-filter-venues-items__item js-filter-item\" data-type=\"venue\" data-item=\"mladi-levi-festival-bezjak-epner-jordan-kangro-stegnar-ulfsak-fun-fact-2\">MLADI LEVI FESTIVAL: Bezjak, Epner, Jordan, Kangro, Stegnar, Ulfsak: FUN FACT<\/div>\n\t\t\t\t\t\t\t\t\t\t\t<div class=\"event-filter-venues-items__item js-filter-item\" data-type=\"venue\" data-item=\"mladi-levi-festival-basel-zaraa-dear-laila-2\">MLADI LEVI FESTIVAL: Basel Zaraa: DEAR LAILA<\/div>\n\t\t\t\t\t\t\t\t\t\t\t<div class=\"event-filter-venues-items__item js-filter-item\" data-type=\"venue\" data-item=\"mladi-levi-festival-basel-zaraa-dear-laila\">MLADI LEVI FESTIVAL: Basel Zaraa: DEAR LAILA<\/div>\n\t\t\t\t\t\t\t\t\t\t\t<div class=\"event-filter-venues-items__item js-filter-item\" data-type=\"venue\" data-item=\"mladi-levi-festival-bezjak-epner-jordan-kangro-stegnar-ulfsak-fun-fact\">MLADI LEVI FESTIVAL: Bezjak, Epner, Jordan, Kangro, Stegnar, Ulfsak: FUN FACT<\/div>\n\t\t\t\t\t\t\t\t\t\t\t<div class=\"event-filter-venues-items__item js-filter-item\" data-type=\"venue\" data-item=\"mladi-levi-festival-ivana-muller-bojana-kunstmending-the-invisible-3\">MLADI LEVI FESTIVAL: Ivana M\u00fcller &amp; Bojana Kunst:MENDING THE INVISIBLE<\/div>\n\t\t\t\t\t\t\t\t\t\t\t<div class=\"event-filter-venues-items__item js-filter-item\" data-type=\"venue\" data-item=\"mladi-levi-festival-ivana-muller-bojana-kunstmending-the-invisible-2\">MLADI LEVI FESTIVAL: Ivana M\u00fcller &amp; Bojana Kunst:MENDING THE INVISIBLE<\/div>\n\t\t\t\t\t\t\t\t\t\t\t<div class=\"event-filter-venues-items__item js-filter-item\" data-type=\"venue\" data-item=\"mladi-levi-festival-ivana-muller-bojana-kunstmending-the-invisible\">MLADI LEVI FESTIVAL: Ivana M\u00fcller &amp; Bojana Kunst:MENDING THE INVISIBLE<\/div>\n\t\t\t\t\t\t\t\t\t\t\t<div class=\"event-filter-venues-items__item js-filter-item\" data-type=\"venue\" data-item=\"mladi-levi-festival-nadir-sonmez-diyarbakir-tourism-romanticism-activism\">MLADI LEVI FESTIVAL: Nadir S\u00f6nmez: DIYARBAKIR. TOURISM. ROMANTICISM. ACTIVISM.<\/div>\n\t\t\t\t\t\t\t\t\t\t\t<div class=\"event-filter-venues-items__item js-filter-item\" data-type=\"venue\" data-item=\"mladi-levi-festival-jaha-koo-haribo-kimchi-2\">MLADI LEVI FESTIVAL: Jaha Koo: HARIBO KIMCHI<\/div>\n\t\t\t\t\t\t\t\t\t\t\t<div class=\"event-filter-venues-items__item js-filter-item\" data-type=\"venue\" data-item=\"mladi-levi-festival-jaha-koo-haribo-kimchi\">MLADI LEVI FESTIVAL: Jaha Koo: HARIBO KIMCHI<\/div>\n\t\t\t\t\t\t\t\t\t\t\t<div class=\"event-filter-venues-items__item js-filter-item\" data-type=\"venue\" data-item=\"panc-festivals-thursday-comedy-plan\">Pan\u010d Festival&#8217;s Thursday Comedy Plan!<\/div>\n\t\t\t\t\t\t\t\t\t\t\t<div class=\"event-filter-venues-items__item js-filter-item\" data-type=\"venue\" data-item=\"ptuj-castle-games\">Ptuj Castle Games<\/div>\n\t\t\t\t\t\t\t\t\t\t\t<div class=\"event-filter-venues-items__item js-filter-item\" data-type=\"venue\" data-item=\"55th-festival-of-folk-music-ptuj-2024\">55th Festival of Folk Music Ptuj 2024<\/div>\n\t\t\t\t\t\t\t\t\t\t\t<div class=\"event-filter-venues-items__item js-filter-item\" data-type=\"venue\" data-item=\"16th-arsana-festival-world-music-experiences\">16th Arsana Festival: WORLD MUSIC EXPERIENCES<\/div>\n\t\t\t\t\t\t\t\t\t\t\t<div class=\"event-filter-venues-items__item js-filter-item\" data-type=\"venue\" data-item=\"art-stays-festival\">22. ART STAYS FESTIVAL<\/div>\n\t\t\t\t\t\t\t\t\t\t\t<div class=\"event-filter-venues-items__item js-filter-item\" data-type=\"venue\" data-item=\"candle-lights-on-the-lake\">Candle lights on the lake<\/div>\n\t\t\t\t\t\t\t\t\t\t\t<div class=\"event-filter-venues-items__item js-filter-item\" data-type=\"venue\" data-item=\"beer-and-flowers-festival\">Beer and Flowers Festival<\/div>\n\t\t\t\t\t\t\t\t\t\t\t<div class=\"event-filter-venues-items__item js-filter-item\" data-type=\"venue\" data-item=\"the-lent-festival\">The Lent Festival<\/div>\n\t\t\t\t\t\t\t\t\t\t\t<div class=\"event-filter-venues-items__item js-filter-item\" data-type=\"venue\" data-item=\"a-solitude-surrounded-by-other-solitudes\">A SOLITUDE SURROUNDED BY OTHER SOLITUDES<\/div>\n\t\t\t\t\t\t\t\t\t\t\t<div class=\"event-filter-venues-items__item js-filter-item\" data-type=\"venue\" data-item=\"seognam-philharmonic-orchestra-nanse-gum-conductor-maria-solozobova-violin-min-jio-haegeum\">SEOGNAM PHILHARMONIC ORCHESTRA NANSE GUM, conductor MARIA SOLOZOBOVA, violin MIN JIO, haegeum<\/div>\n\t\t\t\t\t\t\t\t\t\t\t<div class=\"event-filter-venues-items__item js-filter-item\" data-type=\"venue\" data-item=\"giuseppe-verdi-il-trovatore-opera\">Giuseppe Verdi: IL TROVATORE, opera<\/div>\n\t\t\t\t\t\t\t\t\t\t\t<div class=\"event-filter-venues-items__item js-filter-item\" data-type=\"venue\" data-item=\"orchestra-del-maggio-musicale-fiorentino-zubin-mehta-dirigent-lana-trotovsek-violina\">ORCHESTRA DEL MAGGIO MUSICALE FIORENTINO ZUBIN MEHTA, dirigent LANA TROTOV\u0160EK, violina<\/div>\n\t\t\t\t\t\t\t\t\t\t\t<div class=\"event-filter-venues-items__item js-filter-item\" data-type=\"venue\" data-item=\"the-bodyguard-musical\">THE BODYGUARD, musical<\/div>\n\t\t\t\t\t\t\t\t\t\t\t<div class=\"event-filter-venues-items__item js-filter-item\" data-type=\"venue\" data-item=\"spanish-nights\">SPANISH NIGHTS<\/div>\n\t\t\t\t\t\t\t\t\t\t\t<div class=\"event-filter-venues-items__item js-filter-item\" data-type=\"venue\" data-item=\"claudi-arimany-flute-eduard-sanchez-flute-pedro-rodriguez-piano\">CLAUDI ARIMANY, flute EDUARD S\u00c1NCHEZ, flute PEDRO RODR\u00cdGUEZ, piano<\/div>\n\t\t\t\t\t\t\t\t\t\t\t<div class=\"event-filter-venues-items__item js-filter-item\" data-type=\"venue\" data-item=\"duettissimo\">DUETTISSIMO<\/div>\n\t\t\t\t\t\t\t\t\t\t\t<div class=\"event-filter-venues-items__item js-filter-item\" data-type=\"venue\" data-item=\"tamas-erdi-piano\">TAM\u00c1S \u00c9RDI, piano<\/div>\n\t\t\t\t\t\t\t\t\t\t\t<div class=\"event-filter-venues-items__item js-filter-item\" data-type=\"venue\" data-item=\"emanuel-abbuhl-oboe-reinhold-friedrich-trumpet-radovan-vlatkovic-horn-eriko-takezawa-piano-kimiko-imani-piano-danijel-detoni-piano\">EMANUEL ABB\u00dcHL, oboe REINHOLD FRIEDRICH, trumpet RADOVAN VLATKOVI\u0106, horn ERIKO TAKEZAWA, piano KIMIKO IMANI, piano DANIJEL DETONI, piano<\/div>\n\t\t\t\t\t\t\t\t\t\t\t<div class=\"event-filter-venues-items__item js-filter-item\" data-type=\"venue\" data-item=\"jens-peter-maintz-violoncelo-hartmut-rohde-viola-rick-stotijn-kontrabas-ole-kristian-dahl-fagot-rie-simada-klavir-ken-nakasako-klavir-zsuzsa-balint-klavir-naoko-sonoda-klavir\">JENS-PETER MAINTZ, violon\u010delo HARTMUT ROHDE, viola RICK STOTIJN, kontrabas OLE KRISTIAN DAHL, fagot RIE \u0160IMADA, klavir KEN NAKASAKO, klavir ZSUZSA B\u00c1LINT, klavir NAOKO SONODA, klavir<\/div>\n\t\t\t\t\t\t\t\t\t\t\t<div class=\"event-filter-venues-items__item js-filter-item\" data-type=\"venue\" data-item=\"ljubljana-vienna\">LJUBLJANA-VIENNA<\/div>\n\t\t\t\t\t\t\t\t\t\t\t<div class=\"event-filter-venues-items__item js-filter-item\" data-type=\"venue\" data-item=\"gary-levinson-and-friends\">GARY LEVINSON AND FRIENDS<\/div>\n\t\t\t\t\t\t\t\t\t\t\t<div class=\"event-filter-venues-items__item js-filter-item\" data-type=\"venue\" data-item=\"rococo-variations\">ROCOCO VARIATIONS<\/div>\n\t\t\t\t\t\t\t\t\t\t\t<div class=\"event-filter-venues-items__item js-filter-item\" data-type=\"venue\" data-item=\"zappa-day-in-ljubljana\">ZAPPA DAY IN LJUBLJANA<\/div>\n\t\t\t\t\t\t\t\t\t\t\t<div class=\"event-filter-venues-items__item js-filter-item\" data-type=\"venue\" data-item=\"hommage-a-francisek-smerdu-sixty-years-later\">HOMMAGE \u00c0 FRAN\u010cI\u0160EK SMERDU: SIXTY YEARS LATER<\/div>\n\t\t\t\t\t\t\t\t\t\t\t<div class=\"event-filter-venues-items__item js-filter-item\" data-type=\"venue\" data-item=\"ziva-ploj-persuh-conductor-slovene-youth-orchestra-lauri-porra-electric-bass-guitar\">\u017dIVA PLOJ PER\u0160UH, conductor SLOVENE YOUTH ORCHESTRA LAURI PORRA, electric bass guitar<\/div>\n\t\t\t\t\t\t\t\t\t\t\t<div class=\"event-filter-venues-items__item js-filter-item\" data-type=\"venue\" data-item=\"an-evening-of-music-by-john-williams\">AN EVENING OF MUSIC BY JOHN WILLIAMS<\/div>\n\t\t\t\t\t\t\t\t\t\t\t<div class=\"event-filter-venues-items__item js-filter-item\" data-type=\"venue\" data-item=\"oto-pestner-my-ladies\">OTO PESTNER &amp; \u201cMY LADIES\u201d<\/div>\n\t\t\t\t\t\t\t\t\t\t\t<div class=\"event-filter-venues-items__item js-filter-item\" data-type=\"venue\" data-item=\"bossa-de-novo-cesar-camargo-mariano-piano\">BOSSA DE NOVO C\u00c9SAR CAMARGO MARIANO, piano<\/div>\n\t\t\t\t\t\t\t\t\t\t\t<div class=\"event-filter-venues-items__item js-filter-item\" data-type=\"venue\" data-item=\"concert-of-opera-arias\">CONCERT OF OPERA ARIAS<\/div>\n\t\t\t\t\t\t\t\t\t\t\t<div class=\"event-filter-venues-items__item js-filter-item\" data-type=\"venue\" data-item=\"committed-to-steps-mission-smog-hunter\">COMMITTED TO STEPS MISSION: SMOG-HUNTER<\/div>\n\t\t\t\t\t\t\t\t\t\t\t<div class=\"event-filter-venues-items__item js-filter-item\" data-type=\"venue\" data-item=\"sir-antonio-pappano-conductor-london-symphony-orchestra-vilde-frang-violin\">Sir ANTONIO PAPPANO, conductor LONDON SYMPHONY ORCHESTRA VILDE FRANG, violin<\/div>\n\t\t\t\t\t\t\t\t\t\t\t<div class=\"event-filter-venues-items__item js-filter-item\" data-type=\"venue\" data-item=\"london-symphony-orchestra-kaunas-state-choir-sir-antonio-pappano-conductor-bruce-liu-piano\">LONDON SYMPHONY ORCHESTRA KAUNAS STATE CHOIR Sir ANTONIO PAPPANO, conductor BRUCE LIU, piano<\/div>\n\t\t\t\t\t\t\t\t\t\t\t<div class=\"event-filter-venues-items__item js-filter-item\" data-type=\"venue\" data-item=\"uros-peric-rtv-slovenia-big-band-with-international-guests\">URO\u0160 PERI\u0106 &amp; RTV SLOVENIA BIG BAND WITH INTERNATIONAL GUESTS<\/div>\n\t\t\t\t\t\t\t\t\t\t\t<div class=\"event-filter-venues-items__item js-filter-item\" data-type=\"venue\" data-item=\"vlado-kreslin\">VLADO KRESLIN<\/div>\n\t\t\t\t\t\t\t\t\t\t\t<div class=\"event-filter-venues-items__item js-filter-item\" data-type=\"venue\" data-item=\"filarmonica-della-scala-riccardo-chailly-conductor\">FILARMONICA DELLA SCALA RICCARDO CHAILLY, conductor<\/div>\n\t\t\t\t\t\t\t\t\t\t\t<div class=\"event-filter-venues-items__item js-filter-item\" data-type=\"venue\" data-item=\"slovenian-philharmonic-orchestra-charles-dutoit-conductor-martha-argerich-piano\">SLOVENIAN PHILHARMONIC ORCHESTRA CHARLES DUTOIT, conductor MARTHA ARGERICH, piano<\/div>\n\t\t\t\t\t\t\t\t\t\t\t<div class=\"event-filter-venues-items__item js-filter-item\" data-type=\"venue\" data-item=\"giacomo-puccini-la-boheme-concert-version\">Giacomo Puccini: LA BOH\u00c8ME, concert version<\/div>\n\t\t\t\t\t\t\t\t\t\t\t<div class=\"event-filter-venues-items__item js-filter-item\" data-type=\"venue\" data-item=\"concerto-budapest-symphony-orchestra-andras-keller-conductor-mikhail-pletnev-piano\">CONCERTO BUDAPEST SYMPHONY ORCHESTRA ANDR\u00c1S KELLER, conductor MIKHAIL PLETNEV, piano<\/div>\n\t\t\t\t\t\t\t\t\t\t\t<div class=\"event-filter-venues-items__item js-filter-item\" data-type=\"venue\" data-item=\"aram-khachaturian-spartacus-ballet\">Aram Khachaturian: SPARTACUS, ballet<\/div>\n\t\t\t\t\t\t\t\t\t\t\t<div class=\"event-filter-venues-items__item js-filter-item\" data-type=\"venue\" data-item=\"margareth-menezes\">MARGARETH MENEZES<\/div>\n\t\t\t\t\t\t\t\t\t\t\t<div class=\"event-filter-venues-items__item js-filter-item\" data-type=\"venue\" data-item=\"orchestra-sinfonica-del-conservatorio-vincenzo-bellini-di-catania-epifanio-comis-conductor-serena-saenz-soprano\">ORCHESTRA SINFONICA DEL CONSERVATORIO VINCENZO BELLINI DI CATANIA EPIFANIO COMIS, conductor SERENA S\u00c1ENZ, soprano<\/div>\n\t\t\t\t\t\t\t\t\t\t\t<div class=\"event-filter-venues-items__item js-filter-item\" data-type=\"venue\" data-item=\"the-chick-corea-symphony-tribute-ritmo\">THE CHICK COREA SYMPHONY TRIBUTE RITMO<\/div>\n\t\t\t\t\t\t\t\t\t\t\t<div class=\"event-filter-venues-items__item js-filter-item\" data-type=\"venue\" data-item=\"martina-jankova-soprano-christoph-berner-piano\">MARTINA JANKOV\u00c1, soprano CHRISTOPH BERNER, piano<\/div>\n\t\t\t\t\t\t\t\t\t\t\t<div class=\"event-filter-venues-items__item js-filter-item\" data-type=\"venue\" data-item=\"mikis-theodorakis-zorba-the-greek-ballet\">Mikis Theodorakis: ZORBA THE GREEK, ballet<\/div>\n\t\t\t\t\t\t\t\t\t\t\t<div class=\"event-filter-venues-items__item js-filter-item\" data-type=\"venue\" data-item=\"zbog-sebe-zbog-tebe-zbog-drugih-rade-serbedzija\">ZBOG SEBE, ZBOG TEBE, ZBOG DRUGIH RADE \u0160ERBED\u017dIJA<\/div>\n\t\t\t\t\t\t\t\t\t\t\t<div class=\"event-filter-venues-items__item js-filter-item\" data-type=\"venue\" data-item=\"arturo-ofarrill-afro-latin-jazz-orchestra\">ARTURO O\u2019FARRILL &amp; AFRO LATIN JAZZ ORCHESTRA<\/div>\n\t\t\t\t\t\t\t\t\t\t\t<div class=\"event-filter-venues-items__item js-filter-item\" data-type=\"venue\" data-item=\"ningbo-symphony-orchestra-ji-yu-conductor-yuanchun-yu-pipa\">NINGBO SYMPHONY ORCHESTRA JI YU, conductor YUANCHUN YU, pipa<\/div>\n\t\t\t\t\t\t\t\t\t\t\t<div class=\"event-filter-venues-items__item js-filter-item\" data-type=\"venue\" data-item=\"latica-honda-rosenberg-violin-lana-trotovsek-violin-felix-renggli-flute-thomas-haberlah-piano-evgeny-sinaiski-piano\">LATICA HONDA-ROSENBERG, violin LANA TROTOV\u0160EK, violin FELIX RENGGLI, flute THOMAS HABERLAH, piano EVGENY SINAISKI, piano<\/div>\n\t\t\t\t\t\t\t\t\t\t\t<div class=\"event-filter-venues-items__item js-filter-item\" data-type=\"venue\" data-item=\"viva-vivaldi\">VIVA VIVALDI!<\/div>\n\t\t\t\t\t\t\t\t\t\t\t<div class=\"event-filter-venues-items__item js-filter-item\" data-type=\"venue\" data-item=\"cerknica-half-marathon\">Cerknica half-marathon<\/div>\n\t\t\t\t\t\t\t\t\t<\/div>\n\t\t\t<\/div>\n\t\t<\/div>-->\n\t\t\n\t\t\t\t\t\t\t<div class=\"event-filter-cities js-filter-cities\">\n\t\t\t<div class=\"event-filter-label\">\n\t\t\t\t<strong><label>City<\/label><\/strong>\n\t\t\t<\/div>\n\t\t\t<div class=\"event-filter-details\">\n\t\t\t\t<input class=\"event-filter-search js-search-city\" placeholder=\"Search\" type=\"text\" \/>\n\t\t\t\t<div class=\"event-filter__items event-filter-cities__items\">\n\t\t\t\t\t\t\t\t\t\t\t<div class=\"event-filter-days-items__item js-filter-item \" data-type=\"city\" data-item=\"Ajdov\u0161\u010dina\">\n\t\t\t\t\t\t\tAjdov\u0161\u010dina\t\t\t\t\t\t<\/div>\n\t\t\t\t\t\t\t\t\t\t\t<div class=\"event-filter-days-items__item js-filter-item \" data-type=\"city\" data-item=\"Arboretum Vol\u010dji Potok\">\n\t\t\t\t\t\t\tArboretum Vol\u010dji Potok\t\t\t\t\t\t<\/div>\n\t\t\t\t\t\t\t\t\t\t\t<div class=\"event-filter-days-items__item js-filter-item \" data-type=\"city\" data-item=\"Begunje na Gorenjskem\">\n\t\t\t\t\t\t\tBegunje na Gorenjskem\t\t\t\t\t\t<\/div>\n\t\t\t\t\t\t\t\t\t\t\t<div class=\"event-filter-days-items__item js-filter-item \" data-type=\"city\" data-item=\"Benedikt\">\n\t\t\t\t\t\t\tBenedikt\t\t\t\t\t\t<\/div>\n\t\t\t\t\t\t\t\t\t\t\t<div class=\"event-filter-days-items__item js-filter-item \" data-type=\"city\" data-item=\"Bled\">\n\t\t\t\t\t\t\tBled\t\t\t\t\t\t<\/div>\n\t\t\t\t\t\t\t\t\t\t\t<div class=\"event-filter-days-items__item js-filter-item \" data-type=\"city\" data-item=\"Bohinj\">\n\t\t\t\t\t\t\tBohinj\t\t\t\t\t\t<\/div>\n\t\t\t\t\t\t\t\t\t\t\t<div class=\"event-filter-days-items__item js-filter-item \" data-type=\"city\" data-item=\"Bohinjska Bistrica\">\n\t\t\t\t\t\t\tBohinjska Bistrica\t\t\t\t\t\t<\/div>\n\t\t\t\t\t\t\t\t\t\t\t<div class=\"event-filter-days-items__item js-filter-item \" data-type=\"city\" data-item=\"Braslov\u010de\">\n\t\t\t\t\t\t\tBraslov\u010de\t\t\t\t\t\t<\/div>\n\t\t\t\t\t\t\t\t\t\t\t<div class=\"event-filter-days-items__item js-filter-item \" data-type=\"city\" data-item=\"Brda\">\n\t\t\t\t\t\t\tBrda\t\t\t\t\t\t<\/div>\n\t\t\t\t\t\t\t\t\t\t\t<div class=\"event-filter-days-items__item js-filter-item \" data-type=\"city\" data-item=\"Brestovica pri Komnu\">\n\t\t\t\t\t\t\tBrestovica pri Komnu\t\t\t\t\t\t<\/div>\n\t\t\t\t\t\t\t\t\t\t\t<div class=\"event-filter-days-items__item js-filter-item \" data-type=\"city\" data-item=\"Bre\u017eice\">\n\t\t\t\t\t\t\tBre\u017eice\t\t\t\t\t\t<\/div>\n\t\t\t\t\t\t\t\t\t\t\t<div class=\"event-filter-days-items__item js-filter-item \" data-type=\"city\" data-item=\"Celje\">\n\t\t\t\t\t\t\tCelje\t\t\t\t\t\t<\/div>\n\t\t\t\t\t\t\t\t\t\t\t<div class=\"event-filter-days-items__item js-filter-item \" data-type=\"city\" data-item=\"Center TNP Bohinj, Bohinj\">\n\t\t\t\t\t\t\tCenter TNP Bohinj, Bohinj\t\t\t\t\t\t<\/div>\n\t\t\t\t\t\t\t\t\t\t\t<div class=\"event-filter-days-items__item js-filter-item \" data-type=\"city\" data-item=\"Cerklje na Gorenjskem\">\n\t\t\t\t\t\t\tCerklje na Gorenjskem\t\t\t\t\t\t<\/div>\n\t\t\t\t\t\t\t\t\t\t\t<div class=\"event-filter-days-items__item js-filter-item \" data-type=\"city\" data-item=\"Cerknica\">\n\t\t\t\t\t\t\tCerknica\t\t\t\t\t\t<\/div>\n\t\t\t\t\t\t\t\t\t\t\t<div class=\"event-filter-days-items__item js-filter-item \" data-type=\"city\" data-item=\"Cerkno\">\n\t\t\t\t\t\t\tCerkno\t\t\t\t\t\t<\/div>\n\t\t\t\t\t\t\t\t\t\t\t<div class=\"event-filter-days-items__item js-filter-item \" data-type=\"city\" data-item=\"Dol pri Ljubljani\">\n\t\t\t\t\t\t\tDol pri Ljubljani\t\t\t\t\t\t<\/div>\n\t\t\t\t\t\t\t\t\t\t\t<div class=\"event-filter-days-items__item js-filter-item \" data-type=\"city\" data-item=\"Dom\u017eale\">\n\t\t\t\t\t\t\tDom\u017eale\t\t\t\t\t\t<\/div>\n\t\t\t\t\t\t\t\t\t\t\t<div class=\"event-filter-days-items__item js-filter-item \" data-type=\"city\" data-item=\"Dobrovnik\">\n\t\t\t\t\t\t\tDobrovnik\t\t\t\t\t\t<\/div>\n\t\t\t\t\t\t\t\t\t\t\t<div class=\"event-filter-days-items__item js-filter-item \" data-type=\"city\" data-item=\"Gorenja vas\">\n\t\t\t\t\t\t\tGorenja vas\t\t\t\t\t\t<\/div>\n\t\t\t\t\t\t\t\t\t\t\t<div class=\"event-filter-days-items__item js-filter-item \" data-type=\"city\" data-item=\"Gornji Grad\">\n\t\t\t\t\t\t\tGornji Grad\t\t\t\t\t\t<\/div>\n\t\t\t\t\t\t\t\t\t\t\t<div class=\"event-filter-days-items__item js-filter-item \" data-type=\"city\" data-item=\"Grad Sne\u017enik\">\n\t\t\t\t\t\t\tGrad Sne\u017enik\t\t\t\t\t\t<\/div>\n\t\t\t\t\t\t\t\t\t\t\t<div class=\"event-filter-days-items__item js-filter-item \" data-type=\"city\" data-item=\"Gorica pri Slivnici\">\n\t\t\t\t\t\t\tGorica pri Slivnici\t\t\t\t\t\t<\/div>\n\t\t\t\t\t\t\t\t\t\t\t<div class=\"event-filter-days-items__item js-filter-item \" data-type=\"city\" data-item=\"Gori\u0161ka Brda\">\n\t\t\t\t\t\t\tGori\u0161ka Brda\t\t\t\t\t\t<\/div>\n\t\t\t\t\t\t\t\t\t\t\t<div class=\"event-filter-days-items__item js-filter-item \" data-type=\"city\" data-item=\"Gori\u0161nica\">\n\t\t\t\t\t\t\tGori\u0161nica\t\t\t\t\t\t<\/div>\n\t\t\t\t\t\t\t\t\t\t\t<div class=\"event-filter-days-items__item js-filter-item \" data-type=\"city\" data-item=\"Gornja Radgona\">\n\t\t\t\t\t\t\tGornja Radgona\t\t\t\t\t\t<\/div>\n\t\t\t\t\t\t\t\t\t\t\t<div class=\"event-filter-days-items__item js-filter-item \" data-type=\"city\" data-item=\"Idrija\">\n\t\t\t\t\t\t\tIdrija\t\t\t\t\t\t<\/div>\n\t\t\t\t\t\t\t\t\t\t\t<div class=\"event-filter-days-items__item js-filter-item \" data-type=\"city\" data-item=\"Ilirska Bistrica\">\n\t\t\t\t\t\t\tIlirska Bistrica\t\t\t\t\t\t<\/div>\n\t\t\t\t\t\t\t\t\t\t\t<div class=\"event-filter-days-items__item js-filter-item \" data-type=\"city\" data-item=\"Ivan\u010dna Gorica\">\n\t\t\t\t\t\t\tIvan\u010dna Gorica\t\t\t\t\t\t<\/div>\n\t\t\t\t\t\t\t\t\t\t\t<div class=\"event-filter-days-items__item js-filter-item \" data-type=\"city\" data-item=\"Izola\">\n\t\t\t\t\t\t\tIzola\t\t\t\t\t\t<\/div>\n\t\t\t\t\t\t\t\t\t\t\t<div class=\"event-filter-days-items__item js-filter-item \" data-type=\"city\" data-item=\"Jesenice\">\n\t\t\t\t\t\t\tJesenice\t\t\t\t\t\t<\/div>\n\t\t\t\t\t\t\t\t\t\t\t<div class=\"event-filter-days-items__item js-filter-item \" data-type=\"city\" data-item=\"Kamnik\">\n\t\t\t\t\t\t\tKamnik\t\t\t\t\t\t<\/div>\n\t\t\t\t\t\t\t\t\t\t\t<div class=\"event-filter-days-items__item js-filter-item \" data-type=\"city\" data-item=\"Koper\">\n\t\t\t\t\t\t\tKoper\t\t\t\t\t\t<\/div>\n\t\t\t\t\t\t\t\t\t\t\t<div class=\"event-filter-days-items__item js-filter-item \" data-type=\"city\" data-item=\"Kostanjevica na Krki\">\n\t\t\t\t\t\t\tKostanjevica na Krki\t\t\t\t\t\t<\/div>\n\t\t\t\t\t\t\t\t\t\t\t<div class=\"event-filter-days-items__item js-filter-item \" data-type=\"city\" data-item=\"Kranj\">\n\t\t\t\t\t\t\tKranj\t\t\t\t\t\t<\/div>\n\t\t\t\t\t\t\t\t\t\t\t<div class=\"event-filter-days-items__item js-filter-item \" data-type=\"city\" data-item=\"Kranjska gora\">\n\t\t\t\t\t\t\tKranjska gora\t\t\t\t\t\t<\/div>\n\t\t\t\t\t\t\t\t\t\t\t<div class=\"event-filter-days-items__item js-filter-item \" data-type=\"city\" data-item=\"Kranjska Gora\">\n\t\t\t\t\t\t\tKranjska Gora\t\t\t\t\t\t<\/div>\n\t\t\t\t\t\t\t\t\t\t\t<div class=\"event-filter-days-items__item js-filter-item \" data-type=\"city\" data-item=\"Kr\u0161ko\">\n\t\t\t\t\t\t\tKr\u0161ko\t\t\t\t\t\t<\/div>\n\t\t\t\t\t\t\t\t\t\t\t<div class=\"event-filter-days-items__item js-filter-item \" data-type=\"city\" data-item=\"Lu\u010de\">\n\t\t\t\t\t\t\tLu\u010de\t\t\t\t\t\t<\/div>\n\t\t\t\t\t\t\t\t\t\t\t<div class=\"event-filter-days-items__item js-filter-item \" data-type=\"city\" data-item=\"Litija\">\n\t\t\t\t\t\t\tLitija\t\t\t\t\t\t<\/div>\n\t\t\t\t\t\t\t\t\t\t\t<div class=\"event-filter-days-items__item js-filter-item \" data-type=\"city\" data-item=\"Ljubljana\">\n\t\t\t\t\t\t\tLjubljana\t\t\t\t\t\t<\/div>\n\t\t\t\t\t\t\t\t\t\t\t<div class=\"event-filter-days-items__item js-filter-item \" data-type=\"city\" data-item=\"Ljubno ob Savinji\">\n\t\t\t\t\t\t\tLjubno ob Savinji\t\t\t\t\t\t<\/div>\n\t\t\t\t\t\t\t\t\t\t\t<div class=\"event-filter-days-items__item js-filter-item \" data-type=\"city\" data-item=\"Ljutomer\">\n\t\t\t\t\t\t\tLjutomer\t\t\t\t\t\t<\/div>\n\t\t\t\t\t\t\t\t\t\t\t<div class=\"event-filter-days-items__item js-filter-item \" data-type=\"city\" data-item=\"Maj\u0161perk\">\n\t\t\t\t\t\t\tMaj\u0161perk\t\t\t\t\t\t<\/div>\n\t\t\t\t\t\t\t\t\t\t\t<div class=\"event-filter-days-items__item js-filter-item \" data-type=\"city\" data-item=\"Marezige\">\n\t\t\t\t\t\t\tMarezige\t\t\t\t\t\t<\/div>\n\t\t\t\t\t\t\t\t\t\t\t<div class=\"event-filter-days-items__item js-filter-item \" data-type=\"city\" data-item=\"Maribor\">\n\t\t\t\t\t\t\tMaribor\t\t\t\t\t\t<\/div>\n\t\t\t\t\t\t\t\t\t\t\t<div class=\"event-filter-days-items__item js-filter-item \" data-type=\"city\" data-item=\"Medvode\">\n\t\t\t\t\t\t\tMedvode\t\t\t\t\t\t<\/div>\n\t\t\t\t\t\t\t\t\t\t\t<div class=\"event-filter-days-items__item js-filter-item \" data-type=\"city\" data-item=\"Menge\u0161\">\n\t\t\t\t\t\t\tMenge\u0161\t\t\t\t\t\t<\/div>\n\t\t\t\t\t\t\t\t\t\t\t<div class=\"event-filter-days-items__item js-filter-item \" data-type=\"city\" data-item=\"Mislinja\">\n\t\t\t\t\t\t\tMislinja\t\t\t\t\t\t<\/div>\n\t\t\t\t\t\t\t\t\t\t\t<div class=\"event-filter-days-items__item js-filter-item \" data-type=\"city\" data-item=\"Mozirje\">\n\t\t\t\t\t\t\tMozirje\t\t\t\t\t\t<\/div>\n\t\t\t\t\t\t\t\t\t\t\t<div class=\"event-filter-days-items__item js-filter-item \" data-type=\"city\" data-item=\"Murska Sobota\">\n\t\t\t\t\t\t\tMurska Sobota\t\t\t\t\t\t<\/div>\n\t\t\t\t\t\t\t\t\t\t\t<div class=\"event-filter-days-items__item js-filter-item \" data-type=\"city\" data-item=\"Nazarje\">\n\t\t\t\t\t\t\tNazarje\t\t\t\t\t\t<\/div>\n\t\t\t\t\t\t\t\t\t\t\t<div class=\"event-filter-days-items__item js-filter-item \" data-type=\"city\" data-item=\"Nova Gorica\">\n\t\t\t\t\t\t\tNova Gorica\t\t\t\t\t\t<\/div>\n\t\t\t\t\t\t\t\t\t\t\t<div class=\"event-filter-days-items__item js-filter-item \" data-type=\"city\" data-item=\"Novo mesto\">\n\t\t\t\t\t\t\tNovo mesto\t\t\t\t\t\t<\/div>\n\t\t\t\t\t\t\t\t\t\t\t<div class=\"event-filter-days-items__item js-filter-item \" data-type=\"city\" data-item=\"Osilnica\">\n\t\t\t\t\t\t\tOsilnica\t\t\t\t\t\t<\/div>\n\t\t\t\t\t\t\t\t\t\t\t<div class=\"event-filter-days-items__item js-filter-item \" data-type=\"city\" data-item=\"Oplotnica\">\n\t\t\t\t\t\t\tOplotnica\t\t\t\t\t\t<\/div>\n\t\t\t\t\t\t\t\t\t\t\t<div class=\"event-filter-days-items__item js-filter-item \" data-type=\"city\" data-item=\"Ormo\u017e\">\n\t\t\t\t\t\t\tOrmo\u017e\t\t\t\t\t\t<\/div>\n\t\t\t\t\t\t\t\t\t\t\t<div class=\"event-filter-days-items__item js-filter-item \" data-type=\"city\" data-item=\"Piran\">\n\t\t\t\t\t\t\tPiran\t\t\t\t\t\t<\/div>\n\t\t\t\t\t\t\t\t\t\t\t<div class=\"event-filter-days-items__item js-filter-item \" data-type=\"city\" data-item=\"Pivka\">\n\t\t\t\t\t\t\tPivka\t\t\t\t\t\t<\/div>\n\t\t\t\t\t\t\t\t\t\t\t<div class=\"event-filter-days-items__item js-filter-item \" data-type=\"city\" data-item=\"Pivola\">\n\t\t\t\t\t\t\tPivola\t\t\t\t\t\t<\/div>\n\t\t\t\t\t\t\t\t\t\t\t<div class=\"event-filter-days-items__item js-filter-item \" data-type=\"city\" data-item=\"Pod\u010detrtek\">\n\t\t\t\t\t\t\tPod\u010detrtek\t\t\t\t\t\t<\/div>\n\t\t\t\t\t\t\t\t\t\t\t<div class=\"event-filter-days-items__item js-filter-item \" data-type=\"city\" data-item=\"Portoro\u017e\">\n\t\t\t\t\t\t\tPortoro\u017e\t\t\t\t\t\t<\/div>\n\t\t\t\t\t\t\t\t\t\t\t<div class=\"event-filter-days-items__item js-filter-item \" data-type=\"city\" data-item=\"Prevalje\">\n\t\t\t\t\t\t\tPrevalje\t\t\t\t\t\t<\/div>\n\t\t\t\t\t\t\t\t\t\t\t<div class=\"event-filter-days-items__item js-filter-item \" data-type=\"city\" data-item=\"Ptuj\">\n\t\t\t\t\t\t\tPtuj\t\t\t\t\t\t<\/div>\n\t\t\t\t\t\t\t\t\t\t\t<div class=\"event-filter-days-items__item js-filter-item \" data-type=\"city\" data-item=\"Ra\u010de\">\n\t\t\t\t\t\t\tRa\u010de\t\t\t\t\t\t<\/div>\n\t\t\t\t\t\t\t\t\t\t\t<div class=\"event-filter-days-items__item js-filter-item \" data-type=\"city\" data-item=\"Rade\u010de\">\n\t\t\t\t\t\t\tRade\u010de\t\t\t\t\t\t<\/div>\n\t\t\t\t\t\t\t\t\t\t\t<div class=\"event-filter-days-items__item js-filter-item \" data-type=\"city\" data-item=\"Radlje ob Dravi\">\n\t\t\t\t\t\t\tRadlje ob Dravi\t\t\t\t\t\t<\/div>\n\t\t\t\t\t\t\t\t\t\t\t<div class=\"event-filter-days-items__item js-filter-item \" data-type=\"city\" data-item=\"Radomlje\">\n\t\t\t\t\t\t\tRadomlje\t\t\t\t\t\t<\/div>\n\t\t\t\t\t\t\t\t\t\t\t<div class=\"event-filter-days-items__item js-filter-item \" data-type=\"city\" data-item=\"Radovljica\">\n\t\t\t\t\t\t\tRadovljica\t\t\t\t\t\t<\/div>\n\t\t\t\t\t\t\t\t\t\t\t<div class=\"event-filter-days-items__item js-filter-item \" data-type=\"city\" data-item=\"Rakek\">\n\t\t\t\t\t\t\tRakek\t\t\t\t\t\t<\/div>\n\t\t\t\t\t\t\t\t\t\t\t<div class=\"event-filter-days-items__item js-filter-item \" data-type=\"city\" data-item=\"Rate\u010de\">\n\t\t\t\t\t\t\tRate\u010de\t\t\t\t\t\t<\/div>\n\t\t\t\t\t\t\t\t\t\t\t<div class=\"event-filter-days-items__item js-filter-item \" data-type=\"city\" data-item=\"Re\u010dica ob Savinji\">\n\t\t\t\t\t\t\tRe\u010dica ob Savinji\t\t\t\t\t\t<\/div>\n\t\t\t\t\t\t\t\t\t\t\t<div class=\"event-filter-days-items__item js-filter-item \" data-type=\"city\" data-item=\"Roga\u0161ka Slatina\">\n\t\t\t\t\t\t\tRoga\u0161ka Slatina\t\t\t\t\t\t<\/div>\n\t\t\t\t\t\t\t\t\t\t\t<div class=\"event-filter-days-items__item js-filter-item \" data-type=\"city\" data-item=\"Semi\u010d\">\n\t\t\t\t\t\t\tSemi\u010d\t\t\t\t\t\t<\/div>\n\t\t\t\t\t\t\t\t\t\t\t<div class=\"event-filter-days-items__item js-filter-item \" data-type=\"city\" data-item=\"Se\u017eana\">\n\t\t\t\t\t\t\tSe\u017eana\t\t\t\t\t\t<\/div>\n\t\t\t\t\t\t\t\t\t\t\t<div class=\"event-filter-days-items__item js-filter-item \" data-type=\"city\" data-item=\"Sol\u010dava\">\n\t\t\t\t\t\t\tSol\u010dava\t\t\t\t\t\t<\/div>\n\t\t\t\t\t\t\t\t\t\t\t<div class=\"event-filter-days-items__item js-filter-item \" data-type=\"city\" data-item=\"Slap ob Idrijci\">\n\t\t\t\t\t\t\tSlap ob Idrijci\t\t\t\t\t\t<\/div>\n\t\t\t\t\t\t\t\t\t\t\t<div class=\"event-filter-days-items__item js-filter-item \" data-type=\"city\" data-item=\"Slovenj Gradec\">\n\t\t\t\t\t\t\tSlovenj Gradec\t\t\t\t\t\t<\/div>\n\t\t\t\t\t\t\t\t\t\t\t<div class=\"event-filter-days-items__item js-filter-item \" data-type=\"city\" data-item=\"Slovenska Bistrica\">\n\t\t\t\t\t\t\tSlovenska Bistrica\t\t\t\t\t\t<\/div>\n\t\t\t\t\t\t\t\t\t\t\t<div class=\"event-filter-days-items__item js-filter-item \" data-type=\"city\" data-item=\"\u0160en\u010dur\">\n\t\t\t\t\t\t\t\u0160en\u010dur\t\t\t\t\t\t<\/div>\n\t\t\t\t\t\t\t\t\t\t\t<div class=\"event-filter-days-items__item js-filter-item \" data-type=\"city\" data-item=\"\u0160entjan\u017e\">\n\t\t\t\t\t\t\t\u0160entjan\u017e\t\t\t\t\t\t<\/div>\n\t\t\t\t\t\t\t\t\t\t\t<div class=\"event-filter-days-items__item js-filter-item \" data-type=\"city\" data-item=\"\u0160entjernej\">\n\t\t\t\t\t\t\t\u0160entjernej\t\t\t\t\t\t<\/div>\n\t\t\t\t\t\t\t\t\t\t\t<div class=\"event-filter-days-items__item js-filter-item \" data-type=\"city\" data-item=\"\u0160entjur\">\n\t\t\t\t\t\t\t\u0160entjur\t\t\t\t\t\t<\/div>\n\t\t\t\t\t\t\t\t\t\t\t<div class=\"event-filter-days-items__item js-filter-item \" data-type=\"city\" data-item=\"\u0160martno ob Paki\">\n\t\t\t\t\t\t\t\u0160martno ob Paki\t\t\t\t\t\t<\/div>\n\t\t\t\t\t\t\t\t\t\t\t<div class=\"event-filter-days-items__item js-filter-item \" data-type=\"city\" data-item=\"\u0160kofja Loka\">\n\t\t\t\t\t\t\t\u0160kofja Loka\t\t\t\t\t\t<\/div>\n\t\t\t\t\t\t\t\t\t\t\t<div class=\"event-filter-days-items__item js-filter-item \" data-type=\"city\" data-item=\"\u0160martno pri Litiji\">\n\t\t\t\t\t\t\t\u0160martno pri Litiji\t\t\t\t\t\t<\/div>\n\t\t\t\t\t\t\t\t\t\t\t<div class=\"event-filter-days-items__item js-filter-item \" data-type=\"city\" data-item=\"Tolmin\">\n\t\t\t\t\t\t\tTolmin\t\t\t\t\t\t<\/div>\n\t\t\t\t\t\t\t\t\t\t\t<div class=\"event-filter-days-items__item js-filter-item \" data-type=\"city\" data-item=\"Trebnje\">\n\t\t\t\t\t\t\tTrebnje\t\t\t\t\t\t<\/div>\n\t\t\t\t\t\t\t\t\t\t\t<div class=\"event-filter-days-items__item js-filter-item \" data-type=\"city\" data-item=\"Tr\u017ei\u010d\">\n\t\t\t\t\t\t\tTr\u017ei\u010d\t\t\t\t\t\t<\/div>\n\t\t\t\t\t\t\t\t\t\t\t<div class=\"event-filter-days-items__item js-filter-item \" data-type=\"city\" data-item=\"Velenje\">\n\t\t\t\t\t\t\tVelenje\t\t\t\t\t\t<\/div>\n\t\t\t\t\t\t\t\t\t\t\t<div class=\"event-filter-days-items__item js-filter-item \" data-type=\"city\" data-item=\"Vitanje\">\n\t\t\t\t\t\t\tVitanje\t\t\t\t\t\t<\/div>\n\t\t\t\t\t\t\t\t\t\t\t<div class=\"event-filter-days-items__item js-filter-item \" data-type=\"city\" data-item=\"Vransko\">\n\t\t\t\t\t\t\tVransko\t\t\t\t\t\t<\/div>\n\t\t\t\t\t\t\t\t\t\t\t<div class=\"event-filter-days-items__item js-filter-item \" data-type=\"city\" data-item=\"Vrhnika\">\n\t\t\t\t\t\t\tVrhnika\t\t\t\t\t\t<\/div>\n\t\t\t\t\t\t\t\t\t\t\t<div class=\"event-filter-days-items__item js-filter-item \" data-type=\"city\" data-item=\"Vrhovlje pri Kojskem\">\n\t\t\t\t\t\t\tVrhovlje pri Kojskem\t\t\t\t\t\t<\/div>\n\t\t\t\t\t\t\t\t\t\t\t<div class=\"event-filter-days-items__item js-filter-item \" data-type=\"city\" data-item=\"Zagorje ob Savi\">\n\t\t\t\t\t\t\tZagorje ob Savi\t\t\t\t\t\t<\/div>\n\t\t\t\t\t\t\t\t\t\t\t<div class=\"event-filter-days-items__item js-filter-item \" data-type=\"city\" data-item=\"Zre\u010de\">\n\t\t\t\t\t\t\tZre\u010de\t\t\t\t\t\t<\/div>\n\t\t\t\t\t\t\t\t\t\t\t<div class=\"event-filter-days-items__item js-filter-item \" data-type=\"city\" data-item=\"\u017dalec\">\n\t\t\t\t\t\t\t\u017dalec\t\t\t\t\t\t<\/div>\n\t\t\t\t\t\t\t\t\t\t\t<div class=\"event-filter-days-items__item js-filter-item \" data-type=\"city\" data-item=\"\u017dirovnica\">\n\t\t\t\t\t\t\t\u017dirovnica\t\t\t\t\t\t<\/div>\n\t\t\t\t\t\t\t\t\t<\/div>\n\t\t\t<\/div>\n\t\t<\/div>\n\t\t<!--\n\t\t<div class=\"event-filter-days js-filter-days\">\n\t\t\t<div class=\"event-filter-label\">\n\t\t\t\t<strong><label>Days<\/label><\/strong>\n\t\t\t<\/div>\n\t\t\t<div class=\"event-filter-details\">\n\t\t\t\t<input class=\"event-filter-search js-search-day\" placeholder=\"Search\" type=\"text\" \/>\n\t\t\t\t<div class=\"event-filter-days__items\">\n\t\t\t\t\t\n\t\t\t\t\t<div class=\"event-filter-days-items__item js-filter-item \" data-type=\"day\" data-item=\"monday\">Monday<\/div>\n\t\t\t\t\t<div class=\"event-filter-days-items__item js-filter-item \" data-type=\"day\" data-item=\"tuesday\">Tuesday<\/div>\n\t\t\t\t\t<div class=\"event-filter-days-items__item js-filter-item \" data-type=\"day\" data-item=\"wednesday\">Wednesday<\/div>\n\t\t\t\t\t<div class=\"event-filter-days-items__item js-filter-item \" data-type=\"day\" data-item=\"thursday\">Thursday<\/div>\n\t\t\t\t\t<div class=\"event-filter-days-items__item js-filter-item \" data-type=\"day\" data-item=\"friday\">Friday<\/div>\n\t\t\t\t\t<div class=\"event-filter-days-items__item js-filter-item \" data-type=\"day\" data-item=\"saturday\">Saturday<\/div>\n\t\t\t\t\t<div class=\"event-filter-days-items__item js-filter-item \" data-type=\"day\" data-item=\"sunday\">Sunday<\/div>\n\t\t\t\t<\/div>\n\t\t\t<\/div>\n\t\t<\/div>-->\n\t<\/div>\n\n\t<\/div><\/div><\/div><\/div><div class=\"vc_column tdi_20  wpb_column vc_column_container tdc-column td-pb-span8\">\n<style scoped>\n\/* custom css - generated by TagDiv Composer *\/\n\n\/* custom css - generated by TagDiv Composer *\/\n.tdi_20{\r\n                    vertical-align: baseline;\r\n                }.tdi_20 > .wpb_wrapper,\r\n\t\t\t\t.tdi_20 > .wpb_wrapper > .tdc-elements{\r\n\t\t\t\t    display: block;\r\n\t\t\t\t}.tdi_20 > .wpb_wrapper > .tdc-elements{\r\n\t\t\t\t    width: 100%;\r\n\t\t\t\t}.tdi_20 > .wpb_wrapper > .vc_row_inner{\r\n\t\t\t\t    width: auto;\r\n\t\t\t\t}.tdi_20 > .wpb_wrapper{\r\n\t\t\t\t    width: auto;\r\n\t\t\t\t    height: auto;\r\n\t\t\t\t}\n<\/style><div class=\"wpb_wrapper\" ><div class=\"wpb_wrapper td_block_wrap tdc_woo_shortcodes tdi_22 \">\n<style scoped>\n\/* custom css - generated by TagDiv Composer *\/\n\n\/* custom css - generated by TagDiv Composer *\/\n.tdi_22 ul.products{\r\n                    margin-left: -20px;\r\n                    margin-right: -20px;\r\n                }.tdi_22 ul.products li.product{\r\n                    padding-left: 20px;\r\n                    padding-right: 20px;\r\n                }\n<\/style><div class=\"td-fix-index\">\n\t<form class=\"form-tec-search js-tec-search\" action=\"\">\n\t\t<div class=\"input\">\n\t\t\t<input class=\"form-tec-search__input\" type=\"text\" placeholder=\"Search events\" value=\"\">\n\t\t\t\t\t<\/div>\n\n\t\t<button class=\"form-tec-search__submit js-tec-search-submit\">Search<\/button>\n    <\/form>\n\n\t<\/div><\/div><div class=\"wpb_wrapper td_block_wrap tdc_woo_shortcodes tdi_24 \">\n<style scoped>\n\/* custom css - generated by TagDiv Composer *\/\n\n\/* custom css - generated by TagDiv Composer *\/\n.tdi_24 ul.products{\r\n                    margin-left: -20px;\r\n                    margin-right: -20px;\r\n                }.tdi_24 ul.products li.product{\r\n                    padding-left: 20px;\r\n                    padding-right: 20px;\r\n                }\n<\/style><div class=\"td-fix-index\"><div class=\"the-events-list\">                        <div class=\"td-block-title-wrap\" style=\"padding-top: 30px;\">\n                            <h3 class=\"block-title td-block-title\">\n                                <span class=\"td-pulldown-size\">September<\/span>\n                            <\/h3>\n                        <\/div>\n                        \n<div class=\"event\">\n    <div class=\"event--wrapper\">\n        \n         <div class=\"event-thumbnail\">\n            <div class=\"event-thumbnail--wrapper\">\n                <div class=\"image\">\n                    <img decoding=\"async\" data-src=\"https:\/\/the-slovenia.com\/wp-content\/uploads\/2026\/03\/France-Rotar.jpg\" src=\"data:image\/gif;base64,R0lGODlhAQABAAAAACH5BAEKAAEALAAAAAABAAEAAAICTAEAOw==\" class=\"lazyload\" style=\"--smush-placeholder-width: 1386px; --smush-placeholder-aspect-ratio: 1386\/1027;\" \/><noscript><img decoding=\"async\" src=\"https:\/\/the-slovenia.com\/wp-content\/uploads\/2026\/03\/France-Rotar.jpg\" \/><\/noscript>\n                <\/div>\n            <\/div>\n        <\/div>\n       \n        <div class=\"event-main\">\n            <div class=\"event-main--wrapper\">\n\t\t\t\t\t\n\t\t\t\t<div class=\"event-date\">\n                    <div class=\"event-date--wrapper\">\n\t\t\t\t\t\t01.09.2026 \n\t\t\t\t\t\t-23.09.2026 |\n\t\t\t\t\t10:00 - 16:00                    <\/div>\n                <\/div>\n\t\t\t\t\n                <div class=\"title\">\n                    <h2>Hommage \u00e0 France Rotar \u2013 25 years later<\/h2>\n                <\/div>\n\t\t\t\n               \n                <div class=\"excerpt\">\n                                    <\/div>\n                \n                <div class=\"cta\">\n                    <span>Read more<\/span>\n                <\/div>\n                \n            <\/div>\n        <\/div>\n    <\/div>\n    <a href=\"https:\/\/the-slovenia.com\/en\/dogodek\/hommage-a-france-rotar-25-years-later\/\" class=\"stretched-link\" target=\"_self\"><\/a>\n<\/div>\n\n<style>\n\n    .event {\n        margin-bottom: 1.5rem;\n    }\n    \n    .event-thumbnail {\n        width: 40%;\n        min-width: 40%;\n    }\n    \n    .event-main .title h2 {\n        font-size: 1.5rem;\n        line-height: 1.8rem;\n    }\n    \n    .event-thumbnail--wrapper {\n        background: lightgrey;\n        height: 100%;\n        position: relative;\n        min-height: 180px;\n    }\n    \n    .event-thumbnail--wrapper img {\n        height: 100%;\n        width: 100%;\n        object-fit: cover;\n        position: absolute;\n        object-position: center;\n    }\n    \n    @media only screen and (max-width: 768px) {\n        .event-thumbnail {\n            width: 100%;\n        }\n    }\n    \n<\/style>\n<div class=\"event\">\n    <div class=\"event--wrapper\">\n        \n         <div class=\"event-thumbnail\">\n            <div class=\"event-thumbnail--wrapper\">\n                <div class=\"image\">\n                    <img decoding=\"async\" data-src=\"https:\/\/the-slovenia.com\/wp-content\/uploads\/2026\/03\/BRUCE-LIU-scaled.webp\" src=\"data:image\/gif;base64,R0lGODlhAQABAAAAACH5BAEKAAEALAAAAAABAAEAAAICTAEAOw==\" class=\"lazyload\" style=\"--smush-placeholder-width: 2560px; --smush-placeholder-aspect-ratio: 2560\/1920;\" \/><noscript><img decoding=\"async\" src=\"https:\/\/the-slovenia.com\/wp-content\/uploads\/2026\/03\/BRUCE-LIU-scaled.webp\" \/><\/noscript>\n                <\/div>\n            <\/div>\n        <\/div>\n       \n        <div class=\"event-main\">\n            <div class=\"event-main--wrapper\">\n\t\t\t\t\t\n\t\t\t\t<div class=\"event-date\">\n                    <div class=\"event-date--wrapper\">\n\t\t\t\t\t\t02.09.2026 \n\t\t\t\t\t\t |\n\t\t\t\t\t20:00                    <\/div>\n                <\/div>\n\t\t\t\t\n                <div class=\"title\">\n                    <h2>London Symphony Orchestra, Antonio Pappano, cunductor, Bruce Liu, piano<\/h2>\n                <\/div>\n\t\t\t\n               \n                <div class=\"excerpt\">\n                                    <\/div>\n                \n                <div class=\"cta\">\n                    <span>Read more<\/span>\n                <\/div>\n                \n            <\/div>\n        <\/div>\n    <\/div>\n    <a href=\"https:\/\/the-slovenia.com\/en\/dogodek\/london-symphony-orchestra-antonio-pappano-cunductor-bruce-liu-piano\/\" class=\"stretched-link\" target=\"_self\"><\/a>\n<\/div>\n\n<style>\n\n    .event {\n        margin-bottom: 1.5rem;\n    }\n    \n    .event-thumbnail {\n        width: 40%;\n        min-width: 40%;\n    }\n    \n    .event-main .title h2 {\n        font-size: 1.5rem;\n        line-height: 1.8rem;\n    }\n    \n    .event-thumbnail--wrapper {\n        background: lightgrey;\n        height: 100%;\n        position: relative;\n        min-height: 180px;\n    }\n    \n    .event-thumbnail--wrapper img {\n        height: 100%;\n        width: 100%;\n        object-fit: cover;\n        position: absolute;\n        object-position: center;\n    }\n    \n    @media only screen and (max-width: 768px) {\n        .event-thumbnail {\n            width: 100%;\n        }\n    }\n    \n<\/style>\n<div class=\"event\">\n    <div class=\"event--wrapper\">\n        \n         <div class=\"event-thumbnail\">\n            <div class=\"event-thumbnail--wrapper\">\n                <div class=\"image\">\n                    <img decoding=\"async\" data-src=\"https:\/\/the-slovenia.com\/wp-content\/uploads\/2026\/03\/PAPPANO-2-scaled.jpg\" src=\"data:image\/gif;base64,R0lGODlhAQABAAAAACH5BAEKAAEALAAAAAABAAEAAAICTAEAOw==\" class=\"lazyload\" style=\"--smush-placeholder-width: 2560px; --smush-placeholder-aspect-ratio: 2560\/1782;\" \/><noscript><img decoding=\"async\" src=\"https:\/\/the-slovenia.com\/wp-content\/uploads\/2026\/03\/PAPPANO-2-scaled.jpg\" \/><\/noscript>\n                <\/div>\n            <\/div>\n        <\/div>\n       \n        <div class=\"event-main\">\n            <div class=\"event-main--wrapper\">\n\t\t\t\t\t\n\t\t\t\t<div class=\"event-date\">\n                    <div class=\"event-date--wrapper\">\n\t\t\t\t\t\t03.09.2026 \n\t\t\t\t\t\t |\n\t\t\t\t\t20:00                    <\/div>\n                <\/div>\n\t\t\t\t\n                <div class=\"title\">\n                    <h2>London Symphony Orchestra, Kaunas State Choir, Antonio Pappano, conductor, Maria Bengtsson, soprano, Noa Beinart, contraalto<\/h2>\n                <\/div>\n\t\t\t\n               \n                <div class=\"excerpt\">\n                                    <\/div>\n                \n                <div class=\"cta\">\n                    <span>Read more<\/span>\n                <\/div>\n                \n            <\/div>\n        <\/div>\n    <\/div>\n    <a href=\"https:\/\/the-slovenia.com\/en\/dogodek\/london-symphony-orchestra-kaunas-state-choir-antonio-pappano-conductor-maria-bengtsson-soprano-noa-beinart-contraalto\/\" class=\"stretched-link\" target=\"_self\"><\/a>\n<\/div>\n\n<style>\n\n    .event {\n        margin-bottom: 1.5rem;\n    }\n    \n    .event-thumbnail {\n        width: 40%;\n        min-width: 40%;\n    }\n    \n    .event-main .title h2 {\n        font-size: 1.5rem;\n        line-height: 1.8rem;\n    }\n    \n    .event-thumbnail--wrapper {\n        background: lightgrey;\n        height: 100%;\n        position: relative;\n        min-height: 180px;\n    }\n    \n    .event-thumbnail--wrapper img {\n        height: 100%;\n        width: 100%;\n        object-fit: cover;\n        position: absolute;\n        object-position: center;\n    }\n    \n    @media only screen and (max-width: 768px) {\n        .event-thumbnail {\n            width: 100%;\n        }\n    }\n    \n<\/style>\n<div class=\"event\">\n    <div class=\"event--wrapper\">\n        \n         <div class=\"event-thumbnail\">\n            <div class=\"event-thumbnail--wrapper\">\n                <div class=\"image\">\n                    <img decoding=\"async\" data-src=\"https:\/\/the-slovenia.com\/wp-content\/uploads\/2026\/03\/BERLINER-SYMPHONIKER.webp\" src=\"data:image\/gif;base64,R0lGODlhAQABAAAAACH5BAEKAAEALAAAAAABAAEAAAICTAEAOw==\" class=\"lazyload\" style=\"--smush-placeholder-width: 2000px; --smush-placeholder-aspect-ratio: 2000\/857;\" \/><noscript><img decoding=\"async\" src=\"https:\/\/the-slovenia.com\/wp-content\/uploads\/2026\/03\/BERLINER-SYMPHONIKER.webp\" \/><\/noscript>\n                <\/div>\n            <\/div>\n        <\/div>\n       \n        <div class=\"event-main\">\n            <div class=\"event-main--wrapper\">\n\t\t\t\t\t\n\t\t\t\t<div class=\"event-date\">\n                    <div class=\"event-date--wrapper\">\n\t\t\t\t\t\t06.09.2026 \n\t\t\t\t\t\t |\n\t\t\t\t\t20:00                    <\/div>\n                <\/div>\n\t\t\t\t\n                <div class=\"title\">\n                    <h2>Berliner Symphoniker, Gudni Emilsson, conductor, Khatia Buniatishvili, piano<\/h2>\n                <\/div>\n\t\t\t\n               \n                <div class=\"excerpt\">\n                                    <\/div>\n                \n                <div class=\"cta\">\n                    <span>Read more<\/span>\n                <\/div>\n                \n            <\/div>\n        <\/div>\n    <\/div>\n    <a href=\"https:\/\/the-slovenia.com\/en\/dogodek\/berliner-symphoniker-gudni-emilsson-conductor-khatia-buniatishvili-piano\/\" class=\"stretched-link\" target=\"_self\"><\/a>\n<\/div>\n\n<style>\n\n    .event {\n        margin-bottom: 1.5rem;\n    }\n    \n    .event-thumbnail {\n        width: 40%;\n        min-width: 40%;\n    }\n    \n    .event-main .title h2 {\n        font-size: 1.5rem;\n        line-height: 1.8rem;\n    }\n    \n    .event-thumbnail--wrapper {\n        background: lightgrey;\n        height: 100%;\n        position: relative;\n        min-height: 180px;\n    }\n    \n    .event-thumbnail--wrapper img {\n        height: 100%;\n        width: 100%;\n        object-fit: cover;\n        position: absolute;\n        object-position: center;\n    }\n    \n    @media only screen and (max-width: 768px) {\n        .event-thumbnail {\n            width: 100%;\n        }\n    }\n    \n<\/style>\n<div class=\"event\">\n    <div class=\"event--wrapper\">\n        \n         <div class=\"event-thumbnail\">\n            <div class=\"event-thumbnail--wrapper\">\n                <div class=\"image\">\n                    <img decoding=\"async\" data-src=\"https:\/\/the-slovenia.com\/wp-content\/uploads\/2026\/03\/STAATSKAPELLE-DRESDEN.jpg\" src=\"data:image\/gif;base64,R0lGODlhAQABAAAAACH5BAEKAAEALAAAAAABAAEAAAICTAEAOw==\" class=\"lazyload\" style=\"--smush-placeholder-width: 2000px; --smush-placeholder-aspect-ratio: 2000\/1333;\" \/><noscript><img decoding=\"async\" src=\"https:\/\/the-slovenia.com\/wp-content\/uploads\/2026\/03\/STAATSKAPELLE-DRESDEN.jpg\" \/><\/noscript>\n                <\/div>\n            <\/div>\n        <\/div>\n       \n        <div class=\"event-main\">\n            <div class=\"event-main--wrapper\">\n\t\t\t\t\t\n\t\t\t\t<div class=\"event-date\">\n                    <div class=\"event-date--wrapper\">\n\t\t\t\t\t\t07.09.2026 \n\t\t\t\t\t\t |\n\t\t\t\t\t20:00                    <\/div>\n                <\/div>\n\t\t\t\t\n                <div class=\"title\">\n                    <h2>Staatskapelle Dresden, Daniele Gatti, conductor<\/h2>\n                <\/div>\n\t\t\t\n               \n                <div class=\"excerpt\">\n                                    <\/div>\n                \n                <div class=\"cta\">\n                    <span>Read more<\/span>\n                <\/div>\n                \n            <\/div>\n        <\/div>\n    <\/div>\n    <a href=\"https:\/\/the-slovenia.com\/en\/dogodek\/staatskapelle-dresden-daniele-gatti-conductor\/\" class=\"stretched-link\" target=\"_self\"><\/a>\n<\/div>\n\n<style>\n\n    .event {\n        margin-bottom: 1.5rem;\n    }\n    \n    .event-thumbnail {\n        width: 40%;\n        min-width: 40%;\n    }\n    \n    .event-main .title h2 {\n        font-size: 1.5rem;\n        line-height: 1.8rem;\n    }\n    \n    .event-thumbnail--wrapper {\n        background: lightgrey;\n        height: 100%;\n        position: relative;\n        min-height: 180px;\n    }\n    \n    .event-thumbnail--wrapper img {\n        height: 100%;\n        width: 100%;\n        object-fit: cover;\n        position: absolute;\n        object-position: center;\n    }\n    \n    @media only screen and (max-width: 768px) {\n        .event-thumbnail {\n            width: 100%;\n        }\n    }\n    \n<\/style>\n<div class=\"event\">\n    <div class=\"event--wrapper\">\n        \n         <div class=\"event-thumbnail\">\n            <div class=\"event-thumbnail--wrapper\">\n                <div class=\"image\">\n                    <img decoding=\"async\" data-src=\"https:\/\/the-slovenia.com\/wp-content\/uploads\/2026\/03\/BALTIC-SEA-PHILHARMONIC-scaled.jpg\" src=\"data:image\/gif;base64,R0lGODlhAQABAAAAACH5BAEKAAEALAAAAAABAAEAAAICTAEAOw==\" class=\"lazyload\" style=\"--smush-placeholder-width: 2560px; --smush-placeholder-aspect-ratio: 2560\/1557;\" \/><noscript><img decoding=\"async\" src=\"https:\/\/the-slovenia.com\/wp-content\/uploads\/2026\/03\/BALTIC-SEA-PHILHARMONIC-scaled.jpg\" \/><\/noscript>\n                <\/div>\n            <\/div>\n        <\/div>\n       \n        <div class=\"event-main\">\n            <div class=\"event-main--wrapper\">\n\t\t\t\t\t\n\t\t\t\t<div class=\"event-date\">\n                    <div class=\"event-date--wrapper\">\n\t\t\t\t\t\t08.09.2026 \n\t\t\t\t\t\t |\n\t\t\t\t\t20:00                    <\/div>\n                <\/div>\n\t\t\t\t\n                <div class=\"title\">\n                    <h2>Baltic Sea Philharmonic, Robert Trevino, conductor, Lana Trotov\u0161ek, violin<\/h2>\n                <\/div>\n\t\t\t\n               \n                <div class=\"excerpt\">\n                                    <\/div>\n                \n                <div class=\"cta\">\n                    <span>Read more<\/span>\n                <\/div>\n                \n            <\/div>\n        <\/div>\n    <\/div>\n    <a href=\"https:\/\/the-slovenia.com\/en\/dogodek\/baltic-sea-philharmonic-robert-trevino-conductor-lana-trotovsek-violin\/\" class=\"stretched-link\" target=\"_self\"><\/a>\n<\/div>\n\n<style>\n\n    .event {\n        margin-bottom: 1.5rem;\n    }\n    \n    .event-thumbnail {\n        width: 40%;\n        min-width: 40%;\n    }\n    \n    .event-main .title h2 {\n        font-size: 1.5rem;\n        line-height: 1.8rem;\n    }\n    \n    .event-thumbnail--wrapper {\n        background: lightgrey;\n        height: 100%;\n        position: relative;\n        min-height: 180px;\n    }\n    \n    .event-thumbnail--wrapper img {\n        height: 100%;\n        width: 100%;\n        object-fit: cover;\n        position: absolute;\n        object-position: center;\n    }\n    \n    @media only screen and (max-width: 768px) {\n        .event-thumbnail {\n            width: 100%;\n        }\n    }\n    \n<\/style><\/div><\/div><\/div><\/div><\/div><\/div><\/div><div id=\"tdi_25\" class=\"tdc-row\"><div class=\"vc_row tdi_26  wpb_row td-pb-row\" >\n<style scoped>\n\/* custom css - generated by TagDiv Composer *\/\n\n\/* custom css - generated by TagDiv Composer *\/\n.tdi_26,\r\n                .tdi_26 .tdc-columns{\r\n                    min-height: 0;\r\n                }.tdi_26,\r\n\t\t\t\t.tdi_26 .tdc-columns{\r\n\t\t\t\t    display: block;\r\n\t\t\t\t}.tdi_26 .tdc-columns{\r\n\t\t\t\t    width: 100%;\r\n\t\t\t\t}.tdi_26:before,\r\n\t\t\t\t.tdi_26:after{\r\n\t\t\t\t    display: table;\r\n\t\t\t\t}\n<\/style><div class=\"vc_column tdi_28  wpb_column vc_column_container tdc-column td-pb-span12\">\n<style scoped>\n\/* custom css - generated by TagDiv Composer *\/\n\n\/* custom css - generated by TagDiv Composer *\/\n.tdi_28{\r\n                    vertical-align: baseline;\r\n                }.tdi_28 > .wpb_wrapper,\r\n\t\t\t\t.tdi_28 > .wpb_wrapper > .tdc-elements{\r\n\t\t\t\t    display: block;\r\n\t\t\t\t}.tdi_28 > .wpb_wrapper > .tdc-elements{\r\n\t\t\t\t    width: 100%;\r\n\t\t\t\t}.tdi_28 > .wpb_wrapper > .vc_row_inner{\r\n\t\t\t\t    width: auto;\r\n\t\t\t\t}.tdi_28 > .wpb_wrapper{\r\n\t\t\t\t    width: auto;\r\n\t\t\t\t    height: auto;\r\n\t\t\t\t}\n<\/style><div class=\"wpb_wrapper\" ><div class=\"td_block_wrap td_block_title tdi_29 td-pb-border-top td_block_template_3 td-fix-index\"  data-td-block-uid=\"tdi_29\" >\n<style>\n.td_block_template_3 .td-block-title {\r\n                font-size: 16px;\r\n                font-weight: 400;\r\n                margin-top: 0;\r\n                margin-bottom: 26px;\r\n                line-height: 31px;\r\n                text-align: left;\r\n            }\r\n            .td_block_template_3 .td-block-title > * {\r\n                background-color: var(--td_header_color, #000);\r\n                color: var(--td_text_header_color, #fff);\r\n                padding: 0 10px;\r\n            }\r\n            .td_block_template_3 .td-related-title a {\r\n                margin-right: 10px;\r\n            }\r\n            @media (max-width: 767px) {\r\n                .td_block_template_3 .td-related-title a {\r\n                    margin-right: 0;\r\n                    font-size: 14px;\r\n                }\r\n            }\r\n            .td_block_template_3 .td-related-title .td-cur-simple-item {\r\n                background-color: var(--td_theme_color, #4db2ec);\r\n            }\r\n            @-moz-document url-prefix() {\r\n                .td_block_template_3 .td-block-title > * {\r\n                    padding-bottom: 2px;\r\n                }\r\n            }\n<\/style><div class=\"td-block-title-wrap\"><h4 class=\"td-block-title\"><span class=\"td-pulldown-size\">READ MORE ABOUT EVENTS IN SLOVENIA<\/span><\/h4><\/div><\/div><\/div><\/div><\/div><\/div><div id=\"tdi_30\" class=\"tdc-row\"><div class=\"vc_row tdi_31  wpb_row td-pb-row\" >\n<style scoped>\n\/* custom css - generated by TagDiv Composer *\/\n\n\/* custom css - generated by TagDiv Composer *\/\n.tdi_31,\r\n                .tdi_31 .tdc-columns{\r\n                    min-height: 0;\r\n                }.tdi_31,\r\n\t\t\t\t.tdi_31 .tdc-columns{\r\n\t\t\t\t    display: block;\r\n\t\t\t\t}.tdi_31 .tdc-columns{\r\n\t\t\t\t    width: 100%;\r\n\t\t\t\t}.tdi_31:before,\r\n\t\t\t\t.tdi_31:after{\r\n\t\t\t\t    display: table;\r\n\t\t\t\t}\n<\/style><div class=\"vc_column tdi_33  wpb_column vc_column_container tdc-column td-pb-span12\">\n<style scoped>\n\/* custom css - generated by TagDiv Composer *\/\n\n\/* custom css - generated by TagDiv Composer *\/\n.tdi_33{\r\n                    vertical-align: baseline;\r\n                }.tdi_33 > .wpb_wrapper,\r\n\t\t\t\t.tdi_33 > .wpb_wrapper > .tdc-elements{\r\n\t\t\t\t    display: block;\r\n\t\t\t\t}.tdi_33 > .wpb_wrapper > .tdc-elements{\r\n\t\t\t\t    width: 100%;\r\n\t\t\t\t}.tdi_33 > .wpb_wrapper > .vc_row_inner{\r\n\t\t\t\t    width: auto;\r\n\t\t\t\t}.tdi_33 > .wpb_wrapper{\r\n\t\t\t\t    width: auto;\r\n\t\t\t\t    height: auto;\r\n\t\t\t\t}\n<\/style><div class=\"wpb_wrapper\" ><div class=\"td_block_wrap td_block_14 tdi_34 td-pb-full-cell td-pb-border-top td_block_template_1 td-column-3\"  data-td-block-uid=\"tdi_34\" >\n<style>\n\n\/* inline tdc_css att - generated by TagDiv Composer *\/\n\n.tdi_34{\nmargin-bottom:0px !important;\npadding-bottom:0px !important;\n}\n\n<\/style><script>var block_tdi_34 = new tdBlock();\nblock_tdi_34.id = \"tdi_34\";\nblock_tdi_34.atts = '{\"category_id\":\"449\",\"ajax_pagination\":\"\",\"offset\":\"3\",\"limit\":\"6\",\"tdc_css\":\"eyJhbGwiOnsibWFyZ2luLWJvdHRvbSI6IjAiLCJwYWRkaW5nLWJvdHRvbSI6IjAiLCJkaXNwbGF5IjoiIn19\",\"block_type\":\"td_block_14\",\"separator\":\"\",\"custom_title\":\"\",\"custom_url\":\"\",\"block_template_id\":\"\",\"mx1_tl\":\"\",\"post_ids\":\"\",\"taxonomies\":\"\",\"category_ids\":\"\",\"in_all_terms\":\"\",\"tag_slug\":\"\",\"autors_id\":\"\",\"installed_post_types\":\"\",\"include_cf_posts\":\"\",\"exclude_cf_posts\":\"\",\"sort\":\"\",\"popular_by_date\":\"\",\"linked_posts\":\"\",\"favourite_only\":\"\",\"open_in_new_window\":\"\",\"show_modified_date\":\"\",\"time_ago\":\"\",\"time_ago_add_txt\":\"ago\",\"time_ago_txt_pos\":\"\",\"review_source\":\"\",\"el_class\":\"\",\"td_ajax_filter_type\":\"\",\"td_ajax_filter_ids\":\"\",\"td_filter_default_txt\":\"All\",\"td_ajax_preloading\":\"\",\"f_header_font_header\":\"\",\"f_header_font_title\":\"Block header\",\"f_header_font_settings\":\"\",\"f_header_font_family\":\"\",\"f_header_font_size\":\"\",\"f_header_font_line_height\":\"\",\"f_header_font_style\":\"\",\"f_header_font_weight\":\"\",\"f_header_font_transform\":\"\",\"f_header_font_spacing\":\"\",\"f_header_\":\"\",\"f_ajax_font_title\":\"Ajax categories\",\"f_ajax_font_settings\":\"\",\"f_ajax_font_family\":\"\",\"f_ajax_font_size\":\"\",\"f_ajax_font_line_height\":\"\",\"f_ajax_font_style\":\"\",\"f_ajax_font_weight\":\"\",\"f_ajax_font_transform\":\"\",\"f_ajax_font_spacing\":\"\",\"f_ajax_\":\"\",\"f_more_font_title\":\"Load more button\",\"f_more_font_settings\":\"\",\"f_more_font_family\":\"\",\"f_more_font_size\":\"\",\"f_more_font_line_height\":\"\",\"f_more_font_style\":\"\",\"f_more_font_weight\":\"\",\"f_more_font_transform\":\"\",\"f_more_font_spacing\":\"\",\"f_more_\":\"\",\"mx1f_title_font_header\":\"\",\"mx1f_title_font_title\":\"Article title\",\"mx1f_title_font_settings\":\"\",\"mx1f_title_font_family\":\"\",\"mx1f_title_font_size\":\"\",\"mx1f_title_font_line_height\":\"\",\"mx1f_title_font_style\":\"\",\"mx1f_title_font_weight\":\"\",\"mx1f_title_font_transform\":\"\",\"mx1f_title_font_spacing\":\"\",\"mx1f_title_\":\"\",\"mx1f_cat_font_title\":\"Article category tag\",\"mx1f_cat_font_settings\":\"\",\"mx1f_cat_font_family\":\"\",\"mx1f_cat_font_size\":\"\",\"mx1f_cat_font_line_height\":\"\",\"mx1f_cat_font_style\":\"\",\"mx1f_cat_font_weight\":\"\",\"mx1f_cat_font_transform\":\"\",\"mx1f_cat_font_spacing\":\"\",\"mx1f_cat_\":\"\",\"mx1f_meta_font_title\":\"Article meta info\",\"mx1f_meta_font_settings\":\"\",\"mx1f_meta_font_family\":\"\",\"mx1f_meta_font_size\":\"\",\"mx1f_meta_font_line_height\":\"\",\"mx1f_meta_font_style\":\"\",\"mx1f_meta_font_weight\":\"\",\"mx1f_meta_font_transform\":\"\",\"mx1f_meta_font_spacing\":\"\",\"mx1f_meta_\":\"\",\"ajax_pagination_next_prev_swipe\":\"\",\"ajax_pagination_infinite_stop\":\"\",\"css\":\"\",\"td_column_number\":3,\"header_color\":\"\",\"color_preset\":\"\",\"border_top\":\"\",\"class\":\"tdi_34\",\"tdc_css_class\":\"tdi_34\",\"tdc_css_class_style\":\"tdi_34_rand_style\"}';\nblock_tdi_34.td_column_number = \"3\";\nblock_tdi_34.block_type = \"td_block_14\";\nblock_tdi_34.post_count = \"6\";\nblock_tdi_34.found_posts = \"248\";\nblock_tdi_34.header_color = \"\";\nblock_tdi_34.ajax_pagination_infinite_stop = \"\";\nblock_tdi_34.max_num_pages = \"41\";\ntdBlocksArray.push(block_tdi_34);\n<\/script><div class=\"td-block-title-wrap\"><\/div><div id=tdi_34 class=\"td_block_inner td-column-3\">\n\n\t<div class=\"td-block-row\">\n\n\t<div class=\"td-block-span4\">\n\r\n        <div class=\"td_module_mx1 td_module_wrap td-animation-stack\">\r\n            <div class=\"td-module-thumb\"><a href=\"https:\/\/the-slovenia.com\/en\/news\/money-talks-is-coming-to-bled-vice-governor-pahor-joins-top-fintech-experts-and-entrepreneurs\/\"  rel=\"bookmark\" class=\"td-image-wrap \" title=\"Money Talks is coming to Bled: Vice Governor Pahor joins top FinTech experts and entrepreneurs\" ><img loading=\"lazy\" decoding=\"async\" class=\"entry-thumb\" src=\"data:image\/png;base64,iVBORw0KGgoAAAANSUhEUgAAAWQAAADcAQMAAAB9O0nPAAAAA1BMVEWurq51dlI4AAAAAXRSTlMmkutdmwAAACBJREFUaN7twTEBAAAAwiD7p7bDbmAAAAAAAAAAAABAdieIAAGQh2mWAAAAAElFTkSuQmCC\" alt=\"\" title=\"Money Talks is coming to Bled: Vice Governor Pahor joins top FinTech experts and entrepreneurs\" data-type=\"image_tag\" data-img-url=\"https:\/\/the-slovenia.com\/wp-content\/uploads\/2026\/06\/Naslovni-vizual-1-356x220.jpg\"  width=\"356\" height=\"220\" \/><\/a><\/div>\r\n            <div class=\"td-module-meta-info\">\r\n                <h3 class=\"entry-title td-module-title\"><a href=\"https:\/\/the-slovenia.com\/en\/news\/money-talks-is-coming-to-bled-vice-governor-pahor-joins-top-fintech-experts-and-entrepreneurs\/\"  rel=\"bookmark\" title=\"Money Talks is coming to Bled: Vice Governor Pahor joins top FinTech experts and entrepreneurs\">Money Talks is coming to Bled: Vice Governor Pahor joins top FinTech experts and entrepreneurs<\/a><\/h3>                <div class=\"td-editor-date\">\r\n                                        <span class=\"td-author-date\">\r\n                        <span class=\"td-post-author-name\"><a href=\"https:\/\/the-slovenia.com\/en\/author\/tia-b\/\">Tia B<\/a> <span>-<\/span> <\/span>                        <span class=\"td-post-date\"><time class=\"entry-date updated td-module-date\" datetime=\"2026-06-02T15:38:31+02:00\" >June 2, 2026<\/time><\/span>                    <\/span>\r\n                <\/div>\r\n            <\/div>\r\n\r\n        <\/div>\r\n\r\n        \n\t<\/div> <!-- .\/td-block-span4 -->\n\n\t<div class=\"td-block-span4\">\n\r\n        <div class=\"td_module_mx1 td_module_wrap td-animation-stack\">\r\n            <div class=\"td-module-thumb\"><a href=\"https:\/\/the-slovenia.com\/en\/hiking-in-slovenia\/nature-wonder-in-golica-slovenia-blooming-white-daffodils\/\"  rel=\"bookmark\" class=\"td-image-wrap \" title=\"Natural wonder in Golica, Slovenia: Blooming White Daffodils\" ><img loading=\"lazy\" decoding=\"async\" class=\"entry-thumb\" src=\"data:image\/png;base64,iVBORw0KGgoAAAANSUhEUgAAAWQAAADcAQMAAAB9O0nPAAAAA1BMVEWurq51dlI4AAAAAXRSTlMmkutdmwAAACBJREFUaN7twTEBAAAAwiD7p7bDbmAAAAAAAAAAAABAdieIAAGQh2mWAAAAAElFTkSuQmCC\" alt=\"\" title=\"Natural wonder in Golica, Slovenia: Blooming White Daffodils\" data-type=\"image_tag\" data-img-url=\"https:\/\/the-slovenia.com\/wp-content\/uploads\/2024\/04\/golica_narcise_3-356x220.jpg\"  width=\"356\" height=\"220\" \/><\/a><\/div>\r\n            <div class=\"td-module-meta-info\">\r\n                <h3 class=\"entry-title td-module-title\"><a href=\"https:\/\/the-slovenia.com\/en\/hiking-in-slovenia\/nature-wonder-in-golica-slovenia-blooming-white-daffodils\/\"  rel=\"bookmark\" title=\"Natural wonder in Golica, Slovenia: Blooming White Daffodils\">Natural wonder in Golica, Slovenia: Blooming White Daffodils<\/a><\/h3>                <div class=\"td-editor-date\">\r\n                                        <span class=\"td-author-date\">\r\n                        <span class=\"td-post-author-name\"><a href=\"https:\/\/the-slovenia.com\/en\/author\/anja-n\/\">Anja Novak<\/a> <span>-<\/span> <\/span>                        <span class=\"td-post-date\"><time class=\"entry-date updated td-module-date\" datetime=\"2026-04-21T11:38:00+02:00\" >April 21, 2026<\/time><\/span>                    <\/span>\r\n                <\/div>\r\n            <\/div>\r\n\r\n        <\/div>\r\n\r\n        \n\t<\/div> <!-- .\/td-block-span4 -->\n\n\t<div class=\"td-block-span4\">\n\r\n        <div class=\"td_module_mx1 td_module_wrap td-animation-stack\">\r\n            <div class=\"td-module-thumb\"><a href=\"https:\/\/the-slovenia.com\/en\/where-to-eat-in-ljubljana\/discover-open-kitchen-ljubljanas-street-food-festival\/\"  rel=\"bookmark\" class=\"td-image-wrap \" title=\"Discover Open Kitchen 2026: Ljubljana\u2019s Street Food Festival\" ><img loading=\"lazy\" decoding=\"async\" class=\"entry-thumb\" src=\"data:image\/png;base64,iVBORw0KGgoAAAANSUhEUgAAAWQAAADcAQMAAAB9O0nPAAAAA1BMVEWurq51dlI4AAAAAXRSTlMmkutdmwAAACBJREFUaN7twTEBAAAAwiD7p7bDbmAAAAAAAAAAAABAdieIAAGQh2mWAAAAAElFTkSuQmCC\" alt=\"\" title=\"Discover Open Kitchen 2026: Ljubljana\u2019s Street Food Festival\" data-type=\"image_tag\" data-img-url=\"https:\/\/the-slovenia.com\/wp-content\/uploads\/2025\/07\/ODPRTA-KUHNA-1112-1080x720-1-356x220.jpg\"  width=\"356\" height=\"220\" \/><\/a><\/div>\r\n            <div class=\"td-module-meta-info\">\r\n                <h3 class=\"entry-title td-module-title\"><a href=\"https:\/\/the-slovenia.com\/en\/where-to-eat-in-ljubljana\/discover-open-kitchen-ljubljanas-street-food-festival\/\"  rel=\"bookmark\" title=\"Discover Open Kitchen 2026: Ljubljana\u2019s Street Food Festival\">Discover Open Kitchen 2026: Ljubljana\u2019s Street Food Festival<\/a><\/h3>                <div class=\"td-editor-date\">\r\n                                        <span class=\"td-author-date\">\r\n                        <span class=\"td-post-author-name\"><a href=\"https:\/\/the-slovenia.com\/en\/author\/tia-b\/\">Tia B<\/a> <span>-<\/span> <\/span>                        <span class=\"td-post-date\"><time class=\"entry-date updated td-module-date\" datetime=\"2026-03-17T05:48:00+01:00\" >March 17, 2026<\/time><\/span>                    <\/span>\r\n                <\/div>\r\n            <\/div>\r\n\r\n        <\/div>\r\n\r\n        \n\t<\/div> <!-- .\/td-block-span4 --><\/div><!--.\/row-fluid-->\n\n\t<div class=\"td-block-row\">\n\n\t<div class=\"td-block-span4\">\n\r\n        <div class=\"td_module_mx1 td_module_wrap td-animation-stack\">\r\n            <div class=\"td-module-thumb\"><a href=\"https:\/\/the-slovenia.com\/en\/places-to-visit-in-slovenia\/idea-for-a-spring-trip-arboretum-volcji-potok\/\"  rel=\"bookmark\" class=\"td-image-wrap \" title=\"Idea for a spring trip: Arboretum Vol\u010dji Potok\" ><img loading=\"lazy\" decoding=\"async\" class=\"entry-thumb\" src=\"data:image\/png;base64,iVBORw0KGgoAAAANSUhEUgAAAWQAAADcAQMAAAB9O0nPAAAAA1BMVEWurq51dlI4AAAAAXRSTlMmkutdmwAAACBJREFUaN7twTEBAAAAwiD7p7bDbmAAAAAAAAAAAABAdieIAAGQh2mWAAAAAElFTkSuQmCC\" alt=\"\" title=\"Idea for a spring trip: Arboretum Vol\u010dji Potok\" data-type=\"image_tag\" data-img-url=\"https:\/\/the-slovenia.com\/wp-content\/uploads\/2024\/03\/narcise-4-356x220.jpg\"  width=\"356\" height=\"220\" \/><\/a><\/div>\r\n            <div class=\"td-module-meta-info\">\r\n                <h3 class=\"entry-title td-module-title\"><a href=\"https:\/\/the-slovenia.com\/en\/places-to-visit-in-slovenia\/idea-for-a-spring-trip-arboretum-volcji-potok\/\"  rel=\"bookmark\" title=\"Idea for a spring trip: Arboretum Vol\u010dji Potok\">Idea for a spring trip: Arboretum Vol\u010dji Potok<\/a><\/h3>                <div class=\"td-editor-date\">\r\n                                        <span class=\"td-author-date\">\r\n                        <span class=\"td-post-author-name\"><a href=\"https:\/\/the-slovenia.com\/en\/author\/anja-n\/\">Anja Novak<\/a> <span>-<\/span> <\/span>                        <span class=\"td-post-date\"><time class=\"entry-date updated td-module-date\" datetime=\"2026-03-16T13:12:00+01:00\" >March 16, 2026<\/time><\/span>                    <\/span>\r\n                <\/div>\r\n            <\/div>\r\n\r\n        <\/div>\r\n\r\n        \n\t<\/div> <!-- .\/td-block-span4 -->\n\n\t<div class=\"td-block-span4\">\n\r\n        <div class=\"td_module_mx1 td_module_wrap td-animation-stack\">\r\n            <div class=\"td-module-thumb\"><a href=\"https:\/\/the-slovenia.com\/en\/gastronomy\/the-spring-restaurant-week\/\"  rel=\"bookmark\" class=\"td-image-wrap \" title=\"The Spring Restaurant Week 2026\" ><img loading=\"lazy\" decoding=\"async\" class=\"entry-thumb\" src=\"data:image\/png;base64,iVBORw0KGgoAAAANSUhEUgAAAWQAAADcAQMAAAB9O0nPAAAAA1BMVEWurq51dlI4AAAAAXRSTlMmkutdmwAAACBJREFUaN7twTEBAAAAwiD7p7bDbmAAAAAAAAAAAABAdieIAAGQh2mWAAAAAElFTkSuQmCC\" alt=\"\" title=\"The Spring Restaurant Week 2026\" data-type=\"image_tag\" data-img-url=\"https:\/\/the-slovenia.com\/wp-content\/uploads\/2024\/03\/teden_restavracij_2024_2-356x220.jpg\"  width=\"356\" height=\"220\" \/><\/a><\/div>\r\n            <div class=\"td-module-meta-info\">\r\n                <h3 class=\"entry-title td-module-title\"><a href=\"https:\/\/the-slovenia.com\/en\/gastronomy\/the-spring-restaurant-week\/\"  rel=\"bookmark\" title=\"The Spring Restaurant Week 2026\">The Spring Restaurant Week 2026<\/a><\/h3>                <div class=\"td-editor-date\">\r\n                                        <span class=\"td-author-date\">\r\n                        <span class=\"td-post-author-name\"><a href=\"https:\/\/the-slovenia.com\/en\/author\/anja-n\/\">Anja Novak<\/a> <span>-<\/span> <\/span>                        <span class=\"td-post-date\"><time class=\"entry-date updated td-module-date\" datetime=\"2026-03-12T09:40:00+01:00\" >March 12, 2026<\/time><\/span>                    <\/span>\r\n                <\/div>\r\n            <\/div>\r\n\r\n        <\/div>\r\n\r\n        \n\t<\/div> <!-- .\/td-block-span4 -->\n\n\t<div class=\"td-block-span4\">\n\r\n        <div class=\"td_module_mx1 td_module_wrap td-animation-stack\">\r\n            <div class=\"td-module-thumb\"><a href=\"https:\/\/the-slovenia.com\/en\/events\/from-ai-to-a-comprehensive-revolution-tech-weekend-in-rovinj-becomes-the-hub-for-the-business-of-the-future\/\"  rel=\"bookmark\" class=\"td-image-wrap \" title=\"From AI to a Comprehensive Revolution: Tech.Weekend in Rovinj Becomes the Hub for the Business of the Future\" ><img loading=\"lazy\" decoding=\"async\" class=\"entry-thumb\" src=\"data:image\/png;base64,iVBORw0KGgoAAAANSUhEUgAAAWQAAADcAQMAAAB9O0nPAAAAA1BMVEWurq51dlI4AAAAAXRSTlMmkutdmwAAACBJREFUaN7twTEBAAAAwiD7p7bDbmAAAAAAAAAAAABAdieIAAGQh2mWAAAAAElFTkSuQmCC\" alt=\"\" title=\"From AI to a Comprehensive Revolution: Tech.Weekend in Rovinj Becomes the Hub for the Business of the Future\" data-type=\"image_tag\" data-img-url=\"https:\/\/the-slovenia.com\/wp-content\/uploads\/2026\/02\/Atmosfera-356x220.jpg\"  width=\"356\" height=\"220\" \/><\/a><\/div>\r\n            <div class=\"td-module-meta-info\">\r\n                <h3 class=\"entry-title td-module-title\"><a href=\"https:\/\/the-slovenia.com\/en\/events\/from-ai-to-a-comprehensive-revolution-tech-weekend-in-rovinj-becomes-the-hub-for-the-business-of-the-future\/\"  rel=\"bookmark\" title=\"From AI to a Comprehensive Revolution: Tech.Weekend in Rovinj Becomes the Hub for the Business of the Future\">From AI to a Comprehensive Revolution: Tech.Weekend in Rovinj Becomes the Hub for the Business of the Future<\/a><\/h3>                <div class=\"td-editor-date\">\r\n                                        <span class=\"td-author-date\">\r\n                        <span class=\"td-post-author-name\"><a href=\"https:\/\/the-slovenia.com\/en\/author\/tia-b\/\">Tia B<\/a> <span>-<\/span> <\/span>                        <span class=\"td-post-date\"><time class=\"entry-date updated td-module-date\" datetime=\"2026-02-18T16:29:17+01:00\" >February 18, 2026<\/time><\/span>                    <\/span>\r\n                <\/div>\r\n            <\/div>\r\n\r\n        <\/div>\r\n\r\n        \n\t<\/div> <!-- .\/td-block-span4 --><\/div><!--.\/row-fluid--><\/div><\/div> <!-- .\/block --><div class=\"clearfix\"><\/div><\/div><\/div><\/div><\/div><div id=\"tdi_35\" class=\"tdc-row\"><div class=\"vc_row tdi_36  wpb_row td-pb-row\" >\n<style scoped>\n\/* custom css - generated by TagDiv Composer *\/\n\n\/* custom css - generated by TagDiv Composer *\/\n.tdi_36,\r\n                .tdi_36 .tdc-columns{\r\n                    min-height: 0;\r\n                }.tdi_36,\r\n\t\t\t\t.tdi_36 .tdc-columns{\r\n\t\t\t\t    display: block;\r\n\t\t\t\t}.tdi_36 .tdc-columns{\r\n\t\t\t\t    width: 100%;\r\n\t\t\t\t}.tdi_36:before,\r\n\t\t\t\t.tdi_36:after{\r\n\t\t\t\t    display: table;\r\n\t\t\t\t}\n<\/style><div class=\"vc_column tdi_38  wpb_column vc_column_container tdc-column td-pb-span12\">\n<style scoped>\n\/* custom css - generated by TagDiv Composer *\/\n\n\/* custom css - generated by TagDiv Composer *\/\n.tdi_38{\r\n                    vertical-align: baseline;\r\n                }.tdi_38 > .wpb_wrapper,\r\n\t\t\t\t.tdi_38 > .wpb_wrapper > .tdc-elements{\r\n\t\t\t\t    display: block;\r\n\t\t\t\t}.tdi_38 > .wpb_wrapper > .tdc-elements{\r\n\t\t\t\t    width: 100%;\r\n\t\t\t\t}.tdi_38 > .wpb_wrapper > .vc_row_inner{\r\n\t\t\t\t    width: auto;\r\n\t\t\t\t}.tdi_38 > .wpb_wrapper{\r\n\t\t\t\t    width: auto;\r\n\t\t\t\t    height: auto;\r\n\t\t\t\t}\n<\/style><div class=\"wpb_wrapper\" ><div class=\"td_block_wrap td_block_raw_css tdi_39 td-pb-border-top td_block_template_1\"  data-td-block-uid=\"tdi_39\" ><div id=tdi_39 class=\"td_block_inner td-fix-index\"><style>.mec-search-form.mec-totalcal-box {\n  display: none;\n}\n<\/style><\/div><\/div><\/div><\/div><\/div><\/div><div id=\"tdi_40\" class=\"tdc-row stretch_row_content td-stretch-content\"><div class=\"vc_row tdi_41  wpb_row td-pb-row\" >\n<style scoped>\n\/* custom css - generated by TagDiv Composer *\/\n\n\/* custom css - generated by TagDiv Composer *\/\n.tdi_41,\r\n                .tdi_41 .tdc-columns{\r\n                    min-height: 0;\r\n                }.tdi_41,\r\n\t\t\t\t.tdi_41 .tdc-columns{\r\n\t\t\t\t    display: block;\r\n\t\t\t\t}.tdi_41 .tdc-columns{\r\n\t\t\t\t    width: 100%;\r\n\t\t\t\t}.tdi_41:before,\r\n\t\t\t\t.tdi_41:after{\r\n\t\t\t\t    display: table;\r\n\t\t\t\t}\n<\/style><div class=\"vc_column tdi_43  wpb_column vc_column_container tdc-column td-pb-span12\">\n<style scoped>\n\/* custom css - generated by TagDiv Composer *\/\n\n\/* custom css - generated by TagDiv Composer *\/\n.tdi_43{\r\n                    vertical-align: baseline;\r\n                }.tdi_43 > .wpb_wrapper,\r\n\t\t\t\t.tdi_43 > .wpb_wrapper > .tdc-elements{\r\n\t\t\t\t    display: block;\r\n\t\t\t\t}.tdi_43 > .wpb_wrapper > .tdc-elements{\r\n\t\t\t\t    width: 100%;\r\n\t\t\t\t}.tdi_43 > .wpb_wrapper > .vc_row_inner{\r\n\t\t\t\t    width: auto;\r\n\t\t\t\t}.tdi_43 > .wpb_wrapper{\r\n\t\t\t\t    width: auto;\r\n\t\t\t\t    height: auto;\r\n\t\t\t\t}\n<\/style><div class=\"wpb_wrapper\" ><\/div><\/div><\/div><\/div><div id=\"tdi_44\" class=\"tdc-row stretch_row_content td-stretch-content\"><div class=\"vc_row tdi_45  wpb_row td-pb-row\" >\n<style scoped>\n\/* custom css - generated by TagDiv Composer *\/\n\n\/* custom css - generated by TagDiv Composer *\/\n.tdi_45,\r\n                .tdi_45 .tdc-columns{\r\n                    min-height: 0;\r\n                }.tdi_45,\r\n\t\t\t\t.tdi_45 .tdc-columns{\r\n\t\t\t\t    display: block;\r\n\t\t\t\t}.tdi_45 .tdc-columns{\r\n\t\t\t\t    width: 100%;\r\n\t\t\t\t}.tdi_45:before,\r\n\t\t\t\t.tdi_45:after{\r\n\t\t\t\t    display: table;\r\n\t\t\t\t}\n<\/style><div class=\"vc_column tdi_47  wpb_column vc_column_container tdc-column td-pb-span12\">\n<style scoped>\n\/* custom css - generated by TagDiv Composer *\/\n\n\/* custom css - generated by TagDiv Composer *\/\n.tdi_47{\r\n                    vertical-align: baseline;\r\n                }.tdi_47 > .wpb_wrapper,\r\n\t\t\t\t.tdi_47 > .wpb_wrapper > .tdc-elements{\r\n\t\t\t\t    display: block;\r\n\t\t\t\t}.tdi_47 > .wpb_wrapper > .tdc-elements{\r\n\t\t\t\t    width: 100%;\r\n\t\t\t\t}.tdi_47 > .wpb_wrapper > .vc_row_inner{\r\n\t\t\t\t    width: auto;\r\n\t\t\t\t}.tdi_47 > .wpb_wrapper{\r\n\t\t\t\t    width: auto;\r\n\t\t\t\t    height: auto;\r\n\t\t\t\t}\n<\/style><div class=\"wpb_wrapper\" ><\/div><\/div><\/div><\/div><\/div><\/div><!-- CONTENT END 7 -->\n","protected":false},"excerpt":{"rendered":"","protected":false},"author":1,"featured_media":0,"parent":0,"menu_order":0,"comment_status":"closed","ping_status":"closed","template":"","meta":{"_acf_changed":false,"footnotes":""},"class_list":["post-21854","page","type-page","status-publish"],"acf":[],"yoast_head":"<!-- This site is optimized with the Yoast SEO plugin v24.3 - https:\/\/yoast.com\/wordpress\/plugins\/seo\/ -->\n<title>Events in Slovenia - THE Slovenia<\/title>\n<meta name=\"description\" content=\"If you are local or new in town here are the selection of the interesting events, festivals and events in Slovenia.\" \/>\n<meta name=\"robots\" content=\"index, follow, max-snippet:-1, max-image-preview:large, max-video-preview:-1\" \/>\n<link rel=\"canonical\" href=\"https:\/\/the-slovenia.com\/en\/events-in-slovenia\/\" \/>\n<meta property=\"og:locale\" content=\"en_US\" \/>\n<meta property=\"og:type\" content=\"article\" \/>\n<meta property=\"og:title\" content=\"Events in Slovenia - THE Slovenia\" \/>\n<meta property=\"og:description\" content=\"If you are local or new in town here are the selection of the interesting events, festivals and events in Slovenia.\" \/>\n<meta property=\"og:url\" content=\"https:\/\/the-slovenia.com\/en\/events-in-slovenia\/\" \/>\n<meta property=\"og:site_name\" content=\"THE Slovenia\" \/>\n<meta property=\"article:publisher\" content=\"https:\/\/www.facebook.com\/THESLOVENIA\/?ref=br_rs\" \/>\n<meta property=\"article:modified_time\" content=\"2024-06-14T07:11:12+00:00\" \/>\n<meta name=\"twitter:card\" content=\"summary_large_image\" \/>\n<meta name=\"twitter:label1\" content=\"Est. reading time\" \/>\n\t<meta name=\"twitter:data1\" content=\"1 minute\" \/>\n<script type=\"application\/ld+json\" class=\"yoast-schema-graph\">{\"@context\":\"https:\/\/schema.org\",\"@graph\":[{\"@type\":\"WebPage\",\"@id\":\"https:\/\/the-slovenia.com\/en\/events-in-slovenia\/\",\"url\":\"https:\/\/the-slovenia.com\/en\/events-in-slovenia\/\",\"name\":\"Events in Slovenia - THE Slovenia\",\"isPartOf\":{\"@id\":\"https:\/\/the-slovenia.com\/#website\"},\"datePublished\":\"2020-01-31T00:01:34+00:00\",\"dateModified\":\"2024-06-14T07:11:12+00:00\",\"description\":\"If you are local or new in town here are the selection of the interesting events, festivals and events in Slovenia.\",\"inLanguage\":\"en-US\",\"potentialAction\":[{\"@type\":\"ReadAction\",\"target\":[\"https:\/\/the-slovenia.com\/en\/events-in-slovenia\/\"]}]},{\"@type\":\"WebSite\",\"@id\":\"https:\/\/the-slovenia.com\/#website\",\"url\":\"https:\/\/the-slovenia.com\/\",\"name\":\"THE Slovenia\",\"description\":\"\",\"publisher\":{\"@id\":\"https:\/\/the-slovenia.com\/#organization\"},\"potentialAction\":[{\"@type\":\"SearchAction\",\"target\":{\"@type\":\"EntryPoint\",\"urlTemplate\":\"https:\/\/the-slovenia.com\/?s={search_term_string}\"},\"query-input\":{\"@type\":\"PropertyValueSpecification\",\"valueRequired\":true,\"valueName\":\"search_term_string\"}}],\"inLanguage\":\"en-US\"},{\"@type\":\"Organization\",\"@id\":\"https:\/\/the-slovenia.com\/#organization\",\"name\":\"THE Slovenia\",\"url\":\"https:\/\/the-slovenia.com\/\",\"logo\":{\"@type\":\"ImageObject\",\"inLanguage\":\"en-US\",\"@id\":\"https:\/\/the-slovenia.com\/#\/schema\/logo\/image\/\",\"url\":\"https:\/\/the-slovenia.com\/wp-content\/uploads\/2020\/02\/THE_logo_final_beli_napis.jpg\",\"contentUrl\":\"https:\/\/the-slovenia.com\/wp-content\/uploads\/2020\/02\/THE_logo_final_beli_napis.jpg\",\"width\":1535,\"height\":1574,\"caption\":\"THE Slovenia\"},\"image\":{\"@id\":\"https:\/\/the-slovenia.com\/#\/schema\/logo\/image\/\"},\"sameAs\":[\"https:\/\/www.facebook.com\/THESLOVENIA\/?ref=br_rs\",\"https:\/\/www.instagram.com\/the.slovenia\/\",\"https:\/\/www.linkedin.com\/company\/the-slovenia\/\"]}]}<\/script>\n<!-- \/ Yoast SEO plugin. -->","yoast_head_json":{"title":"Events in Slovenia - THE Slovenia","description":"If you are local or new in town here are the selection of the interesting events, festivals and events in Slovenia.","robots":{"index":"index","follow":"follow","max-snippet":"max-snippet:-1","max-image-preview":"max-image-preview:large","max-video-preview":"max-video-preview:-1"},"canonical":"https:\/\/the-slovenia.com\/en\/events-in-slovenia\/","og_locale":"en_US","og_type":"article","og_title":"Events in Slovenia - THE Slovenia","og_description":"If you are local or new in town here are the selection of the interesting events, festivals and events in Slovenia.","og_url":"https:\/\/the-slovenia.com\/en\/events-in-slovenia\/","og_site_name":"THE Slovenia","article_publisher":"https:\/\/www.facebook.com\/THESLOVENIA\/?ref=br_rs","article_modified_time":"2024-06-14T07:11:12+00:00","twitter_card":"summary_large_image","twitter_misc":{"Est. reading time":"1 minute"},"schema":{"@context":"https:\/\/schema.org","@graph":[{"@type":"WebPage","@id":"https:\/\/the-slovenia.com\/en\/events-in-slovenia\/","url":"https:\/\/the-slovenia.com\/en\/events-in-slovenia\/","name":"Events in Slovenia - THE Slovenia","isPartOf":{"@id":"https:\/\/the-slovenia.com\/#website"},"datePublished":"2020-01-31T00:01:34+00:00","dateModified":"2024-06-14T07:11:12+00:00","description":"If you are local or new in town here are the selection of the interesting events, festivals and events in Slovenia.","inLanguage":"en-US","potentialAction":[{"@type":"ReadAction","target":["https:\/\/the-slovenia.com\/en\/events-in-slovenia\/"]}]},{"@type":"WebSite","@id":"https:\/\/the-slovenia.com\/#website","url":"https:\/\/the-slovenia.com\/","name":"THE Slovenia","description":"","publisher":{"@id":"https:\/\/the-slovenia.com\/#organization"},"potentialAction":[{"@type":"SearchAction","target":{"@type":"EntryPoint","urlTemplate":"https:\/\/the-slovenia.com\/?s={search_term_string}"},"query-input":{"@type":"PropertyValueSpecification","valueRequired":true,"valueName":"search_term_string"}}],"inLanguage":"en-US"},{"@type":"Organization","@id":"https:\/\/the-slovenia.com\/#organization","name":"THE Slovenia","url":"https:\/\/the-slovenia.com\/","logo":{"@type":"ImageObject","inLanguage":"en-US","@id":"https:\/\/the-slovenia.com\/#\/schema\/logo\/image\/","url":"https:\/\/the-slovenia.com\/wp-content\/uploads\/2020\/02\/THE_logo_final_beli_napis.jpg","contentUrl":"https:\/\/the-slovenia.com\/wp-content\/uploads\/2020\/02\/THE_logo_final_beli_napis.jpg","width":1535,"height":1574,"caption":"THE Slovenia"},"image":{"@id":"https:\/\/the-slovenia.com\/#\/schema\/logo\/image\/"},"sameAs":["https:\/\/www.facebook.com\/THESLOVENIA\/?ref=br_rs","https:\/\/www.instagram.com\/the.slovenia\/","https:\/\/www.linkedin.com\/company\/the-slovenia\/"]}]}},"_links":{"self":[{"href":"https:\/\/the-slovenia.com\/en\/wp-json\/wp\/v2\/pages\/21854","targetHints":{"allow":["GET"]}}],"collection":[{"href":"https:\/\/the-slovenia.com\/en\/wp-json\/wp\/v2\/pages"}],"about":[{"href":"https:\/\/the-slovenia.com\/en\/wp-json\/wp\/v2\/types\/page"}],"author":[{"embeddable":true,"href":"https:\/\/the-slovenia.com\/en\/wp-json\/wp\/v2\/users\/1"}],"replies":[{"embeddable":true,"href":"https:\/\/the-slovenia.com\/en\/wp-json\/wp\/v2\/comments?post=21854"}],"version-history":[{"count":5,"href":"https:\/\/the-slovenia.com\/en\/wp-json\/wp\/v2\/pages\/21854\/revisions"}],"predecessor-version":[{"id":162222,"href":"https:\/\/the-slovenia.com\/en\/wp-json\/wp\/v2\/pages\/21854\/revisions\/162222"}],"wp:attachment":[{"href":"https:\/\/the-slovenia.com\/en\/wp-json\/wp\/v2\/media?parent=21854"}],"curies":[{"name":"wp","href":"https:\/\/api.w.org\/{rel}","templated":true}]}}